{"id":1049,"date":"2025-07-06T14:01:53","date_gmt":"2025-07-06T12:01:53","guid":{"rendered":"https:\/\/wp.stromer-tech.info\/?post_type=ht_kb&#038;p=1049"},"modified":"2026-08-10T10:09:46","modified_gmt":"2026-08-10T08:09:46","slug":"akku-extender","status":"publish","type":"ht_kb","link":"https:\/\/wp.stromer-tech.info\/de\/knowledge-base\/akku-extender\/","title":{"rendered":"Akku &#8211; Extender"},"content":{"rendered":"\n<p class=\"wp-block-paragraph\" id=\"ef37ac91-c618-4749-be4e-42a28bee2d93\">Als Pendler m\u00f6chte man schnell von A nach B kommen \u2013 man wird kaum auf die Unterst\u00fctzungsstufen 1 oder 2 zur\u00fcckgreifen, es sei denn, die Tagesreichweite liegt \u00fcber 50 km und es gibt keine Ladem\u00f6glichkeit am Arbeitsort. Und einen ST7 mit 1440-Wh-Akku will oder kann sich nicht jeder leisten.<\/p>\n\n\n\n<p class=\"wp-block-paragraph\">Mit einem neuen BQ983-Akku (blau) sind bei \u201eAll-In&#8220;, moderatem H\u00f6henprofil und durchschnittlichem Systemgewicht etwa 50\u201360 km (im Sommer) m\u00f6glich.<\/p>\n\n\n\n<p class=\"wp-block-paragraph\">H\u00f6here Reichweiten sind zwar durchaus erzielbar, aber nur mit Stufe 2 oder 1 sowie einer reduzierten Einstellung des Tretsensors (Drehmomentsensors). In der Praxis sind dann bis zu 120 km m\u00f6glich. Die von Stromer beworbenen 180 km sind schwer erreichbar, aber nicht unm\u00f6glich. Siehe dazu auch das Thema <a href=\"https:\/\/wp.stromer-tech.info\/article-categories\/reichweite\/\">\u201eReichweite&#8220;<\/a>.<\/p>\n\n\n\n<p class=\"wp-block-paragraph\" id=\"ff1357da-35b2-423e-904d-8863f7fda6e7\">Leider hat Stromer den Einsatz von Zusatzakkus nicht vorgesehen. Technisch w\u00e4re das durchaus realisierbar und h\u00e4tte wohl auch einen Markt. Als einzige Alternative bleibt der Anbau eines Zusatzakkus (Extender) in Eigenregie.<\/p>\n\n\n\n<h3 id=\"f9cdc1f0-e229-437f-960d-eea24295eb76\" class=\"wp-block-heading\">Pros &amp; Cons<\/h3>\n\n\n\n<p class=\"wp-block-paragraph\" id=\"603f10fb-e90c-4fab-9a86-598cef4dcf54\">Neben dem Reichweitengewinn gibt es auch einen Gewinn auf der \u00f6konomischen Seite. Durch die Aufteilung der Entladestr\u00f6me bzw. Ladestr\u00f6me (speziell bei der Rekuperation) auf mehr Zellenstr\u00e4nge werden die Zellen weniger belastet. Dies hat merkbare Auswirkungen auf die Lebensdauer beider Akkus und somit langfristig auf das Portemonnaie.<\/p>\n\n\n<div class=\"wp-block-image\">\n<figure class=\"aligncenter size-full is-resized\"><img loading=\"lazy\" decoding=\"async\" width=\"779\" height=\"1024\" src=\"https:\/\/wp.stromer-tech.info\/wp-content\/uploads\/2025\/07\/e7306c49-c4e8-4ff3-997e-d8aca4008145.jpg\" alt=\"\" class=\"wp-image-1050\" style=\"width:600px\" srcset=\"https:\/\/wp.stromer-tech.info\/wp-content\/uploads\/2025\/07\/e7306c49-c4e8-4ff3-997e-d8aca4008145.jpg 779w, https:\/\/wp.stromer-tech.info\/wp-content\/uploads\/2025\/07\/e7306c49-c4e8-4ff3-997e-d8aca4008145-228x300.jpg 228w, https:\/\/wp.stromer-tech.info\/wp-content\/uploads\/2025\/07\/e7306c49-c4e8-4ff3-997e-d8aca4008145-768x1010.jpg 768w, https:\/\/wp.stromer-tech.info\/wp-content\/uploads\/2025\/07\/e7306c49-c4e8-4ff3-997e-d8aca4008145-38x50.jpg 38w, https:\/\/wp.stromer-tech.info\/wp-content\/uploads\/2025\/07\/e7306c49-c4e8-4ff3-997e-d8aca4008145-46x60.jpg 46w, https:\/\/wp.stromer-tech.info\/wp-content\/uploads\/2025\/07\/e7306c49-c4e8-4ff3-997e-d8aca4008145-76x100.jpg 76w\" sizes=\"auto, (max-width: 779px) 100vw, 779px\" \/><\/figure>\n<\/div>\n\n\n<h3 id=\"773a65f0-eff5-4d0a-92e1-997f48e04fee\" class=\"wp-block-heading\">Das Endresultat bei meinem ST3<\/h3>\n\n\n\n<p class=\"wp-block-paragraph\" id=\"5a408c96-4aa1-4bb9-af8f-e1c60b018ba8\">Da der Extender nicht in die Stromer-Elektronik integriert werden kann (CAN-Bus-Anbindung nicht m\u00f6glich), bleibt nur ein manueller Betrieb des Akkus. Das Aufladen und der Anschluss an das 48-V-System des Stromers erfolgen somit von Hand. Grunds\u00e4tzlich stellen sich dabei keine Probleme, allerdings muss man ein paar Dinge beachten.<\/p>\n\n\n\n<p class=\"wp-block-paragraph\" id=\"1ec03cc6-16eb-43d0-9086-1fc68e412024\">Meine L\u00f6sung ist eine \u201eIn-Frame&#8220;-Variante, heisst, die Kabelf\u00fchrung zum Extender verl\u00e4uft im Rahmen. Da mein ST3 Sport M keinen Einbau im Rahmendreieck zuliess, musste ich auf den Gep\u00e4cktr\u00e4ger ausweichen. Mit dem Racktime <a href=\"https:\/\/www.galaxus.ch\/de\/s3\/product\/racktime-adapterplatte-snap-it-velogepaeck-zubehoer-2489413\">Snap-it-Adapter<\/a> (nicht zu verwechseln mit dem Snap-it-Adapter 2.0) und einer Montageplatte (Eigenkostruktion) konnte ich eine mobile L\u00f6sung f\u00fcr den Extender finden. Den 48-V-Anschluss des Extenders realisierte ich mit einem XT-60-Splitter zwischen Akku und Controller im Tretlagergeh\u00e4use, sodass ein R\u00fcckbau m\u00f6glich w\u00e4re. Die \u201eIn-Frame&#8220;-Variante ben\u00f6tigt zwei Bohrungen: eine oberhalb der bereits bestehenden Durchf\u00fchrung f\u00fcr das R\u00fccklicht im Tretlagergeh\u00e4use und eine im hinteren Schutzblech.<\/p>\n\n\n<div class=\"wp-block-image\">\n<figure class=\"aligncenter size-large is-resized\"><img loading=\"lazy\" decoding=\"async\" width=\"1024\" height=\"823\" src=\"https:\/\/wp.stromer-tech.info\/wp-content\/uploads\/2025\/07\/Stromer_Extenderakku_Bildcollage-1024x823.jpg\" alt=\"\" class=\"wp-image-7406\" style=\"width:600px\" srcset=\"https:\/\/wp.stromer-tech.info\/wp-content\/uploads\/2025\/07\/Stromer_Extenderakku_Bildcollage-1024x823.jpg 1024w, https:\/\/wp.stromer-tech.info\/wp-content\/uploads\/2025\/07\/Stromer_Extenderakku_Bildcollage-300x241.jpg 300w, https:\/\/wp.stromer-tech.info\/wp-content\/uploads\/2025\/07\/Stromer_Extenderakku_Bildcollage-768x618.jpg 768w, https:\/\/wp.stromer-tech.info\/wp-content\/uploads\/2025\/07\/Stromer_Extenderakku_Bildcollage-50x40.jpg 50w, https:\/\/wp.stromer-tech.info\/wp-content\/uploads\/2025\/07\/Stromer_Extenderakku_Bildcollage-15x12.jpg 15w, https:\/\/wp.stromer-tech.info\/wp-content\/uploads\/2025\/07\/Stromer_Extenderakku_Bildcollage-60x48.jpg 60w, https:\/\/wp.stromer-tech.info\/wp-content\/uploads\/2025\/07\/Stromer_Extenderakku_Bildcollage-100x80.jpg 100w, https:\/\/wp.stromer-tech.info\/wp-content\/uploads\/2025\/07\/Stromer_Extenderakku_Bildcollage.jpg 1480w\" sizes=\"auto, (max-width: 1024px) 100vw, 1024px\" \/><\/figure>\n<\/div>\n\n\n<h3 class=\"wp-block-heading\">Zu beachten<\/h3>\n\n\n\n<ul id=\"85943946-0d61-477a-887d-b421607e988d\" class=\"wp-block-list\">\n<li><strong>Ladezustand:<\/strong> Idealerweise sollten beide Akkus vor dem Verbinden auf dem gleichen Lade- bzw. Spannungsniveau (SoC) sein. Idealerweise geht das, wenn der Extender mit dem Stromer verbunden ist und beide Akkus mit dem Stromer-Ladeger\u00e4t CR190 oder CR245 vollgeladen werden. Mit dem l\u00fcfterlosen CR246 funktioniert das gemeinsame Laden beider Akkus nicht. <br><br>Gemeinsames Aufladen heisst nicht, dass beide Akkus wirklich das gleiche Spannungsniveau aufweisen. Je, nach BMS und Zellentyp des Extenders kann dieses den Extender fr\u00fcher vom Ladevorgang trennen und es verbleibt eine Differenzspannung zwischen Stromerakku und Extender. Siehe n\u00e4chster Abschnitt. <br><br>Ich lade meinen Extender und den des Stromers jeweils mit den eigenen Ladeger\u00e4ten. So hatte und habe ich keine Probleme. Es empfiehlt es sich allerdings, die Ladeschlussspannung beider Akkus vor dem Verbinden zu pr\u00fcfen. Sie sollte bei 48-V-Akkus bei max. 54,6 V, kann in der Praxis aber auch leicht darunter liegen.<\/li>\n\n\n\n<li><strong>Ungleicher Ladezustand:<\/strong> Ungleiche Ladezust\u00e4nde [%] der Akkus bedeuten auch unterschiedliche Spannungswerte und k\u00f6nnen zum Fehler E 21000D f\u00fchren. <br>\n<ul class=\"wp-block-list\">\n<li><strong>Stromer-Akku-Spannung h\u00f6her als Extender-Spannung:<\/strong> Ab einer Spannungsdifferenz von &gt; 0,7 V spricht nach dem Verbinden der \u00dcberlastschutz des Stromer-Akkus an (Fehlermeldung: \u201eAkkustrom zu hoch, starten Sie das Fahrzeug neu&#8220; \u2013 Fehler E 21000D) und der Akku wird abgeschaltet. Der Fehler kann mit OK im Omnibildschirm quittiert werden, danach kann weitergefahren werden. Dabei wird der Extender leergefahren, da der Stromer-Akku abgeschaltet ist. Erkennbar ist das auch daran, dass sich die SoC-Anzeige im Omni nicht \u00e4ndert \u2013 bei Start mit vollem Akku also bei 100 % bleibt. Grund: Der Extender-Akku hat keine CAN-Bus-Anbindung zum Stromer, weshalb dieser den Ladezustand des Extenders nicht kennt.<br><br>Workaround: Fahre ein paar km ohne Extender und verbinde den Extender erst dann.<\/li>\n\n\n\n<li><strong>Stromer-Akku-Spannung kleiner als Extender-Spannung:<\/strong> Es fliesst ein Ausgleichsstrom, der durch das Stromer-BMS auf 15 A (max. Rekuperationsstrom) beschr\u00e4nkt wird. Die Spannungsdifferenz kann somit h\u00f6her als 0,7 V sein. Theoretisch k\u00f6nnte der Stromer-Akku auch leer sein und w\u00fcrde dann mit 15 A \u00fcber den Extender solange \u201erekuperiert&#8220; (aufgeladen), bis beide Akkus das gleiche Spannungsniveau erreicht haben. Zu empfehlen ist das nicht, da der Ladestrom pro Zellenstrang \u00fcber den Spezifikationen der einzelnen Zelle liegt &#8211; <a href=\"https:\/\/wp.stromer-tech.info\/knowledge-base\/akku-nach-rekuperation-defekt\/\">siehe<\/a> auch \u201eAkku nach Rekuperation defekt&#8220;. Mein Extender hat zus\u00e4tzlich eine 20-A-Sicherung in der Zuleitung zum Stromer eingebaut, f\u00fcr den Fall, dass der Stromabfluss aus dem Extender aus irgendeinem Grund zu hoch sein sollte. Ein ST2S-\u201eSyno Drive&#8220;-Motor zieht bei Normalbelastung 20\u201324 A und bei Spitzenbelastung 32 A aus den Akkus. Pro Akku sind es also 16 A , da sch die Str\u00f6me 50\/50 aufteilen.<\/li>\n<\/ul>\n<\/li>\n\n\n\n<li><strong>Verbinden und Trennen des Extenders:<\/strong> Der Extender darf erst nach dem Starten des Stromers verbunden werden. Ebenso muss er nach einer Fahrt getrennt werden. Geschieht dies nicht, spricht die 48-V-Abschalt\u00fcberpr\u00fcfung des Akkus an, sobald der Stromer in den Standby geht. Die Fehlermeldung im Omni lautet: \u201eAkku l\u00e4sst sich nicht ausschalten. Weiterfahrt nicht empfohlen \u2013 Fehler <a href=\"https:\/\/wp.stromer-tech.info\/knowledge-base\/e-210102-e-210109-e-210110-beim-einschalten-des-bikes\/\">E 210110<\/a>\u201c. Seit der Firmware 4.3.3.2 vom 11. M\u00e4rz 2021 wird auch die Fahrfreigabe entzogen. W\u00e4hrend man beim Fehler E 21000D nach Dr\u00fccken von OK weiterfahren kann, muss bei E 210110 der Extender getrennt, der Stromer neu gestartet und der Extender anschliessend wieder angeschlossen werden.<\/li>\n<\/ul>\n\n\n<div class=\"wp-block-image\">\n<figure class=\"aligncenter size-large is-resized\"><img loading=\"lazy\" decoding=\"async\" width=\"1024\" height=\"448\" src=\"https:\/\/wp.stromer-tech.info\/wp-content\/uploads\/2025\/07\/Stromer_Fehler_E210110-1024x448.jpg\" alt=\"\" class=\"wp-image-7562\" style=\"width:600px\" srcset=\"https:\/\/wp.stromer-tech.info\/wp-content\/uploads\/2025\/07\/Stromer_Fehler_E210110-1024x448.jpg 1024w, https:\/\/wp.stromer-tech.info\/wp-content\/uploads\/2025\/07\/Stromer_Fehler_E210110-300x131.jpg 300w, https:\/\/wp.stromer-tech.info\/wp-content\/uploads\/2025\/07\/Stromer_Fehler_E210110-768x336.jpg 768w, https:\/\/wp.stromer-tech.info\/wp-content\/uploads\/2025\/07\/Stromer_Fehler_E210110-50x22.jpg 50w, https:\/\/wp.stromer-tech.info\/wp-content\/uploads\/2025\/07\/Stromer_Fehler_E210110-1536x671.jpg 1536w, https:\/\/wp.stromer-tech.info\/wp-content\/uploads\/2025\/07\/Stromer_Fehler_E210110-18x8.jpg 18w, https:\/\/wp.stromer-tech.info\/wp-content\/uploads\/2025\/07\/Stromer_Fehler_E210110-60x26.jpg 60w, https:\/\/wp.stromer-tech.info\/wp-content\/uploads\/2025\/07\/Stromer_Fehler_E210110-100x44.jpg 100w, https:\/\/wp.stromer-tech.info\/wp-content\/uploads\/2025\/07\/Stromer_Fehler_E210110.jpg 1647w\" sizes=\"auto, (max-width: 1024px) 100vw, 1024px\" \/><figcaption class=\"wp-element-caption\">E 210110: Die Abschalt\u00fcberpr\u00fcfung des 48-V-Ausgangs des Akkus war nicht erfolgreich<\/figcaption><\/figure>\n<\/div>\n\n<div class=\"wp-block-image\">\n<figure class=\"aligncenter size-large is-resized\"><img loading=\"lazy\" decoding=\"async\" width=\"1024\" height=\"436\" src=\"https:\/\/wp.stromer-tech.info\/wp-content\/uploads\/2025\/07\/Stromer_Fehler_E21000D-1024x436.jpg\" alt=\"\" class=\"wp-image-7563\" style=\"width:600px;height:auto\" srcset=\"https:\/\/wp.stromer-tech.info\/wp-content\/uploads\/2025\/07\/Stromer_Fehler_E21000D-1024x436.jpg 1024w, https:\/\/wp.stromer-tech.info\/wp-content\/uploads\/2025\/07\/Stromer_Fehler_E21000D-300x128.jpg 300w, https:\/\/wp.stromer-tech.info\/wp-content\/uploads\/2025\/07\/Stromer_Fehler_E21000D-768x327.jpg 768w, https:\/\/wp.stromer-tech.info\/wp-content\/uploads\/2025\/07\/Stromer_Fehler_E21000D-50x21.jpg 50w, https:\/\/wp.stromer-tech.info\/wp-content\/uploads\/2025\/07\/Stromer_Fehler_E21000D-1536x655.jpg 1536w, https:\/\/wp.stromer-tech.info\/wp-content\/uploads\/2025\/07\/Stromer_Fehler_E21000D-18x8.jpg 18w, https:\/\/wp.stromer-tech.info\/wp-content\/uploads\/2025\/07\/Stromer_Fehler_E21000D-60x26.jpg 60w, https:\/\/wp.stromer-tech.info\/wp-content\/uploads\/2025\/07\/Stromer_Fehler_E21000D-100x43.jpg 100w, https:\/\/wp.stromer-tech.info\/wp-content\/uploads\/2025\/07\/Stromer_Fehler_E21000D.jpg 1647w\" sizes=\"auto, (max-width: 1024px) 100vw, 1024px\" \/><figcaption class=\"wp-element-caption\">\u00dcberlastungsschutz: Die Stromentnahme aus dem Stromer-Akku war zu hoch<\/figcaption><\/figure>\n<\/div>\n\n\n<h3 class=\"wp-block-heading\">Kabelschema<\/h3>\n\n\n<div class=\"wp-block-image\">\n<figure class=\"aligncenter size-full is-resized\"><img loading=\"lazy\" decoding=\"async\" width=\"1397\" height=\"1635\" src=\"https:\/\/wp.stromer-tech.info\/wp-content\/uploads\/2025\/07\/Stromer_Extenderakku_Verkabelung-2.jpg\" alt=\"\" class=\"wp-image-7415\" style=\"width:600px\" srcset=\"https:\/\/wp.stromer-tech.info\/wp-content\/uploads\/2025\/07\/Stromer_Extenderakku_Verkabelung-2.jpg 1397w, https:\/\/wp.stromer-tech.info\/wp-content\/uploads\/2025\/07\/Stromer_Extenderakku_Verkabelung-2-256x300.jpg 256w, https:\/\/wp.stromer-tech.info\/wp-content\/uploads\/2025\/07\/Stromer_Extenderakku_Verkabelung-2-875x1024.jpg 875w, https:\/\/wp.stromer-tech.info\/wp-content\/uploads\/2025\/07\/Stromer_Extenderakku_Verkabelung-2-768x899.jpg 768w, https:\/\/wp.stromer-tech.info\/wp-content\/uploads\/2025\/07\/Stromer_Extenderakku_Verkabelung-2-43x50.jpg 43w, https:\/\/wp.stromer-tech.info\/wp-content\/uploads\/2025\/07\/Stromer_Extenderakku_Verkabelung-2-1312x1536.jpg 1312w, https:\/\/wp.stromer-tech.info\/wp-content\/uploads\/2025\/07\/Stromer_Extenderakku_Verkabelung-2-10x12.jpg 10w, https:\/\/wp.stromer-tech.info\/wp-content\/uploads\/2025\/07\/Stromer_Extenderakku_Verkabelung-2-51x60.jpg 51w, https:\/\/wp.stromer-tech.info\/wp-content\/uploads\/2025\/07\/Stromer_Extenderakku_Verkabelung-2-85x100.jpg 85w\" sizes=\"auto, (max-width: 1397px) 100vw, 1397px\" \/><figcaption class=\"wp-element-caption\">Verkabelungsschema<\/figcaption><\/figure>\n<\/div>\n\n\n<h3 class=\"wp-block-heading\">Bauteile, Kosten, Erfahrung<\/h3>\n\n\n\n<figure class=\"wp-block-table\"><table class=\"has-fixed-layout\"><thead><tr><th><strong>Kategorie<\/strong><\/th><th><strong>Details<\/strong><\/th><\/tr><\/thead><tbody><tr><td><strong>Umbaukosten (gesamt)<\/strong><\/td><td><strong>700 \u20ac<\/strong><\/td><\/tr><tr><td><strong>Enthaltene Komponenten<\/strong><\/td><td>Akku, Netzteil, Kabel, T\u00fcllen, Stecker, Buchsen, Snap-it-Adapter, Akkutr\u00e4gerplatte<\/td><\/tr><tr><td><strong>Akku<\/strong><\/td><td>Hailong PRO Rahmenakku Li-Ion 48V, 13,8Ah (660 Wh), XT-60 Anschluss (gefertigt von <a href=\"https:\/\/enerprof.de\/Elektro-Mobilitaet\/E-Bike-Batterien\/\">Enerprof.de<\/a> &gt; nicht mehr im Sortiment)<br>Alternative: <a href=\"https:\/\/enerprof.de\/products\/enerpower-rahmenakku-jericho-48v-15ah-720wh-bms-20a\">JERICHO, 48 V, 15Ah<\/a><\/td><\/tr><tr><td><strong>Zellentyp<\/strong><\/td><td><a href=\"https:\/\/enerprof.de\/products\/lg-chem-inr18650mj1-3-6v-3450mah-linimncoo2?_pos=15&amp;_sid=b757f5a07&amp;_ss=r\">INR18650-MJ1<\/a> (LG)<\/td><\/tr><tr><td><strong>Brutto-Energie<\/strong><\/td><td>1643 Wh (Extender mit BQ983)<\/td><\/tr><tr><td><strong>Akkutr\u00e4ger<\/strong><\/td><td><a href=\"https:\/\/www.galaxus.ch\/de\/s3\/product\/racktime-adapterplatte-snap-it-velogepaeck-zubehoer-2489413\">Snap-it-1.0-Adapter<\/a><\/td><\/tr><tr><td><strong>Montageplatte<\/strong><\/td><td>Eigenkonstruktion mit 2 Distanzplatten (L=120; B=32; D=2 mm) damit ich die Ortlieb Sport Roller Satteltaschen trotz Extender montieren kann.<\/td><\/tr><\/tbody><\/table><\/figure>\n\n\n\n<p class=\"wp-block-paragraph\"><strong>Praxisreichweiten<\/strong> bei Inbetriebnahme am 20. M\u00e4rz 2023<\/p>\n\n\n\n<figure class=\"wp-block-table\"><table class=\"has-fixed-layout\"><tbody><tr><td><strong>Testfahrten<\/strong>: 380 &#8211; 1520 Hm | 12 &#8211; 28 <em>\u00b0<\/em>C<\/td><td>10 Fahrten mit <strong>Stufe 3 und 100% Sensor<\/strong><\/td><\/tr><tr><td><strong>Reichweite (Min. &#8211; Max.)<\/strong> &gt; beide Akkus neu<\/td><td><strong>97 \u2013 136 km<\/strong><\/td><\/tr><\/tbody><\/table><\/figure>\n\n\n\n<p class=\"wp-block-paragraph\"><strong>Drei Jahre sp\u00e4ter<\/strong>, M\u00e4rz 2026<\/p>\n\n\n\n<p class=\"wp-block-paragraph\">Die Tandem-Reichweite hat sich im Schnitt um etwa 20 km gegen\u00fcber dem Neuzustand verringert. Der SoH des Stromer-Akkus liegt bei 81%, gefahren sind 21&#8217;800 km. Anbei drei Strecken welche ich im M\u00e4rz 2026 gefahren bin. Der Drehmomentsensor ist dabei auf 100%, alles in Stufe 2 gefahren, ausser die Anstiege in Stufe 3.<\/p>\n\n\n\n<div class=\"wp-block-ht-blocks-image hb-magnify\"><div class=\"hb-magnify__large\"><\/div><img decoding=\"async\" class=\"hb-magnify__small\" src=\"https:\/\/wp.stromer-tech.info\/wp-content\/uploads\/2025\/07\/Stromer_Reichweiten_mit_Extender.jpeg\" width=\"720\"\/><\/div>\n\n\n\n<h3 class=\"wp-block-heading\">Weitere L\u00f6sungen<\/h3>\n\n\n\n<p class=\"wp-block-paragraph\" id=\"4ffda927-97b2-4b55-99c4-a79c40c32309\">Neben meiner Snap-it\/Racktime-Variante gibt es auch andere L\u00f6sungen im Netz:<a href=\"https:\/\/www.pedelecforum.de\/forum\/index.php?threads\/stromer-st5-erfahrungsbericht.60427\/post-1816913\" target=\"_blank\" rel=\"noreferrer noopener\"> <\/a><br><a href=\"https:\/\/www.pedelecforum.de\/forum\/index.php?threads\/stromer-st5-erfahrungsbericht.60427\/post-1816913\" target=\"_blank\" rel=\"noreferrer noopener\">kawajan74<\/a>&nbsp;| <a href=\"https:\/\/www.stromerforum.ch\/showthread.php?tid=2820&amp;pid=25832#pid25832\" target=\"_blank\" rel=\"noreferrer noopener\">JM1374<\/a>&nbsp;\/&nbsp;<a href=\"https:\/\/www.stromerforum.ch\/showthread.php?tid=2820&amp;pid=29528#pid29528\" target=\"_blank\" rel=\"noreferrer noopener\">JM1374 &#8211; 2<\/a>&nbsp;|&nbsp;<a href=\"https:\/\/www.stromerforum.ch\/showthread.php?tid=2820&amp;pid=26089#pid26089\" target=\"_blank\" rel=\"noreferrer noopener\">cookiemonster<\/a><\/p>\n\n\n<div class=\"wp-block-image\">\n<figure class=\"alignleft size-full is-resized\"><a href=\"https:\/\/accuboost.be\/\"><img loading=\"lazy\" decoding=\"async\" width=\"490\" height=\"209\" src=\"https:\/\/wp.stromer-tech.info\/wp-content\/uploads\/2025\/07\/accuboost-be-logo.webp\" alt=\"\" class=\"wp-image-7382\" style=\"width:192px;height:auto\" srcset=\"https:\/\/wp.stromer-tech.info\/wp-content\/uploads\/2025\/07\/accuboost-be-logo.webp 490w, https:\/\/wp.stromer-tech.info\/wp-content\/uploads\/2025\/07\/accuboost-be-logo-300x128.webp 300w, https:\/\/wp.stromer-tech.info\/wp-content\/uploads\/2025\/07\/accuboost-be-logo-50x21.webp 50w, https:\/\/wp.stromer-tech.info\/wp-content\/uploads\/2025\/07\/accuboost-be-logo-18x8.webp 18w, https:\/\/wp.stromer-tech.info\/wp-content\/uploads\/2025\/07\/accuboost-be-logo-60x26.webp 60w, https:\/\/wp.stromer-tech.info\/wp-content\/uploads\/2025\/07\/accuboost-be-logo-100x43.webp 100w\" sizes=\"auto, (max-width: 490px) 100vw, 490px\" \/><\/a><\/figure>\n<\/div>\n\n\n<p class=\"wp-block-paragraph\">In Belgien gibt es die Firma <a href=\"https:\/\/accuboost.be\/stromer-dual-battery-system\/\">accuboost.be<\/a> welche f\u00fcr Stromer ein Doppelbatteriesystem mit Zusatzakku anbietet. Der Zusatzakku kann je nach Platzangebot im Rahmendreieck oder dem Gep\u00e4cktr\u00e4ger untergebracht werden.<\/p>\n\n\n<div class=\"wp-block-image\">\n<figure class=\"aligncenter size-large is-resized\"><img loading=\"lazy\" decoding=\"async\" width=\"1024\" height=\"775\" src=\"https:\/\/wp.stromer-tech.info\/wp-content\/uploads\/2025\/07\/accuboost-be-Doppelbatteriesystem-1024x775.jpg\" alt=\"\" class=\"wp-image-7376\" style=\"width:600px\" srcset=\"https:\/\/wp.stromer-tech.info\/wp-content\/uploads\/2025\/07\/accuboost-be-Doppelbatteriesystem-1024x775.jpg 1024w, https:\/\/wp.stromer-tech.info\/wp-content\/uploads\/2025\/07\/accuboost-be-Doppelbatteriesystem-300x227.jpg 300w, https:\/\/wp.stromer-tech.info\/wp-content\/uploads\/2025\/07\/accuboost-be-Doppelbatteriesystem-768x581.jpg 768w, https:\/\/wp.stromer-tech.info\/wp-content\/uploads\/2025\/07\/accuboost-be-Doppelbatteriesystem-50x38.jpg 50w, https:\/\/wp.stromer-tech.info\/wp-content\/uploads\/2025\/07\/accuboost-be-Doppelbatteriesystem-1536x1162.jpg 1536w, https:\/\/wp.stromer-tech.info\/wp-content\/uploads\/2025\/07\/accuboost-be-Doppelbatteriesystem-16x12.jpg 16w, https:\/\/wp.stromer-tech.info\/wp-content\/uploads\/2025\/07\/accuboost-be-Doppelbatteriesystem-60x45.jpg 60w, https:\/\/wp.stromer-tech.info\/wp-content\/uploads\/2025\/07\/accuboost-be-Doppelbatteriesystem-100x76.jpg 100w, https:\/\/wp.stromer-tech.info\/wp-content\/uploads\/2025\/07\/accuboost-be-Doppelbatteriesystem.jpg 1597w\" sizes=\"auto, (max-width: 1024px) 100vw, 1024px\" \/><\/figure>\n<\/div>\n\n\n<p class=\"wp-block-paragraph\">Es gibt drei Extenderl\u00f6sungen (Stand: Nov. 2025):<\/p>\n\n\n\n<p class=\"wp-block-paragraph\">\u201eCompact\u201c (1146 Wh) \u2014 895 \u20ac (inkl. 21 % MwSt.)<br>\u201eMidi\u201c (1188 Wh) \u2014 930 \u20ac (inkl. 21 % MwSt.)<br>\u201eMaxi\u201c (1426 Wh) \u2014 1095 \u20ac (inkl. 21 % MwSt.)<\/p>\n\n\n\n<p class=\"wp-block-paragraph\">Nachteil der L\u00f6sung ist, dass die Akkus nur sequentiell \u00fcber einen Umschalter betrieben werden k\u00f6nnen. Ein akkuschonender Parallelbetrieb ist nicht m\u00f6glich.<\/p>\n\n\n\n<p class=\"wp-block-paragraph\"><\/p>\n","protected":false},"excerpt":{"rendered":"<p>Als Pendler m\u00f6chte man schnell von A nach B kommen \u2013 man wird kaum auf die Unterst\u00fctzungsstufen 1 oder 2 zur\u00fcckgreifen, es sei denn, die Tagesreichweite liegt \u00fcber 50 km und es gibt keine Ladem\u00f6glichkeit am Arbeitsort. Und einen ST7 mit 1440-Wh-Akku will oder kann sich nicht jeder leisten. Mit&#8230;<\/p>\n","protected":false},"author":1,"comment_status":"open","ping_status":"closed","template":"","format":"standard","meta":{"footnotes":""},"ht-kb-category":[122],"ht-kb-tag":[],"class_list":["post-1049","ht_kb","type-ht_kb","status-publish","format-standard","hentry","ht_kb_category-pimp-my-stromer"],"_links":{"self":[{"href":"https:\/\/wp.stromer-tech.info\/de\/wp-json\/wp\/v2\/ht-kb\/1049","targetHints":{"allow":["GET"]}}],"collection":[{"href":"https:\/\/wp.stromer-tech.info\/de\/wp-json\/wp\/v2\/ht-kb"}],"about":[{"href":"https:\/\/wp.stromer-tech.info\/de\/wp-json\/wp\/v2\/types\/ht_kb"}],"author":[{"embeddable":true,"href":"https:\/\/wp.stromer-tech.info\/de\/wp-json\/wp\/v2\/users\/1"}],"replies":[{"embeddable":true,"href":"https:\/\/wp.stromer-tech.info\/de\/wp-json\/wp\/v2\/comments?post=1049"}],"version-history":[{"count":117,"href":"https:\/\/wp.stromer-tech.info\/de\/wp-json\/wp\/v2\/ht-kb\/1049\/revisions"}],"predecessor-version":[{"id":12982,"href":"https:\/\/wp.stromer-tech.info\/de\/wp-json\/wp\/v2\/ht-kb\/1049\/revisions\/12982"}],"wp:attachment":[{"href":"https:\/\/wp.stromer-tech.info\/de\/wp-json\/wp\/v2\/media?parent=1049"}],"wp:term":[{"taxonomy":"ht_kb_category","embeddable":true,"href":"https:\/\/wp.stromer-tech.info\/de\/wp-json\/wp\/v2\/ht-kb-category?post=1049"},{"taxonomy":"ht_kb_tag","embeddable":true,"href":"https:\/\/wp.stromer-tech.info\/de\/wp-json\/wp\/v2\/ht-kb-tag?post=1049"}],"curies":[{"name":"wp","href":"https:\/\/api.w.org\/{rel}","templated":true}]}}