{"id":1814,"date":"2025-07-09T14:39:01","date_gmt":"2025-07-09T12:39:01","guid":{"rendered":"https:\/\/wp.stromer-tech.info\/?post_type=ht_kb&#038;p=1814"},"modified":"2025-07-20T00:38:12","modified_gmt":"2025-07-19T22:38:12","slug":"st7-laesst-sich-nicht-einschalten","status":"publish","type":"ht_kb","link":"https:\/\/wp.stromer-tech.info\/de\/knowledge-base\/st7-laesst-sich-nicht-einschalten\/","title":{"rendered":"ST7 &#8211; l\u00e4sst sich nicht einschalten"},"content":{"rendered":"\n<p class=\"wp-block-paragraph\" id=\"d7fc30fe-ec57-4cac-a9f9-b227ee6ba992\">Im spedepedelecreview.com schreibt der user <a href=\"https:\/\/www.speedpedelecreview.com\/forum\/de\/viewtopic.php?p=142934#p142934\" target=\"_blank\" rel=\"noreferrer noopener\">Lankram<\/a>:<\/p>\n\n\n\n<blockquote class=\"wp-block-quote is-layout-flow wp-block-quote-is-layout-flow\" style=\"font-size:15px\">\n<p class=\"wp-block-paragraph\">Ich habe das mit meinem H\u00e4ndler besprochen. Die Ursache liegt in der Batterie. Das System ben\u00f6tigt 10 V zum Starten und das wird offenbar irgendwie nicht weitergegeben. Durch Anschlie\u00dfen des Ladeger\u00e4ts stehen die 10V wieder zur Verf\u00fcgung und das Fahrrad funktioniert wieder. Mein H\u00e4ndler hat mir geraten, ein Auge darauf zu haben (wie k\u00f6nnte ich es \u00fcbersehen, haha). Lassen Sie sich in jedem Fall im System vermerken, dass dies geschieht. Mein Rat ist, dies auch Ihrem H\u00e4ndler zu melden. Ich habe keinen Fehlercode auf dem Bildschirm angezeigt, oder?? Und nehmen Sie Ihr Ladeger\u00e4t mit, denn ohne es k\u00f6nnen Sie das Batteriefach nicht \u00f6ffnen und es wird ein Spaziergang. Gr\u00fc\u00dfe Markus<\/p>\n<\/blockquote>\n\n\n\n<p class=\"wp-block-paragraph\">Leider wurde keine L\u00f6sung ver\u00f6ffentlicht. Ich vermute, dass das Problem ggf. aufgrund einer verschmutzten Akkusockelbuchse oder eines Metallpartikels entstand.<\/p>\n\n\n\n<p class=\"wp-block-paragraph\"><\/p>\n","protected":false},"excerpt":{"rendered":"<p>Im spedepedelecreview.com schreibt der user Lankram: Ich habe das mit meinem H\u00e4ndler besprochen. Die Ursache liegt in der Batterie. Das System ben\u00f6tigt 10 V zum Starten und das wird offenbar irgendwie nicht weitergegeben. Durch Anschlie\u00dfen des Ladeger\u00e4ts stehen die 10V wieder zur Verf\u00fcgung und das Fahrrad funktioniert wieder. Mein H\u00e4ndler&#8230;<\/p>\n","protected":false},"author":1,"comment_status":"open","ping_status":"closed","template":"","format":"standard","meta":{"footnotes":""},"ht-kb-category":[211],"ht-kb-tag":[],"class_list":["post-1814","ht_kb","type-ht_kb","status-publish","format-standard","hentry","ht_kb_category-p-diverses"],"_links":{"self":[{"href":"https:\/\/wp.stromer-tech.info\/de\/wp-json\/wp\/v2\/ht-kb\/1814","targetHints":{"allow":["GET"]}}],"collection":[{"href":"https:\/\/wp.stromer-tech.info\/de\/wp-json\/wp\/v2\/ht-kb"}],"about":[{"href":"https:\/\/wp.stromer-tech.info\/de\/wp-json\/wp\/v2\/types\/ht_kb"}],"author":[{"embeddable":true,"href":"https:\/\/wp.stromer-tech.info\/de\/wp-json\/wp\/v2\/users\/1"}],"replies":[{"embeddable":true,"href":"https:\/\/wp.stromer-tech.info\/de\/wp-json\/wp\/v2\/comments?post=1814"}],"version-history":[{"count":6,"href":"https:\/\/wp.stromer-tech.info\/de\/wp-json\/wp\/v2\/ht-kb\/1814\/revisions"}],"predecessor-version":[{"id":3692,"href":"https:\/\/wp.stromer-tech.info\/de\/wp-json\/wp\/v2\/ht-kb\/1814\/revisions\/3692"}],"wp:attachment":[{"href":"https:\/\/wp.stromer-tech.info\/de\/wp-json\/wp\/v2\/media?parent=1814"}],"wp:term":[{"taxonomy":"ht_kb_category","embeddable":true,"href":"https:\/\/wp.stromer-tech.info\/de\/wp-json\/wp\/v2\/ht-kb-category?post=1814"},{"taxonomy":"ht_kb_tag","embeddable":true,"href":"https:\/\/wp.stromer-tech.info\/de\/wp-json\/wp\/v2\/ht-kb-tag?post=1814"}],"curies":[{"name":"wp","href":"https:\/\/api.w.org\/{rel}","templated":true}]}}