{"id":1865,"date":"2025-07-09T15:02:40","date_gmt":"2025-07-09T13:02:40","guid":{"rendered":"https:\/\/wp.stromer-tech.info\/?post_type=ht_kb&#038;p=1865"},"modified":"2026-08-07T10:43:34","modified_gmt":"2026-08-07T08:43:34","slug":"kinderzitje-op-de-stromer","status":"publish","type":"ht_kb","link":"https:\/\/wp.stromer-tech.info\/nl_nl\/knowledge-base\/kindersitz-auf-dem-stromer\/","title":{"rendered":"Kinderzitje op de Stromer?"},"content":{"rendered":"<p class=\"wp-block-paragraph\">Stromer erlaubt grunds\u00e4tzlich einen Kindersitz auf dem Gep\u00e4cktr\u00e4ger. Die <a href=\"https:\/\/www.stromerbike.com\/de\/support\/faq\/your-stromer\/can-i-fit-a-child-seat-on-my-stromer-e-bike-2\">FAQ<\/a> gibt aber Tipps was vor dem Kauf, f\u00fcr die Montage (Dirketmontage am Sitzrohr) und im Betrieb zu beachten ist (Gewichtsbeschr\u00e4nkung).<\/p>\n\n\n\n<p class=\"wp-block-paragraph\">\u00dcbersteuert wird die Verwendung von Kindersitzen von der nationalen Gesetzgebung. Nicht alle L\u00e4nder erlauben diese auf dem Gep\u00e4cktr\u00e4ger.<\/p>\n\n\n\n<h3 class=\"wp-block-heading\">CH<\/h3>\n\n\n\n<p class=\"wp-block-paragraph\">Bei schnellen S-Pedelecs gilt gem\u00e4ss <a href=\"https:\/\/www.bfu.ch\/de\/services\/rechtsfragen\/e-bike-gesetz-schweiz\">Art. 42 Abs. 4 VRV i.V.m. Art. 63 Abs. 3 Bst. d sowie Abs. 4 VRV<\/a>:<\/p>\n\n\n\n<blockquote class=\"wp-block-quote is-layout-flow wp-block-quote-is-layout-flow\">\n<p class=\"wp-block-paragraph\" style=\"font-size:15px\">Met een&nbsp;<strong>snelle E-bike<\/strong>&nbsp;er kunnen maximaal drie kinderen worden vervoerd \u2013 twee in de fietskar en \u00e9\u00e9n in een kinderzitje op de bagagedrager.<\/p>\n<\/blockquote>\n\n\n\n<h3 class=\"wp-block-heading\">Andere L\u00e4nder<\/h3>\n\n\n\n<p class=\"wp-block-paragraph\"><a href=\"https:\/\/wp.stromer-tech.info\/nl_nl\/ht-vraag\/nieuwe-vraag-186\/\" data-type=\"page\" data-id=\"326\">Zie<\/a> dazu FAQ &#8211;  <em>,Gesetze &amp; Vorschriften f\u00fcr S-Pedelecs\u2018<\/em><\/p>\n\n\n\n<h3 class=\"wp-block-heading\">Praxis<\/h3>\n\n\n\n<p class=\"wp-block-paragraph\">De ST7-coureur 'David Jeanqaurtier' schrijft op <a href=\"https:\/\/www.facebook.com\/groups\/671876763162966\/posts\/bonjourquelque-a-r%C3%A9ussi-%C3%A0-mettre-un-si%C3%A8ge-enfant-sur-un-stromer-st1-je-trouve-pa\/2560771680940122\/\">Facebook<\/a>:<\/p>\n\n\n\n<blockquote class=\"wp-block-quote is-layout-flow wp-block-quote-is-layout-flow\">\n<p class=\"wp-block-paragraph\" style=\"font-size:15px\">De <a href=\"https:\/\/hamax.com\/kid\/child-bike-seat\/frame-mounted\/caress-bike-seat-frame\">HAMAX Caress modellen<\/a>, die auf dem Rahmenrohr montiert sind (und nicht auf dem Gep\u00e4ckst\u00e4nder), sind mit Stromer kompatibel. Ich habe dieses Modell auf meinem ST7, und indem ich ein paar kleine Schutzfolien auf dem Rahmen bezahle, um das Fahrrad nicht zu besch\u00e4digen, ist es perfekt.<\/p>\n<\/blockquote>\n\n\n\n<figure class=\"wp-block-image size-full\"><img loading=\"lazy\" decoding=\"async\" width=\"652\" height=\"530\" src=\"https:\/\/wp.stromer-tech.info\/wp-content\/uploads\/2025\/07\/Kindersitz-HAM553101-Caress-bar-bracket-white-grey-black-front.webp\" alt=\"\" class=\"wp-image-1873\" srcset=\"https:\/\/wp.stromer-tech.info\/wp-content\/uploads\/2025\/07\/Kindersitz-HAM553101-Caress-bar-bracket-white-grey-black-front.webp 652w, https:\/\/wp.stromer-tech.info\/wp-content\/uploads\/2025\/07\/Kindersitz-HAM553101-Caress-bar-bracket-white-grey-black-front-300x244.webp 300w, https:\/\/wp.stromer-tech.info\/wp-content\/uploads\/2025\/07\/Kindersitz-HAM553101-Caress-bar-bracket-white-grey-black-front-50x41.webp 50w, https:\/\/wp.stromer-tech.info\/wp-content\/uploads\/2025\/07\/Kindersitz-HAM553101-Caress-bar-bracket-white-grey-black-front-60x49.webp 60w, https:\/\/wp.stromer-tech.info\/wp-content\/uploads\/2025\/07\/Kindersitz-HAM553101-Caress-bar-bracket-white-grey-black-front-100x81.webp 100w\" sizes=\"auto, (max-width: 652px) 100vw, 652px\" \/><\/figure>","protected":false},"excerpt":{"rendered":"<p>Stromer erlaubt grunds\u00e4tzlich einen Kindersitz auf dem Gep\u00e4cktr\u00e4ger. Die FAQ gibt aber Tipps was vor dem Kauf, f\u00fcr die Montage (Dirketmontage am Sitzrohr) und im Betrieb zu beachten ist (Gewichtsbeschr\u00e4nkung). \u00dcbersteuert wird die Verwendung von Kindersitzen von der nationalen Gesetzgebung. Nicht alle L\u00e4nder erlauben diese auf dem Gep\u00e4cktr\u00e4ger. CH Bei&#8230;<\/p>","protected":false},"author":1,"comment_status":"open","ping_status":"closed","template":"","format":"standard","meta":{"footnotes":""},"ht-kb-category":[122],"ht-kb-tag":[],"class_list":["post-1865","ht_kb","type-ht_kb","status-publish","format-standard","hentry","ht_kb_category-pimp-my-stromer"],"_links":{"self":[{"href":"https:\/\/wp.stromer-tech.info\/nl_nl\/wp-json\/wp\/v2\/ht-kb\/1865","targetHints":{"allow":["GET"]}}],"collection":[{"href":"https:\/\/wp.stromer-tech.info\/nl_nl\/wp-json\/wp\/v2\/ht-kb"}],"about":[{"href":"https:\/\/wp.stromer-tech.info\/nl_nl\/wp-json\/wp\/v2\/types\/ht_kb"}],"author":[{"embeddable":true,"href":"https:\/\/wp.stromer-tech.info\/nl_nl\/wp-json\/wp\/v2\/users\/1"}],"replies":[{"embeddable":true,"href":"https:\/\/wp.stromer-tech.info\/nl_nl\/wp-json\/wp\/v2\/comments?post=1865"}],"version-history":[{"count":26,"href":"https:\/\/wp.stromer-tech.info\/nl_nl\/wp-json\/wp\/v2\/ht-kb\/1865\/revisions"}],"predecessor-version":[{"id":12895,"href":"https:\/\/wp.stromer-tech.info\/nl_nl\/wp-json\/wp\/v2\/ht-kb\/1865\/revisions\/12895"}],"wp:attachment":[{"href":"https:\/\/wp.stromer-tech.info\/nl_nl\/wp-json\/wp\/v2\/media?parent=1865"}],"wp:term":[{"taxonomy":"ht_kb_category","embeddable":true,"href":"https:\/\/wp.stromer-tech.info\/nl_nl\/wp-json\/wp\/v2\/ht-kb-category?post=1865"},{"taxonomy":"ht_kb_tag","embeddable":true,"href":"https:\/\/wp.stromer-tech.info\/nl_nl\/wp-json\/wp\/v2\/ht-kb-tag?post=1865"}],"curies":[{"name":"wp","href":"https:\/\/api.w.org\/{rel}","templated":true}]}}