{"id":8306,"date":"2026-01-25T14:07:14","date_gmt":"2026-01-25T13:07:14","guid":{"rendered":"https:\/\/wp.stromer-tech.info\/?page_id=8306"},"modified":"2026-02-19T21:14:55","modified_gmt":"2026-02-19T20:14:55","slug":"stromer-faq-a-m","status":"publish","type":"page","link":"https:\/\/wp.stromer-tech.info\/nl_nl\/faq\/stromer-faq-a-m\/","title":{"rendered":"Stromer FAQ | A - M"},"content":{"rendered":"<div class=\"hfaqwrapper\" itemscope itemtype=\"https:\/\/schema.org\/FAQPage\" >\n\t<!-- no name title displayed -->\n<ul id=\"hfaqgroup-0\" class=\"hfaqlist\" data-hfaq-style=\"style5\" data-hfaq-type=\"toggle\" data-hfaq-icon-pos=\"right\" data-hfaq-icon=\"4\" data-hfaq-behavior=\"none\" >\n\t\t\t\t\t\t\t\t\t\t\t<li>\t\t\n\t\t\t\t\t<div class=\"hfaq\" data-hfaq-state=\"closed\" itemscope itemprop=\"mainEntity\" itemtype=\"http:\/\/schema.org\/Question\">\n\t\t\t\t\t\t<div class=\"hfaq__question\" id=\"stromer-faq-a-m-allgemein-stromer-faq-und-how-to-videos\">\n\n\t\t\t\t\t\t\t\n\t\t\t\t\t\t\t<div class=\"hfaq__icon\" style=\"height: 20px; width: 20px;\">\n\n\t\t\t\t\t\t\t\t\t\t\t\t\t\t\t\t  <svg class=\"hfaq__iconplus\" xmlns=\"http:\/\/www.w3.org\/2000\/svg\" viewBox=\"0 0 24 24\"><path fill=\"#de3a42\" d=\"M17 11h-4V7c0-.6-.4-1-1-1s-1 .4-1 1v4H7c-.6 0-1 .4-1 1s.4 1 1 1h4v4c0 .6.4 1 1 1s1-.4 1-1v-4h4c.6 0 1-.4 1-1s-.4-1-1-1z\"\/><\/svg>\n\t\t\t\t\t\t\t\t  <svg class=\"hfaq__iconminus\" xmlns=\"http:\/\/www.w3.org\/2000\/svg\" viewBox=\"0 0 24 24\"><path fill=\"#de3a42\" d=\"M17 11H7c-.6 0-1 .4-1 1s.4 1 1 1h10c.6 0 1-.4 1-1s-.4-1-1-1z\"\/><\/svg>\n\t\t\t\t\t\t\t\t\n\t\t\t\t\t\t\t<\/div>\n\n\t\t\t\t\t\t\t\n\t\t\t\t\t\t\t<span class=\"hfaq__text\" itemprop=\"name\">** Allgemein | Stromer FAQ und How to Videos<\/span>\n\t\t\t\t\t\t<\/div>\n\t\t\t\t\t\t<div class=\"hfaq__answer\" itemscope itemprop=\"acceptedAnswer\" itemtype=\"http:\/\/schema.org\/Answer\">\n\t\t\t\t\t\t\t<div class=\"hfaq__answercontent\" itemprop=\"text\"><p>In der FAQ werden Themen aufgenommen die entweder in der\u00a0,<a href=\"https:\/\/www.stromerbike.com\/de\/support\/faq\">Stromer FAQ<\/a>\u2018\u00a0nicht vorkommen oder eine Erg\u00e4nzung ben\u00f6tigen.<\/p><p>Weiter gibt es auf dem YouTube Kanal\u00a0<a href=\"https:\/\/www.youtube.com\/@stromerbike\/videos\">,Stromerbike\u2018<\/a>\u201a diverse Video zu Stromer allgemein aber auch\u00a0<a href=\"https:\/\/www.youtube.com\/playlist?list=PLTzWW5GDvsouyxPdwTFfVslp1K-eIBERc\">,How to Videos\u2018<\/a>\u00a0zu diversen Themen.<\/p><\/div>\n\t\t\t\t\t\t<\/div>\n\t\t\t\t\t<\/div>\n\t\t\t\t<\/li>\n\t\t\t\t\t\t\t\t\t\t\t\t\t\t<li>\t\t\n\t\t\t\t\t<div class=\"hfaq\" data-hfaq-state=\"closed\" itemscope itemprop=\"mainEntity\" itemtype=\"http:\/\/schema.org\/Question\">\n\t\t\t\t\t\t<div class=\"hfaq__question\" id=\"stromer-faq-a-m-3d-drucker-zubehoer\">\n\n\t\t\t\t\t\t\t\n\t\t\t\t\t\t\t<div class=\"hfaq__icon\" style=\"height: 20px; width: 20px;\">\n\n\t\t\t\t\t\t\t\t\t\t\t\t\t\t\t\t  <svg class=\"hfaq__iconplus\" xmlns=\"http:\/\/www.w3.org\/2000\/svg\" viewBox=\"0 0 24 24\"><path fill=\"#de3a42\" d=\"M17 11h-4V7c0-.6-.4-1-1-1s-1 .4-1 1v4H7c-.6 0-1 .4-1 1s.4 1 1 1h4v4c0 .6.4 1 1 1s1-.4 1-1v-4h4c.6 0 1-.4 1-1s-.4-1-1-1z\"\/><\/svg>\n\t\t\t\t\t\t\t\t  <svg class=\"hfaq__iconminus\" xmlns=\"http:\/\/www.w3.org\/2000\/svg\" viewBox=\"0 0 24 24\"><path fill=\"#de3a42\" d=\"M17 11H7c-.6 0-1 .4-1 1s.4 1 1 1h10c.6 0 1-.4 1-1s-.4-1-1-1z\"\/><\/svg>\n\t\t\t\t\t\t\t\t\n\t\t\t\t\t\t\t<\/div>\n\n\t\t\t\t\t\t\t\n\t\t\t\t\t\t\t<span class=\"hfaq__text\" itemprop=\"name\">3D-Drucker-Zubeh\u00f6r\u2026<\/span>\n\t\t\t\t\t\t<\/div>\n\t\t\t\t\t\t<div class=\"hfaq__answer\" itemscope itemprop=\"acceptedAnswer\" itemtype=\"http:\/\/schema.org\/Answer\">\n\t\t\t\t\t\t\t<div class=\"hfaq__answercontent\" itemprop=\"text\"><p><span style=\"color: #525252; font-family: Roboto; font-size: medium; background-color: #fcfcfc;\">Schutzblechverl\u00e4ngerungen, Akkusockel, SP-Connect-Sockel etc. Siehe\u00a0<\/span><a href=\"https:\/\/wp.stromer-tech.info\/knowledge-base\/zubehoer-vom-3d-drucker\/\">hier<\/a><span style=\"color: #525252; font-family: Roboto; font-size: medium; background-color: #fcfcfc;\">.<\/span><\/p><\/div>\n\t\t\t\t\t\t<\/div>\n\t\t\t\t\t<\/div>\n\t\t\t\t<\/li>\n\t\t\t\t\t\t\t\t\t\t\t\t\t\t<li>\t\t\n\t\t\t\t\t<div class=\"hfaq\" data-hfaq-state=\"closed\" itemscope itemprop=\"mainEntity\" itemtype=\"http:\/\/schema.org\/Question\">\n\t\t\t\t\t\t<div class=\"hfaq__question\" id=\"stromer-faq-a-m-aenderungen-am-stromer-homologierung-konformitaets-oder-typengenehmigung-coc\">\n\n\t\t\t\t\t\t\t\n\t\t\t\t\t\t\t<div class=\"hfaq__icon\" style=\"height: 20px; width: 20px;\">\n\n\t\t\t\t\t\t\t\t\t\t\t\t\t\t\t\t  <svg class=\"hfaq__iconplus\" xmlns=\"http:\/\/www.w3.org\/2000\/svg\" viewBox=\"0 0 24 24\"><path fill=\"#de3a42\" d=\"M17 11h-4V7c0-.6-.4-1-1-1s-1 .4-1 1v4H7c-.6 0-1 .4-1 1s.4 1 1 1h4v4c0 .6.4 1 1 1s1-.4 1-1v-4h4c.6 0 1-.4 1-1s-.4-1-1-1z\"\/><\/svg>\n\t\t\t\t\t\t\t\t  <svg class=\"hfaq__iconminus\" xmlns=\"http:\/\/www.w3.org\/2000\/svg\" viewBox=\"0 0 24 24\"><path fill=\"#de3a42\" d=\"M17 11H7c-.6 0-1 .4-1 1s.4 1 1 1h10c.6 0 1-.4 1-1s-.4-1-1-1z\"\/><\/svg>\n\t\t\t\t\t\t\t\t\n\t\t\t\t\t\t\t<\/div>\n\n\t\t\t\t\t\t\t\n\t\t\t\t\t\t\t<span class=\"hfaq__text\" itemprop=\"name\">\u00c4nderungen am Stromer \u2013 Homologierung\/Konformit\u00e4ts- oder Typengenehmigung (CoC)\u2026<\/span>\n\t\t\t\t\t\t<\/div>\n\t\t\t\t\t\t<div class=\"hfaq__answer\" itemscope itemprop=\"acceptedAnswer\" itemtype=\"http:\/\/schema.org\/Answer\">\n\t\t\t\t\t\t\t<div class=\"hfaq__answercontent\" itemprop=\"text\"><p style=\"box-sizing: border-box; font-family: Roboto; line-height: 1.5; color: #525252; font-size: medium; background-color: #fcfcfc;\">Bei den Stromer Bikes handelt es sich um Speed Pedelecs, also schnelle \u201eE-Bikes\u201c bis 45 km\/h, welche in der EU zu der Fahrzeugklasse <em>L1e-B<\/em> geh\u00f6ren. In den USA ist dies <em>Class 3<\/em>, in der Schweiz <em>Motorfahrrad resp. zweir\u00e4driges Kleinkraftrad<\/em>.<\/p><p style=\"box-sizing: border-box; font-family: Roboto; line-height: 1.5; color: #525252; font-size: medium; background-color: #fcfcfc;\">F\u00fcr die Strassenzulassung muss der Stromer in der EU eine Betriebserlaubnis, die sogenannte CoC (Certificate of Conformity), und in der Schweiz eine Typengenehmigung haben. Sie wird durch die jeweilige Beh\u00f6rde (DE = Kraftfahrt-Bundensamt, KBA | CH = Motorfahrzeugkontrolle (MFK) ausgestellt. Sie best\u00e4tigt, dass das Fahrzeug bei der Erstzulassung die gesetzlichen Anforderungen erf\u00fcllt, und bedeutet weiter, dass Teile nicht ver\u00e4ndert bzw. keine Umbauten gemacht werden d\u00fcrfen, es sei denn, sie werden erneut dem Typengenehmigungsverfahren unterzogen. In Deutsdchland macht das der T\u00dcV oder die Dekra, in der Schweiz die kantonale Motorfahrzeugkontrolle (MFK).<\/p><p style=\"box-sizing: border-box; font-family: Roboto; line-height: 1.5; color: #525252; font-size: medium; background-color: #fcfcfc;\">Verschleissteile m\u00fcssen mit baugleichen, gleichwertigen ersetzt werden.<br \/><br \/>Felge: In der CoC stehen die Dimensionen von der Felge und den Reifen aber keine Angaben zum Hersteller. <br \/>Reifen: Die genehmigten Reifen sind der jeweiligen <a style=\"box-sizing: border-box; background-color: rgba(255, 255, 255, 0); color: #d80000;\" href=\"https:\/\/www.stromerbike.com\/de\/support\/manuals\">Bedienungsanleitung<\/a> zu entnehmen. Auf der myStromer AG \u2013 Webseite sind in den <a style=\"box-sizing: border-box; background-color: rgba(255, 255, 255, 0); color: #d80000;\" href=\"https:\/\/www.stromerbike.com\/de\/support\/warranty-terms\">Garantiebestimmungen und Haftungsbeschr\u00e4nkungen<\/a> alle rechtsrelevanten Informationen nachzulesen.<\/p><p style=\"box-sizing: border-box; font-family: Roboto; line-height: 1.5; color: #525252; font-size: medium; background-color: #fcfcfc;\">Wird z. B. der Rahmen nicht fachgerecht umlackiert, erlischt dessen 10-j\u00e4hriger Garantie-Anspruch. Wenn unsachgem\u00e4sse \u00c4nderungen vorgenommen werden, oder Teile verbaut werden, die nicht genehmigt sind, erlischt die 24 bzw. 32-monatige Garantie des Stromers.<br style=\"box-sizing: border-box;\" \/><br style=\"box-sizing: border-box;\" \/><a style=\"box-sizing: border-box; background-color: rgba(255, 255, 255, 0); color: #d80000;\" href=\"https:\/\/typenscheine.ch\/de\/Search\">Siehe<\/a>\u00a0Typenscheinverzeichnis Schweiz<br style=\"box-sizing: border-box;\" \/><a style=\"box-sizing: border-box; background-color: rgba(255, 255, 255, 0); color: #d80000;\" href=\"https:\/\/drive.google.com\/file\/d\/1otE_yCB_owPD3arObvwNsrlJaRWhJRV1\/view\">Siehe<\/a> als Bsp. die CoC des ST3 \/ ST5<\/p><\/div>\n\t\t\t\t\t\t<\/div>\n\t\t\t\t\t<\/div>\n\t\t\t\t<\/li>\n\t\t\t\t\t\t\t\t\t\t\t\t\t\t<li>\t\t\n\t\t\t\t\t<div class=\"hfaq\" data-hfaq-state=\"closed\" itemscope itemprop=\"mainEntity\" itemtype=\"http:\/\/schema.org\/Question\">\n\t\t\t\t\t\t<div class=\"hfaq__question\" id=\"stromer-faq-a-m-abs-symbol-funktionen\">\n\n\t\t\t\t\t\t\t\n\t\t\t\t\t\t\t<div class=\"hfaq__icon\" style=\"height: 20px; width: 20px;\">\n\n\t\t\t\t\t\t\t\t\t\t\t\t\t\t\t\t  <svg class=\"hfaq__iconplus\" xmlns=\"http:\/\/www.w3.org\/2000\/svg\" viewBox=\"0 0 24 24\"><path fill=\"#de3a42\" d=\"M17 11h-4V7c0-.6-.4-1-1-1s-1 .4-1 1v4H7c-.6 0-1 .4-1 1s.4 1 1 1h4v4c0 .6.4 1 1 1s1-.4 1-1v-4h4c.6 0 1-.4 1-1s-.4-1-1-1z\"\/><\/svg>\n\t\t\t\t\t\t\t\t  <svg class=\"hfaq__iconminus\" xmlns=\"http:\/\/www.w3.org\/2000\/svg\" viewBox=\"0 0 24 24\"><path fill=\"#de3a42\" d=\"M17 11H7c-.6 0-1 .4-1 1s.4 1 1 1h10c.6 0 1-.4 1-1s-.4-1-1-1z\"\/><\/svg>\n\t\t\t\t\t\t\t\t\n\t\t\t\t\t\t\t<\/div>\n\n\t\t\t\t\t\t\t\n\t\t\t\t\t\t\t<span class=\"hfaq__text\" itemprop=\"name\">ABS &#8211; Symbol &#8211; Funktionen<\/span>\n\t\t\t\t\t\t<\/div>\n\t\t\t\t\t\t<div class=\"hfaq__answer\" itemscope itemprop=\"acceptedAnswer\" itemtype=\"http:\/\/schema.org\/Answer\">\n\t\t\t\t\t\t\t<div class=\"hfaq__answercontent\" itemprop=\"text\"><ol class=\"wp-block-list\"><li>Bei jedem Start des Stromer wird das ABS-System initialisiert. Dabei leuchtet das ABS Symbol im Omni.<\/li><li>Das ABS-System wird erst ab einer Geschwindigkeit von 5 km\/h aktiv. Das ABS-Symbol erlischt erste bei der ersten Bet\u00e4tigung des linken Bremshebels sowie einer Geschwindigkeit \u00fcber 5 km\/h.<\/li><\/ol><div class=\"wp-block-image\"><figure class=\"aligncenter size-full is-resized\"><img loading=\"lazy\" decoding=\"async\" class=\"wp-image-11245\" style=\"aspect-ratio: 2.794027765650921; width: 318px; height: auto;\" src=\"https:\/\/wp.stromer-tech.info\/wp-content\/uploads\/2026\/05\/Stromer-ABS-Symbol-im-Omni.png\" sizes=\"auto, (max-width: 813px) 100vw, 813px\" srcset=\"https:\/\/wp.stromer-tech.info\/wp-content\/uploads\/2026\/05\/Stromer-ABS-Symbol-im-Omni.png 813w, https:\/\/wp.stromer-tech.info\/wp-content\/uploads\/2026\/05\/Stromer-ABS-Symbol-im-Omni-300x107.png 300w, https:\/\/wp.stromer-tech.info\/wp-content\/uploads\/2026\/05\/Stromer-ABS-Symbol-im-Omni-768x275.png 768w, https:\/\/wp.stromer-tech.info\/wp-content\/uploads\/2026\/05\/Stromer-ABS-Symbol-im-Omni-50x18.png 50w, https:\/\/wp.stromer-tech.info\/wp-content\/uploads\/2026\/05\/Stromer-ABS-Symbol-im-Omni-18x6.png 18w, https:\/\/wp.stromer-tech.info\/wp-content\/uploads\/2026\/05\/Stromer-ABS-Symbol-im-Omni-60x21.png 60w, https:\/\/wp.stromer-tech.info\/wp-content\/uploads\/2026\/05\/Stromer-ABS-Symbol-im-Omni-100x36.png 100w\" alt=\"\" width=\"813\" height=\"291\" \/><figcaption class=\"wp-element-caption\">ABS Symbol im Stromer Omni<\/figcaption><\/figure><\/div><p class=\"wp-block-paragraph\"><strong>Notbremsung:<\/strong><br \/>Das Symbol leuchtet nicht auf.<\/p><p class=\"wp-block-paragraph\"><strong>Fehler:<\/strong><br \/>Leuchtet das ABS-Symbol nach Schritt 1 und 2 weiter, oder leuchtet es bei einer Fahrt auf, liegt ein Fehler im ABS-System vor.<\/p><\/div>\n\t\t\t\t\t\t<\/div>\n\t\t\t\t\t<\/div>\n\t\t\t\t<\/li>\n\t\t\t\t\t\t\t\t\t\t\t\t\t\t<li>\t\t\n\t\t\t\t\t<div class=\"hfaq\" data-hfaq-state=\"closed\" itemscope itemprop=\"mainEntity\" itemtype=\"http:\/\/schema.org\/Question\">\n\t\t\t\t\t\t<div class=\"hfaq__question\" id=\"stromer-faq-a-m-abs-welches-profil-des-blubrake-abs-verwendet-stromer\">\n\n\t\t\t\t\t\t\t\n\t\t\t\t\t\t\t<div class=\"hfaq__icon\" style=\"height: 20px; width: 20px;\">\n\n\t\t\t\t\t\t\t\t\t\t\t\t\t\t\t\t  <svg class=\"hfaq__iconplus\" xmlns=\"http:\/\/www.w3.org\/2000\/svg\" viewBox=\"0 0 24 24\"><path fill=\"#de3a42\" d=\"M17 11h-4V7c0-.6-.4-1-1-1s-1 .4-1 1v4H7c-.6 0-1 .4-1 1s.4 1 1 1h4v4c0 .6.4 1 1 1s1-.4 1-1v-4h4c.6 0 1-.4 1-1s-.4-1-1-1z\"\/><\/svg>\n\t\t\t\t\t\t\t\t  <svg class=\"hfaq__iconminus\" xmlns=\"http:\/\/www.w3.org\/2000\/svg\" viewBox=\"0 0 24 24\"><path fill=\"#de3a42\" d=\"M17 11H7c-.6 0-1 .4-1 1s.4 1 1 1h10c.6 0 1-.4 1-1s-.4-1-1-1z\"\/><\/svg>\n\t\t\t\t\t\t\t\t\n\t\t\t\t\t\t\t<\/div>\n\n\t\t\t\t\t\t\t\n\t\t\t\t\t\t\t<span class=\"hfaq__text\" itemprop=\"name\">ABS \u2013 Welches Profil des Blubrake ABS verwendet Stromer?<\/span>\n\t\t\t\t\t\t<\/div>\n\t\t\t\t\t\t<div class=\"hfaq__answer\" itemscope itemprop=\"acceptedAnswer\" itemtype=\"http:\/\/schema.org\/Answer\">\n\t\t\t\t\t\t\t<div class=\"hfaq__answercontent\" itemprop=\"text\"><p><a style=\"box-sizing: border-box; background-color: rgba(255, 255, 255, 0); color: #d80000; font-family: Roboto; font-size: medium;\" href=\"https:\/\/wp.stromer-tech.info\/de\/knowledge-base\/abs\/\">Siehe<\/a><span style=\"color: #525252; font-family: Roboto; font-size: medium; background-color: #fcfcfc;\">\u00a0BREMSEN \u2013<\/span><em style=\"box-sizing: border-box; color: #525252; font-family: Roboto; font-size: medium; background-color: #fcfcfc;\"> \u201aABS\u2018<\/em><\/p><\/div>\n\t\t\t\t\t\t<\/div>\n\t\t\t\t\t<\/div>\n\t\t\t\t<\/li>\n\t\t\t\t\t\t\t\t\t\t\t\t\t\t<li>\t\t\n\t\t\t\t\t<div class=\"hfaq\" data-hfaq-state=\"closed\" itemscope itemprop=\"mainEntity\" itemtype=\"http:\/\/schema.org\/Question\">\n\t\t\t\t\t\t<div class=\"hfaq__question\" id=\"stromer-faq-a-m-abs-wo-sitzt-die-blubrake-steuereinheit\">\n\n\t\t\t\t\t\t\t\n\t\t\t\t\t\t\t<div class=\"hfaq__icon\" style=\"height: 20px; width: 20px;\">\n\n\t\t\t\t\t\t\t\t\t\t\t\t\t\t\t\t  <svg class=\"hfaq__iconplus\" xmlns=\"http:\/\/www.w3.org\/2000\/svg\" viewBox=\"0 0 24 24\"><path fill=\"#de3a42\" d=\"M17 11h-4V7c0-.6-.4-1-1-1s-1 .4-1 1v4H7c-.6 0-1 .4-1 1s.4 1 1 1h4v4c0 .6.4 1 1 1s1-.4 1-1v-4h4c.6 0 1-.4 1-1s-.4-1-1-1z\"\/><\/svg>\n\t\t\t\t\t\t\t\t  <svg class=\"hfaq__iconminus\" xmlns=\"http:\/\/www.w3.org\/2000\/svg\" viewBox=\"0 0 24 24\"><path fill=\"#de3a42\" d=\"M17 11H7c-.6 0-1 .4-1 1s.4 1 1 1h10c.6 0 1-.4 1-1s-.4-1-1-1z\"\/><\/svg>\n\t\t\t\t\t\t\t\t\n\t\t\t\t\t\t\t<\/div>\n\n\t\t\t\t\t\t\t\n\t\t\t\t\t\t\t<span class=\"hfaq__text\" itemprop=\"name\">ABS \u2013 Wo sitzt die Blubrake Steuereinheit?<\/span>\n\t\t\t\t\t\t<\/div>\n\t\t\t\t\t\t<div class=\"hfaq__answer\" itemscope itemprop=\"acceptedAnswer\" itemtype=\"http:\/\/schema.org\/Answer\">\n\t\t\t\t\t\t\t<div class=\"hfaq__answercontent\" itemprop=\"text\"><p><a style=\"box-sizing: border-box; background-color: rgba(255, 255, 255, 0); color: #d80000; font-family: Roboto; font-size: medium;\" href=\"https:\/\/wp.stromer-tech.info\/de\/knowledge-base\/abs\/\">Siehe<\/a><span style=\"color: #525252; font-family: Roboto; font-size: medium; background-color: #fcfcfc;\">\u00a0BREMSEN \u2013\u00a0<\/span><em style=\"box-sizing: border-box; color: #525252; font-family: Roboto; font-size: medium; background-color: #fcfcfc;\">\u201aABS\u2018<\/em><\/p><\/div>\n\t\t\t\t\t\t<\/div>\n\t\t\t\t\t<\/div>\n\t\t\t\t<\/li>\n\t\t\t\t\t\t\t\t\t\t\t\t\t\t<li>\t\t\n\t\t\t\t\t<div class=\"hfaq\" data-hfaq-state=\"closed\" itemscope itemprop=\"mainEntity\" itemtype=\"http:\/\/schema.org\/Question\">\n\t\t\t\t\t\t<div class=\"hfaq__question\" id=\"stromer-faq-a-m-akku-brand-sicherheit\">\n\n\t\t\t\t\t\t\t\n\t\t\t\t\t\t\t<div class=\"hfaq__icon\" style=\"height: 20px; width: 20px;\">\n\n\t\t\t\t\t\t\t\t\t\t\t\t\t\t\t\t  <svg class=\"hfaq__iconplus\" xmlns=\"http:\/\/www.w3.org\/2000\/svg\" viewBox=\"0 0 24 24\"><path fill=\"#de3a42\" d=\"M17 11h-4V7c0-.6-.4-1-1-1s-1 .4-1 1v4H7c-.6 0-1 .4-1 1s.4 1 1 1h4v4c0 .6.4 1 1 1s1-.4 1-1v-4h4c.6 0 1-.4 1-1s-.4-1-1-1z\"\/><\/svg>\n\t\t\t\t\t\t\t\t  <svg class=\"hfaq__iconminus\" xmlns=\"http:\/\/www.w3.org\/2000\/svg\" viewBox=\"0 0 24 24\"><path fill=\"#de3a42\" d=\"M17 11H7c-.6 0-1 .4-1 1s.4 1 1 1h10c.6 0 1-.4 1-1s-.4-1-1-1z\"\/><\/svg>\n\t\t\t\t\t\t\t\t\n\t\t\t\t\t\t\t<\/div>\n\n\t\t\t\t\t\t\t\n\t\t\t\t\t\t\t<span class=\"hfaq__text\" itemprop=\"name\">Akku \u2013 Brand \/ Sicherheit<\/span>\n\t\t\t\t\t\t<\/div>\n\t\t\t\t\t\t<div class=\"hfaq__answer\" itemscope itemprop=\"acceptedAnswer\" itemtype=\"http:\/\/schema.org\/Answer\">\n\t\t\t\t\t\t\t<div class=\"hfaq__answercontent\" itemprop=\"text\"><p><a href=\"https:\/\/wp.stromer-tech.info\/knowledge-base\/743\/\">Siehe<\/a> Akku \u2013 <em>\u201aBrand \/ Sicherheit\u2018<\/em><\/p><\/div>\n\t\t\t\t\t\t<\/div>\n\t\t\t\t\t<\/div>\n\t\t\t\t<\/li>\n\t\t\t\t\t\t\t\t\t\t\t\t\t\t<li>\t\t\n\t\t\t\t\t<div class=\"hfaq\" data-hfaq-state=\"closed\" itemscope itemprop=\"mainEntity\" itemtype=\"http:\/\/schema.org\/Question\">\n\t\t\t\t\t\t<div class=\"hfaq__question\" id=\"stromer-faq-a-m-akku-garantie\">\n\n\t\t\t\t\t\t\t\n\t\t\t\t\t\t\t<div class=\"hfaq__icon\" style=\"height: 20px; width: 20px;\">\n\n\t\t\t\t\t\t\t\t\t\t\t\t\t\t\t\t  <svg class=\"hfaq__iconplus\" xmlns=\"http:\/\/www.w3.org\/2000\/svg\" viewBox=\"0 0 24 24\"><path fill=\"#de3a42\" d=\"M17 11h-4V7c0-.6-.4-1-1-1s-1 .4-1 1v4H7c-.6 0-1 .4-1 1s.4 1 1 1h4v4c0 .6.4 1 1 1s1-.4 1-1v-4h4c.6 0 1-.4 1-1s-.4-1-1-1z\"\/><\/svg>\n\t\t\t\t\t\t\t\t  <svg class=\"hfaq__iconminus\" xmlns=\"http:\/\/www.w3.org\/2000\/svg\" viewBox=\"0 0 24 24\"><path fill=\"#de3a42\" d=\"M17 11H7c-.6 0-1 .4-1 1s.4 1 1 1h10c.6 0 1-.4 1-1s-.4-1-1-1z\"\/><\/svg>\n\t\t\t\t\t\t\t\t\n\t\t\t\t\t\t\t<\/div>\n\n\t\t\t\t\t\t\t\n\t\t\t\t\t\t\t<span class=\"hfaq__text\" itemprop=\"name\">Akku \u2013 Garantie<\/span>\n\t\t\t\t\t\t<\/div>\n\t\t\t\t\t\t<div class=\"hfaq__answer\" itemscope itemprop=\"acceptedAnswer\" itemtype=\"http:\/\/schema.org\/Answer\">\n\t\t\t\t\t\t\t<div class=\"hfaq__answercontent\" itemprop=\"text\"><p id=\"20b78d06-0bc9-4dae-b904-e6f7bcf0ce75\" style=\"box-sizing: border-box; font-family: Roboto; line-height: 1.5; color: #525252; font-size: medium; background-color: #fcfcfc;\">Stromer gew\u00e4hrt auf die Akkus eine Kapazit\u00e4tsgarantie von zwei Jahren. Erreicht ein Akku die SoH-Schwelle (SoH = State of Health; Gesundheitszustand) von 75 % innerhalb von zwei Jahren, wird der Akku in Garantie ausgetauscht. Die Akkus sind bei Garantieverl\u00e4ngerungen ausgenommen.<\/p><p style=\"box-sizing: border-box; font-family: Roboto; line-height: 1.5; color: #525252; font-size: medium; background-color: #fcfcfc;\">Im Schnitt sind <a href=\"https:\/\/wp.stromer-tech.info\/de\/knowledge-base\/alterung-soh-verlust\/\">Laufleistungen von 20\u2019000 \u2013 25\u2019000 km<\/a> in zwei Jahren n\u00f6tig bis die 75% SoH des Akkus erreicht werden. Gem\u00e4ss <a href=\"https:\/\/www.speedpedelecreview.com\/forum\/viewtopic.php?p=145863#p145863\">einem Beitrag<\/a> im\u00a0NL-Forum vom Juni 2024 sollen es europaweit weniger als 25 Akkus per Jahr sein, die auf Basis dieser Laufleistung die Schwelle erreichen und ausgetauscht werden.<\/p><p style=\"box-sizing: border-box; font-family: Roboto; line-height: 1.5; color: #525252; font-size: medium; background-color: #fcfcfc;\"><a style=\"box-sizing: border-box; background-color: rgba(255, 255, 255, 0); color: #d80000;\" href=\"https:\/\/wp.stromer-tech.info\/knowledge-base\/alterung-soh-verlust\/\">Siehe<\/a>\u00a0auch AKKU \u2013\u00a0<em style=\"box-sizing: border-box;\">\u201aAlterung \u2013 SoH-Verlust\u2018<\/em><\/p><\/div>\n\t\t\t\t\t\t<\/div>\n\t\t\t\t\t<\/div>\n\t\t\t\t<\/li>\n\t\t\t\t\t\t\t\t\t\t\t\t\t\t<li>\t\t\n\t\t\t\t\t<div class=\"hfaq\" data-hfaq-state=\"closed\" itemscope itemprop=\"mainEntity\" itemtype=\"http:\/\/schema.org\/Question\">\n\t\t\t\t\t\t<div class=\"hfaq__question\" id=\"stromer-faq-a-m-akku-kann-ich-die-verschiedenen-modelle-austauschen\">\n\n\t\t\t\t\t\t\t\n\t\t\t\t\t\t\t<div class=\"hfaq__icon\" style=\"height: 20px; width: 20px;\">\n\n\t\t\t\t\t\t\t\t\t\t\t\t\t\t\t\t  <svg class=\"hfaq__iconplus\" xmlns=\"http:\/\/www.w3.org\/2000\/svg\" viewBox=\"0 0 24 24\"><path fill=\"#de3a42\" d=\"M17 11h-4V7c0-.6-.4-1-1-1s-1 .4-1 1v4H7c-.6 0-1 .4-1 1s.4 1 1 1h4v4c0 .6.4 1 1 1s1-.4 1-1v-4h4c.6 0 1-.4 1-1s-.4-1-1-1z\"\/><\/svg>\n\t\t\t\t\t\t\t\t  <svg class=\"hfaq__iconminus\" xmlns=\"http:\/\/www.w3.org\/2000\/svg\" viewBox=\"0 0 24 24\"><path fill=\"#de3a42\" d=\"M17 11H7c-.6 0-1 .4-1 1s.4 1 1 1h10c.6 0 1-.4 1-1s-.4-1-1-1z\"\/><\/svg>\n\t\t\t\t\t\t\t\t\n\t\t\t\t\t\t\t<\/div>\n\n\t\t\t\t\t\t\t\n\t\t\t\t\t\t\t<span class=\"hfaq__text\" itemprop=\"name\">Akku \u2013 Kann ich die verschiedenen Modelle austauschen?<\/span>\n\t\t\t\t\t\t<\/div>\n\t\t\t\t\t\t<div class=\"hfaq__answer\" itemscope itemprop=\"acceptedAnswer\" itemtype=\"http:\/\/schema.org\/Answer\">\n\t\t\t\t\t\t\t<div class=\"hfaq__answercontent\" itemprop=\"text\"><p><span style=\"color: #525252; font-family: Roboto; font-size: medium; background-color: #fcfcfc;\">Grunds\u00e4tzlich lassen sich alle Akkus der jeweiligen Bauform untereinander austauschen \u2013 also die achteckigen Akkus der BO-Serie oder die quadratischen der BQ-Serie jeweils unter sich. Der BQ1440 Akku des\u00a0<\/span><span style=\"caret-color: #525252; color: #525252; font-family: Roboto; font-size: medium; background-color: #fcfcfc;\">ST7 <\/span><span style=\"color: #525252; font-family: Roboto; font-size: medium; background-color: #fcfcfc;\">steht momentan f\u00fcr sich allein. Die Akkus der BO-\/BQ-Serie k\u00f6nnen im ST7 nicht verwendet werden.<\/span><\/p><\/div>\n\t\t\t\t\t\t<\/div>\n\t\t\t\t\t<\/div>\n\t\t\t\t<\/li>\n\t\t\t\t\t\t\t\t\t\t\t\t\t\t<li>\t\t\n\t\t\t\t\t<div class=\"hfaq\" data-hfaq-state=\"closed\" itemscope itemprop=\"mainEntity\" itemtype=\"http:\/\/schema.org\/Question\">\n\t\t\t\t\t\t<div class=\"hfaq__question\" id=\"stromer-faq-a-m-akku-kann-nicht-entfernt-werden-da-der-stromer-nicht-startet\">\n\n\t\t\t\t\t\t\t\n\t\t\t\t\t\t\t<div class=\"hfaq__icon\" style=\"height: 20px; width: 20px;\">\n\n\t\t\t\t\t\t\t\t\t\t\t\t\t\t\t\t  <svg class=\"hfaq__iconplus\" xmlns=\"http:\/\/www.w3.org\/2000\/svg\" viewBox=\"0 0 24 24\"><path fill=\"#de3a42\" d=\"M17 11h-4V7c0-.6-.4-1-1-1s-1 .4-1 1v4H7c-.6 0-1 .4-1 1s.4 1 1 1h4v4c0 .6.4 1 1 1s1-.4 1-1v-4h4c.6 0 1-.4 1-1s-.4-1-1-1z\"\/><\/svg>\n\t\t\t\t\t\t\t\t  <svg class=\"hfaq__iconminus\" xmlns=\"http:\/\/www.w3.org\/2000\/svg\" viewBox=\"0 0 24 24\"><path fill=\"#de3a42\" d=\"M17 11H7c-.6 0-1 .4-1 1s.4 1 1 1h10c.6 0 1-.4 1-1s-.4-1-1-1z\"\/><\/svg>\n\t\t\t\t\t\t\t\t\n\t\t\t\t\t\t\t<\/div>\n\n\t\t\t\t\t\t\t\n\t\t\t\t\t\t\t<span class=\"hfaq__text\" itemprop=\"name\">Akku \u2013 Kann nicht entfernt werden da der Stromer nicht startet<\/span>\n\t\t\t\t\t\t<\/div>\n\t\t\t\t\t\t<div class=\"hfaq__answer\" itemscope itemprop=\"acceptedAnswer\" itemtype=\"http:\/\/schema.org\/Answer\">\n\t\t\t\t\t\t\t<div class=\"hfaq__answercontent\" itemprop=\"text\"><p><a style=\"box-sizing: border-box; background-color: rgba(255, 255, 255, 0); color: #d80000; font-family: Roboto; font-size: medium;\" href=\"https:\/\/wp.stromer-tech.info\/knowledge-base\/akku-kann-nicht-ausgeworfen-werden-stromer-startet-nicht\/\">Siehe<\/a><span style=\"color: #525252; font-family: Roboto; font-size: medium; background-color: #fcfcfc;\">\u00a0<\/span><span style=\"color: #525252; font-family: Roboto; font-size: medium;\">PROBLEME \u2013 Allgemein \u2013 <em>\u201aStromer startet nicht \u2013 (Akku kann nicht entfernt werden)\u2018<\/em><\/span><\/p><\/div>\n\t\t\t\t\t\t<\/div>\n\t\t\t\t\t<\/div>\n\t\t\t\t<\/li>\n\t\t\t\t\t\t\t\t\t\t\t\t\t\t<li>\t\t\n\t\t\t\t\t<div class=\"hfaq\" data-hfaq-state=\"closed\" itemscope itemprop=\"mainEntity\" itemtype=\"http:\/\/schema.org\/Question\">\n\t\t\t\t\t\t<div class=\"hfaq__question\" id=\"stromer-faq-a-m-akku-ladekapazitaet-soc-bei-laden-begrenzen\">\n\n\t\t\t\t\t\t\t\n\t\t\t\t\t\t\t<div class=\"hfaq__icon\" style=\"height: 20px; width: 20px;\">\n\n\t\t\t\t\t\t\t\t\t\t\t\t\t\t\t\t  <svg class=\"hfaq__iconplus\" xmlns=\"http:\/\/www.w3.org\/2000\/svg\" viewBox=\"0 0 24 24\"><path fill=\"#de3a42\" d=\"M17 11h-4V7c0-.6-.4-1-1-1s-1 .4-1 1v4H7c-.6 0-1 .4-1 1s.4 1 1 1h4v4c0 .6.4 1 1 1s1-.4 1-1v-4h4c.6 0 1-.4 1-1s-.4-1-1-1z\"\/><\/svg>\n\t\t\t\t\t\t\t\t  <svg class=\"hfaq__iconminus\" xmlns=\"http:\/\/www.w3.org\/2000\/svg\" viewBox=\"0 0 24 24\"><path fill=\"#de3a42\" d=\"M17 11H7c-.6 0-1 .4-1 1s.4 1 1 1h10c.6 0 1-.4 1-1s-.4-1-1-1z\"\/><\/svg>\n\t\t\t\t\t\t\t\t\n\t\t\t\t\t\t\t<\/div>\n\n\t\t\t\t\t\t\t\n\t\t\t\t\t\t\t<span class=\"hfaq__text\" itemprop=\"name\">Akku \u2013 Ladekapazit\u00e4t (SoC) bei Laden begrenzen?<\/span>\n\t\t\t\t\t\t<\/div>\n\t\t\t\t\t\t<div class=\"hfaq__answer\" itemscope itemprop=\"acceptedAnswer\" itemtype=\"http:\/\/schema.org\/Answer\">\n\t\t\t\t\t\t\t<div class=\"hfaq__answercontent\" itemprop=\"text\"><p><a style=\"box-sizing: border-box; background-color: rgba(255, 255, 255, 0); color: #d80000; font-family: Roboto; font-size: medium;\" href=\"https:\/\/wp.stromer-tech.info\/knowledge-base\/lebensdauer-verlaengern\/\" target=\"_blank\" rel=\"noreferrer noopener\">Siehe<\/a><span style=\"color: #525252; font-family: Roboto; font-size: medium; background-color: #fcfcfc;\">\u00a0AKKU \u2013<\/span><em style=\"box-sizing: border-box; color: #525252; font-family: Roboto; font-size: medium; background-color: #fcfcfc;\">\u00a0\u201aLebensdauer verl\u00e4ngern \u2013 Punkt 2\u2018<\/em><\/p><\/div>\n\t\t\t\t\t\t<\/div>\n\t\t\t\t\t<\/div>\n\t\t\t\t<\/li>\n\t\t\t\t\t\t\t\t\t\t\t\t\t\t<li>\t\t\n\t\t\t\t\t<div class=\"hfaq\" data-hfaq-state=\"closed\" itemscope itemprop=\"mainEntity\" itemtype=\"http:\/\/schema.org\/Question\">\n\t\t\t\t\t\t<div class=\"hfaq__question\" id=\"stromer-faq-a-m-akku-ladezeiten\">\n\n\t\t\t\t\t\t\t\n\t\t\t\t\t\t\t<div class=\"hfaq__icon\" style=\"height: 20px; width: 20px;\">\n\n\t\t\t\t\t\t\t\t\t\t\t\t\t\t\t\t  <svg class=\"hfaq__iconplus\" xmlns=\"http:\/\/www.w3.org\/2000\/svg\" viewBox=\"0 0 24 24\"><path fill=\"#de3a42\" d=\"M17 11h-4V7c0-.6-.4-1-1-1s-1 .4-1 1v4H7c-.6 0-1 .4-1 1s.4 1 1 1h4v4c0 .6.4 1 1 1s1-.4 1-1v-4h4c.6 0 1-.4 1-1s-.4-1-1-1z\"\/><\/svg>\n\t\t\t\t\t\t\t\t  <svg class=\"hfaq__iconminus\" xmlns=\"http:\/\/www.w3.org\/2000\/svg\" viewBox=\"0 0 24 24\"><path fill=\"#de3a42\" d=\"M17 11H7c-.6 0-1 .4-1 1s.4 1 1 1h10c.6 0 1-.4 1-1s-.4-1-1-1z\"\/><\/svg>\n\t\t\t\t\t\t\t\t\n\t\t\t\t\t\t\t<\/div>\n\n\t\t\t\t\t\t\t\n\t\t\t\t\t\t\t<span class=\"hfaq__text\" itemprop=\"name\">Akku \u2013 Ladezeiten<\/span>\n\t\t\t\t\t\t<\/div>\n\t\t\t\t\t\t<div class=\"hfaq__answer\" itemscope itemprop=\"acceptedAnswer\" itemtype=\"http:\/\/schema.org\/Answer\">\n\t\t\t\t\t\t\t<div class=\"hfaq__answercontent\" itemprop=\"text\"><p><a style=\"box-sizing: border-box; background-color: rgba(255, 255, 255, 0); color: #d80000; font-family: Roboto; font-size: medium;\" href=\"https:\/\/wp.stromer-tech.info\/knowledge-base\/ladegeraete-alternativen-schnell-laden-status-anzeigen-ladezeiten-ersatz-stecker\/\">Siehe<\/a><span style=\"color: #525252; font-family: Roboto; font-size: medium; background-color: #fcfcfc;\">\u00a0AKKU \u2013\u00a0<\/span><em style=\"box-sizing: border-box; color: #525252; font-family: Roboto; font-size: medium; background-color: #fcfcfc;\">\u201aAlternativen; Schnell-Laden?; Status-Anzeigen; Ladezeiten; Ersatz-Stecker\u2018<\/em><\/p><\/div>\n\t\t\t\t\t\t<\/div>\n\t\t\t\t\t<\/div>\n\t\t\t\t<\/li>\n\t\t\t\t\t\t\t\t\t\t\t\t\t\t<li>\t\t\n\t\t\t\t\t<div class=\"hfaq\" data-hfaq-state=\"closed\" itemscope itemprop=\"mainEntity\" itemtype=\"http:\/\/schema.org\/Question\">\n\t\t\t\t\t\t<div class=\"hfaq__question\" id=\"stromer-faq-a-m-akku-lagerung-wie\">\n\n\t\t\t\t\t\t\t\n\t\t\t\t\t\t\t<div class=\"hfaq__icon\" style=\"height: 20px; width: 20px;\">\n\n\t\t\t\t\t\t\t\t\t\t\t\t\t\t\t\t  <svg class=\"hfaq__iconplus\" xmlns=\"http:\/\/www.w3.org\/2000\/svg\" viewBox=\"0 0 24 24\"><path fill=\"#de3a42\" d=\"M17 11h-4V7c0-.6-.4-1-1-1s-1 .4-1 1v4H7c-.6 0-1 .4-1 1s.4 1 1 1h4v4c0 .6.4 1 1 1s1-.4 1-1v-4h4c.6 0 1-.4 1-1s-.4-1-1-1z\"\/><\/svg>\n\t\t\t\t\t\t\t\t  <svg class=\"hfaq__iconminus\" xmlns=\"http:\/\/www.w3.org\/2000\/svg\" viewBox=\"0 0 24 24\"><path fill=\"#de3a42\" d=\"M17 11H7c-.6 0-1 .4-1 1s.4 1 1 1h10c.6 0 1-.4 1-1s-.4-1-1-1z\"\/><\/svg>\n\t\t\t\t\t\t\t\t\n\t\t\t\t\t\t\t<\/div>\n\n\t\t\t\t\t\t\t\n\t\t\t\t\t\t\t<span class=\"hfaq__text\" itemprop=\"name\">Akku \u2013 Lagerung \u2013 Wie?<\/span>\n\t\t\t\t\t\t<\/div>\n\t\t\t\t\t\t<div class=\"hfaq__answer\" itemscope itemprop=\"acceptedAnswer\" itemtype=\"http:\/\/schema.org\/Answer\">\n\t\t\t\t\t\t\t<div class=\"hfaq__answercontent\" itemprop=\"text\"><p><a style=\"box-sizing: border-box; background-color: rgba(255, 255, 255, 0); color: #d80000; font-family: Roboto; font-size: medium;\" href=\"https:\/\/wp.stromer-tech.info\/knowledge-base\/pflege-mechanisch-im-betrieb-lagerung-sicherheit\/\">Siehe<\/a><span style=\"color: #525252; font-family: Roboto; font-size: medium; background-color: #fcfcfc;\">\u00a0AKKU \u2013\u00a0<\/span><em style=\"box-sizing: border-box; color: #525252; font-family: Roboto; font-size: medium; background-color: #fcfcfc;\">\u201aPflege: Betrieb \/ Lagerung \/ Sicherheit\u2018<\/em><\/p><\/div>\n\t\t\t\t\t\t<\/div>\n\t\t\t\t\t<\/div>\n\t\t\t\t<\/li>\n\t\t\t\t\t\t\t\t\t\t\t\t\t\t<li>\t\t\n\t\t\t\t\t<div class=\"hfaq\" data-hfaq-state=\"closed\" itemscope itemprop=\"mainEntity\" itemtype=\"http:\/\/schema.org\/Question\">\n\t\t\t\t\t\t<div class=\"hfaq__question\" id=\"stromer-faq-a-m-akku-reparatur-occasionen-neubestueckung\">\n\n\t\t\t\t\t\t\t\n\t\t\t\t\t\t\t<div class=\"hfaq__icon\" style=\"height: 20px; width: 20px;\">\n\n\t\t\t\t\t\t\t\t\t\t\t\t\t\t\t\t  <svg class=\"hfaq__iconplus\" xmlns=\"http:\/\/www.w3.org\/2000\/svg\" viewBox=\"0 0 24 24\"><path fill=\"#de3a42\" d=\"M17 11h-4V7c0-.6-.4-1-1-1s-1 .4-1 1v4H7c-.6 0-1 .4-1 1s.4 1 1 1h4v4c0 .6.4 1 1 1s1-.4 1-1v-4h4c.6 0 1-.4 1-1s-.4-1-1-1z\"\/><\/svg>\n\t\t\t\t\t\t\t\t  <svg class=\"hfaq__iconminus\" xmlns=\"http:\/\/www.w3.org\/2000\/svg\" viewBox=\"0 0 24 24\"><path fill=\"#de3a42\" d=\"M17 11H7c-.6 0-1 .4-1 1s.4 1 1 1h10c.6 0 1-.4 1-1s-.4-1-1-1z\"\/><\/svg>\n\t\t\t\t\t\t\t\t\n\t\t\t\t\t\t\t<\/div>\n\n\t\t\t\t\t\t\t\n\t\t\t\t\t\t\t<span class=\"hfaq__text\" itemprop=\"name\">Akku \u2013 Reparatur \/ Occasionen \/ Neubest\u00fcckung<\/span>\n\t\t\t\t\t\t<\/div>\n\t\t\t\t\t\t<div class=\"hfaq__answer\" itemscope itemprop=\"acceptedAnswer\" itemtype=\"http:\/\/schema.org\/Answer\">\n\t\t\t\t\t\t\t<div class=\"hfaq__answercontent\" itemprop=\"text\"><p><span style=\"color: #525252; font-family: Roboto; font-size: medium; background-color: #fcfcfc;\">Siehe:<\/span><br style=\"box-sizing: border-box; color: #525252; font-family: Roboto; font-size: medium; background-color: #fcfcfc;\" \/><span style=\"color: #525252; font-family: Roboto; font-size: medium; background-color: #fcfcfc;\">AKKU \u2013 <\/span><em style=\"box-sizing: border-box; color: #525252; font-family: Roboto; font-size: medium; background-color: #fcfcfc;\"><a style=\"box-sizing: border-box; background-color: rgba(255, 255, 255, 0); color: #d80000;\" href=\"https:\/\/wp.stromer-tech.info\/knowledge-base\/akku-self_check-probleme-erkennen\/\">\u201aAkku SELF-CHECK \u2013 Probleme erkennen\u2018<\/a><\/em><br style=\"box-sizing: border-box; color: #525252; font-family: Roboto; font-size: medium; background-color: #fcfcfc;\" \/><span style=\"color: #525252; font-family: Roboto; font-size: medium; background-color: #fcfcfc;\">AKKU \u2013 <\/span><em style=\"box-sizing: border-box; color: #525252; font-family: Roboto; font-size: medium; background-color: #fcfcfc;\"><a style=\"box-sizing: border-box; background-color: rgba(255, 255, 255, 0); color: #d80000;\" href=\"https:\/\/wp.stromer-tech.info\/knowledge-base\/reparatur-neubestueckung-refit-refurbishing-occasionen\/\">\u201aReparatur \/ Neubest\u00fcckung (Refit \/ Refurbishing) \/ Occasionen\u2018<\/a><\/em><\/p><\/div>\n\t\t\t\t\t\t<\/div>\n\t\t\t\t\t<\/div>\n\t\t\t\t<\/li>\n\t\t\t\t\t\t\t\t\t\t\t\t\t\t<li>\t\t\n\t\t\t\t\t<div class=\"hfaq\" data-hfaq-state=\"closed\" itemscope itemprop=\"mainEntity\" itemtype=\"http:\/\/schema.org\/Question\">\n\t\t\t\t\t\t<div class=\"hfaq__question\" id=\"stromer-faq-a-m-akku-reset-reset-soh-ladezyklenzaehler\">\n\n\t\t\t\t\t\t\t\n\t\t\t\t\t\t\t<div class=\"hfaq__icon\" style=\"height: 20px; width: 20px;\">\n\n\t\t\t\t\t\t\t\t\t\t\t\t\t\t\t\t  <svg class=\"hfaq__iconplus\" xmlns=\"http:\/\/www.w3.org\/2000\/svg\" viewBox=\"0 0 24 24\"><path fill=\"#de3a42\" d=\"M17 11h-4V7c0-.6-.4-1-1-1s-1 .4-1 1v4H7c-.6 0-1 .4-1 1s.4 1 1 1h4v4c0 .6.4 1 1 1s1-.4 1-1v-4h4c.6 0 1-.4 1-1s-.4-1-1-1z\"\/><\/svg>\n\t\t\t\t\t\t\t\t  <svg class=\"hfaq__iconminus\" xmlns=\"http:\/\/www.w3.org\/2000\/svg\" viewBox=\"0 0 24 24\"><path fill=\"#de3a42\" d=\"M17 11H7c-.6 0-1 .4-1 1s.4 1 1 1h10c.6 0 1-.4 1-1s-.4-1-1-1z\"\/><\/svg>\n\t\t\t\t\t\t\t\t\n\t\t\t\t\t\t\t<\/div>\n\n\t\t\t\t\t\t\t\n\t\t\t\t\t\t\t<span class=\"hfaq__text\" itemprop=\"name\">Akku \u2013 Reset \/ Reset SoH &#038; Ladezyklenz\u00e4hler<\/span>\n\t\t\t\t\t\t<\/div>\n\t\t\t\t\t\t<div class=\"hfaq__answer\" itemscope itemprop=\"acceptedAnswer\" itemtype=\"http:\/\/schema.org\/Answer\">\n\t\t\t\t\t\t\t<div class=\"hfaq__answercontent\" itemprop=\"text\"><p><span style=\"color: #525252; font-family: Roboto; font-size: medium; background-color: #fcfcfc;\">Siehe:\u00a0<\/span><br style=\"box-sizing: border-box; color: #525252; font-family: Roboto; font-size: medium; background-color: #fcfcfc;\" \/><span style=\"color: #525252; font-family: Roboto; font-size: medium; background-color: #fcfcfc;\">AKKU \u2013<\/span><em style=\"box-sizing: border-box; color: #525252; font-family: Roboto; font-size: medium; background-color: #fcfcfc;\"><a style=\"box-sizing: border-box; background-color: rgba(255, 255, 255, 0); color: #d80000;\" href=\"https:\/\/wp.stromer-tech.info\/knowledge-base\/akku-reset\/\">\u00a0\u201aAkku Reset\u2018<\/a><\/em><br style=\"box-sizing: border-box; color: #525252; font-family: Roboto; font-size: medium; background-color: #fcfcfc;\" \/><span style=\"color: #525252; font-family: Roboto; font-size: medium; background-color: #fcfcfc;\">AKKU \u2013 <\/span><em style=\"box-sizing: border-box; color: #525252; font-family: Roboto; font-size: medium; background-color: #fcfcfc;\"><a style=\"box-sizing: border-box; background-color: rgba(255, 255, 255, 0); color: #d80000;\" href=\"https:\/\/wp.stromer-tech.info\/knowledge-base\/akku-reset-soh-ladezyklenzaehler\/\">\u201aAkku-Reset: SoH &amp; Ladezyklenz\u00e4hler\u2018<\/a><\/em><\/p><\/div>\n\t\t\t\t\t\t<\/div>\n\t\t\t\t\t<\/div>\n\t\t\t\t<\/li>\n\t\t\t\t\t\t\t\t\t\t\t\t\t\t<li>\t\t\n\t\t\t\t\t<div class=\"hfaq\" data-hfaq-state=\"closed\" itemscope itemprop=\"mainEntity\" itemtype=\"http:\/\/schema.org\/Question\">\n\t\t\t\t\t\t<div class=\"hfaq__question\" id=\"stromer-faq-a-m-akku-schnelladen\">\n\n\t\t\t\t\t\t\t\n\t\t\t\t\t\t\t<div class=\"hfaq__icon\" style=\"height: 20px; width: 20px;\">\n\n\t\t\t\t\t\t\t\t\t\t\t\t\t\t\t\t  <svg class=\"hfaq__iconplus\" xmlns=\"http:\/\/www.w3.org\/2000\/svg\" viewBox=\"0 0 24 24\"><path fill=\"#de3a42\" d=\"M17 11h-4V7c0-.6-.4-1-1-1s-1 .4-1 1v4H7c-.6 0-1 .4-1 1s.4 1 1 1h4v4c0 .6.4 1 1 1s1-.4 1-1v-4h4c.6 0 1-.4 1-1s-.4-1-1-1z\"\/><\/svg>\n\t\t\t\t\t\t\t\t  <svg class=\"hfaq__iconminus\" xmlns=\"http:\/\/www.w3.org\/2000\/svg\" viewBox=\"0 0 24 24\"><path fill=\"#de3a42\" d=\"M17 11H7c-.6 0-1 .4-1 1s.4 1 1 1h10c.6 0 1-.4 1-1s-.4-1-1-1z\"\/><\/svg>\n\t\t\t\t\t\t\t\t\n\t\t\t\t\t\t\t<\/div>\n\n\t\t\t\t\t\t\t\n\t\t\t\t\t\t\t<span class=\"hfaq__text\" itemprop=\"name\">Akku \u2013 Schnelladen?<\/span>\n\t\t\t\t\t\t<\/div>\n\t\t\t\t\t\t<div class=\"hfaq__answer\" itemscope itemprop=\"acceptedAnswer\" itemtype=\"http:\/\/schema.org\/Answer\">\n\t\t\t\t\t\t\t<div class=\"hfaq__answercontent\" itemprop=\"text\"><!-- wp:paragraph -->\n<p><a href=\"https:\/\/wp.stromer-tech.info\/knowledge-base\/schnellladen-ein-rechenbeispiel\/\">Siehe<\/a>\u00a0AKKU \u2013\u00a0<em>\u201aSchnellladen? \u2026ein Rechenbeispiel\u2018<\/em><\/p>\n<!-- \/wp:paragraph --><\/div>\n\t\t\t\t\t\t<\/div>\n\t\t\t\t\t<\/div>\n\t\t\t\t<\/li>\n\t\t\t\t\t\t\t\t\t\t\t\t\t\t<li>\t\t\n\t\t\t\t\t<div class=\"hfaq\" data-hfaq-state=\"closed\" itemscope itemprop=\"mainEntity\" itemtype=\"http:\/\/schema.org\/Question\">\n\t\t\t\t\t\t<div class=\"hfaq__question\" id=\"stromer-faq-a-m-akku-welchen-brauche-ich\">\n\n\t\t\t\t\t\t\t\n\t\t\t\t\t\t\t<div class=\"hfaq__icon\" style=\"height: 20px; width: 20px;\">\n\n\t\t\t\t\t\t\t\t\t\t\t\t\t\t\t\t  <svg class=\"hfaq__iconplus\" xmlns=\"http:\/\/www.w3.org\/2000\/svg\" viewBox=\"0 0 24 24\"><path fill=\"#de3a42\" d=\"M17 11h-4V7c0-.6-.4-1-1-1s-1 .4-1 1v4H7c-.6 0-1 .4-1 1s.4 1 1 1h4v4c0 .6.4 1 1 1s1-.4 1-1v-4h4c.6 0 1-.4 1-1s-.4-1-1-1z\"\/><\/svg>\n\t\t\t\t\t\t\t\t  <svg class=\"hfaq__iconminus\" xmlns=\"http:\/\/www.w3.org\/2000\/svg\" viewBox=\"0 0 24 24\"><path fill=\"#de3a42\" d=\"M17 11H7c-.6 0-1 .4-1 1s.4 1 1 1h10c.6 0 1-.4 1-1s-.4-1-1-1z\"\/><\/svg>\n\t\t\t\t\t\t\t\t\n\t\t\t\t\t\t\t<\/div>\n\n\t\t\t\t\t\t\t\n\t\t\t\t\t\t\t<span class=\"hfaq__text\" itemprop=\"name\">Akku \u2013 Welchen brauche ich?<\/span>\n\t\t\t\t\t\t<\/div>\n\t\t\t\t\t\t<div class=\"hfaq__answer\" itemscope itemprop=\"acceptedAnswer\" itemtype=\"http:\/\/schema.org\/Answer\">\n\t\t\t\t\t\t\t<div class=\"hfaq__answercontent\" itemprop=\"text\"><p>Manchmal stellt sich die Frage welche Akkugr\u00f6sse bzw. Kapazit\u00e4t gekauft werden soll. Ich rate immer zum gr\u00f6ssten, den BQ983. Warum beschreibe ich im Kapitel <a href=\"https:\/\/wp.stromer-tech.info\/de\/knowledge-base\/reichweite-vergroessern\/\">\u201aReichweite vergr\u00f6ssern\u2018<\/a>.<\/p><\/div>\n\t\t\t\t\t\t<\/div>\n\t\t\t\t\t<\/div>\n\t\t\t\t<\/li>\n\t\t\t\t\t\t\t\t\t\t\t\t\t\t<li>\t\t\n\t\t\t\t\t<div class=\"hfaq\" data-hfaq-state=\"closed\" itemscope itemprop=\"mainEntity\" itemtype=\"http:\/\/schema.org\/Question\">\n\t\t\t\t\t\t<div class=\"hfaq__question\" id=\"stromer-faq-a-m-blinker-kann-der-stromer-blinker\">\n\n\t\t\t\t\t\t\t\n\t\t\t\t\t\t\t<div class=\"hfaq__icon\" style=\"height: 20px; width: 20px;\">\n\n\t\t\t\t\t\t\t\t\t\t\t\t\t\t\t\t  <svg class=\"hfaq__iconplus\" xmlns=\"http:\/\/www.w3.org\/2000\/svg\" viewBox=\"0 0 24 24\"><path fill=\"#de3a42\" d=\"M17 11h-4V7c0-.6-.4-1-1-1s-1 .4-1 1v4H7c-.6 0-1 .4-1 1s.4 1 1 1h4v4c0 .6.4 1 1 1s1-.4 1-1v-4h4c.6 0 1-.4 1-1s-.4-1-1-1z\"\/><\/svg>\n\t\t\t\t\t\t\t\t  <svg class=\"hfaq__iconminus\" xmlns=\"http:\/\/www.w3.org\/2000\/svg\" viewBox=\"0 0 24 24\"><path fill=\"#de3a42\" d=\"M17 11H7c-.6 0-1 .4-1 1s.4 1 1 1h10c.6 0 1-.4 1-1s-.4-1-1-1z\"\/><\/svg>\n\t\t\t\t\t\t\t\t\n\t\t\t\t\t\t\t<\/div>\n\n\t\t\t\t\t\t\t\n\t\t\t\t\t\t\t<span class=\"hfaq__text\" itemprop=\"name\">Blinker \u2013 Kann der Stromer Blinker?<\/span>\n\t\t\t\t\t\t<\/div>\n\t\t\t\t\t\t<div class=\"hfaq__answer\" itemscope itemprop=\"acceptedAnswer\" itemtype=\"http:\/\/schema.org\/Answer\">\n\t\t\t\t\t\t\t<div class=\"hfaq__answercontent\" itemprop=\"text\"><p>Modelle mit einem ESD-MC3-Controller, wie hier im Bild bei einem ST3 Pinion, haben ein entsprechend vorbereitetes Kabel: <strong>HG &amp; Ind<\/strong> = <strong>H<\/strong>eated <strong>G<\/strong>rip (Beheizter Griff) \/ <strong>Ind<\/strong>icator (Blinker). Beide Features sind bei Stromer nie umgesetzt worden.\u00a0<\/p><p><img loading=\"lazy\" decoding=\"async\" class=\"wp-image-4748\" style=\"width: 400px;\" src=\"https:\/\/wp.stromer-tech.info\/wp-content\/uploads\/2025\/07\/Stromer-EDS-Controller_HG_und_IND-Anschluesse.jpeg\" sizes=\"auto, (max-width: 640px) 100vw, 640px\" srcset=\"https:\/\/wp.stromer-tech.info\/wp-content\/uploads\/2025\/07\/Stromer-EDS-Controller_HG_und_IND-Anschluesse.jpeg 640w, https:\/\/wp.stromer-tech.info\/wp-content\/uploads\/2025\/07\/Stromer-EDS-Controller_HG_und_IND-Anschluesse-300x200.jpeg 300w, https:\/\/wp.stromer-tech.info\/wp-content\/uploads\/2025\/07\/Stromer-EDS-Controller_HG_und_IND-Anschluesse-50x33.jpeg 50w, https:\/\/wp.stromer-tech.info\/wp-content\/uploads\/2025\/07\/Stromer-EDS-Controller_HG_und_IND-Anschluesse-18x12.jpeg 18w, https:\/\/wp.stromer-tech.info\/wp-content\/uploads\/2025\/07\/Stromer-EDS-Controller_HG_und_IND-Anschluesse-60x40.jpeg 60w, https:\/\/wp.stromer-tech.info\/wp-content\/uploads\/2025\/07\/Stromer-EDS-Controller_HG_und_IND-Anschluesse-100x67.jpeg 100w\" alt=\"\" width=\"640\" height=\"427\" \/><\/p><div class=\"wp-block-image\"><figure class=\"aligncenter is-resized\"><figcaption class=\"wp-element-caption\"><em>ST3-Pinion\u00a0Kabelbaum\u00a0&gt; EDS-MCS Controller<\/em><\/figcaption><\/figure><\/div><p>Es gibt allerdings diverse Stromerfahrer die Blinker bei verschiedenen Anbietern nachr\u00fcsten liessen.<\/p><p><a href=\"https:\/\/wp.stromer-tech.info\/knowledge-base\/blinker\/\">Siehe<\/a>\u00a0PIMP mySTROMER \u2013<em>\u00a0\u201aBlinker\u2018<\/em><\/p><\/div>\n\t\t\t\t\t\t<\/div>\n\t\t\t\t\t<\/div>\n\t\t\t\t<\/li>\n\t\t\t\t\t\t\t\t\t\t\t\t\t\t<li>\t\t\n\t\t\t\t\t<div class=\"hfaq\" data-hfaq-state=\"closed\" itemscope itemprop=\"mainEntity\" itemtype=\"http:\/\/schema.org\/Question\">\n\t\t\t\t\t\t<div class=\"hfaq__question\" id=\"stromer-faq-a-m-bluetooth-kopplung-geht-nicht-was-tun\">\n\n\t\t\t\t\t\t\t\n\t\t\t\t\t\t\t<div class=\"hfaq__icon\" style=\"height: 20px; width: 20px;\">\n\n\t\t\t\t\t\t\t\t\t\t\t\t\t\t\t\t  <svg class=\"hfaq__iconplus\" xmlns=\"http:\/\/www.w3.org\/2000\/svg\" viewBox=\"0 0 24 24\"><path fill=\"#de3a42\" d=\"M17 11h-4V7c0-.6-.4-1-1-1s-1 .4-1 1v4H7c-.6 0-1 .4-1 1s.4 1 1 1h4v4c0 .6.4 1 1 1s1-.4 1-1v-4h4c.6 0 1-.4 1-1s-.4-1-1-1z\"\/><\/svg>\n\t\t\t\t\t\t\t\t  <svg class=\"hfaq__iconminus\" xmlns=\"http:\/\/www.w3.org\/2000\/svg\" viewBox=\"0 0 24 24\"><path fill=\"#de3a42\" d=\"M17 11H7c-.6 0-1 .4-1 1s.4 1 1 1h10c.6 0 1-.4 1-1s-.4-1-1-1z\"\/><\/svg>\n\t\t\t\t\t\t\t\t\n\t\t\t\t\t\t\t<\/div>\n\n\t\t\t\t\t\t\t\n\t\t\t\t\t\t\t<span class=\"hfaq__text\" itemprop=\"name\">Bluetooth \u2013 Kopplung geht nicht \u2013 was tun?<\/span>\n\t\t\t\t\t\t<\/div>\n\t\t\t\t\t\t<div class=\"hfaq__answer\" itemscope itemprop=\"acceptedAnswer\" itemtype=\"http:\/\/schema.org\/Answer\">\n\t\t\t\t\t\t\t<div class=\"hfaq__answercontent\" itemprop=\"text\"><!-- wp:paragraph -->\n<p><a href=\"https:\/\/wp.stromer-tech.info\/knowledge-base\/bluetooth-bzw-die-kopplung-geht-nicht\/\">Siehe<\/a>\u00a0PROBLEME \u2013\u00a0SMARTLOCK, EHEMLAS SEAMLESS RIDE \u2013\u00a0<em>\u201aBluetooth bzw. die Kopplung geht nicht\u2018<\/em><\/p>\n<!-- \/wp:paragraph --><\/div>\n\t\t\t\t\t\t<\/div>\n\t\t\t\t\t<\/div>\n\t\t\t\t<\/li>\n\t\t\t\t\t\t\t\t\t\t\t\t\t\t<li>\t\t\n\t\t\t\t\t<div class=\"hfaq\" data-hfaq-state=\"closed\" itemscope itemprop=\"mainEntity\" itemtype=\"http:\/\/schema.org\/Question\">\n\t\t\t\t\t\t<div class=\"hfaq__question\" id=\"stromer-faq-a-m-bluetooth-smart-helmet-smartlock-warum-beides-nicht-geht\">\n\n\t\t\t\t\t\t\t\n\t\t\t\t\t\t\t<div class=\"hfaq__icon\" style=\"height: 20px; width: 20px;\">\n\n\t\t\t\t\t\t\t\t\t\t\t\t\t\t\t\t  <svg class=\"hfaq__iconplus\" xmlns=\"http:\/\/www.w3.org\/2000\/svg\" viewBox=\"0 0 24 24\"><path fill=\"#de3a42\" d=\"M17 11h-4V7c0-.6-.4-1-1-1s-1 .4-1 1v4H7c-.6 0-1 .4-1 1s.4 1 1 1h4v4c0 .6.4 1 1 1s1-.4 1-1v-4h4c.6 0 1-.4 1-1s-.4-1-1-1z\"\/><\/svg>\n\t\t\t\t\t\t\t\t  <svg class=\"hfaq__iconminus\" xmlns=\"http:\/\/www.w3.org\/2000\/svg\" viewBox=\"0 0 24 24\"><path fill=\"#de3a42\" d=\"M17 11H7c-.6 0-1 .4-1 1s.4 1 1 1h10c.6 0 1-.4 1-1s-.4-1-1-1z\"\/><\/svg>\n\t\t\t\t\t\t\t\t\n\t\t\t\t\t\t\t<\/div>\n\n\t\t\t\t\t\t\t\n\t\t\t\t\t\t\t<span class=\"hfaq__text\" itemprop=\"name\">Bluetooth \u2013 Smart Helmet &#038; Smartlock \u2013 Warum beides nicht geht<\/span>\n\t\t\t\t\t\t<\/div>\n\t\t\t\t\t\t<div class=\"hfaq__answer\" itemscope itemprop=\"acceptedAnswer\" itemtype=\"http:\/\/schema.org\/Answer\">\n\t\t\t\t\t\t\t<div class=\"hfaq__answercontent\" itemprop=\"text\"><p id=\"99d3268f-e88e-416d-89b2-fb126708d35d\" class=\"wp-block-paragraph\">Im Sommer 2022 nahm Stromer seinen ersten <a href=\"https:\/\/www.stromerbike.com\/de\/modelle\/zubehoer#Helme\" target=\"_blank\" rel=\"noreferrer noopener\">Smart-Helmet<\/a>\u00a0ins Zubeh\u00f6rsortiment auf. Der Helm wird von Unit 1 gefertigt und heisst\u00a0<a href=\"https:\/\/unit1gear.com\/products\/faro-mips-turn-signals\" target=\"_blank\" rel=\"noreferrer noopener\">Faro<\/a>.<\/p><p id=\"71ca4e45-80f9-4c15-9b4d-ff60f8554b83\" class=\"wp-block-paragraph\">Der Helm kann mittels Bluetooth mit dem Stromer verbunden werden und erm\u00f6glicht die Synchronisation der Bremshebel mit dem Bremslicht im Faro (ab Omni FW 4.4.0.8 \/ 17.11.2022). \u00a0<a href=\"https:\/\/youtu.be\/cQ9wlXk9mJE?si=wIx5kZw_OZC6Xijx\" target=\"_blank\" rel=\"noreferrer noopener\">Praxisvideo<\/a><\/p><p id=\"2bb7640f-e1c2-44aa-a8e6-e9173ae9509d\" class=\"wp-block-paragraph\">Die Blinkfunktion des Faro geht nur mit der separaten Unit 1 Fernbedienung, funktioniert aber auch, wenn der Helm mit dem Stromer gekoppelt ist. Siehe dazu das Video\u00a0<a href=\"https:\/\/www.youtube.com\/watch?v=Ubsxfo4rwnU&amp;t=117s\" target=\"_blank\" rel=\"noreferrer noopener\">hier<\/a>\u00a0(EN).<\/p><p id=\"3e8ddbb8-4c8b-4240-a4d0-ceb63dc1c90a\" class=\"wp-block-paragraph\">Weitere Informationen gibt es auch im\u00a0stromerforum.ch\u00a0in\u00a0<a href=\"https:\/\/www.stromerforum.ch\/showthread.php?tid=3736\" target=\"_blank\" rel=\"noreferrer noopener\">diesem Thread.<\/a><\/p><p class=\"wp-block-ht-blocks-messages wp-block-hb-message wp-block-hb-message--withicon is-style-info\">Das Stromer-Smartlock und ein Unit 1-Helme sind aufgrund der beschr\u00e4nkten Bluetooth-Konnektivit\u00e4t im Stromer nicht gleichzeitig verwendbar.<\/p><div class=\"wp-block-image\"><figure class=\"aligncenter is-resized\"><img decoding=\"async\" style=\"width: 200px;\" src=\"https:\/\/wp.stromer-tech.info\/wp-content\/uploads\/2025\/07\/Omni-Hinweis-226x300.jpg\" alt=\"\" \/><\/figure><\/div><p class=\"wp-block-paragraph\"><strong>Update 1: <\/strong>An der Eurobike im Juni 2023 in Frankfurt wurde das Model <a href=\"https:\/\/support.unit1gear.com\/tutorials\/aura\" target=\"_blank\" rel=\"noreferrer noopener\">\u201eStromer Smart Helmet AURA by\u00a0Unit\u00a01\u2033<\/a> vorgestellt. Es soll zuk\u00fcnftig auch die Blinkfunktion in Verbindung mit dem Stromer anbieten. Per Firmware Update 4.4.3.5 vom April 2024 wurde die Unterst\u00fctzung des AURA im Omni hinzugef\u00fcgt.<\/p><p class=\"wp-block-paragraph\"><strong>Update 2:\u00a0<\/strong>Mit dem Firmware-Update 4.5.2.5 (05.05.2026) wurde die Kompatibilit\u00e4t der Standard-Unit 1-Helme entfernt. M\u00f6chte man die Bremsanzeige im Helm weiterhin verwenden, geht dies nur noch mit der\u00a0<a href=\"https:\/\/www.galaxus.ch\/de\/s3\/product\/unit1-navigation-velocomputer-zubehoer-18243137\">Unit 1 Fernbedienung<\/a>\u00a0(Zubeh\u00f6r). Die Unit 1 Helme mit Stromer Branding funktionieren wie gewohnt.<\/p><p id=\"1b984cbb-7e9b-4953-83a7-6ff91bf4ba09\" class=\"wp-block-paragraph\">\u00a0<\/p><\/div>\n\t\t\t\t\t\t<\/div>\n\t\t\t\t\t<\/div>\n\t\t\t\t<\/li>\n\t\t\t\t\t\t\t\t\t\t\t\t\t\t<li>\t\t\n\t\t\t\t\t<div class=\"hfaq\" data-hfaq-state=\"closed\" itemscope itemprop=\"mainEntity\" itemtype=\"http:\/\/schema.org\/Question\">\n\t\t\t\t\t\t<div class=\"hfaq__question\" id=\"stromer-faq-a-m-bms-was-ist-das\">\n\n\t\t\t\t\t\t\t\n\t\t\t\t\t\t\t<div class=\"hfaq__icon\" style=\"height: 20px; width: 20px;\">\n\n\t\t\t\t\t\t\t\t\t\t\t\t\t\t\t\t  <svg class=\"hfaq__iconplus\" xmlns=\"http:\/\/www.w3.org\/2000\/svg\" viewBox=\"0 0 24 24\"><path fill=\"#de3a42\" d=\"M17 11h-4V7c0-.6-.4-1-1-1s-1 .4-1 1v4H7c-.6 0-1 .4-1 1s.4 1 1 1h4v4c0 .6.4 1 1 1s1-.4 1-1v-4h4c.6 0 1-.4 1-1s-.4-1-1-1z\"\/><\/svg>\n\t\t\t\t\t\t\t\t  <svg class=\"hfaq__iconminus\" xmlns=\"http:\/\/www.w3.org\/2000\/svg\" viewBox=\"0 0 24 24\"><path fill=\"#de3a42\" d=\"M17 11H7c-.6 0-1 .4-1 1s.4 1 1 1h10c.6 0 1-.4 1-1s-.4-1-1-1z\"\/><\/svg>\n\t\t\t\t\t\t\t\t\n\t\t\t\t\t\t\t<\/div>\n\n\t\t\t\t\t\t\t\n\t\t\t\t\t\t\t<span class=\"hfaq__text\" itemprop=\"name\">BMS \u2013 Was ist das?<\/span>\n\t\t\t\t\t\t<\/div>\n\t\t\t\t\t\t<div class=\"hfaq__answer\" itemscope itemprop=\"acceptedAnswer\" itemtype=\"http:\/\/schema.org\/Answer\">\n\t\t\t\t\t\t\t<div class=\"hfaq__answercontent\" itemprop=\"text\"><p class=\"wp-block-paragraph\">Das BMS (Battery Management System) ist ein elektronisches System, das die Batterie verwaltet. Es \u00fcberwacht den Status und kann beispielsweise Sekund\u00e4rdaten wie den Ladezustand (SoC = State of Charge) oder den Gesundheitszustand (SoH = State of Health) berechnen. Es sch\u00fctzt die Batterie, indem es den Betrieb ausserhalb des sicheren Betriebsbereichs verhindert, mit dem Ladeger\u00e4t kommuniziert, die Zellen aufl\u00e4dt und am Ende des Ladevorgangs in der CV-Phase (Constant Voltage) auch ausbalanciert.<\/p><\/div>\n\t\t\t\t\t\t<\/div>\n\t\t\t\t\t<\/div>\n\t\t\t\t<\/li>\n\t\t\t\t\t\t\t\t\t\t\t\t\t\t<li>\t\t\n\t\t\t\t\t<div class=\"hfaq\" data-hfaq-state=\"closed\" itemscope itemprop=\"mainEntity\" itemtype=\"http:\/\/schema.org\/Question\">\n\t\t\t\t\t\t<div class=\"hfaq__question\" id=\"stromer-faq-a-m-boost-mode-wo-ist-er-geblieben\">\n\n\t\t\t\t\t\t\t\n\t\t\t\t\t\t\t<div class=\"hfaq__icon\" style=\"height: 20px; width: 20px;\">\n\n\t\t\t\t\t\t\t\t\t\t\t\t\t\t\t\t  <svg class=\"hfaq__iconplus\" xmlns=\"http:\/\/www.w3.org\/2000\/svg\" viewBox=\"0 0 24 24\"><path fill=\"#de3a42\" d=\"M17 11h-4V7c0-.6-.4-1-1-1s-1 .4-1 1v4H7c-.6 0-1 .4-1 1s.4 1 1 1h4v4c0 .6.4 1 1 1s1-.4 1-1v-4h4c.6 0 1-.4 1-1s-.4-1-1-1z\"\/><\/svg>\n\t\t\t\t\t\t\t\t  <svg class=\"hfaq__iconminus\" xmlns=\"http:\/\/www.w3.org\/2000\/svg\" viewBox=\"0 0 24 24\"><path fill=\"#de3a42\" d=\"M17 11H7c-.6 0-1 .4-1 1s.4 1 1 1h10c.6 0 1-.4 1-1s-.4-1-1-1z\"\/><\/svg>\n\t\t\t\t\t\t\t\t\n\t\t\t\t\t\t\t<\/div>\n\n\t\t\t\t\t\t\t\n\t\t\t\t\t\t\t<span class=\"hfaq__text\" itemprop=\"name\">Boost Mode \u2013 Wo ist er geblieben?<\/span>\n\t\t\t\t\t\t<\/div>\n\t\t\t\t\t\t<div class=\"hfaq__answer\" itemscope itemprop=\"acceptedAnswer\" itemtype=\"http:\/\/schema.org\/Answer\">\n\t\t\t\t\t\t\t<div class=\"hfaq__answercontent\" itemprop=\"text\"><h3 id=\"8a657aad-ee1b-4353-98ae-9e4c9b46488d\" class=\"wp-block-heading\">Boostmodus bis Ende 2017<\/h3><p id=\"1c947b40-0b64-46da-880f-aeb607a4fac0\">Die Modelle Stromer\u00a0ST1x,\u00a0ST2\u00a0und ST2S mit Baujahr vor 2018 liefern volle Unterst\u00fctzung auf Knopfdruck: Der sogenannte Boost-Modus beschleunigt ohne Treten bis auf 20 km\/h.<\/p><div class=\"wp-block-image\"><figure class=\"aligncenter is-resized\"><img loading=\"lazy\" decoding=\"async\" class=\"wp-image-116\" style=\"width: 300px;\" src=\"https:\/\/wp.stromer-tech.info\/wp-content\/uploads\/2025\/06\/Boostmodus-Bedieunungsanleitung-2016-web.jpg\" sizes=\"auto, (max-width: 450px) 100vw, 450px\" srcset=\"https:\/\/wp.stromer-tech.info\/wp-content\/uploads\/2025\/06\/Boostmodus-Bedieunungsanleitung-2016-web.jpg 450w, https:\/\/wp.stromer-tech.info\/wp-content\/uploads\/2025\/06\/Boostmodus-Bedieunungsanleitung-2016-web-211x300.jpg 211w, https:\/\/wp.stromer-tech.info\/wp-content\/uploads\/2025\/06\/Boostmodus-Bedieunungsanleitung-2016-web-35x50.jpg 35w\" alt=\"Stromer Boostmodus bis Ende 2017 und ab Anfang 2018\" width=\"450\" height=\"640\" \/><\/figure><\/div><h3 id=\"b1ca3d6f-0fd9-43fd-b201-39650f4624a3\" class=\"wp-block-heading\">Boostmodus ab 2018<\/h3><p id=\"bee64cc6-8c63-4f15-8a97-71d8c2579c24\">Mit der \u00c4nderung der gesetzlichen Vorschriften 2018 wurde der Boostmodus aus der ersten Bedienebene in das Servicemen\u00fc verlegt und ist nicht mehr im Schnellzugriff \u00fcber den Bedienring verf\u00fcgbar.<\/p><p id=\"e3aa39aa-845c-48e2-bfd0-6b3d6dcefa84\">Im <a href=\"https:\/\/wp.stromer-tech.info\/de\/knowledge-base\/service-menue-einblenden\/\">Servicemen\u00fc<\/a> w\u00e4hlt man das Men\u00fc BOOST. <span style=\"caret-color: #000000; color: #000000; font-size: medium; -webkit-text-size-adjust: auto;\">Durch Dr\u00fccken und Halten der [+]-Taste am Buttonring kann man den Stromer ohne zu Treten beschleunigen. Die maximale Geschwindigkeit liegt auf der Ebene zwischen 11\u201318 km\/h.<\/span><\/p><p class=\"wp-block-ht-blocks-messages wp-block-hb-message wp-block-hb-message--withicon is-style-info\">Der Boostmodus ist nicht zu verwechseln mit der Anfahrt- bzw. Schiebehilfe \u201eMOVE\u201c (bis 6 km\/h).<\/p><\/div>\n\t\t\t\t\t\t<\/div>\n\t\t\t\t\t<\/div>\n\t\t\t\t<\/li>\n\t\t\t\t\t\t\t\t\t\t\t\t\t\t<li>\t\t\n\t\t\t\t\t<div class=\"hfaq\" data-hfaq-state=\"closed\" itemscope itemprop=\"mainEntity\" itemtype=\"http:\/\/schema.org\/Question\">\n\t\t\t\t\t\t<div class=\"hfaq__question\" id=\"stromer-faq-a-m-bremsen-bremshebeldistanz-griffweite-zum-lenker-einstellen\">\n\n\t\t\t\t\t\t\t\n\t\t\t\t\t\t\t<div class=\"hfaq__icon\" style=\"height: 20px; width: 20px;\">\n\n\t\t\t\t\t\t\t\t\t\t\t\t\t\t\t\t  <svg class=\"hfaq__iconplus\" xmlns=\"http:\/\/www.w3.org\/2000\/svg\" viewBox=\"0 0 24 24\"><path fill=\"#de3a42\" d=\"M17 11h-4V7c0-.6-.4-1-1-1s-1 .4-1 1v4H7c-.6 0-1 .4-1 1s.4 1 1 1h4v4c0 .6.4 1 1 1s1-.4 1-1v-4h4c.6 0 1-.4 1-1s-.4-1-1-1z\"\/><\/svg>\n\t\t\t\t\t\t\t\t  <svg class=\"hfaq__iconminus\" xmlns=\"http:\/\/www.w3.org\/2000\/svg\" viewBox=\"0 0 24 24\"><path fill=\"#de3a42\" d=\"M17 11H7c-.6 0-1 .4-1 1s.4 1 1 1h10c.6 0 1-.4 1-1s-.4-1-1-1z\"\/><\/svg>\n\t\t\t\t\t\t\t\t\n\t\t\t\t\t\t\t<\/div>\n\n\t\t\t\t\t\t\t\n\t\t\t\t\t\t\t<span class=\"hfaq__text\" itemprop=\"name\">Bremsen \u2013 Bremshebeldistanz (Griffweite) zum Lenker einstellen?<\/span>\n\t\t\t\t\t\t<\/div>\n\t\t\t\t\t\t<div class=\"hfaq__answer\" itemscope itemprop=\"acceptedAnswer\" itemtype=\"http:\/\/schema.org\/Answer\">\n\t\t\t\t\t\t\t<div class=\"hfaq__answercontent\" itemprop=\"text\"><p class=\"wp-block-paragraph\"><a href=\"https:\/\/wp.stromer-tech.info\/knowledge-base\/bremshebel-distanz-griffweite-zum-lenker-einstellen\/\">Siehe<\/a>\u00a0BREMSEN \u2013\u00a0<em>\u201aBremshebel: Distanz (Griffweite) zum Lenker einstellen\u2018<\/em><\/p><\/div>\n\t\t\t\t\t\t<\/div>\n\t\t\t\t\t<\/div>\n\t\t\t\t<\/li>\n\t\t\t\t\t\t\t\t\t\t\t\t\t\t<li>\t\t\n\t\t\t\t\t<div class=\"hfaq\" data-hfaq-state=\"closed\" itemscope itemprop=\"mainEntity\" itemtype=\"http:\/\/schema.org\/Question\">\n\t\t\t\t\t\t<div class=\"hfaq__question\" id=\"stromer-faq-a-m-bremsen-bremsoel-welches-verwendet-die-stromerbremse\">\n\n\t\t\t\t\t\t\t\n\t\t\t\t\t\t\t<div class=\"hfaq__icon\" style=\"height: 20px; width: 20px;\">\n\n\t\t\t\t\t\t\t\t\t\t\t\t\t\t\t\t  <svg class=\"hfaq__iconplus\" xmlns=\"http:\/\/www.w3.org\/2000\/svg\" viewBox=\"0 0 24 24\"><path fill=\"#de3a42\" d=\"M17 11h-4V7c0-.6-.4-1-1-1s-1 .4-1 1v4H7c-.6 0-1 .4-1 1s.4 1 1 1h4v4c0 .6.4 1 1 1s1-.4 1-1v-4h4c.6 0 1-.4 1-1s-.4-1-1-1z\"\/><\/svg>\n\t\t\t\t\t\t\t\t  <svg class=\"hfaq__iconminus\" xmlns=\"http:\/\/www.w3.org\/2000\/svg\" viewBox=\"0 0 24 24\"><path fill=\"#de3a42\" d=\"M17 11H7c-.6 0-1 .4-1 1s.4 1 1 1h10c.6 0 1-.4 1-1s-.4-1-1-1z\"\/><\/svg>\n\t\t\t\t\t\t\t\t\n\t\t\t\t\t\t\t<\/div>\n\n\t\t\t\t\t\t\t\n\t\t\t\t\t\t\t<span class=\"hfaq__text\" itemprop=\"name\">Bremsen \u2013 Brems\u00f6l &#8211; welches verwendet die Stromerbremse?<\/span>\n\t\t\t\t\t\t<\/div>\n\t\t\t\t\t\t<div class=\"hfaq__answer\" itemscope itemprop=\"acceptedAnswer\" itemtype=\"http:\/\/schema.org\/Answer\">\n\t\t\t\t\t\t\t<div class=\"hfaq__answercontent\" itemprop=\"text\"><p><a href=\"https:\/\/wp.stromer-tech.info\/knowledge-base\/bremsoel\/\">Siehe<\/a>\u00a0BREMSEN \u2013\u00a0<em>\u201aBrems\u00f6l\u2018<\/em><\/p><\/div>\n\t\t\t\t\t\t<\/div>\n\t\t\t\t\t<\/div>\n\t\t\t\t<\/li>\n\t\t\t\t\t\t\t\t\t\t\t\t\t\t<li>\t\t\n\t\t\t\t\t<div class=\"hfaq\" data-hfaq-state=\"closed\" itemscope itemprop=\"mainEntity\" itemtype=\"http:\/\/schema.org\/Question\">\n\t\t\t\t\t\t<div class=\"hfaq__question\" id=\"stromer-faq-a-m-bremsen-ersatzteile\">\n\n\t\t\t\t\t\t\t\n\t\t\t\t\t\t\t<div class=\"hfaq__icon\" style=\"height: 20px; width: 20px;\">\n\n\t\t\t\t\t\t\t\t\t\t\t\t\t\t\t\t  <svg class=\"hfaq__iconplus\" xmlns=\"http:\/\/www.w3.org\/2000\/svg\" viewBox=\"0 0 24 24\"><path fill=\"#de3a42\" d=\"M17 11h-4V7c0-.6-.4-1-1-1s-1 .4-1 1v4H7c-.6 0-1 .4-1 1s.4 1 1 1h4v4c0 .6.4 1 1 1s1-.4 1-1v-4h4c.6 0 1-.4 1-1s-.4-1-1-1z\"\/><\/svg>\n\t\t\t\t\t\t\t\t  <svg class=\"hfaq__iconminus\" xmlns=\"http:\/\/www.w3.org\/2000\/svg\" viewBox=\"0 0 24 24\"><path fill=\"#de3a42\" d=\"M17 11H7c-.6 0-1 .4-1 1s.4 1 1 1h10c.6 0 1-.4 1-1s-.4-1-1-1z\"\/><\/svg>\n\t\t\t\t\t\t\t\t\n\t\t\t\t\t\t\t<\/div>\n\n\t\t\t\t\t\t\t\n\t\t\t\t\t\t\t<span class=\"hfaq__text\" itemprop=\"name\">Bremsen \u2013 Ersatzteile?<\/span>\n\t\t\t\t\t\t<\/div>\n\t\t\t\t\t\t<div class=\"hfaq__answer\" itemscope itemprop=\"acceptedAnswer\" itemtype=\"http:\/\/schema.org\/Answer\">\n\t\t\t\t\t\t\t<div class=\"hfaq__answercontent\" itemprop=\"text\"><p id=\"153d5c5c-d6b6-467e-8b1d-81cdbff58f2e\"><a href=\"https:\/\/wp.stromer-tech.info\/knowledge-base\/ersatzteile-belaege-scheiben-hebel-etc\/\">Siehe<\/a>\u00a0BREMSEN \u2013\u00a0<em>\u201aErsatzteile: Bel\u00e4ge, Scheiben, Hebel etc.<\/em>\u201a<\/p><\/div>\n\t\t\t\t\t\t<\/div>\n\t\t\t\t\t<\/div>\n\t\t\t\t<\/li>\n\t\t\t\t\t\t\t\t\t\t\t\t\t\t<li>\t\t\n\t\t\t\t\t<div class=\"hfaq\" data-hfaq-state=\"closed\" itemscope itemprop=\"mainEntity\" itemtype=\"http:\/\/schema.org\/Question\">\n\t\t\t\t\t\t<div class=\"hfaq__question\" id=\"stromer-faq-a-m-bremsen-hilfe-sie-quietschen\">\n\n\t\t\t\t\t\t\t\n\t\t\t\t\t\t\t<div class=\"hfaq__icon\" style=\"height: 20px; width: 20px;\">\n\n\t\t\t\t\t\t\t\t\t\t\t\t\t\t\t\t  <svg class=\"hfaq__iconplus\" xmlns=\"http:\/\/www.w3.org\/2000\/svg\" viewBox=\"0 0 24 24\"><path fill=\"#de3a42\" d=\"M17 11h-4V7c0-.6-.4-1-1-1s-1 .4-1 1v4H7c-.6 0-1 .4-1 1s.4 1 1 1h4v4c0 .6.4 1 1 1s1-.4 1-1v-4h4c.6 0 1-.4 1-1s-.4-1-1-1z\"\/><\/svg>\n\t\t\t\t\t\t\t\t  <svg class=\"hfaq__iconminus\" xmlns=\"http:\/\/www.w3.org\/2000\/svg\" viewBox=\"0 0 24 24\"><path fill=\"#de3a42\" d=\"M17 11H7c-.6 0-1 .4-1 1s.4 1 1 1h10c.6 0 1-.4 1-1s-.4-1-1-1z\"\/><\/svg>\n\t\t\t\t\t\t\t\t\n\t\t\t\t\t\t\t<\/div>\n\n\t\t\t\t\t\t\t\n\t\t\t\t\t\t\t<span class=\"hfaq__text\" itemprop=\"name\">Bremsen \u2013 Hilfe, sie quietschen!<\/span>\n\t\t\t\t\t\t<\/div>\n\t\t\t\t\t\t<div class=\"hfaq__answer\" itemscope itemprop=\"acceptedAnswer\" itemtype=\"http:\/\/schema.org\/Answer\">\n\t\t\t\t\t\t\t<div class=\"hfaq__answercontent\" itemprop=\"text\"><!-- wp:paragraph -->\n<p><a href=\"https:\/\/wp.stromer-tech.info\/knowledge-base\/quietschen-2\/\">Siehe<\/a>\u00a0PROBLEME \u2013 BREMSEN \u2013<em> \u201aQuietschen\u2018<\/em><\/p>\n<!-- \/wp:paragraph --><\/div>\n\t\t\t\t\t\t<\/div>\n\t\t\t\t\t<\/div>\n\t\t\t\t<\/li>\n\t\t\t\t\t\t\t\t\t\t\t\t\t\t<li>\t\t\n\t\t\t\t\t<div class=\"hfaq\" data-hfaq-state=\"closed\" itemscope itemprop=\"mainEntity\" itemtype=\"http:\/\/schema.org\/Question\">\n\t\t\t\t\t\t<div class=\"hfaq__question\" id=\"stromer-faq-a-m-can-bus-was-ist-das\">\n\n\t\t\t\t\t\t\t\n\t\t\t\t\t\t\t<div class=\"hfaq__icon\" style=\"height: 20px; width: 20px;\">\n\n\t\t\t\t\t\t\t\t\t\t\t\t\t\t\t\t  <svg class=\"hfaq__iconplus\" xmlns=\"http:\/\/www.w3.org\/2000\/svg\" viewBox=\"0 0 24 24\"><path fill=\"#de3a42\" d=\"M17 11h-4V7c0-.6-.4-1-1-1s-1 .4-1 1v4H7c-.6 0-1 .4-1 1s.4 1 1 1h4v4c0 .6.4 1 1 1s1-.4 1-1v-4h4c.6 0 1-.4 1-1s-.4-1-1-1z\"\/><\/svg>\n\t\t\t\t\t\t\t\t  <svg class=\"hfaq__iconminus\" xmlns=\"http:\/\/www.w3.org\/2000\/svg\" viewBox=\"0 0 24 24\"><path fill=\"#de3a42\" d=\"M17 11H7c-.6 0-1 .4-1 1s.4 1 1 1h10c.6 0 1-.4 1-1s-.4-1-1-1z\"\/><\/svg>\n\t\t\t\t\t\t\t\t\n\t\t\t\t\t\t\t<\/div>\n\n\t\t\t\t\t\t\t\n\t\t\t\t\t\t\t<span class=\"hfaq__text\" itemprop=\"name\">CAN-Bus \u2013 Was ist das?<\/span>\n\t\t\t\t\t\t<\/div>\n\t\t\t\t\t\t<div class=\"hfaq__answer\" itemscope itemprop=\"acceptedAnswer\" itemtype=\"http:\/\/schema.org\/Answer\">\n\t\t\t\t\t\t\t<div class=\"hfaq__answercontent\" itemprop=\"text\"><!-- wp:paragraph -->\n<p><a href=\"https:\/\/wp.stromer-tech.info\/knowledge-base\/messen-can-bus\/\">Siehe<\/a>\u00a0ELEKTRIK \/ ELEKTRONIK \u2013\u00a0<em>\u201aMessen \u2013 CAN-Bus \u2013 Kurze Theorie\u2018<\/em><\/p>\n<!-- \/wp:paragraph --><\/div>\n\t\t\t\t\t\t<\/div>\n\t\t\t\t\t<\/div>\n\t\t\t\t<\/li>\n\t\t\t\t\t\t\t\t\t\t\t\t\t\t<li>\t\t\n\t\t\t\t\t<div class=\"hfaq\" data-hfaq-state=\"closed\" itemscope itemprop=\"mainEntity\" itemtype=\"http:\/\/schema.org\/Question\">\n\t\t\t\t\t\t<div class=\"hfaq__question\" id=\"stromer-faq-a-m-codetabelle-display-st1-v1-v1-1\">\n\n\t\t\t\t\t\t\t\n\t\t\t\t\t\t\t<div class=\"hfaq__icon\" style=\"height: 20px; width: 20px;\">\n\n\t\t\t\t\t\t\t\t\t\t\t\t\t\t\t\t  <svg class=\"hfaq__iconplus\" xmlns=\"http:\/\/www.w3.org\/2000\/svg\" viewBox=\"0 0 24 24\"><path fill=\"#de3a42\" d=\"M17 11h-4V7c0-.6-.4-1-1-1s-1 .4-1 1v4H7c-.6 0-1 .4-1 1s.4 1 1 1h4v4c0 .6.4 1 1 1s1-.4 1-1v-4h4c.6 0 1-.4 1-1s-.4-1-1-1z\"\/><\/svg>\n\t\t\t\t\t\t\t\t  <svg class=\"hfaq__iconminus\" xmlns=\"http:\/\/www.w3.org\/2000\/svg\" viewBox=\"0 0 24 24\"><path fill=\"#de3a42\" d=\"M17 11H7c-.6 0-1 .4-1 1s.4 1 1 1h10c.6 0 1-.4 1-1s-.4-1-1-1z\"\/><\/svg>\n\t\t\t\t\t\t\t\t\n\t\t\t\t\t\t\t<\/div>\n\n\t\t\t\t\t\t\t\n\t\t\t\t\t\t\t<span class=\"hfaq__text\" itemprop=\"name\">Codetabelle \u2013 Display ST1 \/ V1 \/ V1.1<\/span>\n\t\t\t\t\t\t<\/div>\n\t\t\t\t\t\t<div class=\"hfaq__answer\" itemscope itemprop=\"acceptedAnswer\" itemtype=\"http:\/\/schema.org\/Answer\">\n\t\t\t\t\t\t\t<div class=\"hfaq__answercontent\" itemprop=\"text\"><!-- wp:paragraph -->\n<p><a href=\"https:\/\/wp.stromer-tech.info\/de\/knowledge-base\/display-v1-v1-1\/\">Siehe<\/a> OMNI \/ DISPLAY V1, V1.1 Display V1 \/ V1.1 &#8211; unter &#8218;Display-Codes&#8216;<\/p>\n<!-- \/wp:paragraph -->\n\n<!-- wp:paragraph -->\n<p><\/p>\n<!-- \/wp:paragraph --><\/div>\n\t\t\t\t\t\t<\/div>\n\t\t\t\t\t<\/div>\n\t\t\t\t<\/li>\n\t\t\t\t\t\t\t\t\t\t\t\t\t\t<li>\t\t\n\t\t\t\t\t<div class=\"hfaq\" data-hfaq-state=\"closed\" itemscope itemprop=\"mainEntity\" itemtype=\"http:\/\/schema.org\/Question\">\n\t\t\t\t\t\t<div class=\"hfaq__question\" id=\"stromer-faq-a-m-controller-mcu-defekt-kann-ich-diesen-reparieren-lassen\">\n\n\t\t\t\t\t\t\t\n\t\t\t\t\t\t\t<div class=\"hfaq__icon\" style=\"height: 20px; width: 20px;\">\n\n\t\t\t\t\t\t\t\t\t\t\t\t\t\t\t\t  <svg class=\"hfaq__iconplus\" xmlns=\"http:\/\/www.w3.org\/2000\/svg\" viewBox=\"0 0 24 24\"><path fill=\"#de3a42\" d=\"M17 11h-4V7c0-.6-.4-1-1-1s-1 .4-1 1v4H7c-.6 0-1 .4-1 1s.4 1 1 1h4v4c0 .6.4 1 1 1s1-.4 1-1v-4h4c.6 0 1-.4 1-1s-.4-1-1-1z\"\/><\/svg>\n\t\t\t\t\t\t\t\t  <svg class=\"hfaq__iconminus\" xmlns=\"http:\/\/www.w3.org\/2000\/svg\" viewBox=\"0 0 24 24\"><path fill=\"#de3a42\" d=\"M17 11H7c-.6 0-1 .4-1 1s.4 1 1 1h10c.6 0 1-.4 1-1s-.4-1-1-1z\"\/><\/svg>\n\t\t\t\t\t\t\t\t\n\t\t\t\t\t\t\t<\/div>\n\n\t\t\t\t\t\t\t\n\t\t\t\t\t\t\t<span class=\"hfaq__text\" itemprop=\"name\">Controller (MCU) defekt! Kann ich diesen reparieren (lassen)?<\/span>\n\t\t\t\t\t\t<\/div>\n\t\t\t\t\t\t<div class=\"hfaq__answer\" itemscope itemprop=\"acceptedAnswer\" itemtype=\"http:\/\/schema.org\/Answer\">\n\t\t\t\t\t\t\t<div class=\"hfaq__answercontent\" itemprop=\"text\"><!-- wp:paragraph {\"className\":\"has-text-align-left wp-block-paragraph\"} -->\n<p class=\"has-text-align-left wp-block-paragraph\">Wie viele Bauteile eines Stromers ist auch der Controller, die MCU (Motor Controll Unit) ein speziell f\u00fcr Stromer entwickelte Komponente. <\/p>\n<!-- \/wp:paragraph -->\n\n<!-- wp:paragraph {\"className\":\"has-text-align-left wp-block-paragraph\"} -->\n<p class=\"has-text-align-left wp-block-paragraph\">Die \u00e4lteren ASI-Controller (Stromer ST1, V1, V1.1.) waren im Motor selber eingebaut und sind meist mit einem Epoxydharz vergossen um sie besser gegen Feuchtigkeit zu sch\u00fctzen. Eine Reparatur war schwierig aber nicht unm\u00f6glich.<\/p>\n<!-- \/wp:paragraph -->\n\n<!-- wp:image {\"id\":13251,\"width\":\"600px\",\"height\":\"auto\",\"aspectRatio\":\"1.8584841738457072\",\"sizeSlug\":\"large\",\"linkDestination\":\"none\",\"align\":\"center\"} -->\n<figure class=\"wp-block-image aligncenter size-large is-resized\"><img loading=\"lazy\" decoding=\"async\" width=\"1024\" height=\"551\" src=\"https:\/\/wp.stromer-tech.info\/wp-content\/uploads\/2025\/07\/Stromer_ST1-Motor_ASI_zerlegt-1024x551.jpeg\" alt=\"\" class=\"wp-image-13251\" style=\"aspect-ratio:1.8584841738457072;width:600px;height:auto\" srcset=\"https:\/\/wp.stromer-tech.info\/wp-content\/uploads\/2025\/07\/Stromer_ST1-Motor_ASI_zerlegt-1024x551.jpeg 1024w, https:\/\/wp.stromer-tech.info\/wp-content\/uploads\/2025\/07\/Stromer_ST1-Motor_ASI_zerlegt-300x161.jpeg 300w, https:\/\/wp.stromer-tech.info\/wp-content\/uploads\/2025\/07\/Stromer_ST1-Motor_ASI_zerlegt-768x413.jpeg 768w, https:\/\/wp.stromer-tech.info\/wp-content\/uploads\/2025\/07\/Stromer_ST1-Motor_ASI_zerlegt-50x27.jpeg 50w, https:\/\/wp.stromer-tech.info\/wp-content\/uploads\/2025\/07\/Stromer_ST1-Motor_ASI_zerlegt-1536x826.jpeg 1536w, https:\/\/wp.stromer-tech.info\/wp-content\/uploads\/2025\/07\/Stromer_ST1-Motor_ASI_zerlegt-2048x1102.jpeg 2048w, https:\/\/wp.stromer-tech.info\/wp-content\/uploads\/2025\/07\/Stromer_ST1-Motor_ASI_zerlegt-18x10.jpeg 18w, https:\/\/wp.stromer-tech.info\/wp-content\/uploads\/2025\/07\/Stromer_ST1-Motor_ASI_zerlegt-60x32.jpeg 60w, https:\/\/wp.stromer-tech.info\/wp-content\/uploads\/2025\/07\/Stromer_ST1-Motor_ASI_zerlegt-100x54.jpeg 100w\" sizes=\"auto, (max-width: 1024px) 100vw, 1024px\" \/><figcaption class=\"wp-element-caption\">Motor mit integriertem ASI-Controller und entferntem Epoxydharz. Eine erfolgreiche Reparatur ist schwierig.<\/figcaption><\/figure>\n<!-- \/wp:image -->\n\n<!-- wp:paragraph {\"className\":\"has-text-align-left wp-block-paragraph\"} -->\n<p class=\"has-text-align-left wp-block-paragraph\">Mit dem Erscheinen des ST2 (2014) wurde die Elektronik in eine eigene Komponente, die Motor Control Unit (MCU), ausgelagert und ist entweder unter dem Unterrohr oder dem Akkufach montiert. Die MCU gibt es in zwei Varianten:<\/p>\n<!-- \/wp:paragraph -->\n\n<!-- wp:list {\"className\":\"wp-block-list\"} -->\n<ul class=\"wp-block-list\"><!-- wp:list-item -->\n<li>einen IPS-Controller (Information Processing Standard) von&nbsp;<a href=\"https:\/\/www.acceleratedsystems.com\/\" target=\"_blank\" rel=\"noreferrer noopener\">ASI<\/a> (Accelerated Systems Inc.) mit voreingestellten Werten. Seit 2025 wird dieser nicht mehr verbaut (siehe unten).<\/li>\n<!-- \/wp:list-item -->\n\n<!-- wp:list-item -->\n<li>und einen programmierbaren Controller von&nbsp;<a href=\"http:\/\/www.edsmc.com\/\" target=\"_blank\" rel=\"noreferrer noopener\">EDS<\/a>&nbsp;(<strong>E<\/strong>loquent&nbsp;<strong>D<\/strong>esign&nbsp;<strong>S<\/strong>ervices), der sich individuell anpassen l\u00e4sst.<\/li>\n<!-- \/wp:list-item --><\/ul>\n<!-- \/wp:list -->\n\n<!-- wp:heading {\"level\":3,\"className\":\"wp-block-paragraph\"} -->\n<h3 class=\"wp-block-heading wp-block-paragraph\">Controllerdefekte <\/h3>\n<!-- \/wp:heading -->\n\n<!-- wp:paragraph {\"className\":\"wp-block-paragraph\"} -->\n<p class=\"wp-block-paragraph\">Diese sind recht h\u00e4ufig und legen den Stromer meistens lahm. Manchmal gibt es auch nur partielle Ausf\u00e4lle. Einer davon ist z. B., dass der Akku im Stromer nicht mehr geladen werden kann, der Stromer aber ansonsten funktioniert.<\/p>\n<!-- \/wp:paragraph -->\n\n<!-- wp:image {\"id\":9875,\"width\":\"600px\",\"sizeSlug\":\"full\",\"linkDestination\":\"none\",\"align\":\"center\"} -->\n<figure class=\"wp-block-image aligncenter size-full is-resized\"><img loading=\"lazy\" decoding=\"async\" width=\"800\" height=\"344\" src=\"https:\/\/wp.stromer-tech.info\/wp-content\/uploads\/2025\/07\/Stromer_ST3_ASI-Controller_Mosfetdefekt.jpg\" alt=\"\" class=\"wp-image-9875\" style=\"width:600px\" srcset=\"https:\/\/wp.stromer-tech.info\/wp-content\/uploads\/2025\/07\/Stromer_ST3_ASI-Controller_Mosfetdefekt.jpg 800w, https:\/\/wp.stromer-tech.info\/wp-content\/uploads\/2025\/07\/Stromer_ST3_ASI-Controller_Mosfetdefekt-300x129.jpg 300w, https:\/\/wp.stromer-tech.info\/wp-content\/uploads\/2025\/07\/Stromer_ST3_ASI-Controller_Mosfetdefekt-768x330.jpg 768w, https:\/\/wp.stromer-tech.info\/wp-content\/uploads\/2025\/07\/Stromer_ST3_ASI-Controller_Mosfetdefekt-50x22.jpg 50w, https:\/\/wp.stromer-tech.info\/wp-content\/uploads\/2025\/07\/Stromer_ST3_ASI-Controller_Mosfetdefekt-18x8.jpg 18w, https:\/\/wp.stromer-tech.info\/wp-content\/uploads\/2025\/07\/Stromer_ST3_ASI-Controller_Mosfetdefekt-60x26.jpg 60w, https:\/\/wp.stromer-tech.info\/wp-content\/uploads\/2025\/07\/Stromer_ST3_ASI-Controller_Mosfetdefekt-100x43.jpg 100w\" sizes=\"auto, (max-width: 800px) 100vw, 800px\" \/><\/figure>\n<!-- \/wp:image -->\n\n<!-- wp:image {\"id\":6371,\"width\":\"600px\",\"sizeSlug\":\"full\",\"linkDestination\":\"none\",\"align\":\"center\"} -->\n<figure class=\"wp-block-image aligncenter size-full is-resized\"><img loading=\"lazy\" decoding=\"async\" width=\"644\" height=\"483\" src=\"https:\/\/wp.stromer-tech.info\/wp-content\/uploads\/2025\/08\/Stromer_Controller_ASI_Charching_section_defect-edited.jpg\" alt=\"\" class=\"wp-image-6371\" style=\"width:600px\" srcset=\"https:\/\/wp.stromer-tech.info\/wp-content\/uploads\/2025\/08\/Stromer_Controller_ASI_Charching_section_defect-edited.jpg 644w, https:\/\/wp.stromer-tech.info\/wp-content\/uploads\/2025\/08\/Stromer_Controller_ASI_Charching_section_defect-edited-300x225.jpg 300w, https:\/\/wp.stromer-tech.info\/wp-content\/uploads\/2025\/08\/Stromer_Controller_ASI_Charching_section_defect-edited-50x38.jpg 50w, https:\/\/wp.stromer-tech.info\/wp-content\/uploads\/2025\/08\/Stromer_Controller_ASI_Charching_section_defect-edited-16x12.jpg 16w, https:\/\/wp.stromer-tech.info\/wp-content\/uploads\/2025\/08\/Stromer_Controller_ASI_Charching_section_defect-edited-60x45.jpg 60w, https:\/\/wp.stromer-tech.info\/wp-content\/uploads\/2025\/08\/Stromer_Controller_ASI_Charching_section_defect-edited-100x75.jpg 100w\" sizes=\"auto, (max-width: 644px) 100vw, 644px\" \/><figcaption class=\"wp-element-caption\">Controller mit defekter Chargin Section<\/figcaption><\/figure>\n<!-- \/wp:image -->\n\n<!-- wp:heading {\"level\":3,\"className\":\"wp-block-paragraph\"} -->\n<h3 class=\"wp-block-heading wp-block-paragraph\">Reparatur (-Service)<\/h3>\n<!-- \/wp:heading -->\n\n<!-- wp:paragraph -->\n<p>Bis heute ist kein professioneller Reparaturservice bekannt, der Controller repariert &#8211; auch Stromer tut das nicht.<\/p>\n<!-- \/wp:paragraph -->\n\n<!-- wp:image {\"id\":7634,\"width\":\"600px\",\"sizeSlug\":\"full\",\"linkDestination\":\"none\",\"align\":\"center\"} -->\n<figure class=\"wp-block-image aligncenter size-full is-resized\"><img loading=\"lazy\" decoding=\"async\" width=\"1024\" height=\"354\" src=\"https:\/\/wp.stromer-tech.info\/wp-content\/uploads\/2025\/07\/Stromer_ASI-Controller_Nicht-vergossen.jpg\" alt=\"\" class=\"wp-image-7634\" style=\"width:600px\" srcset=\"https:\/\/wp.stromer-tech.info\/wp-content\/uploads\/2025\/07\/Stromer_ASI-Controller_Nicht-vergossen.jpg 1024w, https:\/\/wp.stromer-tech.info\/wp-content\/uploads\/2025\/07\/Stromer_ASI-Controller_Nicht-vergossen-300x104.jpg 300w, https:\/\/wp.stromer-tech.info\/wp-content\/uploads\/2025\/07\/Stromer_ASI-Controller_Nicht-vergossen-768x266.jpg 768w, https:\/\/wp.stromer-tech.info\/wp-content\/uploads\/2025\/07\/Stromer_ASI-Controller_Nicht-vergossen-50x17.jpg 50w, https:\/\/wp.stromer-tech.info\/wp-content\/uploads\/2025\/07\/Stromer_ASI-Controller_Nicht-vergossen-18x6.jpg 18w, https:\/\/wp.stromer-tech.info\/wp-content\/uploads\/2025\/07\/Stromer_ASI-Controller_Nicht-vergossen-60x21.jpg 60w, https:\/\/wp.stromer-tech.info\/wp-content\/uploads\/2025\/07\/Stromer_ASI-Controller_Nicht-vergossen-100x35.jpg 100w\" sizes=\"auto, (max-width: 1024px) 100vw, 1024px\" \/><figcaption class=\"wp-element-caption\">ASI-Controller noch nicht vergossen. Eine Reparatur von defekten Mosfets war noch m\u00f6glich.<\/figcaption><\/figure>\n<!-- \/wp:image -->\n\n<!-- wp:paragraph {\"className\":\"wp-block-paragraph\"} -->\n<p class=\"wp-block-paragraph\">Siehe dazu auch das Thema ELEKTRIK &amp; ELEKTRONIK \u2013 Messen \u2013&nbsp;<a href=\"https:\/\/wp.stromer-tech.info\/de\/knowledge-base\/mosfets-messen\/\"><em>\u201aController (MCU) \u2013 MOSFET\u2019s messen\u2018<\/em><\/a><\/p>\n<!-- \/wp:paragraph -->\n\n<!-- wp:image {\"id\":6385,\"width\":\"600px\",\"sizeSlug\":\"large\",\"linkDestination\":\"none\",\"align\":\"center\"} -->\n<figure class=\"wp-block-image aligncenter size-large is-resized\"><img loading=\"lazy\" decoding=\"async\" width=\"1024\" height=\"486\" src=\"https:\/\/wp.stromer-tech.info\/wp-content\/uploads\/2025\/08\/Refurbished-ASI-ControllerST2-als-Uebergangsloesung-zum-neuen-Controller-nur_3-Schraubenakku_clipped_rev_1-1024x486.jpeg\" alt=\"\" class=\"wp-image-6385\" style=\"width:600px\" srcset=\"https:\/\/wp.stromer-tech.info\/wp-content\/uploads\/2025\/08\/Refurbished-ASI-ControllerST2-als-Uebergangsloesung-zum-neuen-Controller-nur_3-Schraubenakku_clipped_rev_1-1024x486.jpeg 1024w, https:\/\/wp.stromer-tech.info\/wp-content\/uploads\/2025\/08\/Refurbished-ASI-ControllerST2-als-Uebergangsloesung-zum-neuen-Controller-nur_3-Schraubenakku_clipped_rev_1-300x142.jpeg 300w, https:\/\/wp.stromer-tech.info\/wp-content\/uploads\/2025\/08\/Refurbished-ASI-ControllerST2-als-Uebergangsloesung-zum-neuen-Controller-nur_3-Schraubenakku_clipped_rev_1-768x365.jpeg 768w, https:\/\/wp.stromer-tech.info\/wp-content\/uploads\/2025\/08\/Refurbished-ASI-ControllerST2-als-Uebergangsloesung-zum-neuen-Controller-nur_3-Schraubenakku_clipped_rev_1-50x24.jpeg 50w, https:\/\/wp.stromer-tech.info\/wp-content\/uploads\/2025\/08\/Refurbished-ASI-ControllerST2-als-Uebergangsloesung-zum-neuen-Controller-nur_3-Schraubenakku_clipped_rev_1-1536x730.jpeg 1536w, https:\/\/wp.stromer-tech.info\/wp-content\/uploads\/2025\/08\/Refurbished-ASI-ControllerST2-als-Uebergangsloesung-zum-neuen-Controller-nur_3-Schraubenakku_clipped_rev_1-18x9.jpeg 18w, https:\/\/wp.stromer-tech.info\/wp-content\/uploads\/2025\/08\/Refurbished-ASI-ControllerST2-als-Uebergangsloesung-zum-neuen-Controller-nur_3-Schraubenakku_clipped_rev_1-60x28.jpeg 60w, https:\/\/wp.stromer-tech.info\/wp-content\/uploads\/2025\/08\/Refurbished-ASI-ControllerST2-als-Uebergangsloesung-zum-neuen-Controller-nur_3-Schraubenakku_clipped_rev_1-100x47.jpeg 100w, https:\/\/wp.stromer-tech.info\/wp-content\/uploads\/2025\/08\/Refurbished-ASI-ControllerST2-als-Uebergangsloesung-zum-neuen-Controller-nur_3-Schraubenakku_clipped_rev_1.jpeg 1619w\" sizes=\"auto, (max-width: 1024px) 100vw, 1024px\" \/><figcaption class=\"wp-element-caption\"><em>Aufbereitete ASI Controller wurden als \u00dcbergangsl\u00f6sung verbaut<\/em><\/figcaption><\/figure>\n<!-- \/wp:image -->\n\n<!-- wp:heading {\"level\":3} -->\n<h3 class=\"wp-block-heading\">Ersatz<\/h3>\n<!-- \/wp:heading -->\n\n<!-- wp:paragraph {\"className\":\"wp-block-paragraph\"} -->\n<p class=\"wp-block-paragraph\"><strong>F\u00fcr ASI-Controller beim ST5 2021 ABS | ST5 2018 | ST3 2018:<\/strong> Die alten Controller des Lieferanten ASI sind seit ca. Ende 2024 nicht mehr lieferbar. Der Grund daf\u00fcr ist ein Lieferantenwechsel bei Stromer. Dieser machte eine komplette Neuentwicklung des Controllers, der gesamten Anschlussperipherie und eines neuen Downtube-Covers n\u00f6tig. Erst nach umfangreichen Tests und Pr\u00fcfungen konnte die Produktion des neuen Controllers \u201eEDS-MC4\u201c in Auftrag gegeben werden. Mittlerweile ist er <a href=\"https:\/\/shop.stromer-bike.de\/products\/controller-mc1-12v-asi-mit-kabeln-st3-st2-st1-x?_pos=50&amp;_sid=888e6716a&amp;_ss=r\">hier<\/a>&nbsp;lieferbar.<\/p>\n<!-- \/wp:paragraph -->\n\n<!-- wp:paragraph {\"className\":\"has-text-align-left wp-block-paragraph\"} -->\n<p class=\"has-text-align-left wp-block-paragraph\"><strong>F\u00fcr ASI-Controller beim&nbsp;<\/strong><strong>ST2S<\/strong>: Der Controller MC1-12V-ASI mit Kabeln f\u00fcr ST5 und ST2S ersetzte den \u201ealten Controller\u201c (Serie-Nr. beginnend mit 401011) und hat daher auch einen anderen Power Connector (ST2S). Er ist ebenfalls nicht mehr lieferbar.&nbsp;<\/p>\n<!-- \/wp:paragraph -->\n\n<!-- wp:paragraph -->\n<p><\/p>\n<!-- \/wp:paragraph --><\/div>\n\t\t\t\t\t\t<\/div>\n\t\t\t\t\t<\/div>\n\t\t\t\t<\/li>\n\t\t\t\t\t\t\t\t\t\t\t\t\t\t<li>\t\t\n\t\t\t\t\t<div class=\"hfaq\" data-hfaq-state=\"closed\" itemscope itemprop=\"mainEntity\" itemtype=\"http:\/\/schema.org\/Question\">\n\t\t\t\t\t\t<div class=\"hfaq__question\" id=\"stromer-faq-a-m-cruise-control-was-ist-das\">\n\n\t\t\t\t\t\t\t\n\t\t\t\t\t\t\t<div class=\"hfaq__icon\" style=\"height: 20px; width: 20px;\">\n\n\t\t\t\t\t\t\t\t\t\t\t\t\t\t\t\t  <svg class=\"hfaq__iconplus\" xmlns=\"http:\/\/www.w3.org\/2000\/svg\" viewBox=\"0 0 24 24\"><path fill=\"#de3a42\" d=\"M17 11h-4V7c0-.6-.4-1-1-1s-1 .4-1 1v4H7c-.6 0-1 .4-1 1s.4 1 1 1h4v4c0 .6.4 1 1 1s1-.4 1-1v-4h4c.6 0 1-.4 1-1s-.4-1-1-1z\"\/><\/svg>\n\t\t\t\t\t\t\t\t  <svg class=\"hfaq__iconminus\" xmlns=\"http:\/\/www.w3.org\/2000\/svg\" viewBox=\"0 0 24 24\"><path fill=\"#de3a42\" d=\"M17 11H7c-.6 0-1 .4-1 1s.4 1 1 1h10c.6 0 1-.4 1-1s-.4-1-1-1z\"\/><\/svg>\n\t\t\t\t\t\t\t\t\n\t\t\t\t\t\t\t<\/div>\n\n\t\t\t\t\t\t\t\n\t\t\t\t\t\t\t<span class=\"hfaq__text\" itemprop=\"name\">Cruise Control \u2013 Was ist das?<\/span>\n\t\t\t\t\t\t<\/div>\n\t\t\t\t\t\t<div class=\"hfaq__answer\" itemscope itemprop=\"acceptedAnswer\" itemtype=\"http:\/\/schema.org\/Answer\">\n\t\t\t\t\t\t\t<div class=\"hfaq__answercontent\" itemprop=\"text\"><!-- wp:paragraph -->\n<p id=\"fd11e799-cfd8-4a8b-b56c-ba0d937d7e9e\">Die mit der Firmware 4.4.3.3. (20.11.2023) eingef\u00fchrte Funktion \u201aCruise Control\u2018 erg\u00e4nzt als Abfahrtsassistent den bisherigen Rekuperationsmodus.<\/p>\n<!-- \/wp:paragraph -->\n\n<!-- wp:paragraph -->\n<p id=\"a4fd0e82-bbc7-472b-8fee-575a5bb58558\">Die Cruise-Control-Funktion passt den Motorwiderstand (Rekuperation) automatisch an, um die Geschwindigkeit, die bei Bergabfahrt im Moment der Cruise-Control-Aktivierung (langes Dr\u00fccken der Minus-Taste am Bedienring) gefahren wird, zu halten. <\/p>\n<!-- \/wp:paragraph -->\n\n<!-- wp:paragraph -->\n<p id=\"31e07d9e-cd1b-4f05-a09f-e58b6c082730\">Im OMNI > MEN\u00dc > BIKE > Recup Mod\u2026 k\u00f6nnen Einstellungen am Rekuperationsmodus vorgenommen werden. Hier kann zwischen Cruise Control (Standardfunktion) oder dem bisherigen Recup-Modus gew\u00e4hlt werden. Im Modus Cruise Control k\u00f6nnen ebenfalls die Temposchritte (Standard: 5 km\/h), wie auch\u202fdie Pedalkraft f\u00fcr die automatische Deaktivierung der Motorbremse, eingestellt werden. <\/p>\n<!-- \/wp:paragraph -->\n\n<!-- wp:image {\"id\":4676,\"width\":\"400px\",\"align\":\"center\"} -->\n<figure class=\"wp-block-image aligncenter is-resized\"><img loading=\"lazy\" decoding=\"async\" width=\"858\" height=\"1024\" src=\"https:\/\/wp.stromer-tech.info\/wp-content\/uploads\/2025\/07\/Stromer-Cruise-Control-Recup-858x1024.jpg\" alt=\"\" class=\"wp-image-4676\" style=\"width:400px\" srcset=\"https:\/\/wp.stromer-tech.info\/wp-content\/uploads\/2025\/07\/Stromer-Cruise-Control-Recup-858x1024.jpg 858w, https:\/\/wp.stromer-tech.info\/wp-content\/uploads\/2025\/07\/Stromer-Cruise-Control-Recup-251x300.jpg 251w, https:\/\/wp.stromer-tech.info\/wp-content\/uploads\/2025\/07\/Stromer-Cruise-Control-Recup-768x916.jpg 768w, https:\/\/wp.stromer-tech.info\/wp-content\/uploads\/2025\/07\/Stromer-Cruise-Control-Recup-42x50.jpg 42w, https:\/\/wp.stromer-tech.info\/wp-content\/uploads\/2025\/07\/Stromer-Cruise-Control-Recup-1288x1536.jpg 1288w, https:\/\/wp.stromer-tech.info\/wp-content\/uploads\/2025\/07\/Stromer-Cruise-Control-Recup-10x12.jpg 10w, https:\/\/wp.stromer-tech.info\/wp-content\/uploads\/2025\/07\/Stromer-Cruise-Control-Recup-50x60.jpg 50w, https:\/\/wp.stromer-tech.info\/wp-content\/uploads\/2025\/07\/Stromer-Cruise-Control-Recup-84x100.jpg 84w, https:\/\/wp.stromer-tech.info\/wp-content\/uploads\/2025\/07\/Stromer-Cruise-Control-Recup.jpg 1394w\" sizes=\"auto, (max-width: 858px) 100vw, 858px\" \/><\/figure>\n<!-- \/wp:image -->\n\n<!-- wp:ht-blocks\/messages {\"className\":\"is-style-alert\"} -->\n<p class=\"wp-block-ht-blocks-messages wp-block-hb-message wp-block-hb-message--withicon is-style-alert\">Der &#8218;Cruise Control&#8216; und &#8218;Recup&#8216; Modus kann nicht aktiviert werden, wenn der Akku zu 100% geladen ist.<br><br>Ein Moduswechsel kann w\u00e4hrend der Fahrt nicht vorgenommen werden!<br><br>Die Geschwindigkeit kann im steilen Gel\u00e4nde ggf. nicht gehalten werden, weil der max. Rekuperationsstrom f\u00fcr den Akku erreicht wird.<\/p>\n<!-- \/wp:ht-blocks\/messages --><\/div>\n\t\t\t\t\t\t<\/div>\n\t\t\t\t\t<\/div>\n\t\t\t\t<\/li>\n\t\t\t\t\t\t\t\t\t\t\t\t\t\t<li>\t\t\n\t\t\t\t\t<div class=\"hfaq\" data-hfaq-state=\"closed\" itemscope itemprop=\"mainEntity\" itemtype=\"http:\/\/schema.org\/Question\">\n\t\t\t\t\t\t<div class=\"hfaq__question\" id=\"stromer-faq-a-m-di2-shimano-akku-akkuladestand\">\n\n\t\t\t\t\t\t\t\n\t\t\t\t\t\t\t<div class=\"hfaq__icon\" style=\"height: 20px; width: 20px;\">\n\n\t\t\t\t\t\t\t\t\t\t\t\t\t\t\t\t  <svg class=\"hfaq__iconplus\" xmlns=\"http:\/\/www.w3.org\/2000\/svg\" viewBox=\"0 0 24 24\"><path fill=\"#de3a42\" d=\"M17 11h-4V7c0-.6-.4-1-1-1s-1 .4-1 1v4H7c-.6 0-1 .4-1 1s.4 1 1 1h4v4c0 .6.4 1 1 1s1-.4 1-1v-4h4c.6 0 1-.4 1-1s-.4-1-1-1z\"\/><\/svg>\n\t\t\t\t\t\t\t\t  <svg class=\"hfaq__iconminus\" xmlns=\"http:\/\/www.w3.org\/2000\/svg\" viewBox=\"0 0 24 24\"><path fill=\"#de3a42\" d=\"M17 11H7c-.6 0-1 .4-1 1s.4 1 1 1h10c.6 0 1-.4 1-1s-.4-1-1-1z\"\/><\/svg>\n\t\t\t\t\t\t\t\t\n\t\t\t\t\t\t\t<\/div>\n\n\t\t\t\t\t\t\t\n\t\t\t\t\t\t\t<span class=\"hfaq__text\" itemprop=\"name\">Di2 Shimano Akku \u2013 Akkuladestand?<\/span>\n\t\t\t\t\t\t<\/div>\n\t\t\t\t\t\t<div class=\"hfaq__answer\" itemscope itemprop=\"acceptedAnswer\" itemtype=\"http:\/\/schema.org\/Answer\">\n\t\t\t\t\t\t\t<div class=\"hfaq__answercontent\" itemprop=\"text\"><p id=\"b11bddde-186b-4dc5-ac3c-fcc68d2630ca\">Beim ST2s wurde f\u00fcr die Di2 Schaltung die Displayeinheit XTR SC-M9051 verbaut. Diese enth\u00e4lt eine Ladestandanzeige in Form eines Batteriesymbols f\u00fcr den Di2-Akku. Beim ST5 wurde das Display durch die Junction box EW-RS910 ersetzt. Bei den fr\u00fchen Modellen wurde diese ganz unten am Sattelrohr auf H\u00f6he des Tretlagers eingebaut. Sp\u00e4ter wanderte sie in das rechte Lenkerende.<\/p><p id=\"01c4d232-b48d-47bd-a83c-d3d54ae73119\">Die EW-RS910 enth\u00e4lt keine klassische Ladestandanzeige. Durch dr\u00fccken und halten des Schalthebels f\u00fcr mindestens 0,5 Sekunden leuchtet die linke LED auf und zeigt den Ladezustand gem\u00e4s Abbildung unten an. Danach wird der aktuelle Schaltmodus angezeigt. Zur <a href=\"https:\/\/drive.google.com\/file\/d\/1R-OydIu4QMjIk_Eor8ICy35IGqCvVl1m\/view?usp=sharing\" target=\"_blank\" rel=\"noreferrer noopener\">Anleitung<\/a>\u00a0von Shimano.<\/p><div class=\"wp-block-image\"><figure class=\"aligncenter is-resized\"><img loading=\"lazy\" decoding=\"async\" class=\"wp-image-1958\" style=\"width: 500px;\" src=\"https:\/\/wp.stromer-tech.info\/wp-content\/uploads\/2025\/07\/Di2_Akkuladestand_sehen-1024x558.webp\" sizes=\"auto, (max-width: 1024px) 100vw, 1024px\" srcset=\"https:\/\/wp.stromer-tech.info\/wp-content\/uploads\/2025\/07\/Di2_Akkuladestand_sehen-1024x558.webp 1024w, https:\/\/wp.stromer-tech.info\/wp-content\/uploads\/2025\/07\/Di2_Akkuladestand_sehen-300x164.webp 300w, https:\/\/wp.stromer-tech.info\/wp-content\/uploads\/2025\/07\/Di2_Akkuladestand_sehen-768x419.webp 768w, https:\/\/wp.stromer-tech.info\/wp-content\/uploads\/2025\/07\/Di2_Akkuladestand_sehen-50x27.webp 50w, https:\/\/wp.stromer-tech.info\/wp-content\/uploads\/2025\/07\/Di2_Akkuladestand_sehen-60x33.webp 60w, https:\/\/wp.stromer-tech.info\/wp-content\/uploads\/2025\/07\/Di2_Akkuladestand_sehen-100x55.webp 100w, https:\/\/wp.stromer-tech.info\/wp-content\/uploads\/2025\/07\/Di2_Akkuladestand_sehen.webp 1080w\" alt=\"\" width=\"1024\" height=\"558\" \/><figcaption class=\"wp-element-caption\"><em>Shimano Junction Box EW-RS910<\/em><\/figcaption><\/figure><\/div><p class=\"wp-block-ht-blocks-messages wp-block-hb-message wp-block-hb-message--withicon is-style-info\">Der USB Anschluss beim Tagfahrlicht kann f\u00fcr das Laden des Di2 Akkus (ST2S &amp; ST5) verwendet werden.<\/p><\/div>\n\t\t\t\t\t\t<\/div>\n\t\t\t\t\t<\/div>\n\t\t\t\t<\/li>\n\t\t\t\t\t\t\t\t\t\t\t\t\t\t<li>\t\t\n\t\t\t\t\t<div class=\"hfaq\" data-hfaq-state=\"closed\" itemscope itemprop=\"mainEntity\" itemtype=\"http:\/\/schema.org\/Question\">\n\t\t\t\t\t\t<div class=\"hfaq__question\" id=\"stromer-faq-a-m-di2-shimano-akku-wie-lange-haelt-er-laden\">\n\n\t\t\t\t\t\t\t\n\t\t\t\t\t\t\t<div class=\"hfaq__icon\" style=\"height: 20px; width: 20px;\">\n\n\t\t\t\t\t\t\t\t\t\t\t\t\t\t\t\t  <svg class=\"hfaq__iconplus\" xmlns=\"http:\/\/www.w3.org\/2000\/svg\" viewBox=\"0 0 24 24\"><path fill=\"#de3a42\" d=\"M17 11h-4V7c0-.6-.4-1-1-1s-1 .4-1 1v4H7c-.6 0-1 .4-1 1s.4 1 1 1h4v4c0 .6.4 1 1 1s1-.4 1-1v-4h4c.6 0 1-.4 1-1s-.4-1-1-1z\"\/><\/svg>\n\t\t\t\t\t\t\t\t  <svg class=\"hfaq__iconminus\" xmlns=\"http:\/\/www.w3.org\/2000\/svg\" viewBox=\"0 0 24 24\"><path fill=\"#de3a42\" d=\"M17 11H7c-.6 0-1 .4-1 1s.4 1 1 1h10c.6 0 1-.4 1-1s-.4-1-1-1z\"\/><\/svg>\n\t\t\t\t\t\t\t\t\n\t\t\t\t\t\t\t<\/div>\n\n\t\t\t\t\t\t\t\n\t\t\t\t\t\t\t<span class=\"hfaq__text\" itemprop=\"name\">Di2 Shimano Akku \u2013 Wie lange h\u00e4lt er? \/ Laden<\/span>\n\t\t\t\t\t\t<\/div>\n\t\t\t\t\t\t<div class=\"hfaq__answer\" itemscope itemprop=\"acceptedAnswer\" itemtype=\"http:\/\/schema.org\/Answer\">\n\t\t\t\t\t\t\t<div class=\"hfaq__answercontent\" itemprop=\"text\"><!-- wp:paragraph -->\n<p id=\"7c321b5b-b628-45ca-ad49-4b7d7907a030\">Je nach Streckenprofil k\u00f6nnen damit ein paar 1\u2019000 Schaltungen gemacht werden. <\/p>\n<!-- \/wp:paragraph -->\n\n<!-- wp:paragraph -->\n<p id=\"7c321b5b-b628-45ca-ad49-4b7d7907a030\">Meinen Di2 Akku habe ich 6x \u00fcber eine Strecke von 28\u2019200 km geladen. Das ergibt eine <strong>Durchschnittsreichweite<\/strong> zwischen den einzelnen Ladepunkten von <strong>4\u2019713 km<\/strong>. Ich fahre mehrheitlich l\u00e4ndliche Strecken. Im urbanen Umfeld mit mehr Schaltvorg\u00e4ngen wird es etwas weniger sein.<\/p>\n<!-- \/wp:paragraph -->\n\n<!-- wp:paragraph -->\n<p id=\"40d26134-1a94-46d2-b229-4b0d3e5e37c5\">Ist der Akku sehr schwach blinkt beim verbauten Display XTR SC-M9051 (ST2S) die Ladeanzeige.<\/p>\n<!-- \/wp:paragraph -->\n\n<!-- wp:image {\"id\":1949,\"width\":\"250px\",\"align\":\"center\"} -->\n<figure class=\"wp-block-image aligncenter is-resized\"><img loading=\"lazy\" decoding=\"async\" width=\"500\" height=\"500\" src=\"https:\/\/wp.stromer-tech.info\/wp-content\/uploads\/2025\/07\/Di2_XTR-Display.webp\" alt=\"\" class=\"wp-image-1949\" style=\"width:250px\" srcset=\"https:\/\/wp.stromer-tech.info\/wp-content\/uploads\/2025\/07\/Di2_XTR-Display.webp 500w, https:\/\/wp.stromer-tech.info\/wp-content\/uploads\/2025\/07\/Di2_XTR-Display-300x300.webp 300w, https:\/\/wp.stromer-tech.info\/wp-content\/uploads\/2025\/07\/Di2_XTR-Display-150x150.webp 150w, https:\/\/wp.stromer-tech.info\/wp-content\/uploads\/2025\/07\/Di2_XTR-Display-50x50.webp 50w, https:\/\/wp.stromer-tech.info\/wp-content\/uploads\/2025\/07\/Di2_XTR-Display-60x60.webp 60w, https:\/\/wp.stromer-tech.info\/wp-content\/uploads\/2025\/07\/Di2_XTR-Display-100x100.webp 100w\" sizes=\"auto, (max-width: 500px) 100vw, 500px\" \/><\/figure>\n<!-- \/wp:image -->\n\n<!-- wp:ht-blocks\/messages {\"className\":\"is-style-info\"} -->\n<p class=\"wp-block-ht-blocks-messages wp-block-hb-message wp-block-hb-message--withicon is-style-info\">Der USB Anschluss beim Tagfahrlicht kann f\u00fcr das Laden des Di2 Akkus (ST2S &amp; ST5) verwendet werden.<\/p>\n<!-- \/wp:ht-blocks\/messages --><\/div>\n\t\t\t\t\t\t<\/div>\n\t\t\t\t\t<\/div>\n\t\t\t\t<\/li>\n\t\t\t\t\t\t\t\t\t\t\t\t\t\t<li>\t\t\n\t\t\t\t\t<div class=\"hfaq\" data-hfaq-state=\"closed\" itemscope itemprop=\"mainEntity\" itemtype=\"http:\/\/schema.org\/Question\">\n\t\t\t\t\t\t<div class=\"hfaq__question\" id=\"stromer-faq-a-m-di2-shimano-akku-wo-ist-er-montiert\">\n\n\t\t\t\t\t\t\t\n\t\t\t\t\t\t\t<div class=\"hfaq__icon\" style=\"height: 20px; width: 20px;\">\n\n\t\t\t\t\t\t\t\t\t\t\t\t\t\t\t\t  <svg class=\"hfaq__iconplus\" xmlns=\"http:\/\/www.w3.org\/2000\/svg\" viewBox=\"0 0 24 24\"><path fill=\"#de3a42\" d=\"M17 11h-4V7c0-.6-.4-1-1-1s-1 .4-1 1v4H7c-.6 0-1 .4-1 1s.4 1 1 1h4v4c0 .6.4 1 1 1s1-.4 1-1v-4h4c.6 0 1-.4 1-1s-.4-1-1-1z\"\/><\/svg>\n\t\t\t\t\t\t\t\t  <svg class=\"hfaq__iconminus\" xmlns=\"http:\/\/www.w3.org\/2000\/svg\" viewBox=\"0 0 24 24\"><path fill=\"#de3a42\" d=\"M17 11H7c-.6 0-1 .4-1 1s.4 1 1 1h10c.6 0 1-.4 1-1s-.4-1-1-1z\"\/><\/svg>\n\t\t\t\t\t\t\t\t\n\t\t\t\t\t\t\t<\/div>\n\n\t\t\t\t\t\t\t\n\t\t\t\t\t\t\t<span class=\"hfaq__text\" itemprop=\"name\">Di2 Shimano Akku \u2013 Wo ist er montiert?<\/span>\n\t\t\t\t\t\t<\/div>\n\t\t\t\t\t\t<div class=\"hfaq__answer\" itemscope itemprop=\"acceptedAnswer\" itemtype=\"http:\/\/schema.org\/Answer\">\n\t\t\t\t\t\t\t<div class=\"hfaq__answercontent\" itemprop=\"text\"><p>Der Shimano Di2 Akku f\u00fcr die Shimano XTR Di2 11 Speed 11-42 Schaltung ist beim ST2S \/ ST5 \/ ST7 im Oberrohr, unterhalb dem Omni, montiert.<\/p><div class=\"wp-block-image\"><figure class=\"aligncenter is-resized\"><img loading=\"lazy\" decoding=\"async\" class=\"wp-image-1963\" style=\"width: 500px;\" src=\"https:\/\/wp.stromer-tech.info\/wp-content\/uploads\/2025\/07\/Di2-Wo-ist-der-Akku-im-Stromer.webp\" sizes=\"auto, (max-width: 800px) 100vw, 800px\" srcset=\"https:\/\/wp.stromer-tech.info\/wp-content\/uploads\/2025\/07\/Di2-Wo-ist-der-Akku-im-Stromer.webp 800w, https:\/\/wp.stromer-tech.info\/wp-content\/uploads\/2025\/07\/Di2-Wo-ist-der-Akku-im-Stromer-300x175.webp 300w, https:\/\/wp.stromer-tech.info\/wp-content\/uploads\/2025\/07\/Di2-Wo-ist-der-Akku-im-Stromer-768x448.webp 768w, https:\/\/wp.stromer-tech.info\/wp-content\/uploads\/2025\/07\/Di2-Wo-ist-der-Akku-im-Stromer-50x29.webp 50w, https:\/\/wp.stromer-tech.info\/wp-content\/uploads\/2025\/07\/Di2-Wo-ist-der-Akku-im-Stromer-60x35.webp 60w, https:\/\/wp.stromer-tech.info\/wp-content\/uploads\/2025\/07\/Di2-Wo-ist-der-Akku-im-Stromer-100x58.webp 100w\" alt=\"\" width=\"800\" height=\"467\" \/><\/figure><\/div><\/div>\n\t\t\t\t\t\t<\/div>\n\t\t\t\t\t<\/div>\n\t\t\t\t<\/li>\n\t\t\t\t\t\t\t\t\t\t\t\t\t\t<li>\t\t\n\t\t\t\t\t<div class=\"hfaq\" data-hfaq-state=\"closed\" itemscope itemprop=\"mainEntity\" itemtype=\"http:\/\/schema.org\/Question\">\n\t\t\t\t\t\t<div class=\"hfaq__question\" id=\"stromer-faq-a-m-di2-shimano-schaltwerk-einstellung-reset-etc\">\n\n\t\t\t\t\t\t\t\n\t\t\t\t\t\t\t<div class=\"hfaq__icon\" style=\"height: 20px; width: 20px;\">\n\n\t\t\t\t\t\t\t\t\t\t\t\t\t\t\t\t  <svg class=\"hfaq__iconplus\" xmlns=\"http:\/\/www.w3.org\/2000\/svg\" viewBox=\"0 0 24 24\"><path fill=\"#de3a42\" d=\"M17 11h-4V7c0-.6-.4-1-1-1s-1 .4-1 1v4H7c-.6 0-1 .4-1 1s.4 1 1 1h4v4c0 .6.4 1 1 1s1-.4 1-1v-4h4c.6 0 1-.4 1-1s-.4-1-1-1z\"\/><\/svg>\n\t\t\t\t\t\t\t\t  <svg class=\"hfaq__iconminus\" xmlns=\"http:\/\/www.w3.org\/2000\/svg\" viewBox=\"0 0 24 24\"><path fill=\"#de3a42\" d=\"M17 11H7c-.6 0-1 .4-1 1s.4 1 1 1h10c.6 0 1-.4 1-1s-.4-1-1-1z\"\/><\/svg>\n\t\t\t\t\t\t\t\t\n\t\t\t\t\t\t\t<\/div>\n\n\t\t\t\t\t\t\t\n\t\t\t\t\t\t\t<span class=\"hfaq__text\" itemprop=\"name\">Di2 Shimano Schaltwerk \u2013 Einstellung \/ Reset etc.<\/span>\n\t\t\t\t\t\t<\/div>\n\t\t\t\t\t\t<div class=\"hfaq__answer\" itemscope itemprop=\"acceptedAnswer\" itemtype=\"http:\/\/schema.org\/Answer\">\n\t\t\t\t\t\t\t<div class=\"hfaq__answercontent\" itemprop=\"text\"><p><a href=\"https:\/\/wp.stromer-tech.info\/de\/article-categories\/shimano\/\">Siehe<\/a> SCHALTUNG \u2013 Shimano (u.a. Di2) \u2013 <em>,Di2 \u2026..<\/em><\/p><\/div>\n\t\t\t\t\t\t<\/div>\n\t\t\t\t\t<\/div>\n\t\t\t\t<\/li>\n\t\t\t\t\t\t\t\t\t\t\t\t\t\t<li>\t\t\n\t\t\t\t\t<div class=\"hfaq\" data-hfaq-state=\"closed\" itemscope itemprop=\"mainEntity\" itemtype=\"http:\/\/schema.org\/Question\">\n\t\t\t\t\t\t<div class=\"hfaq__question\" id=\"stromer-faq-a-m-diebstahlschutz-haerten-mittels-tracker-und-fahrradschloss\">\n\n\t\t\t\t\t\t\t\n\t\t\t\t\t\t\t<div class=\"hfaq__icon\" style=\"height: 20px; width: 20px;\">\n\n\t\t\t\t\t\t\t\t\t\t\t\t\t\t\t\t  <svg class=\"hfaq__iconplus\" xmlns=\"http:\/\/www.w3.org\/2000\/svg\" viewBox=\"0 0 24 24\"><path fill=\"#de3a42\" d=\"M17 11h-4V7c0-.6-.4-1-1-1s-1 .4-1 1v4H7c-.6 0-1 .4-1 1s.4 1 1 1h4v4c0 .6.4 1 1 1s1-.4 1-1v-4h4c.6 0 1-.4 1-1s-.4-1-1-1z\"\/><\/svg>\n\t\t\t\t\t\t\t\t  <svg class=\"hfaq__iconminus\" xmlns=\"http:\/\/www.w3.org\/2000\/svg\" viewBox=\"0 0 24 24\"><path fill=\"#de3a42\" d=\"M17 11H7c-.6 0-1 .4-1 1s.4 1 1 1h10c.6 0 1-.4 1-1s-.4-1-1-1z\"\/><\/svg>\n\t\t\t\t\t\t\t\t\n\t\t\t\t\t\t\t<\/div>\n\n\t\t\t\t\t\t\t\n\t\t\t\t\t\t\t<span class=\"hfaq__text\" itemprop=\"name\">Diebstahlschutz \u2013 h\u00e4rten mittels Tracker und Fahrradschloss<\/span>\n\t\t\t\t\t\t<\/div>\n\t\t\t\t\t\t<div class=\"hfaq__answer\" itemscope itemprop=\"acceptedAnswer\" itemtype=\"http:\/\/schema.org\/Answer\">\n\t\t\t\t\t\t\t<div class=\"hfaq__answercontent\" itemprop=\"text\"><!-- wp:paragraph -->\n<p><a href=\"https:\/\/wp.stromer-tech.info\/knowledge-base\/diebstahlschutz-haerten-mittels-trackern\/\">Siehe<\/a>\u00a0PIMP mySTROMER \u2013\u00a0<em>\u201aDiebstahlschutz \u2013 h\u00e4rten mittels Tracker und Fahrradschloss\u2018<\/em><\/p>\n<!-- \/wp:paragraph --><\/div>\n\t\t\t\t\t\t<\/div>\n\t\t\t\t\t<\/div>\n\t\t\t\t<\/li>\n\t\t\t\t\t\t\t\t\t\t\t\t\t\t<li>\t\t\n\t\t\t\t\t<div class=\"hfaq\" data-hfaq-state=\"closed\" itemscope itemprop=\"mainEntity\" itemtype=\"http:\/\/schema.org\/Question\">\n\t\t\t\t\t\t<div class=\"hfaq__question\" id=\"stromer-faq-a-m-diebstahlschutz-nachtraeglich-aktivieren\">\n\n\t\t\t\t\t\t\t\n\t\t\t\t\t\t\t<div class=\"hfaq__icon\" style=\"height: 20px; width: 20px;\">\n\n\t\t\t\t\t\t\t\t\t\t\t\t\t\t\t\t  <svg class=\"hfaq__iconplus\" xmlns=\"http:\/\/www.w3.org\/2000\/svg\" viewBox=\"0 0 24 24\"><path fill=\"#de3a42\" d=\"M17 11h-4V7c0-.6-.4-1-1-1s-1 .4-1 1v4H7c-.6 0-1 .4-1 1s.4 1 1 1h4v4c0 .6.4 1 1 1s1-.4 1-1v-4h4c.6 0 1-.4 1-1s-.4-1-1-1z\"\/><\/svg>\n\t\t\t\t\t\t\t\t  <svg class=\"hfaq__iconminus\" xmlns=\"http:\/\/www.w3.org\/2000\/svg\" viewBox=\"0 0 24 24\"><path fill=\"#de3a42\" d=\"M17 11H7c-.6 0-1 .4-1 1s.4 1 1 1h10c.6 0 1-.4 1-1s-.4-1-1-1z\"\/><\/svg>\n\t\t\t\t\t\t\t\t\n\t\t\t\t\t\t\t<\/div>\n\n\t\t\t\t\t\t\t\n\t\t\t\t\t\t\t<span class=\"hfaq__text\" itemprop=\"name\">Diebstahlschutz \u2013 (nachtr\u00e4glich) aktivieren?<\/span>\n\t\t\t\t\t\t<\/div>\n\t\t\t\t\t\t<div class=\"hfaq__answer\" itemscope itemprop=\"acceptedAnswer\" itemtype=\"http:\/\/schema.org\/Answer\">\n\t\t\t\t\t\t\t<div class=\"hfaq__answercontent\" itemprop=\"text\"><p id=\"fccfe982-178a-4d06-a34d-597d57c6eff9\">Der Diebstahlschutz wird automatisch aktiviert, wenn dein Stromer eingeschaltet ist und im gesperrten Zustand bewegt wird.<\/p><ul class=\"wp-block-list\"><li>Gleichzeitig wird die Motorbremse aktiviert, so dass ein Wegschieben des Stromers massiv erschwert wird.<\/li><li>Die Position des gestohlenen Fahrzeuges wird bei bestehender Mobilfunknetzverbindung aufgezeichnet.<\/li><li>Der Scheinwerfer blinkt.<\/li><li>Du erh\u00e4ltst eine SMS auf die bei der Aktivierung registrierte Mobilfunknummer oder eine Meldung per E-Mail.<\/li><\/ul><p class=\"wp-block-ht-blocks-messages wp-block-hb-message wp-block-hb-message--withicon is-style-alert\">Der Diebstahlmodus verbraucht kontinuierlich Strom. Er ist solange wirksam wie sich der Akku im Bike befindet und eine minimale Restladung hat. Bei vollem Akku ist dieser mit aktiviertem Diebstahlschutz nach etwa 10 Tagen leer.<\/p><p>Der Diebstahlmodus wurde entwickelt um den Stromer f\u00fcr k\u00fcrzere Zeit abzustellen, beispielsweise w\u00e4hrend dem Einkaufen. Er eignet sich nicht dazu diesen \u00fcber l\u00e4ngere Zeit zu \u00fcberwachen. Bei l\u00e4ngeren Standzeiten sollte der Stromer ausgeschaltet und mit einem\u00a0<a style=\"box-sizing: border-box; color: #0073aa; transition-property: border, background, color; transition-duration: 0.05s; transition-timing-function: ease-in-out; outline: 0px;\" href=\"https:\/\/wp.stromer-tech.info\/knowledge-base\/fahrradschloss\/\" target=\"_blank\" rel=\"noreferrer noopener\">Schloss\u00a0<\/a>gesichert werden.<\/p><p>Der Diebstahlschutz wird nicht aktiviert, wenn der Stromer retour geschoben, nur \u00fcber das Vorderrad bewegt, weggetragen oder abtransportiert wird.<\/p><p>Er kann in der Omni App manuell auf zwei Arten aktiviert werden:<\/p><ul class=\"wp-block-list\"><li>Scrolle auf der Startseite der Omni App zur Karte ganz unten und tippe auf das Fahrradsymbol. Im neuen Fenster tippe erneut auf das Fahhradsymbol. Oben rechts siehst du nun das Symbol (2) \u201eRote Hand mit Schloss\u201c. Tippe darauf und aktiviere im folgenden Fenster den Diebstahlschutz.<\/li><li>Die zweite M\u00f6glichkeit findet sich im Men\u00fc \u201eKonfiguration\u201c. Siehe Bilder unten.<\/li><\/ul><div class=\"wp-block-image\"><figure class=\"aligncenter is-resized\"><img loading=\"lazy\" decoding=\"async\" class=\"wp-image-1972\" style=\"width: 300px;\" src=\"https:\/\/wp.stromer-tech.info\/wp-content\/uploads\/2025\/07\/Stromer_Diebstahlschutz_aktivieren-475x1024.webp\" sizes=\"auto, (max-width: 475px) 100vw, 475px\" srcset=\"https:\/\/wp.stromer-tech.info\/wp-content\/uploads\/2025\/07\/Stromer_Diebstahlschutz_aktivieren-475x1024.webp 475w, https:\/\/wp.stromer-tech.info\/wp-content\/uploads\/2025\/07\/Stromer_Diebstahlschutz_aktivieren-139x300.webp 139w, https:\/\/wp.stromer-tech.info\/wp-content\/uploads\/2025\/07\/Stromer_Diebstahlschutz_aktivieren-768x1657.webp 768w, https:\/\/wp.stromer-tech.info\/wp-content\/uploads\/2025\/07\/Stromer_Diebstahlschutz_aktivieren-23x50.webp 23w, https:\/\/wp.stromer-tech.info\/wp-content\/uploads\/2025\/07\/Stromer_Diebstahlschutz_aktivieren-712x1536.webp 712w, https:\/\/wp.stromer-tech.info\/wp-content\/uploads\/2025\/07\/Stromer_Diebstahlschutz_aktivieren-28x60.webp 28w, https:\/\/wp.stromer-tech.info\/wp-content\/uploads\/2025\/07\/Stromer_Diebstahlschutz_aktivieren-46x100.webp 46w, https:\/\/wp.stromer-tech.info\/wp-content\/uploads\/2025\/07\/Stromer_Diebstahlschutz_aktivieren.webp 831w\" alt=\"\" width=\"475\" height=\"1024\" \/><\/figure><\/div><p><span style=\"box-sizing: border-box; font-weight: 600;\">Frage:<\/span><br style=\"box-sizing: border-box;\" \/>Kann ich den Diebstahlmodus auch aktivieren wenn der Akku nicht eingelegt ist?<\/p><p><span style=\"box-sizing: border-box; font-weight: 600;\">Antwort:<\/span><br style=\"box-sizing: border-box;\" \/>Ja, aktiviere den Diebstahlmodus in der Omni App im Konfigurationsmen\u00fc. Sobald im gestohlenen Stromer ein Akku eingelegt wird sollte die Position in der Kartenansicht sichtbar sein.<\/p><div class=\"wp-block-image\"><figure class=\"aligncenter is-resized\"><img loading=\"lazy\" decoding=\"async\" class=\"wp-image-1973\" style=\"width: 600px;\" src=\"https:\/\/wp.stromer-tech.info\/wp-content\/uploads\/2025\/07\/Stromer-Diebstahschutz-aktivieren-1024x804.webp\" sizes=\"auto, (max-width: 1024px) 100vw, 1024px\" srcset=\"https:\/\/wp.stromer-tech.info\/wp-content\/uploads\/2025\/07\/Stromer-Diebstahschutz-aktivieren-1024x804.webp 1024w, https:\/\/wp.stromer-tech.info\/wp-content\/uploads\/2025\/07\/Stromer-Diebstahschutz-aktivieren-300x236.webp 300w, https:\/\/wp.stromer-tech.info\/wp-content\/uploads\/2025\/07\/Stromer-Diebstahschutz-aktivieren-768x603.webp 768w, https:\/\/wp.stromer-tech.info\/wp-content\/uploads\/2025\/07\/Stromer-Diebstahschutz-aktivieren-50x39.webp 50w, https:\/\/wp.stromer-tech.info\/wp-content\/uploads\/2025\/07\/Stromer-Diebstahschutz-aktivieren-60x47.webp 60w, https:\/\/wp.stromer-tech.info\/wp-content\/uploads\/2025\/07\/Stromer-Diebstahschutz-aktivieren-100x79.webp 100w, https:\/\/wp.stromer-tech.info\/wp-content\/uploads\/2025\/07\/Stromer-Diebstahschutz-aktivieren.webp 1080w\" alt=\"\" width=\"1024\" height=\"804\" \/><\/figure><\/div><div class=\"wp-block-image\"><figure class=\"aligncenter is-resized\"><img loading=\"lazy\" decoding=\"async\" class=\"wp-image-1974\" style=\"width: 600px;\" src=\"https:\/\/wp.stromer-tech.info\/wp-content\/uploads\/2025\/07\/Stromer-Diebstahschutz-aktivieren-b-1024x832.webp\" sizes=\"auto, (max-width: 1024px) 100vw, 1024px\" srcset=\"https:\/\/wp.stromer-tech.info\/wp-content\/uploads\/2025\/07\/Stromer-Diebstahschutz-aktivieren-b-1024x832.webp 1024w, https:\/\/wp.stromer-tech.info\/wp-content\/uploads\/2025\/07\/Stromer-Diebstahschutz-aktivieren-b-300x244.webp 300w, https:\/\/wp.stromer-tech.info\/wp-content\/uploads\/2025\/07\/Stromer-Diebstahschutz-aktivieren-b-768x624.webp 768w, https:\/\/wp.stromer-tech.info\/wp-content\/uploads\/2025\/07\/Stromer-Diebstahschutz-aktivieren-b-50x41.webp 50w, https:\/\/wp.stromer-tech.info\/wp-content\/uploads\/2025\/07\/Stromer-Diebstahschutz-aktivieren-b-60x49.webp 60w, https:\/\/wp.stromer-tech.info\/wp-content\/uploads\/2025\/07\/Stromer-Diebstahschutz-aktivieren-b-100x81.webp 100w, https:\/\/wp.stromer-tech.info\/wp-content\/uploads\/2025\/07\/Stromer-Diebstahschutz-aktivieren-b.webp 1080w\" alt=\"\" width=\"1024\" height=\"832\" \/><\/figure><\/div><\/div>\n\t\t\t\t\t\t<\/div>\n\t\t\t\t\t<\/div>\n\t\t\t\t<\/li>\n\t\t\t\t\t\t\t\t\t\t\t\t\t\t<li>\t\t\n\t\t\t\t\t<div class=\"hfaq\" data-hfaq-state=\"closed\" itemscope itemprop=\"mainEntity\" itemtype=\"http:\/\/schema.org\/Question\">\n\t\t\t\t\t\t<div class=\"hfaq__question\" id=\"stromer-faq-a-m-display-weiss-streifen-rauschen-eingabe-verschoben\">\n\n\t\t\t\t\t\t\t\n\t\t\t\t\t\t\t<div class=\"hfaq__icon\" style=\"height: 20px; width: 20px;\">\n\n\t\t\t\t\t\t\t\t\t\t\t\t\t\t\t\t  <svg class=\"hfaq__iconplus\" xmlns=\"http:\/\/www.w3.org\/2000\/svg\" viewBox=\"0 0 24 24\"><path fill=\"#de3a42\" d=\"M17 11h-4V7c0-.6-.4-1-1-1s-1 .4-1 1v4H7c-.6 0-1 .4-1 1s.4 1 1 1h4v4c0 .6.4 1 1 1s1-.4 1-1v-4h4c.6 0 1-.4 1-1s-.4-1-1-1z\"\/><\/svg>\n\t\t\t\t\t\t\t\t  <svg class=\"hfaq__iconminus\" xmlns=\"http:\/\/www.w3.org\/2000\/svg\" viewBox=\"0 0 24 24\"><path fill=\"#de3a42\" d=\"M17 11H7c-.6 0-1 .4-1 1s.4 1 1 1h10c.6 0 1-.4 1-1s-.4-1-1-1z\"\/><\/svg>\n\t\t\t\t\t\t\t\t\n\t\t\t\t\t\t\t<\/div>\n\n\t\t\t\t\t\t\t\n\t\t\t\t\t\t\t<span class=\"hfaq__text\" itemprop=\"name\">Display \u2013 Weiss, Streifen, Rauschen, Eingabe verschoben\u2026<\/span>\n\t\t\t\t\t\t<\/div>\n\t\t\t\t\t\t<div class=\"hfaq__answer\" itemscope itemprop=\"acceptedAnswer\" itemtype=\"http:\/\/schema.org\/Answer\">\n\t\t\t\t\t\t\t<div class=\"hfaq__answercontent\" itemprop=\"text\"><!-- wp:paragraph -->\n<p><a href=\"https:\/\/wp.stromer-tech.info\/knowledge-base\/probleme-mit-dem-display\/\">Siehe<\/a>\u00a0OMNI \u2013\u00a0<em>\u201aProbleme mit dem Display\u2018<\/em><\/p>\n<!-- \/wp:paragraph --><\/div>\n\t\t\t\t\t\t<\/div>\n\t\t\t\t\t<\/div>\n\t\t\t\t<\/li>\n\t\t\t\t\t\t\t\t\t\t\t\t\t\t<li>\t\t\n\t\t\t\t\t<div class=\"hfaq\" data-hfaq-state=\"closed\" itemscope itemprop=\"mainEntity\" itemtype=\"http:\/\/schema.org\/Question\">\n\t\t\t\t\t\t<div class=\"hfaq__question\" id=\"stromer-faq-a-m-drehmomente-anzugsmomente\">\n\n\t\t\t\t\t\t\t\n\t\t\t\t\t\t\t<div class=\"hfaq__icon\" style=\"height: 20px; width: 20px;\">\n\n\t\t\t\t\t\t\t\t\t\t\t\t\t\t\t\t  <svg class=\"hfaq__iconplus\" xmlns=\"http:\/\/www.w3.org\/2000\/svg\" viewBox=\"0 0 24 24\"><path fill=\"#de3a42\" d=\"M17 11h-4V7c0-.6-.4-1-1-1s-1 .4-1 1v4H7c-.6 0-1 .4-1 1s.4 1 1 1h4v4c0 .6.4 1 1 1s1-.4 1-1v-4h4c.6 0 1-.4 1-1s-.4-1-1-1z\"\/><\/svg>\n\t\t\t\t\t\t\t\t  <svg class=\"hfaq__iconminus\" xmlns=\"http:\/\/www.w3.org\/2000\/svg\" viewBox=\"0 0 24 24\"><path fill=\"#de3a42\" d=\"M17 11H7c-.6 0-1 .4-1 1s.4 1 1 1h10c.6 0 1-.4 1-1s-.4-1-1-1z\"\/><\/svg>\n\t\t\t\t\t\t\t\t\n\t\t\t\t\t\t\t<\/div>\n\n\t\t\t\t\t\t\t\n\t\t\t\t\t\t\t<span class=\"hfaq__text\" itemprop=\"name\">Drehmomente \/ Anzugsmomente<\/span>\n\t\t\t\t\t\t<\/div>\n\t\t\t\t\t\t<div class=\"hfaq__answer\" itemscope itemprop=\"acceptedAnswer\" itemtype=\"http:\/\/schema.org\/Answer\">\n\t\t\t\t\t\t\t<div class=\"hfaq__answercontent\" itemprop=\"text\"><p id=\"7ffa02c0-50aa-40b2-a321-c58038cdda62\" class=\"wp-block-paragraph\">Die Stromer S-Pedelecs sind wie alle Bikes mit diversen mechanischen Schraubverbindungen versehen. Von der Sattelst\u00fctze \u00fcber das Lenkkopflager bis zur Befestigungen der Schutzbleche gelten spezifische Drehmomentangaben mit denen diese zu befestigen sind.<\/p><p id=\"18eaf7cc-5eaf-4448-ba65-a14c934f5f69\" class=\"wp-block-paragraph\">Die neuen <a href=\"https:\/\/www.stromerbike.com\/de\/support\/manuals\">Bedienungsanleitungen<\/a> enthalten nur noch die Drehmomentangaben f\u00fcr Elemente an denen der Kunde selber arbeiten kann. <a href=\"https:\/\/assets.ctfassets.net\/10la3nlst4r0\/3yiJiTrafjbRuGFyZYxR0C\/59ab3d0f220c59b60e7a9e20ddb7ec75\/stromer-st1-st2-st3-st5-de.pdf\">Hier<\/a> noch eine Version die fast alle Drehmomente beinhaltet.<\/p><p id=\"18eaf7cc-5eaf-4448-ba65-a14c934f5f69\" class=\"wp-block-paragraph\"><strong>Hinterradsteckachse \/ Sensorplatte<\/strong>: F\u00fcr die korrekte Funktion des Stromer-Antriebs sind die Drehmomente der Hinterradsteckachse und der TMM-Sensorplatte essentiell. Stimmt hier etwas nicht macht sich dies sofort in der Unterst\u00fctzung bemerkbar.<\/p><p class=\"wp-block-ht-blocks-messages wp-block-hb-message wp-block-hb-message--withicon is-style-info wp-block-paragraph\"><a href=\"https:\/\/wp.stromer-tech.info\/de\/knowledge-base\/drehmomente-hinterrad-achse-und-tmm-sensor\/\">Drehmoment-Tabelle der Hinterrad-Achse und TMM-Sensor<\/a><br \/><br \/>Vereinzelt sind Drehmomentangaben auch auf dem Kopf der Achse aufgedruckt.<br \/><br \/>Wird ein neuer Drehmomentsensortyp eingebaut, kann danach das Drehmoment f\u00fcr die Steckachse oder die Sensorplatte vom alten Vorgabewert abweichen.<\/p><p class=\"wp-block-paragraph\"><strong>Probleme: <\/strong>Die Vorgehensweise bei Problemen mit der Unterst\u00fctung habe ich in der Checkliste <a href=\"https:\/\/drive.google.com\/file\/d\/1naYo0a_mNZO-NUHpkPWU_jcWuVLjWdg7\/view\">\u201aUnterst\u00fctzungsprobleme l\u00f6sen\u2018 <\/a>zusammengefasst.<\/p><p class=\"wp-block-paragraph\">\u00a0<\/p><\/div>\n\t\t\t\t\t\t<\/div>\n\t\t\t\t\t<\/div>\n\t\t\t\t<\/li>\n\t\t\t\t\t\t\t\t\t\t\t\t\t\t<li>\t\t\n\t\t\t\t\t<div class=\"hfaq\" data-hfaq-state=\"closed\" itemscope itemprop=\"mainEntity\" itemtype=\"http:\/\/schema.org\/Question\">\n\t\t\t\t\t\t<div class=\"hfaq__question\" id=\"stromer-faq-a-m-energieverbrauch-in-wh-km-ein-oder-zweistellig\">\n\n\t\t\t\t\t\t\t\n\t\t\t\t\t\t\t<div class=\"hfaq__icon\" style=\"height: 20px; width: 20px;\">\n\n\t\t\t\t\t\t\t\t\t\t\t\t\t\t\t\t  <svg class=\"hfaq__iconplus\" xmlns=\"http:\/\/www.w3.org\/2000\/svg\" viewBox=\"0 0 24 24\"><path fill=\"#de3a42\" d=\"M17 11h-4V7c0-.6-.4-1-1-1s-1 .4-1 1v4H7c-.6 0-1 .4-1 1s.4 1 1 1h4v4c0 .6.4 1 1 1s1-.4 1-1v-4h4c.6 0 1-.4 1-1s-.4-1-1-1z\"\/><\/svg>\n\t\t\t\t\t\t\t\t  <svg class=\"hfaq__iconminus\" xmlns=\"http:\/\/www.w3.org\/2000\/svg\" viewBox=\"0 0 24 24\"><path fill=\"#de3a42\" d=\"M17 11H7c-.6 0-1 .4-1 1s.4 1 1 1h10c.6 0 1-.4 1-1s-.4-1-1-1z\"\/><\/svg>\n\t\t\t\t\t\t\t\t\n\t\t\t\t\t\t\t<\/div>\n\n\t\t\t\t\t\t\t\n\t\t\t\t\t\t\t<span class=\"hfaq__text\" itemprop=\"name\">Energieverbrauch in Wh\/km \u2013 ein- oder zweistellig?<\/span>\n\t\t\t\t\t\t<\/div>\n\t\t\t\t\t\t<div class=\"hfaq__answer\" itemscope itemprop=\"acceptedAnswer\" itemtype=\"http:\/\/schema.org\/Answer\">\n\t\t\t\t\t\t\t<div class=\"hfaq__answercontent\" itemprop=\"text\"><!-- wp:paragraph -->\n<p>Die kurze Antwort: Meist 2-stellig!<\/p>\n<!-- \/wp:paragraph -->\n\n<!-- wp:paragraph -->\n<p><a href=\"https:\/\/wp.stromer-tech.info\/knowledge-base\/energieverbrauch-in-wh-km\/\">Siehe<\/a>&nbsp;REICHWEITE \u2013&nbsp;<em>\u201aEnergieverbrauch in Wh\/km\u2018<\/em><\/p>\n<!-- \/wp:paragraph --><\/div>\n\t\t\t\t\t\t<\/div>\n\t\t\t\t\t<\/div>\n\t\t\t\t<\/li>\n\t\t\t\t\t\t\t\t\t\t\t\t\t\t<li>\t\t\n\t\t\t\t\t<div class=\"hfaq\" data-hfaq-state=\"closed\" itemscope itemprop=\"mainEntity\" itemtype=\"http:\/\/schema.org\/Question\">\n\t\t\t\t\t\t<div class=\"hfaq__question\" id=\"stromer-faq-a-m-ersatzteile-reparatur-was-kann-an-einem-stromer-repariert-werden\">\n\n\t\t\t\t\t\t\t\n\t\t\t\t\t\t\t<div class=\"hfaq__icon\" style=\"height: 20px; width: 20px;\">\n\n\t\t\t\t\t\t\t\t\t\t\t\t\t\t\t\t  <svg class=\"hfaq__iconplus\" xmlns=\"http:\/\/www.w3.org\/2000\/svg\" viewBox=\"0 0 24 24\"><path fill=\"#de3a42\" d=\"M17 11h-4V7c0-.6-.4-1-1-1s-1 .4-1 1v4H7c-.6 0-1 .4-1 1s.4 1 1 1h4v4c0 .6.4 1 1 1s1-.4 1-1v-4h4c.6 0 1-.4 1-1s-.4-1-1-1z\"\/><\/svg>\n\t\t\t\t\t\t\t\t  <svg class=\"hfaq__iconminus\" xmlns=\"http:\/\/www.w3.org\/2000\/svg\" viewBox=\"0 0 24 24\"><path fill=\"#de3a42\" d=\"M17 11H7c-.6 0-1 .4-1 1s.4 1 1 1h10c.6 0 1-.4 1-1s-.4-1-1-1z\"\/><\/svg>\n\t\t\t\t\t\t\t\t\n\t\t\t\t\t\t\t<\/div>\n\n\t\t\t\t\t\t\t\n\t\t\t\t\t\t\t<span class=\"hfaq__text\" itemprop=\"name\">Ersatzteile \/ Reparatur \u2013 Was kann an einem Stromer repariert werden?<\/span>\n\t\t\t\t\t\t<\/div>\n\t\t\t\t\t\t<div class=\"hfaq__answer\" itemscope itemprop=\"acceptedAnswer\" itemtype=\"http:\/\/schema.org\/Answer\">\n\t\t\t\t\t\t\t<div class=\"hfaq__answercontent\" itemprop=\"text\"><p id=\"22a78cc3-d6a6-4580-bfb2-01089eb9ff47\">Die myStromer AGs stellt ihre S-Pedelecs nicht selber her sondern l\u00e4sst die einzelnen Komponenten von Zulieferer, meist in einer f\u00fcr Stromer spezifizierten Art, herstellen. Ersatzteile k\u00f6nnen deshalb \u2013 mit wenigen Ausnahmen \u2013 nicht fremd am Markt eingekauft werden. Ausnahmen sind einzelne Verschleissteile wie die Kette, der Riemen, die Bremsbel\u00e4ge oder Teile wo es Alternativen gibt, wie z.B. bei den Bremsscheiben oder dem R\u00fcckspiegel.<\/p><p id=\"93198659-8c88-4a69-a590-c1c1aa6225c9\">Stromer repariert keine Komponenten oder Teile. Es werden ausschliesslich neue Komponenten oder Teile verkauft. Auf der myStromer-Webseite im Bereich\u00a0<a href=\"https:\/\/www.stromerbike.com\/de\/haendler\/flagship-store\" target=\"_blank\" rel=\"noreferrer noopener\">haendler\/flagship-store<\/a>\u00a0gibt es Occasionsangebote von Bikes und manchmal auch Akkus.<\/p><p id=\"016eab81-2a01-4569-be2e-d5005838a04e\">Die\u00a0<a href=\"https:\/\/drive.google.com\/file\/d\/1B3e1IytvcKF6QJw1gaFphUNhRZPkGLGB\/view\" target=\"_blank\" rel=\"noreferrer noopener\">Tabelle hier<\/a>\u00a0ist eine \u00dcbersicht, welche Teile \/ Komponenten als DIY reparierbar bzw. als Verschleiss- oder Ersatzteil erh\u00e4ltlich sind.<\/p><div class=\"wp-block-image\"><figure class=\"aligncenter is-resized\"><img loading=\"lazy\" decoding=\"async\" class=\"wp-image-4705\" style=\"width: 500px;\" src=\"https:\/\/wp.stromer-tech.info\/wp-content\/uploads\/2025\/07\/Stromer-S-Ped_Raparatur-Austausch-Komponenten-903x1024.jpg\" sizes=\"auto, (max-width: 903px) 100vw, 903px\" srcset=\"https:\/\/wp.stromer-tech.info\/wp-content\/uploads\/2025\/07\/Stromer-S-Ped_Raparatur-Austausch-Komponenten-903x1024.jpg 903w, https:\/\/wp.stromer-tech.info\/wp-content\/uploads\/2025\/07\/Stromer-S-Ped_Raparatur-Austausch-Komponenten-265x300.jpg 265w, https:\/\/wp.stromer-tech.info\/wp-content\/uploads\/2025\/07\/Stromer-S-Ped_Raparatur-Austausch-Komponenten-768x871.jpg 768w, https:\/\/wp.stromer-tech.info\/wp-content\/uploads\/2025\/07\/Stromer-S-Ped_Raparatur-Austausch-Komponenten-44x50.jpg 44w, https:\/\/wp.stromer-tech.info\/wp-content\/uploads\/2025\/07\/Stromer-S-Ped_Raparatur-Austausch-Komponenten-1354x1536.jpg 1354w, https:\/\/wp.stromer-tech.info\/wp-content\/uploads\/2025\/07\/Stromer-S-Ped_Raparatur-Austausch-Komponenten-11x12.jpg 11w, https:\/\/wp.stromer-tech.info\/wp-content\/uploads\/2025\/07\/Stromer-S-Ped_Raparatur-Austausch-Komponenten-53x60.jpg 53w, https:\/\/wp.stromer-tech.info\/wp-content\/uploads\/2025\/07\/Stromer-S-Ped_Raparatur-Austausch-Komponenten-88x100.jpg 88w, https:\/\/wp.stromer-tech.info\/wp-content\/uploads\/2025\/07\/Stromer-S-Ped_Raparatur-Austausch-Komponenten.jpg 1521w\" alt=\"\" width=\"903\" height=\"1024\" \/><\/figure><\/div><\/div>\n\t\t\t\t\t\t<\/div>\n\t\t\t\t\t<\/div>\n\t\t\t\t<\/li>\n\t\t\t\t\t\t\t\t\t\t\t\t\t\t<li>\t\t\n\t\t\t\t\t<div class=\"hfaq\" data-hfaq-state=\"closed\" itemscope itemprop=\"mainEntity\" itemtype=\"http:\/\/schema.org\/Question\">\n\t\t\t\t\t\t<div class=\"hfaq__question\" id=\"stromer-faq-a-m-ersatzteile-wo-bekomme-ich-die-originale\">\n\n\t\t\t\t\t\t\t\n\t\t\t\t\t\t\t<div class=\"hfaq__icon\" style=\"height: 20px; width: 20px;\">\n\n\t\t\t\t\t\t\t\t\t\t\t\t\t\t\t\t  <svg class=\"hfaq__iconplus\" xmlns=\"http:\/\/www.w3.org\/2000\/svg\" viewBox=\"0 0 24 24\"><path fill=\"#de3a42\" d=\"M17 11h-4V7c0-.6-.4-1-1-1s-1 .4-1 1v4H7c-.6 0-1 .4-1 1s.4 1 1 1h4v4c0 .6.4 1 1 1s1-.4 1-1v-4h4c.6 0 1-.4 1-1s-.4-1-1-1z\"\/><\/svg>\n\t\t\t\t\t\t\t\t  <svg class=\"hfaq__iconminus\" xmlns=\"http:\/\/www.w3.org\/2000\/svg\" viewBox=\"0 0 24 24\"><path fill=\"#de3a42\" d=\"M17 11H7c-.6 0-1 .4-1 1s.4 1 1 1h10c.6 0 1-.4 1-1s-.4-1-1-1z\"\/><\/svg>\n\t\t\t\t\t\t\t\t\n\t\t\t\t\t\t\t<\/div>\n\n\t\t\t\t\t\t\t\n\t\t\t\t\t\t\t<span class=\"hfaq__text\" itemprop=\"name\">Ersatzteile \u2013 Wo bekomme ich die Originale?<\/span>\n\t\t\t\t\t\t<\/div>\n\t\t\t\t\t\t<div class=\"hfaq__answer\" itemscope itemprop=\"acceptedAnswer\" itemtype=\"http:\/\/schema.org\/Answer\">\n\t\t\t\t\t\t\t<div class=\"hfaq__answercontent\" itemprop=\"text\"><!-- wp:heading {\"level\":3} -->\n<h3 class=\"wp-block-heading\">Situation<\/h3>\n<!-- \/wp:heading -->\n\n<!-- wp:paragraph -->\n<p>Die myStromer AG verkauft keine Ersatzteile.<\/p>\n<!-- \/wp:paragraph -->\n\n<!-- wp:paragraph -->\n<p>F\u00fcr Reparaturen, den Service und auch die Haltung von g\u00e4ngigen Ersatzteilen ist der jeweilige Stromer Fachh\u00e4ndler zust\u00e4ndig. Einzelne H\u00e4ndler verkaufen diese auch an Endkunden.<\/p>\n<!-- \/wp:paragraph -->\n\n<!-- wp:paragraph -->\n<p>Der Stromerh\u00e4ndler kann alle Originalersatzteile bei der myStromer AG beziehen, vorausgesetzt sie sind an Lager. Weiter bietet Stromer im Serviceportal f\u00fcr H\u00e4ndler auch&nbsp;<a href=\"https:\/\/wp.stromer-tech.info\/de\/knowledge-base\/status-warn-und-fehlermeldungen-analysieren\/\">Fehlerflussdiagramme<\/a>&nbsp;an, welche bei der Fehlersuche helfen.<\/p>\n<!-- \/wp:paragraph -->\n\n<!-- wp:paragraph -->\n<p>Auf der myStromer-Webseite&nbsp;<a href=\"https:\/\/www.stromerbike.com\/de\/haendler\/flagship-store\" target=\"_blank\" rel=\"noreferrer noopener\">haendler0\/flagship-store<\/a>&nbsp;gibt es unter \u201aOccasion-Verkauf\u2019 manchmal Stromermodelle und auch Akkus zu reduzierten Preisen.<\/p>\n<!-- \/wp:paragraph -->\n\n<!-- wp:heading {\"level\":3} -->\n<h3 class=\"wp-block-heading\">Online-Shops<\/h3>\n<!-- \/wp:heading -->\n\n<!-- wp:paragraph -->\n<p>Einen gut sortierten&nbsp;<a href=\"https:\/\/shop.stromer-bike.de\">Online-Shop<\/a>&nbsp;f\u00fcr Stromer-Ersatzteile f\u00fchrt der deutsche Stromerh\u00e4ndler&nbsp;<a href=\"https:\/\/stromer-bike.de\/\">stromer-bike.de<\/a>.<\/p>\n<!-- \/wp:paragraph -->\n\n<!-- wp:image {\"lightbox\":{\"enabled\":false},\"id\":12295,\"width\":\"300px\",\"height\":\"auto\",\"aspectRatio\":\"2.857315233785822\",\"sizeSlug\":\"full\",\"linkDestination\":\"custom\"} -->\n<figure class=\"wp-block-image size-full is-resized\"><a href=\"https:\/\/shop.stromer-bike.de\"><img loading=\"lazy\" decoding=\"async\" width=\"560\" height=\"196\" src=\"https:\/\/wp.stromer-tech.info\/wp-content\/uploads\/2026\/07\/IMG_0436.webp\" alt=\"\" class=\"wp-image-12295\" style=\"aspect-ratio:2.857315233785822;width:300px;height:auto\" srcset=\"https:\/\/wp.stromer-tech.info\/wp-content\/uploads\/2026\/07\/IMG_0436.webp 560w, https:\/\/wp.stromer-tech.info\/wp-content\/uploads\/2026\/07\/IMG_0436-300x105.webp 300w, https:\/\/wp.stromer-tech.info\/wp-content\/uploads\/2026\/07\/IMG_0436-50x18.webp 50w, https:\/\/wp.stromer-tech.info\/wp-content\/uploads\/2026\/07\/IMG_0436-18x6.webp 18w, https:\/\/wp.stromer-tech.info\/wp-content\/uploads\/2026\/07\/IMG_0436-60x21.webp 60w, https:\/\/wp.stromer-tech.info\/wp-content\/uploads\/2026\/07\/IMG_0436-100x35.webp 100w\" sizes=\"auto, (max-width: 560px) 100vw, 560px\" \/><\/a><\/figure>\n<!-- \/wp:image -->\n\n<!-- wp:paragraph -->\n<p>Tel. +49 6078 7586766 | MO &#8211; FR 8:00 &#8211; 16:30 Uhr<br><a href=\"mailto:mail@stromerbike-shop.de\">mail@stromerbike-shop.de<\/a><br><a href=\"https:\/\/shop.stromer-bike.de\/pages\/contact\">Online-Kontaktformular<\/a><\/p>\n<!-- \/wp:paragraph -->\n\n<!-- wp:separator -->\n<hr class=\"wp-block-separator has-alpha-channel-opacity\"\/>\n<!-- \/wp:separator -->\n\n<!-- wp:paragraph -->\n<p>In den Niederlanden gibt es den Stromerh\u00e4ndler <a href=\"https:\/\/riesewijkexclusives.nl\/\">RIESEWIJK<\/a>. Auch dieser bietet Stromer-Originalteile in seinem <a href=\"https:\/\/riesewijkexclusives.nl\/categories\/stromer-onderdelen\">Shop<\/a>&nbsp;an.<\/p>\n<!-- \/wp:paragraph -->\n\n<!-- wp:image {\"lightbox\":{\"enabled\":false},\"id\":4710,\"width\":\"300px\",\"linkDestination\":\"custom\",\"className\":\"wp-block-image is-resized size-full\"} -->\n<figure class=\"wp-block-image is-resized size-full\"><a href=\"https:\/\/riesewijkexclusives.nl\/\"><img loading=\"lazy\" decoding=\"async\" width=\"300\" height=\"66\" src=\"https:\/\/wp.stromer-tech.info\/wp-content\/uploads\/2025\/07\/Logo-Riesewjik.webp\" alt=\"\" class=\"wp-image-4710\" style=\"width:300px\" srcset=\"https:\/\/wp.stromer-tech.info\/wp-content\/uploads\/2025\/07\/Logo-Riesewjik.webp 300w, https:\/\/wp.stromer-tech.info\/wp-content\/uploads\/2025\/07\/Logo-Riesewjik-50x11.webp 50w, https:\/\/wp.stromer-tech.info\/wp-content\/uploads\/2025\/07\/Logo-Riesewjik-18x4.webp 18w, https:\/\/wp.stromer-tech.info\/wp-content\/uploads\/2025\/07\/Logo-Riesewjik-60x13.webp 60w, https:\/\/wp.stromer-tech.info\/wp-content\/uploads\/2025\/07\/Logo-Riesewjik-100x22.webp 100w\" sizes=\"auto, (max-width: 300px) 100vw, 300px\" \/><\/a><\/figure>\n<!-- \/wp:image -->\n\n<!-- wp:paragraph -->\n<p>Tel. 0570-234134&nbsp;| Di \u2013 Fr: 8:30 \u2013 17:30 Uhr \/ Sa 8:30 \u2013 16:30 Uhr<br><a href=\"mailto:info@riesewijkexclusives.nl\">info@riesewijkexclusives.nl<\/a><\/p>\n<!-- \/wp:paragraph -->\n\n<!-- wp:separator -->\n<hr class=\"wp-block-separator has-alpha-channel-opacity\"\/>\n<!-- \/wp:separator -->\n\n<!-- wp:paragraph -->\n<p>In Kanada gibt es den Stromerh\u00e4ndler <a href=\"https:\/\/riesewijkexclusives.nl\/\">Amego<\/a>. Auch dieser bietet Stromer-Originalteile in seinem <a href=\"https:\/\/www.amegoev.com\/collections\/stromer-electric-bike-parts\">Shop<\/a>&nbsp;an<\/p>\n<!-- \/wp:paragraph -->\n\n<!-- wp:image {\"lightbox\":{\"enabled\":false},\"id\":4709,\"width\":\"300px\",\"linkDestination\":\"custom\",\"className\":\"wp-block-image is-resized size-full\"} -->\n<figure class=\"wp-block-image is-resized size-full\"><a href=\"https:\/\/www.amegoev.com\/\"><img loading=\"lazy\" decoding=\"async\" width=\"300\" height=\"128\" src=\"https:\/\/wp.stromer-tech.info\/wp-content\/uploads\/2025\/07\/Logo-Amego.webp\" alt=\"\" class=\"wp-image-4709\" style=\"width:300px\" srcset=\"https:\/\/wp.stromer-tech.info\/wp-content\/uploads\/2025\/07\/Logo-Amego.webp 300w, https:\/\/wp.stromer-tech.info\/wp-content\/uploads\/2025\/07\/Logo-Amego-50x21.webp 50w, https:\/\/wp.stromer-tech.info\/wp-content\/uploads\/2025\/07\/Logo-Amego-18x8.webp 18w, https:\/\/wp.stromer-tech.info\/wp-content\/uploads\/2025\/07\/Logo-Amego-60x26.webp 60w, https:\/\/wp.stromer-tech.info\/wp-content\/uploads\/2025\/07\/Logo-Amego-100x43.webp 100w\" sizes=\"auto, (max-width: 300px) 100vw, 300px\" \/><\/a><\/figure>\n<!-- \/wp:image -->\n\n<!-- wp:paragraph -->\n<p><a href=\"https:\/\/www.amegoev.com\/\">Amego Electric Vehicles<\/a><br>533 Richmond St W. (Portland Entrance)<br>Toronto, ON, M5V 3Y1<br>416-907-4922<br><a href=\"mailto:sales@amegoev.com\">sales@amegoev.com<\/a><\/p>\n<!-- \/wp:paragraph -->\n\n<!-- wp:separator -->\n<hr class=\"wp-block-separator has-alpha-channel-opacity\"\/>\n<!-- \/wp:separator -->\n\n<!-- wp:paragraph -->\n<p>In Frankreich gibt es den Stromer-H\u00e4ndler <a href=\"https:\/\/www.fratello.bike\/\">FRATELLO.BIKE<\/a>. Auch dieser bietet Stromer-Originalteile in seinem <a href=\"https:\/\/www.fratello.bike\/search?options%5Bprefix%5D=last&amp;q=stromer\" data-type=\"page\" data-id=\"326\">Shop<\/a>\u00a0an<\/p>\n<!-- \/wp:paragraph -->\n\n<!-- wp:image {\"id\":5710,\"width\":\"300px\",\"aspectRatio\":\"7.402943722943723\",\"scale\":\"cover\",\"linkDestination\":\"custom\",\"className\":\"wp-block-image size-full is-resized\"} -->\n<figure class=\"wp-block-image is-resized size-full\"><a href=\"https:\/\/www.fratello.bike\/search?options%5Bprefix%5D=last&amp;q=stromer\"><img loading=\"lazy\" decoding=\"async\" width=\"718\" height=\"97\" src=\"https:\/\/wp.stromer-tech.info\/wp-content\/uploads\/2025\/07\/Logo_fratello_bike.jpg\" alt=\"\" class=\"wp-image-5710\" style=\"aspect-ratio:7.402943722943723;object-fit:cover;width:300px\" srcset=\"https:\/\/wp.stromer-tech.info\/wp-content\/uploads\/2025\/07\/Logo_fratello_bike.jpg 718w, https:\/\/wp.stromer-tech.info\/wp-content\/uploads\/2025\/07\/Logo_fratello_bike-300x41.jpg 300w, https:\/\/wp.stromer-tech.info\/wp-content\/uploads\/2025\/07\/Logo_fratello_bike-50x7.jpg 50w, https:\/\/wp.stromer-tech.info\/wp-content\/uploads\/2025\/07\/Logo_fratello_bike-18x2.jpg 18w, https:\/\/wp.stromer-tech.info\/wp-content\/uploads\/2025\/07\/Logo_fratello_bike-60x8.jpg 60w, https:\/\/wp.stromer-tech.info\/wp-content\/uploads\/2025\/07\/Logo_fratello_bike-100x14.jpg 100w\" sizes=\"auto, (max-width: 718px) 100vw, 718px\" \/><\/a><\/figure>\n<!-- \/wp:image -->\n\n<!-- wp:paragraph -->\n<p>8 Rue Sainte Barbe<br>F \u2013 69110 Sainte foy les Lyon<br><a href=\"mailto:service@fratello.bike\">service@fratello.bike<\/a><br><a href=\"https:\/\/www.fratello.bike\/pages\/contact\">Online-Kontaktformular<\/a><\/p>\n<!-- \/wp:paragraph -->\n\n<!-- wp:separator {\"className\":\"is-style-default\"} -->\n<hr class=\"wp-block-separator has-alpha-channel-opacity is-style-default\"\/>\n<!-- \/wp:separator -->\n\n<!-- wp:heading {\"level\":3} -->\n<h3 class=\"wp-block-heading\">Spezialhinweise f\u00fcr Stromerbesitzer in den USA und Canada<\/h3>\n<!-- \/wp:heading -->\n\n<!-- wp:paragraph -->\n<p>Stromer hat den <a href=\"https:\/\/www.velojournal.ch\/aktuell\/nachrichten\/detail\/stromer-keine-schnellen-e-bikes-mehr-in-den-usa\/\">USA-\/ Canada-Markt im November 2024 verlassen<\/a>. Wer ist nun Ansprechpartner, wo bekomme ich Ersatzteile oder an wen wende ich mich bei Problemen? Zu den wichtigsten Fragen gibt die dedizierte <a href=\"https:\/\/www.stromerbike.com\/en\/support\/faq\/us-ca-customers\">Stromer FAQ<\/a>\u00a0auf der Webseite Auskunft.<br><br>Eine M\u00f6glichkeit einen Stromerh\u00e4ndler in den USA und Kanada zu finden ist die H\u00e4ndlersuche auf der Stromer Webseite: <a href=\"https:\/\/www.stromerbike.com\/en\/dealer-finder\">https:\/\/www.stromerbike.com\/en\/dealer-finder<\/a><\/p>\n<!-- \/wp:paragraph -->\n\n<!-- wp:paragraph -->\n<p>In den USA ist mir ein H\u00e4ndler bekannt der bei Fragen vielleicht auch weiterhelfen kann. Bis Stromer den US-Markt verliess war <em>The New Wheel<\/em> ein engagierter Stromer-H\u00e4ndler:&nbsp;<a href=\"https:\/\/newwheel.net\/\">https:\/\/newwheel.net\/<\/a><\/p>\n<!-- \/wp:paragraph -->\n\n<!-- wp:paragraph -->\n<p><\/p>\n<!-- \/wp:paragraph -->\n\n<!-- wp:paragraph -->\n<p><\/p>\n<!-- \/wp:paragraph --><\/div>\n\t\t\t\t\t\t<\/div>\n\t\t\t\t\t<\/div>\n\t\t\t\t<\/li>\n\t\t\t\t\t\t\t\t\t\t\t\t\t\t<li>\t\t\n\t\t\t\t\t<div class=\"hfaq\" data-hfaq-state=\"closed\" itemscope itemprop=\"mainEntity\" itemtype=\"http:\/\/schema.org\/Question\">\n\t\t\t\t\t\t<div class=\"hfaq__question\" id=\"stromer-faq-a-m-fahrdynamik-macht-probleme\">\n\n\t\t\t\t\t\t\t\n\t\t\t\t\t\t\t<div class=\"hfaq__icon\" style=\"height: 20px; width: 20px;\">\n\n\t\t\t\t\t\t\t\t\t\t\t\t\t\t\t\t  <svg class=\"hfaq__iconplus\" xmlns=\"http:\/\/www.w3.org\/2000\/svg\" viewBox=\"0 0 24 24\"><path fill=\"#de3a42\" d=\"M17 11h-4V7c0-.6-.4-1-1-1s-1 .4-1 1v4H7c-.6 0-1 .4-1 1s.4 1 1 1h4v4c0 .6.4 1 1 1s1-.4 1-1v-4h4c.6 0 1-.4 1-1s-.4-1-1-1z\"\/><\/svg>\n\t\t\t\t\t\t\t\t  <svg class=\"hfaq__iconminus\" xmlns=\"http:\/\/www.w3.org\/2000\/svg\" viewBox=\"0 0 24 24\"><path fill=\"#de3a42\" d=\"M17 11H7c-.6 0-1 .4-1 1s.4 1 1 1h10c.6 0 1-.4 1-1s-.4-1-1-1z\"\/><\/svg>\n\t\t\t\t\t\t\t\t\n\t\t\t\t\t\t\t<\/div>\n\n\t\t\t\t\t\t\t\n\t\t\t\t\t\t\t<span class=\"hfaq__text\" itemprop=\"name\">Fahrdynamik macht Probleme<\/span>\n\t\t\t\t\t\t<\/div>\n\t\t\t\t\t\t<div class=\"hfaq__answer\" itemscope itemprop=\"acceptedAnswer\" itemtype=\"http:\/\/schema.org\/Answer\">\n\t\t\t\t\t\t\t<div class=\"hfaq__answercontent\" itemprop=\"text\"><p><a href=\"https:\/\/wp.stromer-tech.info\/knowledge-base\/probleme-mit-der-unterstuetzung-und-moegliche-loesungen\/\">Siehe<\/a>\u00a0TMM-SENSOR \u2013\u00a0\u201a<em>Probleme mit der Unterst\u00fctzung und m\u00f6gliche L\u00f6sungen\u2018<\/em><\/p><\/div>\n\t\t\t\t\t\t<\/div>\n\t\t\t\t\t<\/div>\n\t\t\t\t<\/li>\n\t\t\t\t\t\t\t\t\t\t\t\t\t\t<li>\t\t\n\t\t\t\t\t<div class=\"hfaq\" data-hfaq-state=\"closed\" itemscope itemprop=\"mainEntity\" itemtype=\"http:\/\/schema.org\/Question\">\n\t\t\t\t\t\t<div class=\"hfaq__question\" id=\"stromer-faq-a-m-fahrgestellnummer-wo-finde-ich-diese\">\n\n\t\t\t\t\t\t\t\n\t\t\t\t\t\t\t<div class=\"hfaq__icon\" style=\"height: 20px; width: 20px;\">\n\n\t\t\t\t\t\t\t\t\t\t\t\t\t\t\t\t  <svg class=\"hfaq__iconplus\" xmlns=\"http:\/\/www.w3.org\/2000\/svg\" viewBox=\"0 0 24 24\"><path fill=\"#de3a42\" d=\"M17 11h-4V7c0-.6-.4-1-1-1s-1 .4-1 1v4H7c-.6 0-1 .4-1 1s.4 1 1 1h4v4c0 .6.4 1 1 1s1-.4 1-1v-4h4c.6 0 1-.4 1-1s-.4-1-1-1z\"\/><\/svg>\n\t\t\t\t\t\t\t\t  <svg class=\"hfaq__iconminus\" xmlns=\"http:\/\/www.w3.org\/2000\/svg\" viewBox=\"0 0 24 24\"><path fill=\"#de3a42\" d=\"M17 11H7c-.6 0-1 .4-1 1s.4 1 1 1h10c.6 0 1-.4 1-1s-.4-1-1-1z\"\/><\/svg>\n\t\t\t\t\t\t\t\t\n\t\t\t\t\t\t\t<\/div>\n\n\t\t\t\t\t\t\t\n\t\t\t\t\t\t\t<span class=\"hfaq__text\" itemprop=\"name\">Fahrgestellnummer \u2013 Wo finde ich diese?<\/span>\n\t\t\t\t\t\t<\/div>\n\t\t\t\t\t\t<div class=\"hfaq__answer\" itemscope itemprop=\"acceptedAnswer\" itemtype=\"http:\/\/schema.org\/Answer\">\n\t\t\t\t\t\t\t<div class=\"hfaq__answercontent\" itemprop=\"text\"><p><a href=\"https:\/\/wp.stromer-tech.info\/ht-faq\/new-faq-question-251\/\">Siehe<\/a>\u00a0hier in der FAQ:<em> \u201aVIN\u2018<\/em><\/p><\/div>\n\t\t\t\t\t\t<\/div>\n\t\t\t\t\t<\/div>\n\t\t\t\t<\/li>\n\t\t\t\t\t\t\t\t\t\t\t\t\t\t<li>\t\t\n\t\t\t\t\t<div class=\"hfaq\" data-hfaq-state=\"closed\" itemscope itemprop=\"mainEntity\" itemtype=\"http:\/\/schema.org\/Question\">\n\t\t\t\t\t\t<div class=\"hfaq__question\" id=\"stromer-faq-a-m-faktor-4-regelung-was-ist-das\">\n\n\t\t\t\t\t\t\t\n\t\t\t\t\t\t\t<div class=\"hfaq__icon\" style=\"height: 20px; width: 20px;\">\n\n\t\t\t\t\t\t\t\t\t\t\t\t\t\t\t\t  <svg class=\"hfaq__iconplus\" xmlns=\"http:\/\/www.w3.org\/2000\/svg\" viewBox=\"0 0 24 24\"><path fill=\"#de3a42\" d=\"M17 11h-4V7c0-.6-.4-1-1-1s-1 .4-1 1v4H7c-.6 0-1 .4-1 1s.4 1 1 1h4v4c0 .6.4 1 1 1s1-.4 1-1v-4h4c.6 0 1-.4 1-1s-.4-1-1-1z\"\/><\/svg>\n\t\t\t\t\t\t\t\t  <svg class=\"hfaq__iconminus\" xmlns=\"http:\/\/www.w3.org\/2000\/svg\" viewBox=\"0 0 24 24\"><path fill=\"#de3a42\" d=\"M17 11H7c-.6 0-1 .4-1 1s.4 1 1 1h10c.6 0 1-.4 1-1s-.4-1-1-1z\"\/><\/svg>\n\t\t\t\t\t\t\t\t\n\t\t\t\t\t\t\t<\/div>\n\n\t\t\t\t\t\t\t\n\t\t\t\t\t\t\t<span class=\"hfaq__text\" itemprop=\"name\">Faktor-4-Regelung \u2013 Was ist das?<\/span>\n\t\t\t\t\t\t<\/div>\n\t\t\t\t\t\t<div class=\"hfaq__answer\" itemscope itemprop=\"acceptedAnswer\" itemtype=\"http:\/\/schema.org\/Answer\">\n\t\t\t\t\t\t\t<div class=\"hfaq__answercontent\" itemprop=\"text\"><h4 class=\"wp-block-heading\">Gesetzliche Grundlage<\/h4><p class=\"wp-block-paragraph\"><strong>EU:<\/strong>\u00a0S-Pedelec laufen technisch unter der EU-Fahrzeugkategorie L1e-B (leichte zweir\u00e4drige Kraftfahrzeuge), genauer gesagt Kleinkraftr\u00e4der bzw. Mopeds. Die Klassifizierung L1e-B ist in der\u00a0<a href=\"https:\/\/eur-lex.europa.eu\/LexUriServ\/LexUriServ.do?uri=OJ:L:2013:060:0052:0128:DE:PDF\">EU-Verordnung Nr. 168\/2013<\/a> festgelegt. Sie d\u00fcrfen eine Motorleistung von h\u00f6chstens 4\u2019000 Watt (\u00a7 2 Absatz 11a FZV) mit einer Tretkraftunterst\u00fctzung von maximal 400% haben [<a href=\"https:\/\/www.ingenieur.de\/technik\/fachbereiche\/verkehr\/gesetzliche-regelungen-fuer-e-bike-und-pedelec\/\" target=\"_blank\" rel=\"noreferrer noopener\">ingenieur.de<\/a>]. Die Geschwindigkeit mit Motorunterst\u00fctzung beim Treten betr\u00e4gt maximal 45 km\/h.<\/p><p class=\"wp-block-paragraph\"><strong>CH:<\/strong> In der Schweiz gelten S-Pedelecs als \u201eMotorfahrr\u00e4der\u201c und sind in der <strong>V<\/strong>erordnung \u00fcber die\u00a0<strong>t<\/strong>echnischen Anforderungen an\u00a0<strong>S<\/strong>trassenfahrzeuge (VTS) in <a href=\"https:\/\/www.fedlex.admin.ch\/eli\/cc\/1995\/4425_4425_4425\/de#art_18\">Art. 18 Bst. a VTS<\/a>. geregelt. Die max. elektrische Motorleistung ist 1\u2018000 Watt. Eine maximale Tretkraftunterst\u00fctzung von 400% (die \u201eFaktor-4 Regelung\u201c) ist nicht explizit definiert bzw. erw\u00e4hnt.<\/p><h4 class=\"wp-block-heading has-text-align-left\">Was bedeutet \u201eFaktor 4\u201c?<\/h4><p class=\"wp-block-paragraph\">Die \u201eFaktor-4-Regelung\u201c bezieht sich gem\u00e4ss EU-Verordnung Nr. 168\/2013 auf die maximale Tretkraftunterst\u00fctzung von 400% bei S-Pedelecs. Der \u201eFaktor 4\u2033 steht aber nicht direkt in der Verordnung 168\/2013 selbst, sondern in der dazugeh\u00f6rigen\u00a0delegierten\u00a0<a href=\"https:\/\/eur-lex.europa.eu\/legal-content\/DE\/TXT\/?uri=CELEX:32014R0003\">Verordnung (EU) Nr. 3\/2014, Anhang XIX<\/a>. Er wird dort auch nicht als \u201eFaktor-4\u201c sondern als Assistenzfaktor bezeichnet. Die Regelung gilt speziell f\u00fcr <strong>\u201ecycles designed to pedal\u201c<\/strong> \u2013 also tretpedalbasierte Fahrzeuge \u2013 in der Klasse <strong>L1e-B<\/strong>\u00a0(zweir\u00e4driges Kleinkraftrad \/ S-Pedelec bis 45 km\/h),\u00a0<strong>nicht<\/strong>\u00a0f\u00fcr normale 250-W-Pedelecs, die als Fahrr\u00e4der eingestuft sind.<\/p><p class=\"wp-block-paragraph\">In der Praxis heisst das, dass der Motor die Tretleistung des Fahrers\u00a0<strong>maximal um das Vierfache verst\u00e4rken<\/strong> darf. Wenn ein Fahrer\u00a0<strong>z. B. 75 Watt<\/strong>\u00a0in die Pedale tritt, darf der Motor\u00a0<strong>maximal 300 Watt<\/strong>\u00a0(= 75 \u00d7 4) beisteuern.<\/p><p class=\"wp-block-paragraph\">Die Regelung stellt sicher, dass S-Pedelecs trotz h\u00f6herer Geschwindigkeit noch als pedalunterst\u00fctztes Fahrzeug gelten und nicht zu einem reinen Motorrad werden \u2013 der Fahrer muss also aktiv treten, um die Motorunterst\u00fctzung zu erhalten.<\/p><h4 class=\"wp-block-heading\">Wo gilt diese Regelung?<\/h4><p class=\"wp-block-paragraph\">Die Regelung gilt EU-weit, da sie in der EU-Verordnung\u00a0<a href=\"https:\/\/eur-lex.europa.eu\/LexUriServ\/LexUriServ.do?uri=OJ:L:2013:060:0052:0128:DE:PDF\">Nr. 168\/2013<\/a>\u00a0festgelegt ist [<a href=\"https:\/\/www.deurag.de\/blog\/e-bikes-und-pedelecs\/\" target=\"_blank\" rel=\"noreferrer noopener\">DEURAG<\/a><a href=\"https:\/\/www.ingenieur.de\/technik\/fachbereiche\/verkehr\/gesetzliche-regelungen-fuer-e-bike-und-pedelec\/\" target=\"_blank\" rel=\"noreferrer noopener\">\/ ingenieur.de<\/a>]. Sie ist somit in allen EU-Mitgliedsstaaten verbindlich.<\/p><p class=\"wp-block-paragraph\">Da die myStromer AG als schweizer Unternehmen ihre S-Pedelecs auch in der EU zugelassen hat unterliegt sie der EU-Regelung und damit auch der \u201eFaktor-4-Regelung\u201c.<\/p><p class=\"wp-block-paragraph\">\u00a0<\/p><\/div>\n\t\t\t\t\t\t<\/div>\n\t\t\t\t\t<\/div>\n\t\t\t\t<\/li>\n\t\t\t\t\t\t\t\t\t\t\t\t\t\t<li>\t\t\n\t\t\t\t\t<div class=\"hfaq\" data-hfaq-state=\"closed\" itemscope itemprop=\"mainEntity\" itemtype=\"http:\/\/schema.org\/Question\">\n\t\t\t\t\t\t<div class=\"hfaq__question\" id=\"stromer-faq-a-m-fehlerdiagnose-von-komponenten\">\n\n\t\t\t\t\t\t\t\n\t\t\t\t\t\t\t<div class=\"hfaq__icon\" style=\"height: 20px; width: 20px;\">\n\n\t\t\t\t\t\t\t\t\t\t\t\t\t\t\t\t  <svg class=\"hfaq__iconplus\" xmlns=\"http:\/\/www.w3.org\/2000\/svg\" viewBox=\"0 0 24 24\"><path fill=\"#de3a42\" d=\"M17 11h-4V7c0-.6-.4-1-1-1s-1 .4-1 1v4H7c-.6 0-1 .4-1 1s.4 1 1 1h4v4c0 .6.4 1 1 1s1-.4 1-1v-4h4c.6 0 1-.4 1-1s-.4-1-1-1z\"\/><\/svg>\n\t\t\t\t\t\t\t\t  <svg class=\"hfaq__iconminus\" xmlns=\"http:\/\/www.w3.org\/2000\/svg\" viewBox=\"0 0 24 24\"><path fill=\"#de3a42\" d=\"M17 11H7c-.6 0-1 .4-1 1s.4 1 1 1h10c.6 0 1-.4 1-1s-.4-1-1-1z\"\/><\/svg>\n\t\t\t\t\t\t\t\t\n\t\t\t\t\t\t\t<\/div>\n\n\t\t\t\t\t\t\t\n\t\t\t\t\t\t\t<span class=\"hfaq__text\" itemprop=\"name\">Fehlerdiagnose von Komponenten<\/span>\n\t\t\t\t\t\t<\/div>\n\t\t\t\t\t\t<div class=\"hfaq__answer\" itemscope itemprop=\"acceptedAnswer\" itemtype=\"http:\/\/schema.org\/Answer\">\n\t\t\t\t\t\t\t<div class=\"hfaq__answercontent\" itemprop=\"text\"><p id=\"6da1f21e-e07b-4aa5-877c-f13c0398ae03\">Im Omni sind Testroutinen f\u00fcr Bauteile und Komponenten des Stromers verf\u00fcgbar. So kann u.a. der Motor, Controller, Akku, die Bremsfunktion etc. getestet werden. Sie sind \u00fcber das <a href=\"https:\/\/drive.google.com\/file\/d\/1zy6Im9cOr7o6k54ljH3zGePEtr4PJrrl\/view?usp=drive_link\">Servicemen\u00fc<\/a> erreichbar.<\/p><p id=\"b975be01-0a35-4f07-b66a-0bbed7114a85\">Siehe: ELEKTRIK \/ ELEKTRONIK \u2013 Testen \/ Pr\u00fcfen<br \/>\u2013 <a href=\"https:\/\/wp.stromer-tech.info\/knowledge-base\/sit-test-runner-komponenten-testen\/\"><em>\u201aSIT (Test Runner) \u2013 Componenten testen\u2018<\/em><\/a><br \/>\u2013 <a href=\"https:\/\/wp.stromer-tech.info\/knowledge-base\/akku-self_check-probleme-erkennen\/\"><em>\u201aAkku SELF_CHECK \u2013 Probleme erkennen\u2018<\/em><\/a>\u00a0<\/p><\/div>\n\t\t\t\t\t\t<\/div>\n\t\t\t\t\t<\/div>\n\t\t\t\t<\/li>\n\t\t\t\t\t\t\t\t\t\t\t\t\t\t<li>\t\t\n\t\t\t\t\t<div class=\"hfaq\" data-hfaq-state=\"closed\" itemscope itemprop=\"mainEntity\" itemtype=\"http:\/\/schema.org\/Question\">\n\t\t\t\t\t\t<div class=\"hfaq__question\" id=\"stromer-faq-a-m-fehlermeldungen-warnungen-fehlermeldungen-analysieren\">\n\n\t\t\t\t\t\t\t\n\t\t\t\t\t\t\t<div class=\"hfaq__icon\" style=\"height: 20px; width: 20px;\">\n\n\t\t\t\t\t\t\t\t\t\t\t\t\t\t\t\t  <svg class=\"hfaq__iconplus\" xmlns=\"http:\/\/www.w3.org\/2000\/svg\" viewBox=\"0 0 24 24\"><path fill=\"#de3a42\" d=\"M17 11h-4V7c0-.6-.4-1-1-1s-1 .4-1 1v4H7c-.6 0-1 .4-1 1s.4 1 1 1h4v4c0 .6.4 1 1 1s1-.4 1-1v-4h4c.6 0 1-.4 1-1s-.4-1-1-1z\"\/><\/svg>\n\t\t\t\t\t\t\t\t  <svg class=\"hfaq__iconminus\" xmlns=\"http:\/\/www.w3.org\/2000\/svg\" viewBox=\"0 0 24 24\"><path fill=\"#de3a42\" d=\"M17 11H7c-.6 0-1 .4-1 1s.4 1 1 1h10c.6 0 1-.4 1-1s-.4-1-1-1z\"\/><\/svg>\n\t\t\t\t\t\t\t\t\n\t\t\t\t\t\t\t<\/div>\n\n\t\t\t\t\t\t\t\n\t\t\t\t\t\t\t<span class=\"hfaq__text\" itemprop=\"name\">Fehlermeldungen \/ Warnungen | Fehlermeldungen analysieren<\/span>\n\t\t\t\t\t\t<\/div>\n\t\t\t\t\t\t<div class=\"hfaq__answer\" itemscope itemprop=\"acceptedAnswer\" itemtype=\"http:\/\/schema.org\/Answer\">\n\t\t\t\t\t\t\t<div class=\"hfaq__answercontent\" itemprop=\"text\"><p><a href=\"https:\/\/wp.stromer-tech.info\/article-categories\/fehler-und-warnmeldungen\/\">Siehe<\/a>\u00a0FEHLER- UND WARNMELDUNGEN \u2013 <em>,* Status-, Warn- und Fehlermeldungen (analysieren)\u2018<\/em><\/p><\/div>\n\t\t\t\t\t\t<\/div>\n\t\t\t\t\t<\/div>\n\t\t\t\t<\/li>\n\t\t\t\t\t\t\t\t\t\t\t\t\t\t<li>\t\t\n\t\t\t\t\t<div class=\"hfaq\" data-hfaq-state=\"closed\" itemscope itemprop=\"mainEntity\" itemtype=\"http:\/\/schema.org\/Question\">\n\t\t\t\t\t\t<div class=\"hfaq__question\" id=\"stromer-faq-a-m-felgen-naben-radlager-was-verwendet-stromer\">\n\n\t\t\t\t\t\t\t\n\t\t\t\t\t\t\t<div class=\"hfaq__icon\" style=\"height: 20px; width: 20px;\">\n\n\t\t\t\t\t\t\t\t\t\t\t\t\t\t\t\t  <svg class=\"hfaq__iconplus\" xmlns=\"http:\/\/www.w3.org\/2000\/svg\" viewBox=\"0 0 24 24\"><path fill=\"#de3a42\" d=\"M17 11h-4V7c0-.6-.4-1-1-1s-1 .4-1 1v4H7c-.6 0-1 .4-1 1s.4 1 1 1h4v4c0 .6.4 1 1 1s1-.4 1-1v-4h4c.6 0 1-.4 1-1s-.4-1-1-1z\"\/><\/svg>\n\t\t\t\t\t\t\t\t  <svg class=\"hfaq__iconminus\" xmlns=\"http:\/\/www.w3.org\/2000\/svg\" viewBox=\"0 0 24 24\"><path fill=\"#de3a42\" d=\"M17 11H7c-.6 0-1 .4-1 1s.4 1 1 1h10c.6 0 1-.4 1-1s-.4-1-1-1z\"\/><\/svg>\n\t\t\t\t\t\t\t\t\n\t\t\t\t\t\t\t<\/div>\n\n\t\t\t\t\t\t\t\n\t\t\t\t\t\t\t<span class=\"hfaq__text\" itemprop=\"name\">Felgen \/ Naben \/ Radlager \u2013 Was verwendet Stromer?<\/span>\n\t\t\t\t\t\t<\/div>\n\t\t\t\t\t\t<div class=\"hfaq__answer\" itemscope itemprop=\"acceptedAnswer\" itemtype=\"http:\/\/schema.org\/Answer\">\n\t\t\t\t\t\t\t<div class=\"hfaq__answercontent\" itemprop=\"text\"><p id=\"b384a036-ef18-492b-a094-3b1a728ff798\">Stromer verwendet verschiedene Hersteller f\u00fcr Felgen und Naben.<\/p><p id=\"df41b8a1-a9f1-4805-bd91-0e3260ead49d\">Bei \u00e4lteren Modellen, wie dem ST1 V1, 36 V \/ ST1x, 6 &amp; 12 V \/ ST2, 6 &amp; 12 V, ist eine beim Forderrad eine Formula DC71 Nabe mit einer Steckachse 100 mm x 15 mm verbaut.<\/p><p id=\"a20455c7-0603-4bf9-a736-de83f815b28f\">Bei sehr vielen Modellen kommen Felgen und Naben des taiwanesischen Herstellers <a href=\"https:\/\/alexrims.com\/products\/md35\/\">Alex Rims<\/a>\u00a0zur Anwendung.<\/p><p id=\"6a167d46-9963-4c2b-856d-fa003a000cfe\">Bei High-End-Modellen, wie dem damaligen ST2S, ST5 sowie dem heutigen ST7, trifft man auf Felgen und Naben von <a href=\"https:\/\/www.dtswiss.com\/de\">DT Swiss<\/a>. Bei den ersten beiden Modellen ist bei \u00e4lteren Chargen mit DT Swiss Felgen der Schriftzug +STROMER- zu sehen.<\/p><div class=\"wp-block-image\"><figure class=\"aligncenter is-resized\"><img loading=\"lazy\" decoding=\"async\" class=\"wp-image-4723\" style=\"width: 600px;\" src=\"https:\/\/wp.stromer-tech.info\/wp-content\/uploads\/2025\/07\/Stromer_ST2S_Felgen_DT-Swiss_webp.webp\" sizes=\"auto, (max-width: 800px) 100vw, 800px\" srcset=\"https:\/\/wp.stromer-tech.info\/wp-content\/uploads\/2025\/07\/Stromer_ST2S_Felgen_DT-Swiss_webp.webp 800w, https:\/\/wp.stromer-tech.info\/wp-content\/uploads\/2025\/07\/Stromer_ST2S_Felgen_DT-Swiss_webp-300x128.webp 300w, https:\/\/wp.stromer-tech.info\/wp-content\/uploads\/2025\/07\/Stromer_ST2S_Felgen_DT-Swiss_webp-768x326.webp 768w, https:\/\/wp.stromer-tech.info\/wp-content\/uploads\/2025\/07\/Stromer_ST2S_Felgen_DT-Swiss_webp-50x21.webp 50w, https:\/\/wp.stromer-tech.info\/wp-content\/uploads\/2025\/07\/Stromer_ST2S_Felgen_DT-Swiss_webp-18x8.webp 18w, https:\/\/wp.stromer-tech.info\/wp-content\/uploads\/2025\/07\/Stromer_ST2S_Felgen_DT-Swiss_webp-60x26.webp 60w, https:\/\/wp.stromer-tech.info\/wp-content\/uploads\/2025\/07\/Stromer_ST2S_Felgen_DT-Swiss_webp-100x43.webp 100w\" alt=\"\" width=\"800\" height=\"340\" \/><\/figure><\/div><p>Beim ST3 Pinion und auch anderen, ab ca. Mitte 2023 ausgelieferten Modellen, sieht man neben Felgen von AlexRims neuerdings auch solche von <a href=\"https:\/\/rodicycling.com\/en\/\">Rodi<\/a>\u00a0mit einer Nabe von\u00a0<a href=\"https:\/\/blackjackwheels.com\/\">Blackjack<\/a>. Blackjack geh\u00f6rt zur portugiesischen Firma Rodi mit Sitz in Aveiro. Naben von Blackjack sind \u00fcbrigens mit denen von AlexRims kompatibel. (<a href=\"https:\/\/www.speedpedelecreview.com\/forum\/de\/viewtopic.php?p=142223#p142223\">Quelle<\/a>)<\/p><div class=\"wp-block-image\"><figure class=\"aligncenter is-resized\"><img loading=\"lazy\" decoding=\"async\" class=\"wp-image-4725\" style=\"width: 600px;\" src=\"https:\/\/wp.stromer-tech.info\/wp-content\/uploads\/2025\/07\/Stromer_Felgen_Rodi_Nabe_Blackjack-1024x660.webp\" sizes=\"auto, (max-width: 1024px) 100vw, 1024px\" srcset=\"https:\/\/wp.stromer-tech.info\/wp-content\/uploads\/2025\/07\/Stromer_Felgen_Rodi_Nabe_Blackjack-1024x660.webp 1024w, https:\/\/wp.stromer-tech.info\/wp-content\/uploads\/2025\/07\/Stromer_Felgen_Rodi_Nabe_Blackjack-300x193.webp 300w, https:\/\/wp.stromer-tech.info\/wp-content\/uploads\/2025\/07\/Stromer_Felgen_Rodi_Nabe_Blackjack-768x495.webp 768w, https:\/\/wp.stromer-tech.info\/wp-content\/uploads\/2025\/07\/Stromer_Felgen_Rodi_Nabe_Blackjack-50x32.webp 50w, https:\/\/wp.stromer-tech.info\/wp-content\/uploads\/2025\/07\/Stromer_Felgen_Rodi_Nabe_Blackjack-18x12.webp 18w, https:\/\/wp.stromer-tech.info\/wp-content\/uploads\/2025\/07\/Stromer_Felgen_Rodi_Nabe_Blackjack-60x39.webp 60w, https:\/\/wp.stromer-tech.info\/wp-content\/uploads\/2025\/07\/Stromer_Felgen_Rodi_Nabe_Blackjack-100x64.webp 100w, https:\/\/wp.stromer-tech.info\/wp-content\/uploads\/2025\/07\/Stromer_Felgen_Rodi_Nabe_Blackjack.webp 1080w\" alt=\"\" width=\"1024\" height=\"660\" \/><\/figure><\/div><p id=\"d6176e88-fc54-454e-850c-3965b45cc9cf\"><span style=\"box-sizing: border-box; font-weight: 600;\">Lager f\u00fcr folgende Naben sind:\u00a0<\/span>(ohne Gew\u00e4hr)<\/p><p><span style=\"box-sizing: border-box; font-weight: 600;\">ST1 Jg. 2016<\/span><br \/>Steckachse:\u00a0<a href=\"https:\/\/www.stromerforum.ch\/showthread.php?tid=3813&amp;pid=34578#pid34578\">Formula DC71<\/a>\u00a0(100mm x 15mm)<br \/>Lager: DT 6903 Nabenlager (18mm x 30mm x 7mm)<\/p><p id=\"558806f3-0012-4aba-9f9b-86bf1fd3252c\"><span style=\"box-sizing: border-box; font-weight: 600;\">ST1x \/ ST2<\/span><br style=\"box-sizing: border-box;\" \/>Bei den ST1x und ST2 verwendet Stromer u.a. fest im Vorderrad verbaute Lager welche nicht gewechselt werden k\u00f6nnen.<\/p><div class=\"wp-block-image\"><figure class=\"aligncenter is-resized\"><img loading=\"lazy\" decoding=\"async\" class=\"wp-image-4726\" style=\"width: 600px;\" src=\"https:\/\/wp.stromer-tech.info\/wp-content\/uploads\/2025\/07\/Stromer_ST1_Vorderrad-Lager.webp\" sizes=\"auto, (max-width: 800px) 100vw, 800px\" srcset=\"https:\/\/wp.stromer-tech.info\/wp-content\/uploads\/2025\/07\/Stromer_ST1_Vorderrad-Lager.webp 800w, https:\/\/wp.stromer-tech.info\/wp-content\/uploads\/2025\/07\/Stromer_ST1_Vorderrad-Lager-300x225.webp 300w, https:\/\/wp.stromer-tech.info\/wp-content\/uploads\/2025\/07\/Stromer_ST1_Vorderrad-Lager-768x576.webp 768w, https:\/\/wp.stromer-tech.info\/wp-content\/uploads\/2025\/07\/Stromer_ST1_Vorderrad-Lager-50x38.webp 50w, https:\/\/wp.stromer-tech.info\/wp-content\/uploads\/2025\/07\/Stromer_ST1_Vorderrad-Lager-16x12.webp 16w, https:\/\/wp.stromer-tech.info\/wp-content\/uploads\/2025\/07\/Stromer_ST1_Vorderrad-Lager-60x45.webp 60w, https:\/\/wp.stromer-tech.info\/wp-content\/uploads\/2025\/07\/Stromer_ST1_Vorderrad-Lager-100x75.webp 100w\" alt=\"\" width=\"800\" height=\"600\" \/><\/figure><\/div><p id=\"7457f960-bb39-4358-8922-5ccd7e11a37c\"><span style=\"box-sizing: border-box; font-weight: 600;\">ST2 \/ Bj 2016<\/span><br \/><a href=\"https:\/\/www.stromerforum.ch\/showthread.php?tid=1321&amp;pid=14650#pid14650\">XERO 18307 LBLU<\/a><br \/>6903-18 2RS = 18307-2RS | \u00d818 x \u00d830 x 7 mm<br \/>alternativ DT Swiss 6903 LBT \/ DT Swiss 1830<\/p><p id=\"4f1af01e-f164-40e7-82b8-4992d2e0e211\"><span style=\"box-sizing: border-box; font-weight: 600;\">ST2S \/ ST5 \/ ST7<\/span><br style=\"box-sizing: border-box;\" \/>DT Swiss<br style=\"box-sizing: border-box;\" \/>6902 2RS = 15287-2RS | \u00d815 x \u00d828 x 7 mm<\/p><p id=\"19b1b72f-e806-499b-950c-b1fd4edc32bb\"><span style=\"box-sizing: border-box; font-weight: 600;\">ST3 Pinion, 2023<\/span><br \/><a href=\"https:\/\/www.stromerforum.ch\/showthread.php?tid=4096&amp;pid=37406#pid37406\">HCH 6903-18 2RS<\/a>\u00a0von <a href=\"https:\/\/www.stromerforum.ch\/showthread.php?tid=4096&amp;pid=37406#pid37406\">China Huanchi Bearing Ltd.<\/a><a style=\"box-sizing: border-box; color: #0073aa; transition-property: border, background, color; transition-duration: 0.05s; transition-timing-function: ease-in-out; outline: 0px;\" href=\"https:\/\/www.stromerforum.ch\/showthread.php?tid=4096&amp;pid=37406#pid37406\" target=\"_blank\" rel=\"noreferrer noopener\"><br \/><\/a>6903-18 2RS = 18307-2RS | \u00d818 x \u00d830 x 7 mm<br \/>alternativ DT Swiss 6903 LBT \/ DT Swiss 1830<\/p><p><span style=\"box-sizing: border-box; font-weight: 600;\">ST3, ST3 Pinion, ST5 ABS\u2026<\/span><br \/>Alex Rims \/ Blackjack<br \/>Org. TPI sc03t02lu = 6903-18 2RS = 18307-2RS | \u00d818 x \u00d830 x 7 mm<br \/>alternativ DT Swiss 6903 LBT \/ DT Swiss 1830<\/p><p><a href=\"https:\/\/wp.stromer-tech.info\/de\/knowledge-base\/alternativen-27-5-felgen\/\">Siehe<\/a> auch PROBLEME \u2013 REIFEN\/FELGEN \u2013\u00a0<em style=\"box-sizing: border-box;\">\u201aAlternativen \u2013 27.5\u2033 Felgen\u2018<\/em><br \/><a href=\"https:\/\/drive.google.com\/file\/d\/1IFc-_VLqCjSSmLUctj22ubgu221XQzb6\/view?usp=sharing\">Siehe<\/a> auch Radlagerwechsel Schritt f\u00fcr Schritt bei einem ST5<\/p><\/div>\n\t\t\t\t\t\t<\/div>\n\t\t\t\t\t<\/div>\n\t\t\t\t<\/li>\n\t\t\t\t\t\t\t\t\t\t\t\t\t\t<li>\t\t\n\t\t\t\t\t<div class=\"hfaq\" data-hfaq-state=\"closed\" itemscope itemprop=\"mainEntity\" itemtype=\"http:\/\/schema.org\/Question\">\n\t\t\t\t\t\t<div class=\"hfaq__question\" id=\"stromer-faq-a-m-firmware-wo-bleibt-die-neue-version\">\n\n\t\t\t\t\t\t\t\n\t\t\t\t\t\t\t<div class=\"hfaq__icon\" style=\"height: 20px; width: 20px;\">\n\n\t\t\t\t\t\t\t\t\t\t\t\t\t\t\t\t  <svg class=\"hfaq__iconplus\" xmlns=\"http:\/\/www.w3.org\/2000\/svg\" viewBox=\"0 0 24 24\"><path fill=\"#de3a42\" d=\"M17 11h-4V7c0-.6-.4-1-1-1s-1 .4-1 1v4H7c-.6 0-1 .4-1 1s.4 1 1 1h4v4c0 .6.4 1 1 1s1-.4 1-1v-4h4c.6 0 1-.4 1-1s-.4-1-1-1z\"\/><\/svg>\n\t\t\t\t\t\t\t\t  <svg class=\"hfaq__iconminus\" xmlns=\"http:\/\/www.w3.org\/2000\/svg\" viewBox=\"0 0 24 24\"><path fill=\"#de3a42\" d=\"M17 11H7c-.6 0-1 .4-1 1s.4 1 1 1h10c.6 0 1-.4 1-1s-.4-1-1-1z\"\/><\/svg>\n\t\t\t\t\t\t\t\t\n\t\t\t\t\t\t\t<\/div>\n\n\t\t\t\t\t\t\t\n\t\t\t\t\t\t\t<span class=\"hfaq__text\" itemprop=\"name\">Firmware \u2013 Wo bleibt die neue Version?<\/span>\n\t\t\t\t\t\t<\/div>\n\t\t\t\t\t\t<div class=\"hfaq__answer\" itemscope itemprop=\"acceptedAnswer\" itemtype=\"http:\/\/schema.org\/Answer\">\n\t\t\t\t\t\t\t<div class=\"hfaq__answercontent\" itemprop=\"text\"><p><a style=\"box-sizing: border-box; color: #0073aa; transition-property: border, background, color; transition-duration: 0.05s; transition-timing-function: ease-in-out; outline: 0px;\" href=\"https:\/\/wp.stromer-tech.info\/knowledge-base\/firmware-updates\/\">Siehe<\/a> Kapitel: OMNI \/ DISPLAY V1, V1.1 \u2013<em style=\"box-sizing: border-box;\"> \u201aFirmware Update\u2018<\/em><\/p><p>\u00a0<\/p><\/div>\n\t\t\t\t\t\t<\/div>\n\t\t\t\t\t<\/div>\n\t\t\t\t<\/li>\n\t\t\t\t\t\t\t\t\t\t\t\t\t\t<li>\t\t\n\t\t\t\t\t<div class=\"hfaq\" data-hfaq-state=\"closed\" itemscope itemprop=\"mainEntity\" itemtype=\"http:\/\/schema.org\/Question\">\n\t\t\t\t\t\t<div class=\"hfaq__question\" id=\"stromer-faq-a-m-garantie-stand-august-2026\">\n\n\t\t\t\t\t\t\t\n\t\t\t\t\t\t\t<div class=\"hfaq__icon\" style=\"height: 20px; width: 20px;\">\n\n\t\t\t\t\t\t\t\t\t\t\t\t\t\t\t\t  <svg class=\"hfaq__iconplus\" xmlns=\"http:\/\/www.w3.org\/2000\/svg\" viewBox=\"0 0 24 24\"><path fill=\"#de3a42\" d=\"M17 11h-4V7c0-.6-.4-1-1-1s-1 .4-1 1v4H7c-.6 0-1 .4-1 1s.4 1 1 1h4v4c0 .6.4 1 1 1s1-.4 1-1v-4h4c.6 0 1-.4 1-1s-.4-1-1-1z\"\/><\/svg>\n\t\t\t\t\t\t\t\t  <svg class=\"hfaq__iconminus\" xmlns=\"http:\/\/www.w3.org\/2000\/svg\" viewBox=\"0 0 24 24\"><path fill=\"#de3a42\" d=\"M17 11H7c-.6 0-1 .4-1 1s.4 1 1 1h10c.6 0 1-.4 1-1s-.4-1-1-1z\"\/><\/svg>\n\t\t\t\t\t\t\t\t\n\t\t\t\t\t\t\t<\/div>\n\n\t\t\t\t\t\t\t\n\t\t\t\t\t\t\t<span class=\"hfaq__text\" itemprop=\"name\">Garantie (Stand August 2026)<\/span>\n\t\t\t\t\t\t<\/div>\n\t\t\t\t\t\t<div class=\"hfaq__answer\" itemscope itemprop=\"acceptedAnswer\" itemtype=\"http:\/\/schema.org\/Answer\">\n\t\t\t\t\t\t\t<div class=\"hfaq__answercontent\" itemprop=\"text\"><p class=\"wp-block-paragraph\">Die aktuellen Garantiebestimmungen der myStromer AG sind in den <a href=\"https:\/\/www.stromerbike.com\/de\/warranty-terms\">Garantiebestimmungen<\/a> der myStromer AG geregelt. Im Minimum betr\u00e4gt sie die gesetzlichen 2 Jahre. Seit dem 1. September 2025 gilt eine erweiterte Garantie von 3 Jahren f\u00fcr alle Modelle die nach diesem Datum gekauft wurden.<\/p><p class=\"wp-block-paragraph\">Sie umfasst s\u00e4mtliche Stromer spezifischen Komponenten, welche \u00fcber den autorisierten Stromer Fachhandel erh\u00e4ltlich sind. Sie erstreckt sich ausschliesslich auf Stromer Produkte, die neu sind und die einem Material- bzw. Produktionsmangel unterliegen. Alle anderen Teile und Komponenten sind von dieser Garantie ausgeschlossen.<\/p><p class=\"wp-block-paragraph\"><strong>Garantiedauer Modelle:<\/strong><br \/><br \/>Stromer-Bikes, die <strong>vor dem 1. September 2025<\/strong> aktiviert wurden:<\/p><ul class=\"wp-block-list\"><li>ST1: 2 Jahre<\/li><li>ST1 X: 2 Jahre<\/li><li>ST2: 2 Jahre<\/li><li>ST2 S: 2 Jahre<\/li><li>ST2 mit Riemenantrieb (ab Baujahr 2020): 3 Jahre<\/li><li>ST2, ST3, ST5, ST7 mit Pinion: 2 Jahre<\/li><li>ST3: 2 Jahre<\/li><li>ST5: 2 Jahre<\/li><li>ST7: 2 Jahre<\/li><\/ul><p class=\"wp-block-paragraph\">Stromer Bikes, die am oder <strong>nach dem 1. September 2025<\/strong> aktiviert wurden:<\/p><ul class=\"wp-block-list\"><li>ST7: 3 Jahre<\/li><li>ST1: 3 Jahre<\/li><li>ST2: 3 Jahre<\/li><li>ST3: 3 Jahre<\/li><li>ST5: 3 Jahre<\/li><\/ul><p class=\"wp-block-paragraph\"><strong>Garantiedauer<\/strong> \u2013 <strong>Spezifisch<\/strong><\/p><ul class=\"wp-block-list\"><li>Rahmen \u2013 3 Jahre (g\u00fcltig f\u00fcr Modelle bis und mit Baujahr 2016, Bikes mit 26-Zoll-R\u00e4dern)<\/li><li>Rahmen \u2013 10 Jahre (g\u00fcltig f\u00fcr Modelle ab Baujahr 2017, Bikes mit 27,5-Zoll-R\u00e4dern)<\/li><li>Akku \u2013 75% der Kapazit\u00e4t innerhalb 2 Jahren<br \/>Zur Gew\u00e4hrleistung einer objektiven Beurteilung wird die Akkukapazit\u00e4t auf Anfrage eines Stromer-H\u00e4ndlers mittels eines von Stromer durchgef\u00fchrten Kapazit\u00e4tstests ermittelt. Das Ergebnis dieses Tests ist massgeblich f\u00fcr die Garantie. Der in der Stromer App angezeigte State of Health (SOH) dient lediglich als Richtwert.)<\/li><\/ul><p class=\"wp-block-paragraph\"><strong>Garantieausschluss:<\/strong>\u00a0Sie Punkt 5 in den <a href=\"https:\/\/www.stromerbike.com\/de\/warranty-terms\">Bestimmungen<\/a>.<\/p><p class=\"wp-block-ht-blocks-messages wp-block-hb-message wp-block-hb-message--withicon is-style-info wp-block-paragraph\">Auf in Garantie ersetzte Teile wird erneut die volle Garantiedauer gew\u00e4hrt.<\/p><p class=\"wp-block-paragraph\"><span style=\"box-sizing: border-box; font-weight: 600;\">Supernova-Beleuchtung<\/span><\/p><p class=\"wp-block-paragraph\">Beim ST2S \/ ST5 \/ ST7 wird u.a. eine Frontbeleuchtung von Supernova verwendet. Supernova bietet auf ihren Modellen eine erweiterte Garantie und schreibt auf der <a href=\"https:\/\/supernova-lights.com\/en-eu\/pages\/repair-and-guarantee?srsltid=AfmBOop4zh7uUbDpTDPQW1ITrLNoSGwWlkJ5uxnkX356UtTBtW_VpI_9\">Webseite<\/a>:<\/p><blockquote class=\"wp-block-quote is-layout-flow wp-block-quote-is-layout-flow\"><p class=\"wp-block-paragraph\" style=\"font-size: 15px;\">\u201eUnser Service-Versprechen: 5 Jahre Garantie und mindestens 10 Jahre Reparierbarkeit f\u00fcr alle Lichtsysteme!\u201c<\/p><\/blockquote><p class=\"wp-block-paragraph\">Es lohnt sich also bei einem Defekt Supernova direkt zu kontaktieren, wenn die Garantie von Stromer nicht mehr greift.<\/p><p class=\"wp-block-paragraph\"><strong>Pinion Getriebe<\/strong><\/p><p class=\"wp-block-paragraph\">Pinion bietet auf die Getriebe eine Garantie von zwei Jahren an. Der Kunde hat die M\u00f6glichkeit, die Garantiezeit von zwei Jahren<\/p><p class=\"wp-block-paragraph\">\u2022 f\u00fcr P-Getriebe auf eine Dauer von f\u00fcnf Jahren und<br \/>\u2022 <strong>f\u00fcr C-Getriebe auf eine Dauer von drei Jahren<\/strong> (Stromer)<\/p><p class=\"wp-block-paragraph\">durch eine <a href=\"https:\/\/pinion.eu\/account\/\">Online-Registrierung<\/a> kostenfrei zu verl\u00e4ngern.<\/p><p class=\"wp-block-paragraph\">\u00a0<\/p><\/div>\n\t\t\t\t\t\t<\/div>\n\t\t\t\t\t<\/div>\n\t\t\t\t<\/li>\n\t\t\t\t\t\t\t\t\t\t\t\t\t\t<li>\t\t\n\t\t\t\t\t<div class=\"hfaq\" data-hfaq-state=\"closed\" itemscope itemprop=\"mainEntity\" itemtype=\"http:\/\/schema.org\/Question\">\n\t\t\t\t\t\t<div class=\"hfaq__question\" id=\"stromer-faq-a-m-geraeusche-klacken-knacken-knarzen-klicken-quietschen-klappern-rappeln\">\n\n\t\t\t\t\t\t\t\n\t\t\t\t\t\t\t<div class=\"hfaq__icon\" style=\"height: 20px; width: 20px;\">\n\n\t\t\t\t\t\t\t\t\t\t\t\t\t\t\t\t  <svg class=\"hfaq__iconplus\" xmlns=\"http:\/\/www.w3.org\/2000\/svg\" viewBox=\"0 0 24 24\"><path fill=\"#de3a42\" d=\"M17 11h-4V7c0-.6-.4-1-1-1s-1 .4-1 1v4H7c-.6 0-1 .4-1 1s.4 1 1 1h4v4c0 .6.4 1 1 1s1-.4 1-1v-4h4c.6 0 1-.4 1-1s-.4-1-1-1z\"\/><\/svg>\n\t\t\t\t\t\t\t\t  <svg class=\"hfaq__iconminus\" xmlns=\"http:\/\/www.w3.org\/2000\/svg\" viewBox=\"0 0 24 24\"><path fill=\"#de3a42\" d=\"M17 11H7c-.6 0-1 .4-1 1s.4 1 1 1h10c.6 0 1-.4 1-1s-.4-1-1-1z\"\/><\/svg>\n\t\t\t\t\t\t\t\t\n\t\t\t\t\t\t\t<\/div>\n\n\t\t\t\t\t\t\t\n\t\t\t\t\t\t\t<span class=\"hfaq__text\" itemprop=\"name\">Ger\u00e4usche: Klacken, knacken, knarzen, klicken, quietschen, klappern, rappeln\u2026<\/span>\n\t\t\t\t\t\t<\/div>\n\t\t\t\t\t\t<div class=\"hfaq__answer\" itemscope itemprop=\"acceptedAnswer\" itemtype=\"http:\/\/schema.org\/Answer\">\n\t\t\t\t\t\t\t<div class=\"hfaq__answercontent\" itemprop=\"text\"><!-- wp:paragraph -->\n<p><a href=\"https:\/\/wp.stromer-tech.info\/knowledge-base\/geraeusche-klacken-knacken-knarzen-klicken-klappern-quietschen-rappeln\/\">Siehe<\/a>\u00a0PROBLEME \u2013 DIVERSES \u2013\u00a0<em>\u201aGer\u00e4usche: Klacken, knacken, knarzem, klicken klappern, rappeln\u2026\u2018<\/em><\/p>\n<!-- \/wp:paragraph -->\n\n<!-- wp:paragraph -->\n<p><\/p>\n<!-- \/wp:paragraph --><\/div>\n\t\t\t\t\t\t<\/div>\n\t\t\t\t\t<\/div>\n\t\t\t\t<\/li>\n\t\t\t\t\t\t\t\t\t\t\t\t\t\t<li>\t\t\n\t\t\t\t\t<div class=\"hfaq\" data-hfaq-state=\"closed\" itemscope itemprop=\"mainEntity\" itemtype=\"http:\/\/schema.org\/Question\">\n\t\t\t\t\t\t<div class=\"hfaq__question\" id=\"stromer-faq-a-m-gesetze-und-vorschriften-fuer-s-pedelecs\">\n\n\t\t\t\t\t\t\t\n\t\t\t\t\t\t\t<div class=\"hfaq__icon\" style=\"height: 20px; width: 20px;\">\n\n\t\t\t\t\t\t\t\t\t\t\t\t\t\t\t\t  <svg class=\"hfaq__iconplus\" xmlns=\"http:\/\/www.w3.org\/2000\/svg\" viewBox=\"0 0 24 24\"><path fill=\"#de3a42\" d=\"M17 11h-4V7c0-.6-.4-1-1-1s-1 .4-1 1v4H7c-.6 0-1 .4-1 1s.4 1 1 1h4v4c0 .6.4 1 1 1s1-.4 1-1v-4h4c.6 0 1-.4 1-1s-.4-1-1-1z\"\/><\/svg>\n\t\t\t\t\t\t\t\t  <svg class=\"hfaq__iconminus\" xmlns=\"http:\/\/www.w3.org\/2000\/svg\" viewBox=\"0 0 24 24\"><path fill=\"#de3a42\" d=\"M17 11H7c-.6 0-1 .4-1 1s.4 1 1 1h10c.6 0 1-.4 1-1s-.4-1-1-1z\"\/><\/svg>\n\t\t\t\t\t\t\t\t\n\t\t\t\t\t\t\t<\/div>\n\n\t\t\t\t\t\t\t\n\t\t\t\t\t\t\t<span class=\"hfaq__text\" itemprop=\"name\">Gesetze und Vorschriften f\u00fcr S-Pedelecs<\/span>\n\t\t\t\t\t\t<\/div>\n\t\t\t\t\t\t<div class=\"hfaq__answer\" itemscope itemprop=\"acceptedAnswer\" itemtype=\"http:\/\/schema.org\/Answer\">\n\t\t\t\t\t\t\t<div class=\"hfaq__answercontent\" itemprop=\"text\"><h3 class=\"wp-block-heading\">Defintionen<\/h3><p class=\"wp-block-paragraph\"><strong>EPAC: <\/strong>Der genormte Begriff\u00a0<strong>EPAC<\/strong>\u00a0steht f\u00fcr \u201e<strong>E<\/strong>lectrically\u00a0<strong>P<\/strong>ower\u00a0<strong>A<\/strong>ssisted\u00a0<strong>C<\/strong>ycle\u201c nach DIN EN 151941 und ist der technische Begriff in der EU-Norm f\u00fcr E-Bike.<\/p><p class=\"wp-block-paragraph\">Aktuell wird das EPAC in der <a href=\"https:\/\/eur-lex.europa.eu\/LexUriServ\/LexUriServ.do?uri=OJ:L:2013:060:0052:0128:DE:PDF\">Europ\u00e4ische Verordnung 168\/20132<\/a> beschrieben. Die Verordnung legt Anforderungen an die Typengenehmigung von Fahrzeugen fest.<\/p><p class=\"wp-block-paragraph\"><strong>E-Bike:<\/strong> Landl\u00e4ufig wird der Begriff E-Bike f\u00fcr Fahrr\u00e4der mit Elektromotor verwendet. Bosch eBike Systems verwendet den Begriff fast ausschliesslich im Sinne eines Pedelec.<\/p><p class=\"wp-block-paragraph\"><strong>Pedelec<\/strong>\u00a0steht f\u00fcr\u00a0<strong>Ped<\/strong>al\u00a0<strong>Ele<\/strong>ctric <strong>C<\/strong>ycle und ist die offizielle Bezeichnung f\u00fcr E-Bike. Technisch gesehen deckt die Bezeichnung nur Fahrr\u00e4der mit einer Motorunterst\u00fctzung bis 25 km\/h ab.<\/p><p class=\"wp-block-paragraph\"><strong>S-Pedelec EU: <\/strong>Fahrr\u00e4der die eine Unterst\u00fctzung bis 45 km\/h anbieten werden als S-Pedelec (Speed Pedelec) bezeichnet. Sie laufen technisch unter der EU-Fahrzeugkategorie L1e-B (leichte zweir\u00e4drige Kraftfahrzeuge), genauer gesagt Kleinkraftr\u00e4der bzw. Mopeds. Die Klassifizierung L1e-B ist in der EU-Verordnung Nr. 168\/2013 festgelegt.<\/p><p class=\"wp-block-paragraph\"><strong>S-Pedelec CH:<\/strong> n der Schweiz gelten S-Pedelecs als \u201eMotorfahrr\u00e4der\u201c (Fahrzeugkategorie M) und sind in der <strong>V<\/strong>erordnung \u00fcber die <strong>t<\/strong>echnischen Anforderungen an <strong>S<\/strong>trassenfahrzeuge (VTS) in <a href=\"https:\/\/www.fedlex.admin.ch\/eli\/cc\/1995\/4425_4425_4425\/de#art_18\">Art. 18 Bst. a VTS<\/a>. geregelt.<\/p><h3 class=\"wp-block-heading\">Vorschriften \/ Gesetze<\/h3><ul class=\"wp-block-list\"><li><strong>Gesetzliche Regelungen f\u00fcr S-Pedelecs in<\/strong>:<br \/>CH =\u00a0<a href=\"https:\/\/www.fedlex.admin.ch\/eli\/cc\/1995\/4425_4425_4425\/de#art_18\">Art. 18 Bst. a Ziff. 2 VTS<\/a> |<a href=\"https:\/\/www.bfu.ch\/de\/services\/rechtsfragen\/e-bike-gesetz-schweiz\"> Zusammenfassung der bfu<\/a> |\u00a0 <a href=\"https:\/\/www.astra.admin.ch\/dam\/astra\/de\/dokumente\/abteilung_strassennetzeallgemein\/Vernehmlassung-Verkehrsflaechen\/uebersichtstabelle_bedeutung_radverkehr-signalisation.pdf.download.pdf\/Uebersichtstabelle_Bedeutung_Radverkehr-Signalisation_2025.pdf\">Signalisation CH<\/a><br \/>DE = <a href=\"https:\/\/www.stvzo.de\/\" target=\"_blank\" rel=\"noreferrer noopener\">\u00a750 STVZO<\/a><br \/>NL =\u00a0<a href=\"https:\/\/www.rijksoverheid.nl\/onderwerpen\/voertuigen-op-de-weg\/bromfiets\/speed-pedelec\" target=\"_blank\" rel=\"noreferrer noopener\">\u00dcbersicht von rijksoverheid.nl<\/a><br \/>BE = <a href=\"https:\/\/www.joule.be\/blog\/alle-speedpedelec-regels-op-een-rijtje\">\u00dcbersicht von joule.be<\/a><\/li><li><strong>Vergleich: <\/strong>Der Branchenverband\u00a0<a href=\"https:\/\/www.ziv-zweirad.de\/\" target=\"_blank\" rel=\"noreferrer noopener\">ZIV<\/a>\u00a0(Zweirad-Industrie-Verband) hat die erste vergleichende\u00a0<a href=\"https:\/\/drive.google.com\/file\/d\/1HR8yc1dCBcpD4-833uXSykFXT-_sEul9\/view?usp=sharing\" target=\"_blank\" rel=\"noreferrer noopener\">Studie<\/a>\u00a0(Nov. 2023) zur Kategorie der Speed-Pedelecs in Europa vorgelegt. F\u00fcr die Studie hat\u00a0<a href=\"https:\/\/mobycon.eu\/\" target=\"_blank\" rel=\"noreferrer noopener\">Mobycon<\/a>, ein niederl\u00e4ndisches Beratungsunternehmen f\u00fcr nachhaltige Mobilit\u00e4t, untersucht, welche Regelungen und Erfahrungen es in\u00a0Deutschland, Belgien, D\u00e4nemark, den\u00a0Niederlanden\u00a0und der\u00a0Schweiz\u00a0zu diesen Fahrzeugen gibt.<p><a href=\"https:\/\/www.pro-velo.ch\/de\/\" target=\"_blank\" rel=\"noreferrer noopener\">Pro Velo Schweiz<\/a> hat einen Vergleich der Vorschriften (CH \/ FL \/ DE \/ FR \/ \u00d6 \/ I) gemacht. Die Tabelle ist\u00a0<a href=\"https:\/\/drive.google.com\/file\/d\/1cEDtiOZPVPOhePQuY3_ReTNlxauOkA8i\/view?usp=sharing\" target=\"_blank\" rel=\"noreferrer noopener\">hier<\/a>\u00a0zu finden (Stand Nov. 2020).<\/p><\/li><li>Einen guten \u00dcberblick bietet auch die Seite <a href=\"https:\/\/pedelaw.info\/schweiz.htm\">PedeLaw.info<\/a> (per 6\/2026, nur Schweiz)<\/li><li>Das ASTRA (Bundesamt f\u00fcr Strassen CH) fasst mit dem <a href=\"https:\/\/www.astra.admin.ch\/astra\/de\/home\/themen\/nationalstrassen\/baustellen\/wissenswertes\/veloknigge.html\">Velo-Knigge<\/a> alle relevanten Infos in vielen kleinen Videoanimationen zusammen. Ebenfalls kann man sich bei\u00a0<a href=\"https:\/\/www.veloplus.ch\/kompetenz\/e-bikes-ratgeber\/sicherheit-und-verkehrsregeln\" target=\"_blank\" rel=\"noreferrer noopener\">veloplus.ch<\/a>\u00a0informieren, inkl. einer \u00fcbersichtlichen Gegen\u00fcberstellung der Vorschriften von Pedelecs und S-Pedelecs in der Schweiz.<\/li><\/ul><p class=\"wp-block-paragraph\"><strong>EU \u2013 \u00dcbersicht<\/strong><\/p><div class=\"wp-block-image wp-block-image is-resized\"><figure class=\"aligncenter\"><a href=\"https:\/\/www.deurag.de\/blog\/e-bikes-und-pedelecs\/\" target=\"_blank\" rel=\"DEURAG noreferrer noopener\"><img loading=\"lazy\" decoding=\"async\" class=\"wp-image-8652\" style=\"width: 600px;\" src=\"https:\/\/wp.stromer-tech.info\/wp-content\/uploads\/2025\/07\/csm_e-bikes-pedelecs-s-pedelec-unterschied_e4692f9b48.webp\" sizes=\"auto, (max-width: 1280px) 100vw, 1280px\" srcset=\"https:\/\/wp.stromer-tech.info\/wp-content\/uploads\/2025\/07\/csm_e-bikes-pedelecs-s-pedelec-unterschied_e4692f9b48.webp 1280w, https:\/\/wp.stromer-tech.info\/wp-content\/uploads\/2025\/07\/csm_e-bikes-pedelecs-s-pedelec-unterschied_e4692f9b48-300x197.webp 300w, https:\/\/wp.stromer-tech.info\/wp-content\/uploads\/2025\/07\/csm_e-bikes-pedelecs-s-pedelec-unterschied_e4692f9b48-1024x673.webp 1024w, https:\/\/wp.stromer-tech.info\/wp-content\/uploads\/2025\/07\/csm_e-bikes-pedelecs-s-pedelec-unterschied_e4692f9b48-768x505.webp 768w, https:\/\/wp.stromer-tech.info\/wp-content\/uploads\/2025\/07\/csm_e-bikes-pedelecs-s-pedelec-unterschied_e4692f9b48-50x33.webp 50w, https:\/\/wp.stromer-tech.info\/wp-content\/uploads\/2025\/07\/csm_e-bikes-pedelecs-s-pedelec-unterschied_e4692f9b48-18x12.webp 18w, https:\/\/wp.stromer-tech.info\/wp-content\/uploads\/2025\/07\/csm_e-bikes-pedelecs-s-pedelec-unterschied_e4692f9b48-60x39.webp 60w, https:\/\/wp.stromer-tech.info\/wp-content\/uploads\/2025\/07\/csm_e-bikes-pedelecs-s-pedelec-unterschied_e4692f9b48-100x66.webp 100w\" alt=\"\" width=\"1280\" height=\"841\" \/><\/a><figcaption class=\"wp-element-caption\">Quelle: <a href=\"https:\/\/www.deurag.de\/blog\/e-bikes-und-pedelecs\/\">DEURAG<\/a><\/figcaption><\/figure><\/div><p class=\"wp-block-paragraph\"><strong>CH \u2013 \u00dcbersicht <\/strong>(ab 1. Juni 2025)<\/p><div class=\"wp-block-image wp-block-image is-resized\"><figure class=\"aligncenter\"><img loading=\"lazy\" decoding=\"async\" class=\"wp-image-8653\" style=\"width: 600px;\" src=\"https:\/\/wp.stromer-tech.info\/wp-content\/uploads\/2025\/07\/Pedelec-Regelungen-Schweiz-ab-1-06-2025-TCS.jpg\" sizes=\"auto, (max-width: 1671px) 100vw, 1671px\" srcset=\"https:\/\/wp.stromer-tech.info\/wp-content\/uploads\/2025\/07\/Pedelec-Regelungen-Schweiz-ab-1-06-2025-TCS.jpg 1671w, https:\/\/wp.stromer-tech.info\/wp-content\/uploads\/2025\/07\/Pedelec-Regelungen-Schweiz-ab-1-06-2025-TCS-283x300.jpg 283w, https:\/\/wp.stromer-tech.info\/wp-content\/uploads\/2025\/07\/Pedelec-Regelungen-Schweiz-ab-1-06-2025-TCS-966x1024.jpg 966w, https:\/\/wp.stromer-tech.info\/wp-content\/uploads\/2025\/07\/Pedelec-Regelungen-Schweiz-ab-1-06-2025-TCS-768x814.jpg 768w, https:\/\/wp.stromer-tech.info\/wp-content\/uploads\/2025\/07\/Pedelec-Regelungen-Schweiz-ab-1-06-2025-TCS-47x50.jpg 47w, https:\/\/wp.stromer-tech.info\/wp-content\/uploads\/2025\/07\/Pedelec-Regelungen-Schweiz-ab-1-06-2025-TCS-1448x1536.jpg 1448w, https:\/\/wp.stromer-tech.info\/wp-content\/uploads\/2025\/07\/Pedelec-Regelungen-Schweiz-ab-1-06-2025-TCS-11x12.jpg 11w, https:\/\/wp.stromer-tech.info\/wp-content\/uploads\/2025\/07\/Pedelec-Regelungen-Schweiz-ab-1-06-2025-TCS-57x60.jpg 57w, https:\/\/wp.stromer-tech.info\/wp-content\/uploads\/2025\/07\/Pedelec-Regelungen-Schweiz-ab-1-06-2025-TCS-94x100.jpg 94w\" alt=\"\" width=\"1671\" height=\"1772\" \/><figcaption class=\"wp-element-caption\">*vom TCS empfohlen<br \/>**Der Velofahrer muss das 16. Lebensjahr vollendet haben.<br \/>Quelle: TCS (<a href=\"https:\/\/www.tcs.ch\/de\/testberichte-ratgeber\/ratgeber\/velo-e-bike\/e-bike-regelungen.php\">E-Bike: was sind die Regelungen<\/a>)<\/figcaption><\/figure><\/div><p class=\"wp-block-paragraph\">Eine \u00dcbersicht aller Fahrzeugklassen gibt es in folgendem <a href=\"https:\/\/www.astra.admin.ch\/dam\/astra\/de\/dokumente\/fahrzeuge\/vorschriften-zulassung-betrieb-motorfahrraeder.pdf.download.pdf\/Vorschriften_Zulassung_Betrieb_Motorfahrraeder.pdf\">PDF<\/a>.<\/p><p><a href=\"https:\/\/wp.stromer-tech.info\/ht-faq\/new-faq-question-191\/\">Siehe<\/a>\u00a0auch hier in der FAQ \u2013 <em>\u201aHelm \u2013 Welche Vorschriften gelten?\u2018<br \/><\/em><a href=\"https:\/\/wp.stromer-tech.info\/ht-faq\/new-faq-question-201\/\">Siehe<\/a> auch hier in der FAQ \u2013<em> ,Licht wie einstellen\u2018<br \/><\/em><a href=\"https:\/\/wp.stromer-tech.info\/ht-faq\/new-faq-question-63\/\">Siehe<\/a> auch hier in der FAQ\u00a0\u2013<em>\u00a0,Faktor 4 Regelung \u2013 Was ist das?\u2018<br \/><\/em><a href=\"https:\/\/wp.stromer-tech.info\/de\/knowledge-base\/kindersitz-auf-dem-stromer\/\">Siehe<\/a> auch PIMP myStromer \u2014 <em>,Kindersitze auf dem Stromer\u2018<br \/><\/em><a href=\"https:\/\/wp.stromer-tech.info\/de\/knowledge-base\/anhaenger\/\">Siehe<\/a> auch PIMP mySTROMER \u2013\u00a0<em>\u201aAnh\u00e4nger\u2018<br \/><\/em><a style=\"box-shadow: #bfe6ff 0px 0px 0px 1px;\" href=\"https:\/\/wp.stromer-tech.info\/knowledge-base\/blinker\/\">Siehe<\/a>\u00a0auch PIMP mySTROMER \u2013\u00a0<em>\u201aBlinker\u2018<\/em><em><br \/><\/em><\/p><p class=\"wp-block-paragraph\">\u00a0<\/p><\/div>\n\t\t\t\t\t\t<\/div>\n\t\t\t\t\t<\/div>\n\t\t\t\t<\/li>\n\t\t\t\t\t\t\t\t\t\t\t\t\t\t<li>\t\t\n\t\t\t\t\t<div class=\"hfaq\" data-hfaq-state=\"closed\" itemscope itemprop=\"mainEntity\" itemtype=\"http:\/\/schema.org\/Question\">\n\t\t\t\t\t\t<div class=\"hfaq__question\" id=\"stromer-faq-a-m-gewicht-was-wiegt-ein-stromer\">\n\n\t\t\t\t\t\t\t\n\t\t\t\t\t\t\t<div class=\"hfaq__icon\" style=\"height: 20px; width: 20px;\">\n\n\t\t\t\t\t\t\t\t\t\t\t\t\t\t\t\t  <svg class=\"hfaq__iconplus\" xmlns=\"http:\/\/www.w3.org\/2000\/svg\" viewBox=\"0 0 24 24\"><path fill=\"#de3a42\" d=\"M17 11h-4V7c0-.6-.4-1-1-1s-1 .4-1 1v4H7c-.6 0-1 .4-1 1s.4 1 1 1h4v4c0 .6.4 1 1 1s1-.4 1-1v-4h4c.6 0 1-.4 1-1s-.4-1-1-1z\"\/><\/svg>\n\t\t\t\t\t\t\t\t  <svg class=\"hfaq__iconminus\" xmlns=\"http:\/\/www.w3.org\/2000\/svg\" viewBox=\"0 0 24 24\"><path fill=\"#de3a42\" d=\"M17 11H7c-.6 0-1 .4-1 1s.4 1 1 1h10c.6 0 1-.4 1-1s-.4-1-1-1z\"\/><\/svg>\n\t\t\t\t\t\t\t\t\n\t\t\t\t\t\t\t<\/div>\n\n\t\t\t\t\t\t\t\n\t\t\t\t\t\t\t<span class=\"hfaq__text\" itemprop=\"name\">Gewicht \u2013 Was wiegt ein Stromer?<\/span>\n\t\t\t\t\t\t<\/div>\n\t\t\t\t\t\t<div class=\"hfaq__answer\" itemscope itemprop=\"acceptedAnswer\" itemtype=\"http:\/\/schema.org\/Answer\">\n\t\t\t\t\t\t\t<div class=\"hfaq__answercontent\" itemprop=\"text\"><!-- wp:paragraph -->\n<p id=\"0dcde903-c9ce-4ff7-a88b-5ba570711028\">Im laufe der Modelevolution wurden die Stromer immer schwerer. Hier eine kleine Zusammenstellung. Sie basiert auf Daten aus online verf\u00fcgbaren Informationen kann aber in der Praxis auch je nach Rahmen +\/- 1 kg abweichen.<\/p>\n<!-- \/wp:paragraph -->\n\n<!-- wp:paragraph -->\n<p id=\"c2639369-edb8-4f98-bb55-be774f9889ac\">Das max. Systemgewicht der Modelle liegt bei den 26\u2033 Modellen bei 140, den 27.5\u2033 Modellen bei 150 kg. Die zul\u00e4ssige Gep\u00e4cktr\u00e4gerlast bewegt sich zwischen 18.5 und 22.5 kg.<\/p>\n<!-- \/wp:paragraph -->\n\n<!-- wp:image {\"id\":2089} -->\n<figure class=\"wp-block-image\"><img loading=\"lazy\" decoding=\"async\" width=\"1024\" height=\"689\" src=\"https:\/\/wp.stromer-tech.info\/wp-content\/uploads\/2025\/07\/Stromer-Gewichtsentwicklung-Modellgeschichte-1024x689.webp\" alt=\"\" class=\"wp-image-2089\" srcset=\"https:\/\/wp.stromer-tech.info\/wp-content\/uploads\/2025\/07\/Stromer-Gewichtsentwicklung-Modellgeschichte-1024x689.webp 1024w, https:\/\/wp.stromer-tech.info\/wp-content\/uploads\/2025\/07\/Stromer-Gewichtsentwicklung-Modellgeschichte-300x202.webp 300w, https:\/\/wp.stromer-tech.info\/wp-content\/uploads\/2025\/07\/Stromer-Gewichtsentwicklung-Modellgeschichte-768x517.webp 768w, https:\/\/wp.stromer-tech.info\/wp-content\/uploads\/2025\/07\/Stromer-Gewichtsentwicklung-Modellgeschichte-50x34.webp 50w, https:\/\/wp.stromer-tech.info\/wp-content\/uploads\/2025\/07\/Stromer-Gewichtsentwicklung-Modellgeschichte-60x40.webp 60w, https:\/\/wp.stromer-tech.info\/wp-content\/uploads\/2025\/07\/Stromer-Gewichtsentwicklung-Modellgeschichte-100x67.webp 100w, https:\/\/wp.stromer-tech.info\/wp-content\/uploads\/2025\/07\/Stromer-Gewichtsentwicklung-Modellgeschichte.webp 1080w\" sizes=\"auto, (max-width: 1024px) 100vw, 1024px\" \/><\/figure>\n<!-- \/wp:image --><\/div>\n\t\t\t\t\t\t<\/div>\n\t\t\t\t\t<\/div>\n\t\t\t\t<\/li>\n\t\t\t\t\t\t\t\t\t\t\t\t\t\t<li>\t\t\n\t\t\t\t\t<div class=\"hfaq\" data-hfaq-state=\"closed\" itemscope itemprop=\"mainEntity\" itemtype=\"http:\/\/schema.org\/Question\">\n\t\t\t\t\t\t<div class=\"hfaq__question\" id=\"stromer-faq-a-m-griffe-sind-diese-beheizbar\">\n\n\t\t\t\t\t\t\t\n\t\t\t\t\t\t\t<div class=\"hfaq__icon\" style=\"height: 20px; width: 20px;\">\n\n\t\t\t\t\t\t\t\t\t\t\t\t\t\t\t\t  <svg class=\"hfaq__iconplus\" xmlns=\"http:\/\/www.w3.org\/2000\/svg\" viewBox=\"0 0 24 24\"><path fill=\"#de3a42\" d=\"M17 11h-4V7c0-.6-.4-1-1-1s-1 .4-1 1v4H7c-.6 0-1 .4-1 1s.4 1 1 1h4v4c0 .6.4 1 1 1s1-.4 1-1v-4h4c.6 0 1-.4 1-1s-.4-1-1-1z\"\/><\/svg>\n\t\t\t\t\t\t\t\t  <svg class=\"hfaq__iconminus\" xmlns=\"http:\/\/www.w3.org\/2000\/svg\" viewBox=\"0 0 24 24\"><path fill=\"#de3a42\" d=\"M17 11H7c-.6 0-1 .4-1 1s.4 1 1 1h10c.6 0 1-.4 1-1s-.4-1-1-1z\"\/><\/svg>\n\t\t\t\t\t\t\t\t\n\t\t\t\t\t\t\t<\/div>\n\n\t\t\t\t\t\t\t\n\t\t\t\t\t\t\t<span class=\"hfaq__text\" itemprop=\"name\">Griffe \u2013 Sind diese beheizbar?<\/span>\n\t\t\t\t\t\t<\/div>\n\t\t\t\t\t\t<div class=\"hfaq__answer\" itemscope itemprop=\"acceptedAnswer\" itemtype=\"http:\/\/schema.org\/Answer\">\n\t\t\t\t\t\t\t<div class=\"hfaq__answercontent\" itemprop=\"text\"><p>Stromer gab es standardm\u00e4ssig nie mit beheizten Griffen. Einige Controller, wie hier ein ST3 Pinion, haben ein entsprechend vorbereitetes Kabel (HG\u00a0&amp; Ind =\u00a0Heated\u00a0Grip (Beheizter Griff) \/ Indicator (Blinker)) was ggf. auf eine zuk\u00fcnftige M\u00f6glichkeit hinweist.\u00a0<\/p><div class=\"wp-block-image\"><figure class=\"aligncenter is-resized\"><img loading=\"lazy\" decoding=\"async\" class=\"wp-image-4748\" style=\"width: 400px;\" src=\"https:\/\/wp.stromer-tech.info\/wp-content\/uploads\/2025\/07\/Stromer-EDS-Controller_HG_und_IND-Anschluesse.jpeg\" sizes=\"auto, (max-width: 640px) 100vw, 640px\" srcset=\"https:\/\/wp.stromer-tech.info\/wp-content\/uploads\/2025\/07\/Stromer-EDS-Controller_HG_und_IND-Anschluesse.jpeg 640w, https:\/\/wp.stromer-tech.info\/wp-content\/uploads\/2025\/07\/Stromer-EDS-Controller_HG_und_IND-Anschluesse-300x200.jpeg 300w, https:\/\/wp.stromer-tech.info\/wp-content\/uploads\/2025\/07\/Stromer-EDS-Controller_HG_und_IND-Anschluesse-50x33.jpeg 50w, https:\/\/wp.stromer-tech.info\/wp-content\/uploads\/2025\/07\/Stromer-EDS-Controller_HG_und_IND-Anschluesse-18x12.jpeg 18w, https:\/\/wp.stromer-tech.info\/wp-content\/uploads\/2025\/07\/Stromer-EDS-Controller_HG_und_IND-Anschluesse-60x40.jpeg 60w, https:\/\/wp.stromer-tech.info\/wp-content\/uploads\/2025\/07\/Stromer-EDS-Controller_HG_und_IND-Anschluesse-100x67.jpeg 100w\" alt=\"\" width=\"640\" height=\"427\" \/><figcaption class=\"wp-element-caption\"><em>ST3-Pinion\u00a0Kabelbaum\u00a0&gt; EDS-MCS Controller<\/em><\/figcaption><\/figure><\/div><p>Eine Alternative bieten beheizbare Handschuhe, z.B.\u00a0<a href=\"https:\/\/www.galaxus.ch\/de\/s8\/product\/wantalis-heated-under-gloves-black-l-handschuhe-21866658?supplier=406802&amp;utm_source=google&amp;utm_medium=cpc&amp;utm_campaign=PMax:+PROD_CH_SSC_Cluster_6%C2%A9&amp;campaignid=20457517654&amp;adgroupid=&amp;adid=&amp;dgCidg=CjwKCAjwxNW2BhAkEiwA24Cm9DfDtypuFCdnnVV9AUhoQ3LakjsVFYM5r4bd3TtpgF8diDGHvX8SShoCslMQAvD_BwE&amp;gad_source=1&amp;gclid=CjwKCAjwxNW2BhAkEiwA24Cm9DfDtypuFCdnnVV9AUhoQ3LakjsVFYM5r4bd3TtpgF8diDGHvX8SShoCslMQAvD_BwE&amp;gclsrc=aw.ds\" target=\"_blank\" rel=\"noreferrer noopener\">Wantalis Heated under gloves black,<\/a>\u00a0<a href=\"https:\/\/www.emtb-news.de\/news\/handguards-e-bike-avs-sendhit-acerbis-uebersicht\/\" target=\"_blank\" rel=\"noreferrer noopener\">Handgurads<\/a>\u00a0oder\u00a0<a href=\"https:\/\/www.vergleich.org\/lenkerstulpen-motorrad\/?gid=CjwKCAjw59q2BhBOEiwAKc0ijePXjKSPGncNhSXZv5rpG1qHyEHSOC0d4yuCe_bSk9ZqntKdhZmUqxoCmusQAvD_BwE&amp;gad_source=1&amp;utm_source=google&amp;utm_medium=cpc&amp;utm_content=search&amp;utm_term=aid-560-355-5860-c-15275470551\" target=\"_blank\" rel=\"noreferrer noopener\">Lenkerstulpen<\/a>.<\/p><\/div>\n\t\t\t\t\t\t<\/div>\n\t\t\t\t\t<\/div>\n\t\t\t\t<\/li>\n\t\t\t\t\t\t\t\t\t\t\t\t\t\t<li>\t\t\n\t\t\t\t\t<div class=\"hfaq\" data-hfaq-state=\"closed\" itemscope itemprop=\"mainEntity\" itemtype=\"http:\/\/schema.org\/Question\">\n\t\t\t\t\t\t<div class=\"hfaq__question\" id=\"stromer-faq-a-m-haendler-in-der-omni-app-aendern-wie-es-geht\">\n\n\t\t\t\t\t\t\t\n\t\t\t\t\t\t\t<div class=\"hfaq__icon\" style=\"height: 20px; width: 20px;\">\n\n\t\t\t\t\t\t\t\t\t\t\t\t\t\t\t\t  <svg class=\"hfaq__iconplus\" xmlns=\"http:\/\/www.w3.org\/2000\/svg\" viewBox=\"0 0 24 24\"><path fill=\"#de3a42\" d=\"M17 11h-4V7c0-.6-.4-1-1-1s-1 .4-1 1v4H7c-.6 0-1 .4-1 1s.4 1 1 1h4v4c0 .6.4 1 1 1s1-.4 1-1v-4h4c.6 0 1-.4 1-1s-.4-1-1-1z\"\/><\/svg>\n\t\t\t\t\t\t\t\t  <svg class=\"hfaq__iconminus\" xmlns=\"http:\/\/www.w3.org\/2000\/svg\" viewBox=\"0 0 24 24\"><path fill=\"#de3a42\" d=\"M17 11H7c-.6 0-1 .4-1 1s.4 1 1 1h10c.6 0 1-.4 1-1s-.4-1-1-1z\"\/><\/svg>\n\t\t\t\t\t\t\t\t\n\t\t\t\t\t\t\t<\/div>\n\n\t\t\t\t\t\t\t\n\t\t\t\t\t\t\t<span class=\"hfaq__text\" itemprop=\"name\">H\u00e4ndler in der Omni App \u00e4ndern &#8211; Wie es geht?<\/span>\n\t\t\t\t\t\t<\/div>\n\t\t\t\t\t\t<div class=\"hfaq__answer\" itemscope itemprop=\"acceptedAnswer\" itemtype=\"http:\/\/schema.org\/Answer\">\n\t\t\t\t\t\t\t<div class=\"hfaq__answercontent\" itemprop=\"text\"><ol><li>Gehe in die Omni App auf Profil (unten rechts)<\/li><li>Gehe zum Men\u00fcpunkt \u201eAuf der Karte ansehen\u201c<\/li><li>Suche dort deinem H\u00e4ndler der Wahl<\/li><li>Klicke das schwarze Haussymbol an (sollte nun rot werden) und w\u00e4hle oben die rote Flagge<\/li><li>Es erscheint eine Meldung \u201eFavorisierten H\u00e4ndler erfassen\u201c<\/li><li>Dr\u00fccke auf \u201espeichern\u201c<\/li><li>Gehe wieder zur\u00fcck auf Profil. Nun sollte unter \u201eMein favorisierter H\u00e4ndler\u201c dein vorher gew\u00e4hlter H\u00e4ndler ersichtlich sein.<\/li><\/ol><\/div>\n\t\t\t\t\t\t<\/div>\n\t\t\t\t\t<\/div>\n\t\t\t\t<\/li>\n\t\t\t\t\t\t\t\t\t\t\t\t\t\t<li>\t\t\n\t\t\t\t\t<div class=\"hfaq\" data-hfaq-state=\"closed\" itemscope itemprop=\"mainEntity\" itemtype=\"http:\/\/schema.org\/Question\">\n\t\t\t\t\t\t<div class=\"hfaq__question\" id=\"stromer-faq-a-m-haendlerliste-ch-de-mit-kundenfeedback\">\n\n\t\t\t\t\t\t\t\n\t\t\t\t\t\t\t<div class=\"hfaq__icon\" style=\"height: 20px; width: 20px;\">\n\n\t\t\t\t\t\t\t\t\t\t\t\t\t\t\t\t  <svg class=\"hfaq__iconplus\" xmlns=\"http:\/\/www.w3.org\/2000\/svg\" viewBox=\"0 0 24 24\"><path fill=\"#de3a42\" d=\"M17 11h-4V7c0-.6-.4-1-1-1s-1 .4-1 1v4H7c-.6 0-1 .4-1 1s.4 1 1 1h4v4c0 .6.4 1 1 1s1-.4 1-1v-4h4c.6 0 1-.4 1-1s-.4-1-1-1z\"\/><\/svg>\n\t\t\t\t\t\t\t\t  <svg class=\"hfaq__iconminus\" xmlns=\"http:\/\/www.w3.org\/2000\/svg\" viewBox=\"0 0 24 24\"><path fill=\"#de3a42\" d=\"M17 11H7c-.6 0-1 .4-1 1s.4 1 1 1h10c.6 0 1-.4 1-1s-.4-1-1-1z\"\/><\/svg>\n\t\t\t\t\t\t\t\t\n\t\t\t\t\t\t\t<\/div>\n\n\t\t\t\t\t\t\t\n\t\t\t\t\t\t\t<span class=\"hfaq__text\" itemprop=\"name\">H\u00e4ndlerliste CH \/ DE mit Kundenfeedback<\/span>\n\t\t\t\t\t\t<\/div>\n\t\t\t\t\t\t<div class=\"hfaq__answer\" itemscope itemprop=\"acceptedAnswer\" itemtype=\"http:\/\/schema.org\/Answer\">\n\t\t\t\t\t\t\t<div class=\"hfaq__answercontent\" itemprop=\"text\"><p id=\"54e17fcd-7c19-4463-80fa-61599488c319\">Eine Auflistung von Stromerh\u00e4ndler mit Kundenfeedback befindet sich f\u00fcr die Schweiz und Deutschland <a href=\"https:\/\/www.stromerforum.ch\/showthread.php?tid=1999&amp;pid=38671#pid38671\">hier<\/a><\/p><p id=\"cca064a7-9413-4dc9-88af-9d9a68bf8502\">Auf der Webseite der myStromer AG gibt es die\u00a0<a href=\"https:\/\/www.stromerbike.com\/de\/storefinder\">offizielle H\u00e4ndlerliste<\/a>.<\/p><p><a href=\"https:\/\/wp.stromer-tech.info\/ht-faq\/new-faq-question-62\/\">Siehe<\/a> auch hier in der FAQ \u2013 <em>,<span style=\"color: #3c434a; font-family: -apple-system, BlinkMacSystemFont, 'Segoe UI', Roboto, Oxygen-Sans, Ubuntu, Cantarell, 'Helvetica Neue', sans-serif; font-size: 15px; font-weight: 600;\">H\u00e4ndler in der Omni App \u00e4ndern \u2013 Wie es geht?\u2018<\/span><\/em><\/p><\/div>\n\t\t\t\t\t\t<\/div>\n\t\t\t\t\t<\/div>\n\t\t\t\t<\/li>\n\t\t\t\t\t\t\t\t\t\t\t\t\t\t<li>\t\t\n\t\t\t\t\t<div class=\"hfaq\" data-hfaq-state=\"closed\" itemscope itemprop=\"mainEntity\" itemtype=\"http:\/\/schema.org\/Question\">\n\t\t\t\t\t\t<div class=\"hfaq__question\" id=\"stromer-faq-a-m-halterwechsel-occasion-stromer\">\n\n\t\t\t\t\t\t\t\n\t\t\t\t\t\t\t<div class=\"hfaq__icon\" style=\"height: 20px; width: 20px;\">\n\n\t\t\t\t\t\t\t\t\t\t\t\t\t\t\t\t  <svg class=\"hfaq__iconplus\" xmlns=\"http:\/\/www.w3.org\/2000\/svg\" viewBox=\"0 0 24 24\"><path fill=\"#de3a42\" d=\"M17 11h-4V7c0-.6-.4-1-1-1s-1 .4-1 1v4H7c-.6 0-1 .4-1 1s.4 1 1 1h4v4c0 .6.4 1 1 1s1-.4 1-1v-4h4c.6 0 1-.4 1-1s-.4-1-1-1z\"\/><\/svg>\n\t\t\t\t\t\t\t\t  <svg class=\"hfaq__iconminus\" xmlns=\"http:\/\/www.w3.org\/2000\/svg\" viewBox=\"0 0 24 24\"><path fill=\"#de3a42\" d=\"M17 11H7c-.6 0-1 .4-1 1s.4 1 1 1h10c.6 0 1-.4 1-1s-.4-1-1-1z\"\/><\/svg>\n\t\t\t\t\t\t\t\t\n\t\t\t\t\t\t\t<\/div>\n\n\t\t\t\t\t\t\t\n\t\t\t\t\t\t\t<span class=\"hfaq__text\" itemprop=\"name\">Halterwechsel &#8211; Occasion-Stromer<\/span>\n\t\t\t\t\t\t<\/div>\n\t\t\t\t\t\t<div class=\"hfaq__answer\" itemscope itemprop=\"acceptedAnswer\" itemtype=\"http:\/\/schema.org\/Answer\">\n\t\t\t\t\t\t\t<div class=\"hfaq__answercontent\" itemprop=\"text\"><!-- wp:heading {\"level\":3,\"className\":\"wp-block-heading\"} -->\n<h3 class=\"wp-block-heading\">Allgemeine Informationen<\/h3>\n<!-- \/wp:heading -->\n\n<!-- wp:paragraph {\"className\":\"wp-block-paragraph\"} -->\n<p class=\"wp-block-paragraph\">Stromer schreibt zum Betrieb ihrer S-Pedelecs folgendes:<\/p>\n<!-- \/wp:paragraph -->\n\n<!-- wp:quote {\"className\":\"wp-block-quote is-layout-flow wp-block-quote-is-layout-flow\"} -->\n<blockquote class=\"wp-block-quote is-layout-flow wp-block-quote-is-layout-flow\"><!-- wp:paragraph {\"className\":\"wp-block-paragraph\",\"style\":{\"typography\":{\"fontSize\":\"15px\"}}} -->\n<p class=\"wp-block-paragraph\" style=\"font-size:15px\">Stromer Speed Pedelecs bieten eine Motorunterst\u00fctzung bis 45 km\/h (28 mph) und sind somit rechtlich Leichtmotorr\u00e4der der Klasse L1e-B im Sinne der Richtlinie 2002\/2004\/EG<br>(USA: Class 3)<\/p>\n<!-- \/wp:paragraph -->\n\n<!-- wp:paragraph {\"className\":\"wp-block-paragraph\",\"style\":{\"typography\":{\"fontSize\":\"15px\"}}} -->\n<p class=\"wp-block-paragraph\" style=\"font-size:15px\">F\u00fcr Fahrzeuge dieser Kategorie besteht in den meisten europ\u00e4ischen L\u00e4ndern eine Zulassungs- und Versicherungspflicht.<\/p>\n<!-- \/wp:paragraph -->\n\n<!-- wp:paragraph {\"className\":\"wp-block-paragraph\",\"style\":{\"typography\":{\"fontSize\":\"15px\"}}} -->\n<p class=\"wp-block-paragraph\" style=\"font-size:15px\">Informieren Sie sich vor der ersten Fahrt mit Ihrem Stromer unbedingt bei Ihrer Zulassungsbeh\u00f6rde \u00fcber die geltenden nationalen Vorschriften dieser Fahrzeugkategorie.<\/p>\n<!-- \/wp:paragraph --><\/blockquote>\n<!-- \/wp:quote -->\n\n<!-- wp:paragraph {\"className\":\"wp-block-paragraph\"} -->\n<p class=\"wp-block-paragraph\"><a href=\"https:\/\/wp.stromer-tech.info\/ht-faq\/new-faq-question-186\/\">Siehe<\/a>&nbsp;auch hier in der FAQ \u2192 \u201a<em>Gesetze und Vorschriften f\u00fcr S-Pedelecs\u2018<\/em><br><a href=\"https:\/\/wp.stromer-tech.info\/ht-faq\/new-faq-question-15\/\">Siehe<\/a> auch hier in der FAQ \u2192 <em>\u201aImport\/Export Stromer (Schweiz)\u2018<\/em><\/p>\n<!-- \/wp:paragraph -->\n\n<!-- wp:heading {\"level\":3,\"className\":\"wp-block-heading\"} -->\n<h3 class=\"wp-block-heading\">Kauf eines Occasion-Stromer &#8211; Checkliste<\/h3>\n<!-- \/wp:heading -->\n\n<!-- wp:paragraph {\"className\":\"wp-block-paragraph\"} -->\n<p class=\"wp-block-paragraph\">Will man einen Stromer als Occasion kaufen empfiehlt es sich vorher eine paar Punkte zu pr\u00fcfen.&nbsp;<a href=\"https:\/\/docs.google.com\/document\/d\/1aLk9C6qYaMA4iNghL9FgioIg1lI2NkrhPkKIAdYPzJ0\/edit?usp=sharing\">Hier<\/a>&nbsp;findest du eine Checkliste die du dazu anweden kannst.<\/p>\n<!-- \/wp:paragraph -->\n\n<!-- wp:heading {\"level\":3,\"className\":\"wp-block-heading\"} -->\n<h3 class=\"wp-block-heading\">Occasion-Stromer registrieren bei Halterwchsel<\/h3>\n<!-- \/wp:heading -->\n\n<!-- wp:heading {\"level\":5,\"className\":\"wp-block-heading\"} -->\n<h5 class=\"wp-block-heading\">Omni C<\/h5>\n<!-- \/wp:heading -->\n\n<!-- wp:paragraph {\"className\":\"wp-block-paragraph\"} -->\n<p class=\"wp-block-paragraph\">Mit der <a href=\"https:\/\/www.stromerbike.com\/de\/swiss-technology-connectivity-omni\" target=\"_self\">Stromer OMNI App<\/a>&nbsp;(<a href=\"https:\/\/www.stromerbike.com\/de\/software\" target=\"_self\">Release<\/a> Juni 2021, ab Version 3.0.0) kann man den Besitzerwechsel selbst vornehmen. Dazu geht man in der Omni App in das Profil (rechtes Icon unten) und scrollt zu \u201eWeiteren Stromer hinzuf\u00fcgen\u201c und folgt der Anleitung Kopplung.<\/p>\n<!-- \/wp:paragraph -->\n\n<!-- wp:image {\"id\":10426,\"width\":\"250px\",\"align\":\"center\"} -->\n<figure class=\"wp-block-image aligncenter is-resized\"><img loading=\"lazy\" decoding=\"async\" width=\"617\" height=\"1024\" src=\"https:\/\/wp.stromer-tech.info\/wp-content\/uploads\/2025\/07\/IMG_9852-617x1024.jpeg\" alt=\"\" class=\"wp-image-10426\" style=\"width:250px\" srcset=\"https:\/\/wp.stromer-tech.info\/wp-content\/uploads\/2025\/07\/IMG_9852-617x1024.jpeg 617w, https:\/\/wp.stromer-tech.info\/wp-content\/uploads\/2025\/07\/IMG_9852-181x300.jpeg 181w, https:\/\/wp.stromer-tech.info\/wp-content\/uploads\/2025\/07\/IMG_9852-30x50.jpeg 30w, https:\/\/wp.stromer-tech.info\/wp-content\/uploads\/2025\/07\/IMG_9852-7x12.jpeg 7w, https:\/\/wp.stromer-tech.info\/wp-content\/uploads\/2025\/07\/IMG_9852-36x60.jpeg 36w, https:\/\/wp.stromer-tech.info\/wp-content\/uploads\/2025\/07\/IMG_9852-60x100.jpeg 60w, https:\/\/wp.stromer-tech.info\/wp-content\/uploads\/2025\/07\/IMG_9852.jpeg 743w\" sizes=\"auto, (max-width: 617px) 100vw, 617px\" \/><\/figure>\n<!-- \/wp:image -->\n\n<!-- wp:paragraph {\"className\":\"wp-block-paragraph\"} -->\n<p class=\"wp-block-paragraph\">Danach hat man ab dem FW Release 4.3.3.2 (11. M\u00e4rz 2021) die M\u00f6glichkeit einen Stromer \u00fcber seinen QR-Code (im Omni unter&nbsp;MEN\u00dc \u2192 BIKE \u2192 OMNI \u2192 REGISTRIERUNG \u2192 NEUER CODE) hinzuzuf\u00fcgen.&nbsp;<a href=\"https:\/\/youtu.be\/It7Tdkzj-SY?si=VkaSnaVAytN05LDU\" target=\"_blank\" rel=\"noreferrer noopener\">How to Video<\/a>.<\/p>\n<!-- \/wp:paragraph -->\n\n<!-- wp:paragraph {\"className\":\"wp-block-ht-blocks-messages wp-block-hb-message wp-block-hb-message\\u002d\\u002dwithicon is-style-info wp-block-paragraph\"} -->\n<p class=\"wp-block-ht-blocks-messages wp-block-hb-message wp-block-hb-message--withicon is-style-info wp-block-paragraph\">Die Option \u201eQR-Code\u201c wurde mit dem FW Release 4.3.3.2 (11. M\u00e4rz 2021) eingef\u00fchrt. Bei \u00e4lteren FW-Versionen besteht diese M\u00f6glichkeit nicht.<\/p>\n<!-- \/wp:paragraph -->\n\n<!-- wp:paragraph -->\n<p>Der Vorbesitzer muss das Bike in seiner Omni App entfernen damit es neu zugewiesen werden kann.<\/p>\n<!-- \/wp:paragraph -->\n\n<!-- wp:paragraph -->\n<p>Wird ein neuer QR-Code zum Verbinden mit einem Stromer Benutzerkonto angefordert, wird ab der FW 4.3.4.5 (6.10.2021) \u00fcberpr\u00fcft, ob bereits ein Benutzerkonto mit diesem Stromer verbunden ist. Falls bereits ein Benutzerkonto verbunden ist, wird anstelle eines QR-Codes ein Hinweis angezeigt.<\/p>\n<!-- \/wp:paragraph -->\n\n<!-- wp:heading {\"level\":5,\"className\":\"wp-block-heading\"} -->\n<h5 class=\"wp-block-heading\">Omni BT<\/h5>\n<!-- \/wp:heading -->\n\n<!-- wp:paragraph {\"className\":\"wp-block-paragraph\"} -->\n<p class=\"wp-block-paragraph\">Auch f\u00fcr Stromer mit dem OMNI BT (z. B. ST1 ab 2019) muss ein Stromer-Konto erstellt werden. Ein <a href=\"https:\/\/www.stromerbike.com\/de\/storefinder\">Stromer-H\u00e4ndler<\/a> ben\u00f6tigt daf\u00fcr:<\/p>\n<!-- \/wp:paragraph -->\n\n<!-- wp:list {\"ordered\":true,\"className\":\"wp-block-list\"} -->\n<ol class=\"wp-block-list\"><!-- wp:list-item -->\n<li>Vor- und Nachname<\/li>\n<!-- \/wp:list-item -->\n\n<!-- wp:list-item -->\n<li>E-Mail-Adresse des Stromerkontos<\/li>\n<!-- \/wp:list-item -->\n\n<!-- wp:list-item -->\n<li>Mobiltelefonnummer<\/li>\n<!-- \/wp:list-item -->\n\n<!-- wp:list-item -->\n<li>VIN des gekauften\/verkauften Stromers<\/li>\n<!-- \/wp:list-item --><\/ol>\n<!-- \/wp:list -->\n\n<!-- wp:paragraph {\"className\":\"wp-block-paragraph\"} -->\n<p class=\"wp-block-paragraph\">Alternativ kannst du die&nbsp;Stromer OMNI App&nbsp;aus dem App Store (iOS) oder Play Store (Android) herunterladen und dar\u00fcber ein neues Konto erstellen.<\/p>\n<!-- \/wp:paragraph -->\n\n<!-- wp:heading {\"level\":3,\"className\":\"wp-block-heading\"} -->\n<h3 class=\"wp-block-heading\">Neues Stromer-Kundenkonto mit der Stromer App erstellen<\/h3>\n<!-- \/wp:heading -->\n\n<!-- wp:paragraph {\"className\":\"wp-block-paragraph\"} -->\n<p class=\"wp-block-paragraph\"><a href=\"https:\/\/wp.stromer-tech.info\/de\/ht-faq\/new-faq-question-44\/\">Siehe<\/a> FAQ \u2192 <em>\u201aRegistrierung \u2013 neues Stromer-Kundenkonto\u2018<\/em> oder in der <a href=\"https:\/\/www.stromerbike.com\/de\/support\/faq\/your-stromer\/how-can-i-register-as-the-new-owner-for-my-stromer-bike\">Stromer-FAQ<\/a>.<\/p>\n<!-- \/wp:paragraph -->\n\n<!-- wp:image {\"id\":2256,\"width\":\"250px\",\"aspectRatio\":\"0.4619230362989825\",\"scale\":\"cover\",\"align\":\"center\"} -->\n<figure class=\"wp-block-image aligncenter is-resized\"><img loading=\"lazy\" decoding=\"async\" width=\"473\" height=\"1024\" src=\"https:\/\/wp.stromer-tech.info\/wp-content\/uploads\/2025\/07\/Stromer-Omni-App-Registrierung-473x1024.webp\" alt=\"\" class=\"wp-image-2256\" style=\"aspect-ratio:0.4619230362989825;object-fit:cover;width:250px\" srcset=\"https:\/\/wp.stromer-tech.info\/wp-content\/uploads\/2025\/07\/Stromer-Omni-App-Registrierung-473x1024.webp 473w, https:\/\/wp.stromer-tech.info\/wp-content\/uploads\/2025\/07\/Stromer-Omni-App-Registrierung-139x300.webp 139w, https:\/\/wp.stromer-tech.info\/wp-content\/uploads\/2025\/07\/Stromer-Omni-App-Registrierung-768x1663.webp 768w, https:\/\/wp.stromer-tech.info\/wp-content\/uploads\/2025\/07\/Stromer-Omni-App-Registrierung-23x50.webp 23w, https:\/\/wp.stromer-tech.info\/wp-content\/uploads\/2025\/07\/Stromer-Omni-App-Registrierung-710x1536.webp 710w, https:\/\/wp.stromer-tech.info\/wp-content\/uploads\/2025\/07\/Stromer-Omni-App-Registrierung-946x2048.webp 946w, https:\/\/wp.stromer-tech.info\/wp-content\/uploads\/2025\/07\/Stromer-Omni-App-Registrierung-28x60.webp 28w, https:\/\/wp.stromer-tech.info\/wp-content\/uploads\/2025\/07\/Stromer-Omni-App-Registrierung-46x100.webp 46w, https:\/\/wp.stromer-tech.info\/wp-content\/uploads\/2025\/07\/Stromer-Omni-App-Registrierung.webp 1080w\" sizes=\"auto, (max-width: 473px) 100vw, 473px\" \/><\/figure>\n<!-- \/wp:image -->\n\n<!-- wp:html -->\n<div class=\"wp-block-image\">\n<figure class=\"aligncenter is-resized\"><\/figure>\n<\/div>\n<!-- \/wp:html -->\n\n<!-- wp:heading {\"level\":3,\"className\":\"wp-block-heading\"} -->\n<h3 class=\"wp-block-heading\">Occasion-Stromer mit der Omni App nutzen<\/h3>\n<!-- \/wp:heading -->\n\n<!-- wp:paragraph {\"className\":\"wp-block-paragraph\"} -->\n<p class=\"wp-block-paragraph\"><a href=\"https:\/\/www.stromerbike.com\/de\/support\/faq\/omni-app\/can-i-use-the-stromer-omni-app-for-a-stromer-i-bought-used\">Siehe<\/a> Stromer-FAQ<\/p>\n<!-- \/wp:paragraph -->\n\n<!-- wp:heading {\"level\":3,\"className\":\"wp-block-heading\"} -->\n<h3 class=\"wp-block-heading\">PIN \u00e4ndern<\/h3>\n<!-- \/wp:heading -->\n\n<!-- wp:paragraph {\"className\":\"wp-block-paragraph\"} -->\n<p class=\"wp-block-paragraph\"><a href=\"https:\/\/www.stromerbike.com\/de\/support\/faq\/display\/how-can-i-change-the-pin-of-my-stromer-bike\">Siehe<\/a> Stromer-FAQ<\/p>\n<!-- \/wp:paragraph -->\n\n<!-- wp:heading {\"level\":3,\"className\":\"wp-block-heading\"} -->\n<h3 class=\"wp-block-heading\">PIN vergessen<\/h3>\n<!-- \/wp:heading -->\n\n<!-- wp:paragraph {\"className\":\"wp-block-paragraph\"} -->\n<p class=\"wp-block-paragraph\"><a href=\"https:\/\/www.stromerbike.com\/de\/support\/faq\/your-stromer\/i-have-forgotten-the-pin-of-my-stromer-bike-what-do-i-have-to-do\">Siehe<\/a> Stromer-FAQ<\/p>\n<!-- \/wp:paragraph -->\n\n<!-- wp:heading {\"level\":3,\"className\":\"wp-block-heading\"} -->\n<h3 class=\"wp-block-heading\">PIN falsch, wird nicht akzeptiert<\/h3>\n<!-- \/wp:heading -->\n\n<!-- wp:paragraph {\"className\":\"wp-block-paragraph\"} -->\n<p class=\"wp-block-paragraph\"><a href=\"https:\/\/wp.stromer-tech.info\/ht-faq\/new-faq-question-48\/\">Siehe<\/a> PIN: vergessen \/ falsch \/ \u00e4ndern<\/p>\n<!-- \/wp:paragraph -->\n\n<!-- wp:heading {\"level\":3,\"className\":\"wp-block-heading\"} -->\n<h3 class=\"wp-block-heading\">Probleme<\/h3>\n<!-- \/wp:heading -->\n\n<!-- wp:paragraph {\"className\":\"wp-block-paragraph\"} -->\n<p class=\"wp-block-paragraph\">Stromer kann nicht aus der Omni App entfernt werden oder der QR Code kann nicht generiert werden:<\/p>\n<!-- \/wp:paragraph -->\n\n<!-- wp:list {\"ordered\":true,\"className\":\"wp-block-list\"} -->\n<ol class=\"wp-block-list\"><!-- wp:list-item -->\n<li>Schalte das WLAN aus und verbinde das Smartphone nur \u00fcber 4G\/5G<\/li>\n<!-- \/wp:list-item -->\n\n<!-- wp:list-item -->\n<li>Schalte den Stromer mit einem Hardreset aus (15 Sek. den Ein\/Aus Taster am Unterrohr dr\u00fccken)<\/li>\n<!-- \/wp:list-item -->\n\n<!-- wp:list-item -->\n<li>Installiere die Omni App neu<\/li>\n<!-- \/wp:list-item -->\n\n<!-- wp:list-item -->\n<li>Kontaktiere deinen H\u00e4ndler<\/li>\n<!-- \/wp:list-item --><\/ol>\n<!-- \/wp:list -->\n\n<!-- wp:paragraph -->\n<p><\/p>\n<!-- \/wp:paragraph --><\/div>\n\t\t\t\t\t\t<\/div>\n\t\t\t\t\t<\/div>\n\t\t\t\t<\/li>\n\t\t\t\t\t\t\t\t\t\t\t\t\t\t<li>\t\t\n\t\t\t\t\t<div class=\"hfaq\" data-hfaq-state=\"closed\" itemscope itemprop=\"mainEntity\" itemtype=\"http:\/\/schema.org\/Question\">\n\t\t\t\t\t\t<div class=\"hfaq__question\" id=\"stromer-faq-a-m-helm-welche-vorschriften-gelten\">\n\n\t\t\t\t\t\t\t\n\t\t\t\t\t\t\t<div class=\"hfaq__icon\" style=\"height: 20px; width: 20px;\">\n\n\t\t\t\t\t\t\t\t\t\t\t\t\t\t\t\t  <svg class=\"hfaq__iconplus\" xmlns=\"http:\/\/www.w3.org\/2000\/svg\" viewBox=\"0 0 24 24\"><path fill=\"#de3a42\" d=\"M17 11h-4V7c0-.6-.4-1-1-1s-1 .4-1 1v4H7c-.6 0-1 .4-1 1s.4 1 1 1h4v4c0 .6.4 1 1 1s1-.4 1-1v-4h4c.6 0 1-.4 1-1s-.4-1-1-1z\"\/><\/svg>\n\t\t\t\t\t\t\t\t  <svg class=\"hfaq__iconminus\" xmlns=\"http:\/\/www.w3.org\/2000\/svg\" viewBox=\"0 0 24 24\"><path fill=\"#de3a42\" d=\"M17 11H7c-.6 0-1 .4-1 1s.4 1 1 1h10c.6 0 1-.4 1-1s-.4-1-1-1z\"\/><\/svg>\n\t\t\t\t\t\t\t\t\n\t\t\t\t\t\t\t<\/div>\n\n\t\t\t\t\t\t\t\n\t\t\t\t\t\t\t<span class=\"hfaq__text\" itemprop=\"name\">Helm \u2013 Welche Vorschriften gelten?<\/span>\n\t\t\t\t\t\t<\/div>\n\t\t\t\t\t\t<div class=\"hfaq__answer\" itemscope itemprop=\"acceptedAnswer\" itemtype=\"http:\/\/schema.org\/Answer\">\n\t\t\t\t\t\t\t<div class=\"hfaq__answercontent\" itemprop=\"text\"><h3 id=\"df69a0e0-2cea-4587-82d5-769c9accc440\" class=\"wp-block-heading\">Schweiz<\/h3><p>Die F\u00fchrerinnen und F\u00fchrer eines sog. schnellen E-Bikes (bauartbedingte H\u00f6chstgeschwindigkeit bis max. 30 km\/h sowie einer allf\u00e4lligen Tretunterst\u00fctzung bis maximal 45 km\/h;\u00a0<a href=\"https:\/\/www.admin.ch\/opc\/de\/classified-compilation\/19950165\/index.html#a18\">Art. 18 Bst. a Ziff. 2 VTS<\/a>) m\u00fcssen einen gepr\u00fcften Fahrradhelm nach der\u00a0Norm EN 1078\u00a0tragen (<a href=\"https:\/\/www.admin.ch\/opc\/de\/classified-compilation\/19620246\/index.html#a3b\">Art. 3b Abs. 3 VRV<\/a>).<\/p><h3 id=\"df69a0e0-2cea-4587-82d5-769c9accc440\" class=\"wp-block-heading\">Deutschland\u00a0<\/h3><p>Die gesetzliche Grundlage (\u00a7 21a Abs. 2 StVO).\u00a0Da S-Pedelecs (bis 45 km\/h Tretunterst\u00fctzung) in Deutschland rechtlich nicht als Fahrr\u00e4der, sondern als Kleinkraftr\u00e4der mit geringer Leistung eingestuft werden, greift die dort verankerte Helmpflicht:<\/p><p>\u201eWer Kraftr\u00e4der oder offene drei- oder mehrr\u00e4drige Kraftfahrzeuge mit einer bauartbedingten H\u00f6chstgeschwindigkeit von mehr als 20 km\/h f\u00fchrt sowie auf oder in ihnen mitf\u00e4hrt, muss w\u00e4hrend der Fahrt einen \u201egeeigneten\u201c\u00a0Schutzhelm tragen.\u201c<\/p><p><strong>Das Problem:<\/strong> Der deutsche Gesetzgeber definiert im Gesetzestext nicht exakt, was unter dem Begriff \u201egeeignet\u201c zu verstehen ist.<\/p><p>Die strikte Auslegung (ECE-R 22): Streng genommen gelten f\u00fcr Kleinkraftr\u00e4der (wie Roller oder Mopeds) die Motorradhelm-Normen (aktuell ECE-R 22.05 oder ECE-R 22.06). Solche Helme sind schwer, besitzen kaum Bel\u00fcftungsschlitze und sind f\u00fcr die k\u00f6rperliche Anstrengung (das aktive Mittreten) auf einem S-Pedelec v\u00f6llig ungeeignet, da der Fahrer darunter extrem schwitzt.<\/p><p><strong>Die Praxis und die NTA 8776 Norm:<\/strong> Da der Gesetzgeber den Begriff \u201egeeignet\u201c offenl\u00e4sst, hat sich die spezifisch niederl\u00e4ndische S-Pedelec-Norm NTA 8776 als europ\u00e4ischer und deutscher Industrie-Standard etabliert. Diese Helme sehen aus wie Fahrradhelme, sind aber f\u00fcr Aufprallgeschwindigkeiten bis 45 km\/h getestet, d\u00e4mpfen St\u00fcrze deutlich besser ab und sch\u00fctzen die Schl\u00e4fen sowie den Hinterkopf tiefer.<\/p><h3 id=\"2a6c50de-6ed9-4d75-8b79-6808ce1161fd\" class=\"wp-block-heading\">Niederlande<\/h3><p>Hier gilt die von der NTA (NTA = <span style=\"box-sizing: border-box; font-weight: 600;\">N<\/span>iederlandse\u00a0<span style=\"box-sizing: border-box; font-weight: 600;\">T<\/span>echnische\u00a0<span style=\"box-sizing: border-box; font-weight: 600;\">A<\/span>fspraak) per 1. Januar 2017 eingef\u00fchrte e NTA 8776 Helmnorm f\u00fcr schnelle E-Bikes oder ein Motorradhelm (Norm ECE 22.05). Die Pr\u00fcfkriterien der Helmnorm NTA 8776 sind an die schnelleren Geschwindigkeiten der Elektrovelos angepasst und um rund 20 Prozent h\u00f6her als bei der herk\u00f6mmlichen Norm EN 1078.\u00a0<\/p><h3 class=\"wp-block-heading\">Belgien<\/h3><p>In Belgien ist die NTA 8776 nicht Vorschrift. Ein Mottorrsdhelm wird empfohlen.<\/p><p class=\"wp-block-ht-blocks-messages wp-block-hb-message wp-block-hb-message--withicon is-style-info\"><span style=\"box-sizing: border-box; font-weight: 600;\">\u00dcbersicht:<\/span><br \/>Wer seiner Passion des E-Bike-Fahrens auch im Ausland nachgehen will muss beachten, dass dort oft andere Regelungen gelten. Besonders bei Helmpflicht oder Ausr\u00fcstung (Bsp. Beleuchtung, R\u00fcckspiegel) gibt es Unterschiede.<\/p><p>Eine grobe \u00dcbersicht gibt es auf <a href=\"https:\/\/e-bike-tours.ch\/e-bike-regeln-und-vorschriften-in-europa\/#1608562437251-62090837-1ecb\">e-bike-tours.de<\/a>.<\/p><h3 class=\"wp-block-heading\">Stormer \u201eSmart Helmets\u201c<\/h3><p><strong>AURA:<\/strong> UNIT 1 gibt f\u00fcr den AURA explizit eine NTA 8776-Zertifizierung f\u00fcr Geschwindigkeiten bis 45 km\/h an, zus\u00e4tzlich zu EN 1078 und CPSC. Ausserdem entspricht er den Normen CPSC, EN 1078 und AS\/NZS 1698:2006.<\/p><p><strong>FARO:\u00a0<br \/><\/strong>F\u00fcr den FARO gibt es keine best\u00e4tigte Zertifizierung nach NTA 8776. Er erf\u00fcllt die klassischen Fahrradhelm-Normen <b data-path-to-node=\"1,1,0\" data-index-in-node=\"160\">CE EN 1078<\/b> (Europa) und CPSC (USA). (<a href=\"https:\/\/help.unit1gear.com\/hc\/en-us\/articles\/34071858503443-What-certifications-does-the-FARO-Mips-helmet-have\">Quelle<\/a>)<\/p><p><strong>CH:<\/strong> F\u00fcr S-Pedelecs ist ein Helm nach der normalen Fahrradnorm EN 1078 gesetzlich ausreichend. Das bedeutet: Sie d\u00fcrfen in der Schweiz sowohl den FARO als auch den AURA auf einem Stromer-Bike v\u00f6llig legal fahren. Der AURA bietet hier lediglich den besseren, f\u00fcr 45 km\/h optimierten Sicherheitsstandard.<\/p><p><b data-path-to-node=\"9,1,0\" data-index-in-node=\"0\">Niederlande:<\/b> Hier ist die NTA 8776 Norm im Gesetz verankert. Auf einem S-Pedelec ist ein Helm ohne dieses Siegel illegal. Hier ist <b data-path-to-node=\"9,1,0\" data-index-in-node=\"131\">nur der UNIT 1 AURA zugelassen<\/b>.<\/p><p><b data-path-to-node=\"9,2,0\" data-index-in-node=\"0\">Deutschland und \u00fcbriges EU-Ausland:<\/b> Die Rechtslage in L\u00e4ndern wie Deutschland ist f\u00fcr S-Pedelecs eine Grauzone, da der Gesetzgeber einen \u201egeeigneten Helm\u201c (oft interpretiert als Motorradhelm nach ECE-R 22) fordert. <br \/>Helme nach dem <strong>NTA 8776 Standard (wie der AURA) <\/strong>werden von der Polizei und den Beh\u00f6rden in der Praxis aber fl\u00e4chendeckend als geeignete S-Pedelec-Helme <strong>akzeptiert und geduldet<\/strong>. Der normale FARO (nur EN 1078) ist f\u00fcr schnelle E-Bikes in Deutschland rechtlich nicht zu empfehlen.<\/p><p><a href=\"https:\/\/wp.stromer-tech.info\/ht-faq\/new-faq-question-186\/\" data-type=\"ht_faq\" data-id=\"5161\">Siehe<\/a> auch hier in den FAQ: <em>\u201aGesetze und Vorschriften f\u00fcr S-Pedelecs\u2018<\/em><\/p><\/div>\n\t\t\t\t\t\t<\/div>\n\t\t\t\t\t<\/div>\n\t\t\t\t<\/li>\n\t\t\t\t\t\t\t\t\t\t\t\t\t\t<li>\t\t\n\t\t\t\t\t<div class=\"hfaq\" data-hfaq-state=\"closed\" itemscope itemprop=\"mainEntity\" itemtype=\"http:\/\/schema.org\/Question\">\n\t\t\t\t\t\t<div class=\"hfaq__question\" id=\"stromer-faq-a-m-helm-geht-beim-faro-unit-1-die-blinkfunktion-das-bremslicht-ueber-das-omni-zusammen\">\n\n\t\t\t\t\t\t\t\n\t\t\t\t\t\t\t<div class=\"hfaq__icon\" style=\"height: 20px; width: 20px;\">\n\n\t\t\t\t\t\t\t\t\t\t\t\t\t\t\t\t  <svg class=\"hfaq__iconplus\" xmlns=\"http:\/\/www.w3.org\/2000\/svg\" viewBox=\"0 0 24 24\"><path fill=\"#de3a42\" d=\"M17 11h-4V7c0-.6-.4-1-1-1s-1 .4-1 1v4H7c-.6 0-1 .4-1 1s.4 1 1 1h4v4c0 .6.4 1 1 1s1-.4 1-1v-4h4c.6 0 1-.4 1-1s-.4-1-1-1z\"\/><\/svg>\n\t\t\t\t\t\t\t\t  <svg class=\"hfaq__iconminus\" xmlns=\"http:\/\/www.w3.org\/2000\/svg\" viewBox=\"0 0 24 24\"><path fill=\"#de3a42\" d=\"M17 11H7c-.6 0-1 .4-1 1s.4 1 1 1h10c.6 0 1-.4 1-1s-.4-1-1-1z\"\/><\/svg>\n\t\t\t\t\t\t\t\t\n\t\t\t\t\t\t\t<\/div>\n\n\t\t\t\t\t\t\t\n\t\t\t\t\t\t\t<span class=\"hfaq__text\" itemprop=\"name\">Helm \u2013 Geht beim Faro (Unit 1) die Blinkfunktion &#038; das Bremslicht \u00fcber das OMNI zusammen?<\/span>\n\t\t\t\t\t\t<\/div>\n\t\t\t\t\t\t<div class=\"hfaq__answer\" itemscope itemprop=\"acceptedAnswer\" itemtype=\"http:\/\/schema.org\/Answer\">\n\t\t\t\t\t\t\t<div class=\"hfaq__answercontent\" itemprop=\"text\"><p><a href=\"https:\/\/wp.stromer-tech.info\/ht-faq\/new-faq-question-157\/\">Siehe<\/a>\u00a0hier in der FAQ das Thema:\u00a0<em>\u201aBluetooth \u2013 Smart Helmet &amp; Smartlock \u2013 warum beides nicht geht\u2018<\/em><\/p><\/div>\n\t\t\t\t\t\t<\/div>\n\t\t\t\t\t<\/div>\n\t\t\t\t<\/li>\n\t\t\t\t\t\t\t\t\t\t\t\t\t\t<li>\t\t\n\t\t\t\t\t<div class=\"hfaq\" data-hfaq-state=\"closed\" itemscope itemprop=\"mainEntity\" itemtype=\"http:\/\/schema.org\/Question\">\n\t\t\t\t\t\t<div class=\"hfaq__question\" id=\"stromer-faq-a-m-homologierung-coc\">\n\n\t\t\t\t\t\t\t\n\t\t\t\t\t\t\t<div class=\"hfaq__icon\" style=\"height: 20px; width: 20px;\">\n\n\t\t\t\t\t\t\t\t\t\t\t\t\t\t\t\t  <svg class=\"hfaq__iconplus\" xmlns=\"http:\/\/www.w3.org\/2000\/svg\" viewBox=\"0 0 24 24\"><path fill=\"#de3a42\" d=\"M17 11h-4V7c0-.6-.4-1-1-1s-1 .4-1 1v4H7c-.6 0-1 .4-1 1s.4 1 1 1h4v4c0 .6.4 1 1 1s1-.4 1-1v-4h4c.6 0 1-.4 1-1s-.4-1-1-1z\"\/><\/svg>\n\t\t\t\t\t\t\t\t  <svg class=\"hfaq__iconminus\" xmlns=\"http:\/\/www.w3.org\/2000\/svg\" viewBox=\"0 0 24 24\"><path fill=\"#de3a42\" d=\"M17 11H7c-.6 0-1 .4-1 1s.4 1 1 1h10c.6 0 1-.4 1-1s-.4-1-1-1z\"\/><\/svg>\n\t\t\t\t\t\t\t\t\n\t\t\t\t\t\t\t<\/div>\n\n\t\t\t\t\t\t\t\n\t\t\t\t\t\t\t<span class=\"hfaq__text\" itemprop=\"name\">Homologierung (CoC)\u2026<\/span>\n\t\t\t\t\t\t<\/div>\n\t\t\t\t\t\t<div class=\"hfaq__answer\" itemscope itemprop=\"acceptedAnswer\" itemtype=\"http:\/\/schema.org\/Answer\">\n\t\t\t\t\t\t\t<div class=\"hfaq__answercontent\" itemprop=\"text\"><p><a href=\"https:\/\/wp.stromer-tech.info\/ht-faq\/new-faq-question-4\/\">Siehe<\/a>\u00a0hier in der FAQ:<em>\u00a0\u201a\u00c4nderungen am Stromer \u2013 Homologierung\/Konformit\u00e4ts- oder Typengenehmigung (CoC)\u2026\u2018<\/em><\/p><\/div>\n\t\t\t\t\t\t<\/div>\n\t\t\t\t\t<\/div>\n\t\t\t\t<\/li>\n\t\t\t\t\t\t\t\t\t\t\t\t\t\t<li>\t\t\n\t\t\t\t\t<div class=\"hfaq\" data-hfaq-state=\"closed\" itemscope itemprop=\"mainEntity\" itemtype=\"http:\/\/schema.org\/Question\">\n\t\t\t\t\t\t<div class=\"hfaq__question\" id=\"stromer-faq-a-m-import-export-eines-stromers-schweiz\">\n\n\t\t\t\t\t\t\t\n\t\t\t\t\t\t\t<div class=\"hfaq__icon\" style=\"height: 20px; width: 20px;\">\n\n\t\t\t\t\t\t\t\t\t\t\t\t\t\t\t\t  <svg class=\"hfaq__iconplus\" xmlns=\"http:\/\/www.w3.org\/2000\/svg\" viewBox=\"0 0 24 24\"><path fill=\"#de3a42\" d=\"M17 11h-4V7c0-.6-.4-1-1-1s-1 .4-1 1v4H7c-.6 0-1 .4-1 1s.4 1 1 1h4v4c0 .6.4 1 1 1s1-.4 1-1v-4h4c.6 0 1-.4 1-1s-.4-1-1-1z\"\/><\/svg>\n\t\t\t\t\t\t\t\t  <svg class=\"hfaq__iconminus\" xmlns=\"http:\/\/www.w3.org\/2000\/svg\" viewBox=\"0 0 24 24\"><path fill=\"#de3a42\" d=\"M17 11H7c-.6 0-1 .4-1 1s.4 1 1 1h10c.6 0 1-.4 1-1s-.4-1-1-1z\"\/><\/svg>\n\t\t\t\t\t\t\t\t\n\t\t\t\t\t\t\t<\/div>\n\n\t\t\t\t\t\t\t\n\t\t\t\t\t\t\t<span class=\"hfaq__text\" itemprop=\"name\">Import\/Export eines Stromers (Schweiz)<\/span>\n\t\t\t\t\t\t<\/div>\n\t\t\t\t\t\t<div class=\"hfaq__answer\" itemscope itemprop=\"acceptedAnswer\" itemtype=\"http:\/\/schema.org\/Answer\">\n\t\t\t\t\t\t\t<div class=\"hfaq__answercontent\" itemprop=\"text\"><p id=\"6a1663b9-37b6-4709-bb50-c812b0b53514\" class=\"NTC_block-paragraph\" style=\"box-sizing: border-box; line-height: 25.4545px; font-family: system-ui, -apple-system, system-ui, BlinkMacSystemFont, 'Segoe UI', Roboto, 'Helvetica Neue', Arial, sans-serif; padding: 8px 0px; margin: 0px; color: #4a4a4a; direction: ltr !important;\">Macht das Sinn und wenn ja, was gilt es zu beachten?<br style=\"box-sizing: border-box; line-height: 25.4545px; direction: ltr !important;\" \/><br style=\"box-sizing: border-box; line-height: 25.4545px; direction: ltr !important;\" \/>Der stromerforum.ch user\u00a0<i class=\"NTC_text-italic\" style=\"box-sizing: border-box; line-height: 25.4545px; direction: ltr !important;\">\u201abeamster\u2018<\/i>\u00a0beantwortet diese Frage\u00a0<a class=\"NTC_text-link\" style=\"box-sizing: border-box; line-height: 25.4545px; color: #d0021b; direction: ltr !important;\" href=\"https:\/\/www.stromerforum.ch\/showthread.php?tid=4056&amp;pid=36550#pid36550\" target=\"_blank\" rel=\"noopener\">hier:<\/a><br style=\"box-sizing: border-box; line-height: 25.4545px; direction: ltr !important;\" \/><br style=\"box-sizing: border-box; line-height: 25.4545px; direction: ltr !important;\" \/>Bei der Einfuhr muss bei einem Verzollungsdienstleiter das Formular\u00a0<a class=\"NTC_text-link\" style=\"box-sizing: border-box; line-height: 25.4545px; color: #d0021b; direction: ltr !important;\" href=\"https:\/\/www.bundespublikationen.admin.ch\/de\/product\/000000000862504227\/Pr%C3%BCfungsbericht%2013.20%20A%20%28Einzelformular%29\" target=\"_blank\" rel=\"noopener\"><i class=\"NTC_text-italic\" style=\"box-sizing: border-box; line-height: 25.4545px; direction: ltr !important;\">Pr\u00fcfbericht 13.20 A<\/i><\/a>\u00a0(CHF 90.-) bezogen werden. Mit diesem kann man beim zust\u00e4ndigen Strassenverkehrsamt (STVA) den Stromer vorzeigen. Es werden die Nummern verglichen (CHF 80.-) und nach ein paar Tagen bekommt man den Fahrzeugausweis (u. Vorbehalt nochmals CHF 70.-)<\/p><p id=\"2ca6fc02-d09e-4313-a7de-cb8644c7dc0e\" class=\"NTC_block-paragraph\" style=\"box-sizing: border-box; line-height: 25.4545px; font-family: system-ui, -apple-system, system-ui, BlinkMacSystemFont, 'Segoe UI', Roboto, 'Helvetica Neue', Arial, sans-serif; padding: 8px 0px; margin: 0px; color: #4a4a4a; direction: ltr !important;\">der user\u00a0<i class=\"NTC_text-italic\" style=\"box-sizing: border-box; line-height: 25.4545px; direction: ltr !important;\">\u201aFrugalist\u2018<\/i>\u00a0<a class=\"NTC_text-link\" style=\"box-sizing: border-box; line-height: 25.4545px; color: #d0021b; direction: ltr !important;\" href=\"https:\/\/www.stromerforum.ch\/showthread.php?tid=4056&amp;pid=38412#pid38412\" target=\"_blank\" rel=\"noopener\">hier:<\/a><br style=\"box-sizing: border-box; line-height: 25.4545px; direction: ltr !important;\" \/><br style=\"box-sizing: border-box; line-height: 25.4545px; direction: ltr !important;\" \/>Ich habe mein Stromer ST7 auch in Deutschland gekauft. Ordentlich ausgef\u00fchrt und verzollt (QuickZoll App). Auf dem STVA (Strassenverkehrsamt) wollten sie das originale COC Dokument sowie die Zollquittung haben f\u00fcr die Anmeldung zur Fahrzeugpr\u00fcfung (weil Import). Das STVA erstellt das Formular\u00a0<a class=\"NTC_text-link\" style=\"box-sizing: border-box; line-height: 25.4545px; color: #d0021b; direction: ltr !important;\" href=\"https:\/\/www.bundespublikationen.admin.ch\/de\/product\/000000000862504227\/Pr%C3%BCfungsbericht%2013.20%20A%20%28Einzelformular%29\" target=\"_blank\" rel=\"noopener\"><i class=\"NTC_text-italic\" style=\"box-sizing: border-box; line-height: 25.4545px; direction: ltr !important;\">Pr\u00fcfbericht 13.20 A<\/i><\/a><i class=\"NTC_text-italic\" style=\"box-sizing: border-box; line-height: 25.4545px; direction: ltr !important;\">\u00a0<\/i>beim \u201evorf\u00fchren\u201c, wo einfach alles angeschaut und verglichen wird. Viel Aufwand ist es nicht und nach der Fahrzeugpr\u00fcfung bekam ich sofort den Fahrzeugausweis und ein Nummernschild.<\/p><p><img loading=\"lazy\" decoding=\"async\" class=\"alignnone  wp-image-4595\" src=\"https:\/\/wp.stromer-tech.info\/wp-content\/uploads\/2025\/07\/Pruefbericht-Formular-13.20-A-b-212x300.jpg\" sizes=\"auto, (max-width: 212px) 100vw, 212px\" srcset=\"https:\/\/wp.stromer-tech.info\/wp-content\/uploads\/2025\/07\/Pruefbericht-Formular-13.20-A-b-212x300.jpg 212w, https:\/\/wp.stromer-tech.info\/wp-content\/uploads\/2025\/07\/Pruefbericht-Formular-13.20-A-b-723x1024.jpg 723w, https:\/\/wp.stromer-tech.info\/wp-content\/uploads\/2025\/07\/Pruefbericht-Formular-13.20-A-b-768x1087.jpg 768w, https:\/\/wp.stromer-tech.info\/wp-content\/uploads\/2025\/07\/Pruefbericht-Formular-13.20-A-b-35x50.jpg 35w, https:\/\/wp.stromer-tech.info\/wp-content\/uploads\/2025\/07\/Pruefbericht-Formular-13.20-A-b-8x12.jpg 8w, https:\/\/wp.stromer-tech.info\/wp-content\/uploads\/2025\/07\/Pruefbericht-Formular-13.20-A-b-42x60.jpg 42w, https:\/\/wp.stromer-tech.info\/wp-content\/uploads\/2025\/07\/Pruefbericht-Formular-13.20-A-b-71x100.jpg 71w, https:\/\/wp.stromer-tech.info\/wp-content\/uploads\/2025\/07\/Pruefbericht-Formular-13.20-A-b.jpg 784w\" alt=\"\" width=\"428\" height=\"606\" \/><\/p><p id=\"52688b14-ab44-43b7-b8f3-aeae404833a5\" class=\"NTC_block-paragraph\" style=\"box-sizing: border-box; line-height: 25.4545px; font-family: system-ui, -apple-system, system-ui, BlinkMacSystemFont, 'Segoe UI', Roboto, 'Helvetica Neue', Arial, sans-serif; padding: 8px 0px; margin: 0px; color: #4a4a4a; direction: ltr !important;\"><span class=\"NTC_text-bold\" style=\"box-sizing: border-box; line-height: 25.4545px; font-weight: bold; direction: ltr !important;\">Zusammenfassung:<br style=\"box-sizing: border-box; line-height: 25.4545px; direction: ltr !important;\" \/><\/span><br style=\"box-sizing: border-box; line-height: 25.4545px; direction: ltr !important;\" \/><span class=\"NTC_text-bold\" style=\"box-sizing: border-box; line-height: 25.4545px; font-weight: bold; direction: ltr !important;\">Import in die\u00a0CH:\u00a0<\/span>Es braucht in der CH\u00a0den\u00a0<a class=\"NTC_text-link\" style=\"box-sizing: border-box; line-height: 25.4545px; color: #d0021b; direction: ltr !important;\" href=\"https:\/\/www.bundespublikationen.admin.ch\/de\/product\/000000000862504227\/Pr%C3%BCfungsbericht%2013.20%20A%20%28Einzelformular%29\" target=\"_blank\" rel=\"noopener\">Pr\u00fcfbericht, das Einzelformular 13.20 A<\/a>. damit der Stromer zugelassen wird. Dieses wird beim Vorf\u00fchren vom STVA (Strassenverkehrsamt) erstellt. Weiter braucht es dazu\u00a0die originale CoC (Certificate of Conformity) des importierten Stromers\u00a0sowie eine Zollquittung.<\/p><p id=\"bf82b57d-3006-4a24-9796-aa561cdd0630\" class=\"NTC_block-paragraph\" style=\"box-sizing: border-box; line-height: 25.4545px; font-family: system-ui, -apple-system, system-ui, BlinkMacSystemFont, 'Segoe UI', Roboto, 'Helvetica Neue', Arial, sans-serif; padding: 8px 0px; margin: 0px 0px 24px; color: #4a4a4a; direction: ltr !important;\"><span class=\"NTC_text-bold\" style=\"box-sizing: border-box; line-height: 25.4545px; font-weight: bold; direction: ltr !important;\">Export aus der CH:\u00a0<\/span>Das CoC an sich w\u00e4re kein Problem, wird ja f\u00fcr alle in der EU verkauften Bikes mitgeliefert. Stromer bietet diese aber f\u00fcr in der Schweiz vertriebene Stromer nicht an, bzw. stellt sie nicht aus. Und ohne CoC keine Ausfuhr in die EU. In der Schweiz gibt es anstelle der CoC den Fahrzeugausweis.<\/p><\/div>\n\t\t\t\t\t\t<\/div>\n\t\t\t\t\t<\/div>\n\t\t\t\t<\/li>\n\t\t\t\t\t\t\t\t\t\t\t\t\t\t<li>\t\t\n\t\t\t\t\t<div class=\"hfaq\" data-hfaq-state=\"closed\" itemscope itemprop=\"mainEntity\" itemtype=\"http:\/\/schema.org\/Question\">\n\t\t\t\t\t\t<div class=\"hfaq__question\" id=\"stromer-faq-a-m-kauf-eines-occasion-stromer-checkliste\">\n\n\t\t\t\t\t\t\t\n\t\t\t\t\t\t\t<div class=\"hfaq__icon\" style=\"height: 20px; width: 20px;\">\n\n\t\t\t\t\t\t\t\t\t\t\t\t\t\t\t\t  <svg class=\"hfaq__iconplus\" xmlns=\"http:\/\/www.w3.org\/2000\/svg\" viewBox=\"0 0 24 24\"><path fill=\"#de3a42\" d=\"M17 11h-4V7c0-.6-.4-1-1-1s-1 .4-1 1v4H7c-.6 0-1 .4-1 1s.4 1 1 1h4v4c0 .6.4 1 1 1s1-.4 1-1v-4h4c.6 0 1-.4 1-1s-.4-1-1-1z\"\/><\/svg>\n\t\t\t\t\t\t\t\t  <svg class=\"hfaq__iconminus\" xmlns=\"http:\/\/www.w3.org\/2000\/svg\" viewBox=\"0 0 24 24\"><path fill=\"#de3a42\" d=\"M17 11H7c-.6 0-1 .4-1 1s.4 1 1 1h10c.6 0 1-.4 1-1s-.4-1-1-1z\"\/><\/svg>\n\t\t\t\t\t\t\t\t\n\t\t\t\t\t\t\t<\/div>\n\n\t\t\t\t\t\t\t\n\t\t\t\t\t\t\t<span class=\"hfaq__text\" itemprop=\"name\">Kauf eines Occasion-Stromer | Checkliste<\/span>\n\t\t\t\t\t\t<\/div>\n\t\t\t\t\t\t<div class=\"hfaq__answer\" itemscope itemprop=\"acceptedAnswer\" itemtype=\"http:\/\/schema.org\/Answer\">\n\t\t\t\t\t\t\t<div class=\"hfaq__answercontent\" itemprop=\"text\"><p>Will man einen Stromer als Occasion kaufen empfiehlt es sich eine paar Punkte vorher zu pr\u00fcfen. <a href=\"https:\/\/docs.google.com\/document\/d\/1aLk9C6qYaMA4iNghL9FgioIg1lI2NkrhPkKIAdYPzJ0\/edit?usp=sharing\">Hier<\/a> findest du eine Checkliste die du dazu anweden kannst.<\/p><\/div>\n\t\t\t\t\t\t<\/div>\n\t\t\t\t\t<\/div>\n\t\t\t\t<\/li>\n\t\t\t\t\t\t\t\t\t\t\t\t\t\t<li>\t\t\n\t\t\t\t\t<div class=\"hfaq\" data-hfaq-state=\"closed\" itemscope itemprop=\"mainEntity\" itemtype=\"http:\/\/schema.org\/Question\">\n\t\t\t\t\t\t<div class=\"hfaq__question\" id=\"stromer-faq-a-m-kette-anzahl-kettenglieder-marke\">\n\n\t\t\t\t\t\t\t\n\t\t\t\t\t\t\t<div class=\"hfaq__icon\" style=\"height: 20px; width: 20px;\">\n\n\t\t\t\t\t\t\t\t\t\t\t\t\t\t\t\t  <svg class=\"hfaq__iconplus\" xmlns=\"http:\/\/www.w3.org\/2000\/svg\" viewBox=\"0 0 24 24\"><path fill=\"#de3a42\" d=\"M17 11h-4V7c0-.6-.4-1-1-1s-1 .4-1 1v4H7c-.6 0-1 .4-1 1s.4 1 1 1h4v4c0 .6.4 1 1 1s1-.4 1-1v-4h4c.6 0 1-.4 1-1s-.4-1-1-1z\"\/><\/svg>\n\t\t\t\t\t\t\t\t  <svg class=\"hfaq__iconminus\" xmlns=\"http:\/\/www.w3.org\/2000\/svg\" viewBox=\"0 0 24 24\"><path fill=\"#de3a42\" d=\"M17 11H7c-.6 0-1 .4-1 1s.4 1 1 1h10c.6 0 1-.4 1-1s-.4-1-1-1z\"\/><\/svg>\n\t\t\t\t\t\t\t\t\n\t\t\t\t\t\t\t<\/div>\n\n\t\t\t\t\t\t\t\n\t\t\t\t\t\t\t<span class=\"hfaq__text\" itemprop=\"name\">Kette \u2013 Anzahl Kettenglieder \/ Marke?<\/span>\n\t\t\t\t\t\t<\/div>\n\t\t\t\t\t\t<div class=\"hfaq__answer\" itemscope itemprop=\"acceptedAnswer\" itemtype=\"http:\/\/schema.org\/Answer\">\n\t\t\t\t\t\t\t<div class=\"hfaq__answercontent\" itemprop=\"text\"><!-- wp:paragraph -->\n<p>Die Anzahl der Kettenglieder ist von diversen Faktoren abh\u00e4ngig. Man braucht die L\u00e4nge der Kettenstrebe, die Anzahl der Z\u00e4hne vom (gr\u00f6ssten) Kettenblatt und des kleinsten Ritzels sowie die Anzahl Z\u00e4hne der Kettenr\u00f6llchen. Hat man alle Angaben kann die Gliederanzahl mit einem&nbsp;<a style=\"box-sizing: border-box; color: #0073aa; transition-property: border, background, color; transition-duration: 0.05s; transition-timing-function: ease-in-out; outline: 0px;\" href=\"https:\/\/ciclista.net\/kettenlaenge-rechner\/\" target=\"_blank\" rel=\"noreferrer noopener\">Kettenrechner<\/a>&nbsp;berechnet werden.<\/p>\n<!-- \/wp:paragraph -->\n\n<!-- wp:image {\"id\":2127,\"width\":\"500px\",\"align\":\"center\"} -->\n<figure class=\"wp-block-image aligncenter is-resized\"><img loading=\"lazy\" decoding=\"async\" width=\"1024\" height=\"803\" src=\"https:\/\/wp.stromer-tech.info\/wp-content\/uploads\/2025\/07\/Stromer-Rahmengeometrie-Bsp-1024x803.webp\" alt=\"\" class=\"wp-image-2127\" style=\"width:500px\" srcset=\"https:\/\/wp.stromer-tech.info\/wp-content\/uploads\/2025\/07\/Stromer-Rahmengeometrie-Bsp-1024x803.webp 1024w, https:\/\/wp.stromer-tech.info\/wp-content\/uploads\/2025\/07\/Stromer-Rahmengeometrie-Bsp-300x235.webp 300w, https:\/\/wp.stromer-tech.info\/wp-content\/uploads\/2025\/07\/Stromer-Rahmengeometrie-Bsp-768x602.webp 768w, https:\/\/wp.stromer-tech.info\/wp-content\/uploads\/2025\/07\/Stromer-Rahmengeometrie-Bsp-50x39.webp 50w, https:\/\/wp.stromer-tech.info\/wp-content\/uploads\/2025\/07\/Stromer-Rahmengeometrie-Bsp-60x47.webp 60w, https:\/\/wp.stromer-tech.info\/wp-content\/uploads\/2025\/07\/Stromer-Rahmengeometrie-Bsp-100x78.webp 100w, https:\/\/wp.stromer-tech.info\/wp-content\/uploads\/2025\/07\/Stromer-Rahmengeometrie-Bsp.webp 1080w\" sizes=\"auto, (max-width: 1024px) 100vw, 1024px\" \/><\/figure>\n<!-- \/wp:image -->\n\n<!-- wp:paragraph -->\n<p>F\u00fcr die Stromer Modellpalette ergibt sich&nbsp;rechnerisch&nbsp;folgende Tabelle.<\/p>\n<!-- \/wp:paragraph -->\n\n<!-- wp:image {\"id\":2128,\"width\":\"501px\",\"align\":\"center\"} -->\n<figure class=\"wp-block-image aligncenter is-resized\"><img loading=\"lazy\" decoding=\"async\" width=\"1024\" height=\"490\" src=\"https:\/\/wp.stromer-tech.info\/wp-content\/uploads\/2025\/07\/Stromer-Kettenglieder-1024x490.webp\" alt=\"\" class=\"wp-image-2128\" style=\"width:501px\" srcset=\"https:\/\/wp.stromer-tech.info\/wp-content\/uploads\/2025\/07\/Stromer-Kettenglieder-1024x490.webp 1024w, https:\/\/wp.stromer-tech.info\/wp-content\/uploads\/2025\/07\/Stromer-Kettenglieder-300x144.webp 300w, https:\/\/wp.stromer-tech.info\/wp-content\/uploads\/2025\/07\/Stromer-Kettenglieder-768x368.webp 768w, https:\/\/wp.stromer-tech.info\/wp-content\/uploads\/2025\/07\/Stromer-Kettenglieder-50x24.webp 50w, https:\/\/wp.stromer-tech.info\/wp-content\/uploads\/2025\/07\/Stromer-Kettenglieder-60x29.webp 60w, https:\/\/wp.stromer-tech.info\/wp-content\/uploads\/2025\/07\/Stromer-Kettenglieder-100x48.webp 100w, https:\/\/wp.stromer-tech.info\/wp-content\/uploads\/2025\/07\/Stromer-Kettenglieder.webp 1080w\" sizes=\"auto, (max-width: 1024px) 100vw, 1024px\" \/><\/figure>\n<!-- \/wp:image -->\n\n<!-- wp:paragraph {\"className\":\"wp-block-ht-blocks-messages wp-block-hb-message wp-block-hb-message\\u002d\\u002dwithicon is-style-info\"} -->\n<p class=\"wp-block-ht-blocks-messages wp-block-hb-message wp-block-hb-message--withicon is-style-info\"><strong>Tipp: <\/strong>Vor einem Tausch die Glieder der alten Kette abz\u00e4hlen und dann bestellen.<\/p>\n<!-- \/wp:paragraph -->\n\n<!-- wp:heading {\"level\":3,\"className\":\"wp-block-heading\"} -->\n<h3 class=\"wp-block-heading\">Was verwendet Stromer?<\/h3>\n<!-- \/wp:heading -->\n\n<!-- wp:paragraph -->\n<p>Meist kommen Ketten von KMC zum Einsatz. Da h\u00e4ufig ein Shimano Wechsler und eine Kassette verwendet wird gehen auch Ketten von Shimano.<\/p>\n<!-- \/wp:paragraph -->\n\n<!-- wp:list {\"className\":\"wp-block-list\"} -->\n<ul class=\"wp-block-list\"><!-- wp:list-item -->\n<li>KMC e11 EPT \/ Shimano CN-8000 (11-fach)<\/li>\n<!-- \/wp:list-item -->\n\n<!-- wp:list-item -->\n<li>Alternative: Shimano CN-HG701-11<\/li>\n<!-- \/wp:list-item --><\/ul>\n<!-- \/wp:list -->\n\n<!-- wp:heading {\"level\":3,\"className\":\"wp-block-heading\"} -->\n<h3 class=\"wp-block-heading\">Alternative Methode<\/h3>\n<!-- \/wp:heading -->\n\n<!-- wp:paragraph -->\n<p>Shimano <a href=\"https:\/\/mtb.shimano.com\/ch-de\/stories\/kettenlaenge-richtig-bestimmen\">beschreibt eine pragmatische L\u00f6sung<\/a> (<a href=\"https:\/\/si.shimano.com\/de\/dm\/MARD001\/Checking_the_chain_length\">alt. Link<\/a>) f\u00fcr die Bestimmung der Kettenl\u00e4nge. Die Methode ist abh\u00e4nging wie die Kettenenden verbunden werden: \u201eQuick Link\u201c oder \u201eNietstift\u201c.<\/p>\n<!-- \/wp:paragraph -->\n\n<!-- wp:paragraph -->\n<p>Zur Messung wird die Kette auf das gr\u00f6sste Kettenblatt und das gr\u00f6sste Ritzel gelegt und am hinteren Teil des Kassettenzahnkranzes zusammengef\u00fchrt.<\/p>\n<!-- \/wp:paragraph -->\n\n<!-- wp:image {\"id\":6112,\"width\":\"500px\",\"align\":\"center\"} -->\n<figure class=\"wp-block-image aligncenter is-resized\"><img loading=\"lazy\" decoding=\"async\" width=\"932\" height=\"1024\" src=\"https:\/\/wp.stromer-tech.info\/wp-content\/uploads\/2025\/07\/Shimano_Kettenlaenge_bestimmen-2-932x1024.jpg\" alt=\"\" class=\"wp-image-6112\" style=\"width:500px\" srcset=\"https:\/\/wp.stromer-tech.info\/wp-content\/uploads\/2025\/07\/Shimano_Kettenlaenge_bestimmen-2-932x1024.jpg 932w, https:\/\/wp.stromer-tech.info\/wp-content\/uploads\/2025\/07\/Shimano_Kettenlaenge_bestimmen-2-273x300.jpg 273w, https:\/\/wp.stromer-tech.info\/wp-content\/uploads\/2025\/07\/Shimano_Kettenlaenge_bestimmen-2-768x843.jpg 768w, https:\/\/wp.stromer-tech.info\/wp-content\/uploads\/2025\/07\/Shimano_Kettenlaenge_bestimmen-2-46x50.jpg 46w, https:\/\/wp.stromer-tech.info\/wp-content\/uploads\/2025\/07\/Shimano_Kettenlaenge_bestimmen-2-11x12.jpg 11w, https:\/\/wp.stromer-tech.info\/wp-content\/uploads\/2025\/07\/Shimano_Kettenlaenge_bestimmen-2-55x60.jpg 55w, https:\/\/wp.stromer-tech.info\/wp-content\/uploads\/2025\/07\/Shimano_Kettenlaenge_bestimmen-2-91x100.jpg 91w, https:\/\/wp.stromer-tech.info\/wp-content\/uploads\/2025\/07\/Shimano_Kettenlaenge_bestimmen-2.jpg 1160w\" sizes=\"auto, (max-width: 932px) 100vw, 932px\" \/><\/figure>\n<!-- \/wp:image --><\/div>\n\t\t\t\t\t\t<\/div>\n\t\t\t\t\t<\/div>\n\t\t\t\t<\/li>\n\t\t\t\t\t\t\t\t\t\t\t\t\t\t<li>\t\t\n\t\t\t\t\t<div class=\"hfaq\" data-hfaq-state=\"closed\" itemscope itemprop=\"mainEntity\" itemtype=\"http:\/\/schema.org\/Question\">\n\t\t\t\t\t\t<div class=\"hfaq__question\" id=\"stromer-faq-a-m-kette-verschleiss-messen\">\n\n\t\t\t\t\t\t\t\n\t\t\t\t\t\t\t<div class=\"hfaq__icon\" style=\"height: 20px; width: 20px;\">\n\n\t\t\t\t\t\t\t\t\t\t\t\t\t\t\t\t  <svg class=\"hfaq__iconplus\" xmlns=\"http:\/\/www.w3.org\/2000\/svg\" viewBox=\"0 0 24 24\"><path fill=\"#de3a42\" d=\"M17 11h-4V7c0-.6-.4-1-1-1s-1 .4-1 1v4H7c-.6 0-1 .4-1 1s.4 1 1 1h4v4c0 .6.4 1 1 1s1-.4 1-1v-4h4c.6 0 1-.4 1-1s-.4-1-1-1z\"\/><\/svg>\n\t\t\t\t\t\t\t\t  <svg class=\"hfaq__iconminus\" xmlns=\"http:\/\/www.w3.org\/2000\/svg\" viewBox=\"0 0 24 24\"><path fill=\"#de3a42\" d=\"M17 11H7c-.6 0-1 .4-1 1s.4 1 1 1h10c.6 0 1-.4 1-1s-.4-1-1-1z\"\/><\/svg>\n\t\t\t\t\t\t\t\t\n\t\t\t\t\t\t\t<\/div>\n\n\t\t\t\t\t\t\t\n\t\t\t\t\t\t\t<span class=\"hfaq__text\" itemprop=\"name\">Kette \u2013 Verschleiss messen<\/span>\n\t\t\t\t\t\t<\/div>\n\t\t\t\t\t\t<div class=\"hfaq__answer\" itemscope itemprop=\"acceptedAnswer\" itemtype=\"http:\/\/schema.org\/Answer\">\n\t\t\t\t\t\t\t<div class=\"hfaq__answercontent\" itemprop=\"text\"><p id=\"6e004998-3d33-4cf9-9df5-f48f663a4d22\">Ist das Schaltwerk richtig eingestellt, kann eine verschlissene Kette daran erkannt werden, dass sie beim Pedalieren durchrutscht. Das Problem kommt schleichend &#8211; zuerst nur wenn man kr\u00e4ftig tritt, dann mehr und mehr auch beim Beschleunigen auf der Geraden.<\/p><p id=\"e156099a-861e-4295-8de8-d5d21c7c9c38\">Den Verschleiss kann man messen, am einfachsten mit einer <a href=\"https:\/\/www.bike-components.de\/de\/Rohloff\/Caliber-2-Kettenverschleisslehre-p1740\/?o=100001-universal-universal&amp;delivery_country=CH&amp;upid=google&amp;utm_source=google&amp;utm_medium=cpc&amp;utm_campaign=17542009866&amp;utm_content=&amp;utm_term=&amp;gclid=Cj0KCQjw1aOpBhCOARIsACXYv-d6gTyo84zZO_TD0XS1zCVadsAdtGj_QYoYvdxmNNoYiIA6WpLnUZkaAstZEALw_wcB\">Kettenlehre<\/a>.<\/p><div class=\"wp-block-image\"><figure class=\"aligncenter is-resized\"><img loading=\"lazy\" decoding=\"async\" class=\"wp-image-4774\" style=\"width: 400px;\" src=\"https:\/\/wp.stromer-tech.info\/wp-content\/uploads\/2025\/07\/Rohlof-Kettenlehre-edited.webp\" sizes=\"auto, (max-width: 557px) 100vw, 557px\" srcset=\"https:\/\/wp.stromer-tech.info\/wp-content\/uploads\/2025\/07\/Rohlof-Kettenlehre-edited.webp 557w, https:\/\/wp.stromer-tech.info\/wp-content\/uploads\/2025\/07\/Rohlof-Kettenlehre-edited-300x169.webp 300w, https:\/\/wp.stromer-tech.info\/wp-content\/uploads\/2025\/07\/Rohlof-Kettenlehre-edited-50x28.webp 50w, https:\/\/wp.stromer-tech.info\/wp-content\/uploads\/2025\/07\/Rohlof-Kettenlehre-edited-18x10.webp 18w, https:\/\/wp.stromer-tech.info\/wp-content\/uploads\/2025\/07\/Rohlof-Kettenlehre-edited-60x34.webp 60w, https:\/\/wp.stromer-tech.info\/wp-content\/uploads\/2025\/07\/Rohlof-Kettenlehre-edited-100x56.webp 100w\" alt=\"\" width=\"557\" height=\"313\" \/><\/figure><\/div><p id=\"87609fc6-9ec8-426b-8d6d-45fc15dc3998\">Eine weitere M\u00f6glichkeit ist ein Messschieber (auch Schublehre genannt). Dazu stellt man ihn auf eine L\u00e4nge von 118 mm ein. Dann f\u00fchrt man die Lehre an einer beliebigen Stelle der Kette zwischen 10 Kettengliedern ein. Nun \u00f6ffnet man den Messschieber so weit, bis er an den Rollen der Kettenglieder anliegt.<\/p><p id=\"eba2b651-9646-4fe9-8dc7-424cf50eb030\">Anzeige:<\/p><ul id=\"3cf37767-b29d-4177-9027-9219ef100879\" class=\"wp-block-list\"><li>119.50 mm = Kette ist neu<\/li><li>120.25 mm bei Alluminiumritzel und Kettenblatt = verschlissen<\/li><li>120.50 mm bei Stahlritzel und Kettenblatt = verschlissen<\/li><\/ul><p>Mit dem <a href=\"https:\/\/wp.stromer-tech.info\/de\/?s=Kette&amp;ht-kb-search=1&amp;lang=\">Suchbegriff &#8222;Kette&#8220;<\/a> findest du weitere interessante Information hier auf der Seite.<\/p><\/div>\n\t\t\t\t\t\t<\/div>\n\t\t\t\t\t<\/div>\n\t\t\t\t<\/li>\n\t\t\t\t\t\t\t\t\t\t\t\t\t\t<li>\t\t\n\t\t\t\t\t<div class=\"hfaq\" data-hfaq-state=\"closed\" itemscope itemprop=\"mainEntity\" itemtype=\"http:\/\/schema.org\/Question\">\n\t\t\t\t\t\t<div class=\"hfaq__question\" id=\"stromer-faq-a-m-keyless-was-heisst-das\">\n\n\t\t\t\t\t\t\t\n\t\t\t\t\t\t\t<div class=\"hfaq__icon\" style=\"height: 20px; width: 20px;\">\n\n\t\t\t\t\t\t\t\t\t\t\t\t\t\t\t\t  <svg class=\"hfaq__iconplus\" xmlns=\"http:\/\/www.w3.org\/2000\/svg\" viewBox=\"0 0 24 24\"><path fill=\"#de3a42\" d=\"M17 11h-4V7c0-.6-.4-1-1-1s-1 .4-1 1v4H7c-.6 0-1 .4-1 1s.4 1 1 1h4v4c0 .6.4 1 1 1s1-.4 1-1v-4h4c.6 0 1-.4 1-1s-.4-1-1-1z\"\/><\/svg>\n\t\t\t\t\t\t\t\t  <svg class=\"hfaq__iconminus\" xmlns=\"http:\/\/www.w3.org\/2000\/svg\" viewBox=\"0 0 24 24\"><path fill=\"#de3a42\" d=\"M17 11H7c-.6 0-1 .4-1 1s.4 1 1 1h10c.6 0 1-.4 1-1s-.4-1-1-1z\"\/><\/svg>\n\t\t\t\t\t\t\t\t\n\t\t\t\t\t\t\t<\/div>\n\n\t\t\t\t\t\t\t\n\t\t\t\t\t\t\t<span class=\"hfaq__text\" itemprop=\"name\">Keyless \u2013 Was heisst das?<\/span>\n\t\t\t\t\t\t<\/div>\n\t\t\t\t\t\t<div class=\"hfaq__answer\" itemscope itemprop=\"acceptedAnswer\" itemtype=\"http:\/\/schema.org\/Answer\">\n\t\t\t\t\t\t\t<div class=\"hfaq__answercontent\" itemprop=\"text\"><!-- wp:paragraph -->\n<p>Vielleicht bist du beim durchlesen von ,Stromerlekt\u00fcre\u2018 schon auf den Begriff\u00a0&#8218;KEYLESS&#8216;\u00a0gestossen. \u00dcbersetzt heisst dies \u201aschl\u00fcsselfrei\u2018 oder \u201aschl\u00fcssellos\u2018. Im Stromer-Wording ist das die Beschreibung, dass der Akku ohne Schl\u00fcssel aus dem Batteirefach entfernt werden kann. Die Entsperrung (EJECT) des Akkufachs geschieht \u00fcber das Omni-Display.<\/p>\n<!-- \/wp:paragraph -->\n\n<!-- wp:image {\"id\":4467,\"width\":\"200px\",\"align\":\"center\"} -->\n<figure class=\"wp-block-image aligncenter is-resized\"><img loading=\"lazy\" decoding=\"async\" width=\"480\" height=\"640\" src=\"https:\/\/wp.stromer-tech.info\/wp-content\/uploads\/2025\/07\/Stromer_Omni_EJECT-Symbol.webp\" alt=\"\" class=\"wp-image-4467\" style=\"width:200px\" srcset=\"https:\/\/wp.stromer-tech.info\/wp-content\/uploads\/2025\/07\/Stromer_Omni_EJECT-Symbol.webp 480w, https:\/\/wp.stromer-tech.info\/wp-content\/uploads\/2025\/07\/Stromer_Omni_EJECT-Symbol-225x300.webp 225w, https:\/\/wp.stromer-tech.info\/wp-content\/uploads\/2025\/07\/Stromer_Omni_EJECT-Symbol-38x50.webp 38w, https:\/\/wp.stromer-tech.info\/wp-content\/uploads\/2025\/07\/Stromer_Omni_EJECT-Symbol-9x12.webp 9w, https:\/\/wp.stromer-tech.info\/wp-content\/uploads\/2025\/07\/Stromer_Omni_EJECT-Symbol-45x60.webp 45w, https:\/\/wp.stromer-tech.info\/wp-content\/uploads\/2025\/07\/Stromer_Omni_EJECT-Symbol-75x100.webp 75w\" sizes=\"auto, (max-width: 480px) 100vw, 480px\" \/><\/figure>\n<!-- \/wp:image --><\/div>\n\t\t\t\t\t\t<\/div>\n\t\t\t\t\t<\/div>\n\t\t\t\t<\/li>\n\t\t\t\t\t\t\t\t\t\t\t\t\t\t<li>\t\t\n\t\t\t\t\t<div class=\"hfaq\" data-hfaq-state=\"closed\" itemscope itemprop=\"mainEntity\" itemtype=\"http:\/\/schema.org\/Question\">\n\t\t\t\t\t\t<div class=\"hfaq__question\" id=\"stromer-faq-a-m-komoot-kann-stromer-wirklich-komoot\">\n\n\t\t\t\t\t\t\t\n\t\t\t\t\t\t\t<div class=\"hfaq__icon\" style=\"height: 20px; width: 20px;\">\n\n\t\t\t\t\t\t\t\t\t\t\t\t\t\t\t\t  <svg class=\"hfaq__iconplus\" xmlns=\"http:\/\/www.w3.org\/2000\/svg\" viewBox=\"0 0 24 24\"><path fill=\"#de3a42\" d=\"M17 11h-4V7c0-.6-.4-1-1-1s-1 .4-1 1v4H7c-.6 0-1 .4-1 1s.4 1 1 1h4v4c0 .6.4 1 1 1s1-.4 1-1v-4h4c.6 0 1-.4 1-1s-.4-1-1-1z\"\/><\/svg>\n\t\t\t\t\t\t\t\t  <svg class=\"hfaq__iconminus\" xmlns=\"http:\/\/www.w3.org\/2000\/svg\" viewBox=\"0 0 24 24\"><path fill=\"#de3a42\" d=\"M17 11H7c-.6 0-1 .4-1 1s.4 1 1 1h10c.6 0 1-.4 1-1s-.4-1-1-1z\"\/><\/svg>\n\t\t\t\t\t\t\t\t\n\t\t\t\t\t\t\t<\/div>\n\n\t\t\t\t\t\t\t\n\t\t\t\t\t\t\t<span class=\"hfaq__text\" itemprop=\"name\">Komoot \u2013 Kann Stromer wirklich Komoot?<\/span>\n\t\t\t\t\t\t<\/div>\n\t\t\t\t\t\t<div class=\"hfaq__answer\" itemscope itemprop=\"acceptedAnswer\" itemtype=\"http:\/\/schema.org\/Answer\">\n\t\t\t\t\t\t\t<div class=\"hfaq__answercontent\" itemprop=\"text\"><p>Wer mit Komoot seine Fahrtrouten plant ist vielleicht schon einmal \u00fcber folgende Eintr\u00e4ge gestolpert. Es scheint, als ob Komoot dem Stromer Omni Navigationshinweise \u00fcbermitteln kann.<\/p><div class=\"wp-block-image\"><figure class=\"aligncenter is-resized\"><img loading=\"lazy\" decoding=\"async\" class=\"wp-image-4782\" style=\"width: 400px;\" src=\"https:\/\/wp.stromer-tech.info\/wp-content\/uploads\/2025\/07\/Stromer_Komoot-Einbindung-954x1024.jpg\" sizes=\"auto, (max-width: 954px) 100vw, 954px\" srcset=\"https:\/\/wp.stromer-tech.info\/wp-content\/uploads\/2025\/07\/Stromer_Komoot-Einbindung-954x1024.jpg 954w, https:\/\/wp.stromer-tech.info\/wp-content\/uploads\/2025\/07\/Stromer_Komoot-Einbindung-279x300.jpg 279w, https:\/\/wp.stromer-tech.info\/wp-content\/uploads\/2025\/07\/Stromer_Komoot-Einbindung-768x825.jpg 768w, https:\/\/wp.stromer-tech.info\/wp-content\/uploads\/2025\/07\/Stromer_Komoot-Einbindung-47x50.jpg 47w, https:\/\/wp.stromer-tech.info\/wp-content\/uploads\/2025\/07\/Stromer_Komoot-Einbindung-1431x1536.jpg 1431w, https:\/\/wp.stromer-tech.info\/wp-content\/uploads\/2025\/07\/Stromer_Komoot-Einbindung-11x12.jpg 11w, https:\/\/wp.stromer-tech.info\/wp-content\/uploads\/2025\/07\/Stromer_Komoot-Einbindung-56x60.jpg 56w, https:\/\/wp.stromer-tech.info\/wp-content\/uploads\/2025\/07\/Stromer_Komoot-Einbindung-93x100.jpg 93w, https:\/\/wp.stromer-tech.info\/wp-content\/uploads\/2025\/07\/Stromer_Komoot-Einbindung.jpg 1480w\" alt=\"\" width=\"954\" height=\"1024\" \/><\/figure><\/div><p>Eine Nachfrage bei Stromer ergab Klarheit:<\/p><figure class=\"wp-block-image size-large\"><img loading=\"lazy\" decoding=\"async\" class=\"wp-image-4783\" src=\"https:\/\/wp.stromer-tech.info\/wp-content\/uploads\/2025\/07\/Stromer_Komoot-Einbindung-AW-Support-1024x534.jpg\" sizes=\"auto, (max-width: 1024px) 100vw, 1024px\" srcset=\"https:\/\/wp.stromer-tech.info\/wp-content\/uploads\/2025\/07\/Stromer_Komoot-Einbindung-AW-Support-1024x534.jpg 1024w, https:\/\/wp.stromer-tech.info\/wp-content\/uploads\/2025\/07\/Stromer_Komoot-Einbindung-AW-Support-300x156.jpg 300w, https:\/\/wp.stromer-tech.info\/wp-content\/uploads\/2025\/07\/Stromer_Komoot-Einbindung-AW-Support-768x400.jpg 768w, https:\/\/wp.stromer-tech.info\/wp-content\/uploads\/2025\/07\/Stromer_Komoot-Einbindung-AW-Support-50x26.jpg 50w, https:\/\/wp.stromer-tech.info\/wp-content\/uploads\/2025\/07\/Stromer_Komoot-Einbindung-AW-Support-1536x800.jpg 1536w, https:\/\/wp.stromer-tech.info\/wp-content\/uploads\/2025\/07\/Stromer_Komoot-Einbindung-AW-Support-2048x1067.jpg 2048w, https:\/\/wp.stromer-tech.info\/wp-content\/uploads\/2025\/07\/Stromer_Komoot-Einbindung-AW-Support-18x9.jpg 18w, https:\/\/wp.stromer-tech.info\/wp-content\/uploads\/2025\/07\/Stromer_Komoot-Einbindung-AW-Support-60x31.jpg 60w, https:\/\/wp.stromer-tech.info\/wp-content\/uploads\/2025\/07\/Stromer_Komoot-Einbindung-AW-Support-100x52.jpg 100w\" alt=\"\" width=\"1024\" height=\"534\" \/><\/figure><\/div>\n\t\t\t\t\t\t<\/div>\n\t\t\t\t\t<\/div>\n\t\t\t\t<\/li>\n\t\t\t\t\t\t\t\t\t\t\t\t\t\t<li>\t\t\n\t\t\t\t\t<div class=\"hfaq\" data-hfaq-state=\"closed\" itemscope itemprop=\"mainEntity\" itemtype=\"http:\/\/schema.org\/Question\">\n\t\t\t\t\t\t<div class=\"hfaq__question\" id=\"stromer-faq-a-m-konnektivitaet-technologie-anbieter-kosten\">\n\n\t\t\t\t\t\t\t\n\t\t\t\t\t\t\t<div class=\"hfaq__icon\" style=\"height: 20px; width: 20px;\">\n\n\t\t\t\t\t\t\t\t\t\t\t\t\t\t\t\t  <svg class=\"hfaq__iconplus\" xmlns=\"http:\/\/www.w3.org\/2000\/svg\" viewBox=\"0 0 24 24\"><path fill=\"#de3a42\" d=\"M17 11h-4V7c0-.6-.4-1-1-1s-1 .4-1 1v4H7c-.6 0-1 .4-1 1s.4 1 1 1h4v4c0 .6.4 1 1 1s1-.4 1-1v-4h4c.6 0 1-.4 1-1s-.4-1-1-1z\"\/><\/svg>\n\t\t\t\t\t\t\t\t  <svg class=\"hfaq__iconminus\" xmlns=\"http:\/\/www.w3.org\/2000\/svg\" viewBox=\"0 0 24 24\"><path fill=\"#de3a42\" d=\"M17 11H7c-.6 0-1 .4-1 1s.4 1 1 1h10c.6 0 1-.4 1-1s-.4-1-1-1z\"\/><\/svg>\n\t\t\t\t\t\t\t\t\n\t\t\t\t\t\t\t<\/div>\n\n\t\t\t\t\t\t\t\n\t\t\t\t\t\t\t<span class=\"hfaq__text\" itemprop=\"name\">Konnektivit\u00e4t \u2013 Technologie \/ Anbieter \/ Kosten?<\/span>\n\t\t\t\t\t\t<\/div>\n\t\t\t\t\t\t<div class=\"hfaq__answer\" itemscope itemprop=\"acceptedAnswer\" itemtype=\"http:\/\/schema.org\/Answer\">\n\t\t\t\t\t\t\t<div class=\"hfaq__answercontent\" itemprop=\"text\"><!-- wp:paragraph -->\n<p>Die folgenden Fragen&nbsp;werden&nbsp;<a href=\"https:\/\/wp.stromer-tech.info\/knowledge-base\/konnektivitaet-technologie-anbieter\/\">hier<\/a>&nbsp;beantwortet:<\/p>\n<!-- \/wp:paragraph -->\n\n<!-- wp:list {\"className\":\"wp-block-list\"} -->\n<ul class=\"wp-block-list\"><!-- wp:list-item -->\n<li>Welche Technologie verwendet Stromer f\u00fcr die OTA (Over\u00a0the\u00a0Air) Funktionen des Stromers?<\/li>\n<!-- \/wp:list-item -->\n\n<!-- wp:list-item -->\n<li>Welche Mobilfunkanbieter verwendet Stromer?<\/li>\n<!-- \/wp:list-item -->\n\n<!-- wp:list-item -->\n<li>Ist die Konnektivit\u00e4t gratis?<\/li>\n<!-- \/wp:list-item -->\n\n<!-- wp:list-item -->\n<li>Funktioniert sie weltweit?<\/li>\n<!-- \/wp:list-item --><\/ul>\n<!-- \/wp:list --><\/div>\n\t\t\t\t\t\t<\/div>\n\t\t\t\t\t<\/div>\n\t\t\t\t<\/li>\n\t\t\t\t\t\t\t\t\t\t\t\t\t\t<li>\t\t\n\t\t\t\t\t<div class=\"hfaq\" data-hfaq-state=\"closed\" itemscope itemprop=\"mainEntity\" itemtype=\"http:\/\/schema.org\/Question\">\n\t\t\t\t\t\t<div class=\"hfaq__question\" id=\"stromer-faq-a-m-ladegeraete-statusanzeigen-ladezeiten\">\n\n\t\t\t\t\t\t\t\n\t\t\t\t\t\t\t<div class=\"hfaq__icon\" style=\"height: 20px; width: 20px;\">\n\n\t\t\t\t\t\t\t\t\t\t\t\t\t\t\t\t  <svg class=\"hfaq__iconplus\" xmlns=\"http:\/\/www.w3.org\/2000\/svg\" viewBox=\"0 0 24 24\"><path fill=\"#de3a42\" d=\"M17 11h-4V7c0-.6-.4-1-1-1s-1 .4-1 1v4H7c-.6 0-1 .4-1 1s.4 1 1 1h4v4c0 .6.4 1 1 1s1-.4 1-1v-4h4c.6 0 1-.4 1-1s-.4-1-1-1z\"\/><\/svg>\n\t\t\t\t\t\t\t\t  <svg class=\"hfaq__iconminus\" xmlns=\"http:\/\/www.w3.org\/2000\/svg\" viewBox=\"0 0 24 24\"><path fill=\"#de3a42\" d=\"M17 11H7c-.6 0-1 .4-1 1s.4 1 1 1h10c.6 0 1-.4 1-1s-.4-1-1-1z\"\/><\/svg>\n\t\t\t\t\t\t\t\t\n\t\t\t\t\t\t\t<\/div>\n\n\t\t\t\t\t\t\t\n\t\t\t\t\t\t\t<span class=\"hfaq__text\" itemprop=\"name\">Ladeger\u00e4te &#038; Alternativen; Statusanzeigen &#038; Ladezeiten\u2026<\/span>\n\t\t\t\t\t\t<\/div>\n\t\t\t\t\t\t<div class=\"hfaq__answer\" itemscope itemprop=\"acceptedAnswer\" itemtype=\"http:\/\/schema.org\/Answer\">\n\t\t\t\t\t\t\t<div class=\"hfaq__answercontent\" itemprop=\"text\"><!-- wp:paragraph -->\n<p><a href=\"https:\/\/wp.stromer-tech.info\/knowledge-base\/ladegeraete-alternativen-schnell-laden-status-anzeigen-ladezeiten-ersatz-stecker\/\">Siehe<\/a>\u00a0AKKU \u2013\u00a0<em>\u201aLadeger\u00e4te: Alternativen; Schnell-Laden?; Status-Anzeigen; Ladezeiten; Ersatz-Stecker\u2018<\/em><\/p>\n<!-- \/wp:paragraph --><\/div>\n\t\t\t\t\t\t<\/div>\n\t\t\t\t\t<\/div>\n\t\t\t\t<\/li>\n\t\t\t\t\t\t\t\t\t\t\t\t\t\t<li>\t\t\n\t\t\t\t\t<div class=\"hfaq\" data-hfaq-state=\"closed\" itemscope itemprop=\"mainEntity\" itemtype=\"http:\/\/schema.org\/Question\">\n\t\t\t\t\t\t<div class=\"hfaq__question\" id=\"stromer-faq-a-m-licht-hauptbeleuchtung-ausschalten\">\n\n\t\t\t\t\t\t\t\n\t\t\t\t\t\t\t<div class=\"hfaq__icon\" style=\"height: 20px; width: 20px;\">\n\n\t\t\t\t\t\t\t\t\t\t\t\t\t\t\t\t  <svg class=\"hfaq__iconplus\" xmlns=\"http:\/\/www.w3.org\/2000\/svg\" viewBox=\"0 0 24 24\"><path fill=\"#de3a42\" d=\"M17 11h-4V7c0-.6-.4-1-1-1s-1 .4-1 1v4H7c-.6 0-1 .4-1 1s.4 1 1 1h4v4c0 .6.4 1 1 1s1-.4 1-1v-4h4c.6 0 1-.4 1-1s-.4-1-1-1z\"\/><\/svg>\n\t\t\t\t\t\t\t\t  <svg class=\"hfaq__iconminus\" xmlns=\"http:\/\/www.w3.org\/2000\/svg\" viewBox=\"0 0 24 24\"><path fill=\"#de3a42\" d=\"M17 11H7c-.6 0-1 .4-1 1s.4 1 1 1h10c.6 0 1-.4 1-1s-.4-1-1-1z\"\/><\/svg>\n\t\t\t\t\t\t\t\t\n\t\t\t\t\t\t\t<\/div>\n\n\t\t\t\t\t\t\t\n\t\t\t\t\t\t\t<span class=\"hfaq__text\" itemprop=\"name\">Licht \u2013 Hauptbeleuchtung ausschalten<\/span>\n\t\t\t\t\t\t<\/div>\n\t\t\t\t\t\t<div class=\"hfaq__answer\" itemscope itemprop=\"acceptedAnswer\" itemtype=\"http:\/\/schema.org\/Answer\">\n\t\t\t\t\t\t\t<div class=\"hfaq__answercontent\" itemprop=\"text\"><!-- wp:paragraph -->\n<p>Immer wieder taucht die Frage auf, ob die Hauptbeleuchtung (Abblendlicht \/ Scheinwerfer) am Stromer abgeschaltet werden kann. Bis ca. 2018 war das m\u00f6glich und konnte im Omni Servicemen\u00fc eingestellt werden. Obwohl die neueren Stromermodelle (ab ST2, 2014) gr\u00f6sstenteils mit dem markanten Stromer-U-Tagfahrlicht ausger\u00fcstet sind, l\u00e4sst sich die Hauptbeleuchtung bei diesen NICHT mehr ausschalten. Nur das Tagfahrlicht l\u00e4sst sich im Servicemen\u00fc des Omni deaktivieren.<\/p>\n<!-- \/wp:paragraph --><\/div>\n\t\t\t\t\t\t<\/div>\n\t\t\t\t\t<\/div>\n\t\t\t\t<\/li>\n\t\t\t\t\t\t\t\t\t\t\t\t\t\t<li>\t\t\n\t\t\t\t\t<div class=\"hfaq\" data-hfaq-state=\"closed\" itemscope itemprop=\"mainEntity\" itemtype=\"http:\/\/schema.org\/Question\">\n\t\t\t\t\t\t<div class=\"hfaq__question\" id=\"stromer-faq-a-m-licht-wie-einstellen\">\n\n\t\t\t\t\t\t\t\n\t\t\t\t\t\t\t<div class=\"hfaq__icon\" style=\"height: 20px; width: 20px;\">\n\n\t\t\t\t\t\t\t\t\t\t\t\t\t\t\t\t  <svg class=\"hfaq__iconplus\" xmlns=\"http:\/\/www.w3.org\/2000\/svg\" viewBox=\"0 0 24 24\"><path fill=\"#de3a42\" d=\"M17 11h-4V7c0-.6-.4-1-1-1s-1 .4-1 1v4H7c-.6 0-1 .4-1 1s.4 1 1 1h4v4c0 .6.4 1 1 1s1-.4 1-1v-4h4c.6 0 1-.4 1-1s-.4-1-1-1z\"\/><\/svg>\n\t\t\t\t\t\t\t\t  <svg class=\"hfaq__iconminus\" xmlns=\"http:\/\/www.w3.org\/2000\/svg\" viewBox=\"0 0 24 24\"><path fill=\"#de3a42\" d=\"M17 11H7c-.6 0-1 .4-1 1s.4 1 1 1h10c.6 0 1-.4 1-1s-.4-1-1-1z\"\/><\/svg>\n\t\t\t\t\t\t\t\t\n\t\t\t\t\t\t\t<\/div>\n\n\t\t\t\t\t\t\t\n\t\t\t\t\t\t\t<span class=\"hfaq__text\" itemprop=\"name\">Licht \u2013 Wie einstellen?<\/span>\n\t\t\t\t\t\t<\/div>\n\t\t\t\t\t\t<div class=\"hfaq__answer\" itemscope itemprop=\"acceptedAnswer\" itemtype=\"http:\/\/schema.org\/Answer\">\n\t\t\t\t\t\t\t<div class=\"hfaq__answercontent\" itemprop=\"text\"><h3 id=\"8837d8b0-7150-4591-a6de-7d8c0ed7495c\" class=\"wp-block-heading\">Frontscheinwerfer einstellen<\/h3><p>Schritt 1:\u00a0Fahr\u00adrad im Dunkeln f\u00fcnf Meter vor einer Wand aufstellen. Scheinwerfer an Lenker oder Steuer\u00adrohr montieren und die H\u00f6he vom Boden abmessen.<\/p><p id=\"84a87fc3-71c0-4ce3-a16f-2e6ad1fee7be\">Schritt 2:\u00a0An der Wand die gleiche H\u00f6he abmessen und mit Klebeband oder Kreide markieren. Auf halber H\u00f6he eine zweite Markierung hinzuf\u00fcgen.<\/p><p id=\"68290d16-c4e0-49c9-b763-9c9158b0bd11\">Schritt 3: Scheinwerfer einschalten und den hellsten Punkt auf die untere Markierung richten. F\u00e4llt kein Licht \u00fcber die obere Markierung, fixieren. Andernfalls die Lampe noch etwas weiter nach unten neigen.<\/p><figure class=\"wp-block-image\"><img loading=\"lazy\" decoding=\"async\" class=\"wp-image-2165\" src=\"https:\/\/wp.stromer-tech.info\/wp-content\/uploads\/2025\/07\/fahrrad-lichteinstellung.jpg\" sizes=\"auto, (max-width: 900px) 100vw, 900px\" srcset=\"https:\/\/wp.stromer-tech.info\/wp-content\/uploads\/2025\/07\/fahrrad-lichteinstellung.jpg 900w, https:\/\/wp.stromer-tech.info\/wp-content\/uploads\/2025\/07\/fahrrad-lichteinstellung-300x131.jpg 300w, https:\/\/wp.stromer-tech.info\/wp-content\/uploads\/2025\/07\/fahrrad-lichteinstellung-768x335.jpg 768w, https:\/\/wp.stromer-tech.info\/wp-content\/uploads\/2025\/07\/fahrrad-lichteinstellung-50x22.jpg 50w, https:\/\/wp.stromer-tech.info\/wp-content\/uploads\/2025\/07\/fahrrad-lichteinstellung-60x26.jpg 60w, https:\/\/wp.stromer-tech.info\/wp-content\/uploads\/2025\/07\/fahrrad-lichteinstellung-100x44.jpg 100w\" alt=\"\" width=\"900\" height=\"392\" \/><\/figure><h3 id=\"277686b3-bf8a-4bb6-a277-e684832b4abb\" class=\"wp-block-heading\">R\u00fccklicht einstellen<\/h3><p id=\"e4a7a148-7d89-4b57-9729-11d86fbbcc3f\">Das R\u00fcck\u00adlicht dient vor allem der eigenen Sicht\u00adbarkeit \u2013 die Blendgefahr ist gering. Licht auf 25 Zenti\u00admeter bis 1,20 Meter H\u00f6he anbringen und aufpassen, dass Pack\u00adtaschen oder wehende M\u00e4ntel es nicht verdecken.<\/p><h3 id=\"117fab28-eaf5-42ce-9b87-9c17f392ad0e\" class=\"wp-block-heading\">Gesetzlicher Background<\/h3><p id=\"d4385d0b-73ca-469b-a111-e3e1f1e2b568\"><strong>DE:<\/strong>\u00a0Die Strassen\u00adverkehrszulassungsordnung (<a href=\"https:\/\/www.gesetze-im-internet.de\/stvzo_2012\/__67.html#:~:text=(3)%20Fahrr%C3%A4der%20m%C3%BCssen%20mit%20einem,Blinkende%20Scheinwerfer%20sind%20unzul%C3%A4ssig.\" target=\"_blank\" rel=\"noreferrer noopener\">StVZO \u00a7 67, Absatz 3, Satz 2<\/a>) besagt:<br \/><em>\u201eDer Scheinwerfer muss so eingestellt sein, dass er andere Verkehrsteilnehmer nicht blendet\u201c<\/em>.<br \/>Der Gesetzestext wurde 2017 an die modernen LED-Leuchten angepasst.<\/p><p id=\"e31bb5fa-cbf0-40ef-8f29-576ab08ff045\"><strong>CH:<\/strong>\u00a0Die Verordnung \u00fcber die technischen Anforderungen an Strassenfahrzeuge (<a href=\"https:\/\/www.fedlex.admin.ch\/eli\/cc\/1995\/4425_4425_4425\/de#art_179_a\" target=\"_blank\" rel=\"noreferrer noopener\">Art. 179a Abs. 1 VTS<\/a>) f\u00fcr Motorfahrradbeleuchtung besagt:\u00a0<br \/><em>\u201eDie Lichter d\u00fcrfen nicht blenden und m\u00fcssen nachts bei guter Witterung auf 100 m sichtbar sein\u201c.<\/em><\/p><p id=\"1270d6aa-5b55-42d1-88e4-b0475879cec9\">Eine genaue Definition wie diese Vorgabe zu erreichen ist fehlt jeweils im Gesetz.<\/p><\/div>\n\t\t\t\t\t\t<\/div>\n\t\t\t\t\t<\/div>\n\t\t\t\t<\/li>\n\t\t\t\t\t\t\t\t\t\t\t\t\t\t<li>\t\t\n\t\t\t\t\t<div class=\"hfaq\" data-hfaq-state=\"closed\" itemscope itemprop=\"mainEntity\" itemtype=\"http:\/\/schema.org\/Question\">\n\t\t\t\t\t\t<div class=\"hfaq__question\" id=\"stromer-faq-a-m-mcu-was-ist-das-controllertyp\">\n\n\t\t\t\t\t\t\t\n\t\t\t\t\t\t\t<div class=\"hfaq__icon\" style=\"height: 20px; width: 20px;\">\n\n\t\t\t\t\t\t\t\t\t\t\t\t\t\t\t\t  <svg class=\"hfaq__iconplus\" xmlns=\"http:\/\/www.w3.org\/2000\/svg\" viewBox=\"0 0 24 24\"><path fill=\"#de3a42\" d=\"M17 11h-4V7c0-.6-.4-1-1-1s-1 .4-1 1v4H7c-.6 0-1 .4-1 1s.4 1 1 1h4v4c0 .6.4 1 1 1s1-.4 1-1v-4h4c.6 0 1-.4 1-1s-.4-1-1-1z\"\/><\/svg>\n\t\t\t\t\t\t\t\t  <svg class=\"hfaq__iconminus\" xmlns=\"http:\/\/www.w3.org\/2000\/svg\" viewBox=\"0 0 24 24\"><path fill=\"#de3a42\" d=\"M17 11H7c-.6 0-1 .4-1 1s.4 1 1 1h10c.6 0 1-.4 1-1s-.4-1-1-1z\"\/><\/svg>\n\t\t\t\t\t\t\t\t\n\t\t\t\t\t\t\t<\/div>\n\n\t\t\t\t\t\t\t\n\t\t\t\t\t\t\t<span class=\"hfaq__text\" itemprop=\"name\">MCU \u2013 Was ist das \/ Controllertyp?<\/span>\n\t\t\t\t\t\t<\/div>\n\t\t\t\t\t\t<div class=\"hfaq__answer\" itemscope itemprop=\"acceptedAnswer\" itemtype=\"http:\/\/schema.org\/Answer\">\n\t\t\t\t\t\t\t<div class=\"hfaq__answercontent\" itemprop=\"text\"><!-- wp:paragraph -->\n<p>Als MCU wird die sog. Motor Control Unit, auch Controller genannt, bezeichnet. Sie beherbergt die Steuer- und Leistungselektronik des Motors. Der Montageort ist je nach Modell unterschiedlich. Alte Modelle wie der V1 \/ V1.1 hatten den Controller im Motor verbaut. Dann wechselte sein Montageort modellabh\u00e4ngig ins Akkufach (z. B. ST1 \/ ST2 Belt \/ ST7) oder unter das Unterrohr, wo er unter einer PVC-Abdeckung seinen Dienst tut. Angesteuert wird er mit Steuersignalen, die vom Omni auf Basis der \u201evoltage&#8220; vom TMM-Tretsensor generiert werden. Stromer verbaut(e) zwei Modelle:<\/p>\n<!-- \/wp:paragraph -->\n\n<!-- wp:list {\"className\":\"wp-block-list\"} -->\n<ul class=\"wp-block-list\"><!-- wp:list-item -->\n<li>einen IPS-Controller (Information Processing Standard) von&nbsp;<a href=\"https:\/\/www.acceleratedsystems.com\/\" target=\"_blank\" rel=\"noreferrer noopener\">ASI<\/a>&nbsp;(Accelerated&nbsp;Systems&nbsp;Inc.) mit voreingestellten Werten (wird nicht mehr produziert und verbaut &gt; siehe unten).<\/li>\n<!-- \/wp:list-item -->\n\n<!-- wp:list-item -->\n<li>und einen programmierbaren Controller von&nbsp;<a href=\"http:\/\/www.edsmc.com\/\" target=\"_blank\" rel=\"noreferrer noopener\">EDS<\/a>&nbsp;(<strong>E<\/strong>loquent&nbsp;<strong>D<\/strong>esign&nbsp;<strong>S<\/strong>ervices), der sich individuell anpassen l\u00e4sst.<\/li>\n<!-- \/wp:list-item --><\/ul>\n<!-- \/wp:list -->\n\n<!-- wp:image {\"id\":2169,\"width\":\"200px\",\"align\":\"center\"} -->\n<figure class=\"wp-block-image aligncenter is-resized\"><img loading=\"lazy\" decoding=\"async\" width=\"757\" height=\"1024\" src=\"https:\/\/wp.stromer-tech.info\/wp-content\/uploads\/2025\/07\/EDS-Controller_Einstellmenue-757x1024.webp\" alt=\"\" class=\"wp-image-2169\" style=\"width:200px\" srcset=\"https:\/\/wp.stromer-tech.info\/wp-content\/uploads\/2025\/07\/EDS-Controller_Einstellmenue-757x1024.webp 757w, https:\/\/wp.stromer-tech.info\/wp-content\/uploads\/2025\/07\/EDS-Controller_Einstellmenue-222x300.webp 222w, https:\/\/wp.stromer-tech.info\/wp-content\/uploads\/2025\/07\/EDS-Controller_Einstellmenue-37x50.webp 37w, https:\/\/wp.stromer-tech.info\/wp-content\/uploads\/2025\/07\/EDS-Controller_Einstellmenue-44x60.webp 44w, https:\/\/wp.stromer-tech.info\/wp-content\/uploads\/2025\/07\/EDS-Controller_Einstellmenue-74x100.webp 74w, https:\/\/wp.stromer-tech.info\/wp-content\/uploads\/2025\/07\/EDS-Controller_Einstellmenue.webp 764w\" sizes=\"auto, (max-width: 757px) 100vw, 757px\" \/><\/figure>\n<!-- \/wp:image -->\n\n<!-- wp:paragraph -->\n<p>Welches Modell im Stromer verbaut ist kann man im Omni oder der Omni App nachschauen:<\/p>\n<!-- \/wp:paragraph -->\n\n<!-- wp:image {\"id\":11417,\"width\":\"200px\",\"aspectRatio\":\"0.7470730087722364\",\"sizeSlug\":\"large\",\"linkDestination\":\"none\",\"align\":\"center\"} -->\n<figure class=\"wp-block-image aligncenter size-large is-resized\"><img loading=\"lazy\" decoding=\"async\" width=\"765\" height=\"1024\" src=\"https:\/\/wp.stromer-tech.info\/wp-content\/uploads\/2025\/07\/Stromer_Anzeige_des_Controllertyps_MCU-765x1024.jpg\" alt=\"\" class=\"wp-image-11417\" style=\"aspect-ratio:0.7470730087722364;width:200px\" srcset=\"https:\/\/wp.stromer-tech.info\/wp-content\/uploads\/2025\/07\/Stromer_Anzeige_des_Controllertyps_MCU-765x1024.jpg 765w, https:\/\/wp.stromer-tech.info\/wp-content\/uploads\/2025\/07\/Stromer_Anzeige_des_Controllertyps_MCU-224x300.jpg 224w, https:\/\/wp.stromer-tech.info\/wp-content\/uploads\/2025\/07\/Stromer_Anzeige_des_Controllertyps_MCU-768x1028.jpg 768w, https:\/\/wp.stromer-tech.info\/wp-content\/uploads\/2025\/07\/Stromer_Anzeige_des_Controllertyps_MCU-37x50.jpg 37w, https:\/\/wp.stromer-tech.info\/wp-content\/uploads\/2025\/07\/Stromer_Anzeige_des_Controllertyps_MCU-9x12.jpg 9w, https:\/\/wp.stromer-tech.info\/wp-content\/uploads\/2025\/07\/Stromer_Anzeige_des_Controllertyps_MCU-45x60.jpg 45w, https:\/\/wp.stromer-tech.info\/wp-content\/uploads\/2025\/07\/Stromer_Anzeige_des_Controllertyps_MCU-75x100.jpg 75w, https:\/\/wp.stromer-tech.info\/wp-content\/uploads\/2025\/07\/Stromer_Anzeige_des_Controllertyps_MCU.jpg 799w\" sizes=\"auto, (max-width: 765px) 100vw, 765px\" \/><figcaption class=\"wp-element-caption\">Omni-Anzeige<\/figcaption><\/figure>\n<!-- \/wp:image -->\n\n<!-- wp:list -->\n<ul class=\"wp-block-list\"><!-- wp:list-item -->\n<li>Omni \u2192 MEN\u00dc \u2192 SYSTEM \u2192 \u00dcBER \u2192 <em>\u201aPERIPHERALS \u2192 mcu\u2018<\/em><\/li>\n<!-- \/wp:list-item -->\n\n<!-- wp:list-item -->\n<li>OMNI-APP \u2192 PROFIL \u2192 SERVICEHEFT \u2192 <em>,Bikekomponenten&#8216;<\/em><\/li>\n<!-- \/wp:list-item --><\/ul>\n<!-- \/wp:list -->\n\n<!-- wp:image {\"id\":4794,\"width\":\"500px\",\"align\":\"center\"} -->\n<figure class=\"wp-block-image aligncenter is-resized\"><img loading=\"lazy\" decoding=\"async\" width=\"1024\" height=\"1024\" src=\"https:\/\/wp.stromer-tech.info\/wp-content\/uploads\/2025\/07\/Stromer_Controler-EDS-MC1-12V-with-Cable-Kit_2_ArtNr_403295-1024x1024.webp\" alt=\"\" class=\"wp-image-4794\" style=\"width:500px\" srcset=\"https:\/\/wp.stromer-tech.info\/wp-content\/uploads\/2025\/07\/Stromer_Controler-EDS-MC1-12V-with-Cable-Kit_2_ArtNr_403295-1024x1024.webp 1024w, https:\/\/wp.stromer-tech.info\/wp-content\/uploads\/2025\/07\/Stromer_Controler-EDS-MC1-12V-with-Cable-Kit_2_ArtNr_403295-300x300.webp 300w, https:\/\/wp.stromer-tech.info\/wp-content\/uploads\/2025\/07\/Stromer_Controler-EDS-MC1-12V-with-Cable-Kit_2_ArtNr_403295-150x150.webp 150w, https:\/\/wp.stromer-tech.info\/wp-content\/uploads\/2025\/07\/Stromer_Controler-EDS-MC1-12V-with-Cable-Kit_2_ArtNr_403295-768x768.webp 768w, https:\/\/wp.stromer-tech.info\/wp-content\/uploads\/2025\/07\/Stromer_Controler-EDS-MC1-12V-with-Cable-Kit_2_ArtNr_403295-50x50.webp 50w, https:\/\/wp.stromer-tech.info\/wp-content\/uploads\/2025\/07\/Stromer_Controler-EDS-MC1-12V-with-Cable-Kit_2_ArtNr_403295-12x12.webp 12w, https:\/\/wp.stromer-tech.info\/wp-content\/uploads\/2025\/07\/Stromer_Controler-EDS-MC1-12V-with-Cable-Kit_2_ArtNr_403295-60x60.webp 60w, https:\/\/wp.stromer-tech.info\/wp-content\/uploads\/2025\/07\/Stromer_Controler-EDS-MC1-12V-with-Cable-Kit_2_ArtNr_403295-100x100.webp 100w, https:\/\/wp.stromer-tech.info\/wp-content\/uploads\/2025\/07\/Stromer_Controler-EDS-MC1-12V-with-Cable-Kit_2_ArtNr_403295.webp 1080w\" sizes=\"auto, (max-width: 1024px) 100vw, 1024px\" \/><figcaption class=\"wp-element-caption\">EDS MC1 \u2013 Controller 12 V (z. B. ST2S)<\/figcaption><\/figure>\n<!-- \/wp:image -->\n\n<!-- wp:paragraph -->\n<p><strong>Reparatur:&nbsp;<\/strong><\/p>\n<!-- \/wp:paragraph -->\n\n<!-- wp:paragraph -->\n<p><a href=\"https:\/\/wp.stromer-tech.info\/de\/ht-faq\/new-faq-question-202\/\">Siehe<\/a> hier in der FAQ \u2013 <em>\u201aController (MCU) defekt! Kann ich diesen reparieren (lassen)?\u2018<\/em><\/p>\n<!-- \/wp:paragraph --><\/div>\n\t\t\t\t\t\t<\/div>\n\t\t\t\t\t<\/div>\n\t\t\t\t<\/li>\n\t\t\t\t\t\t\t\t\t\t\t\t\t\t<li>\t\t\n\t\t\t\t\t<div class=\"hfaq\" data-hfaq-state=\"closed\" itemscope itemprop=\"mainEntity\" itemtype=\"http:\/\/schema.org\/Question\">\n\t\t\t\t\t\t<div class=\"hfaq__question\" id=\"stromer-faq-a-m-modelle-welche-stromer-gibt-es\">\n\n\t\t\t\t\t\t\t\n\t\t\t\t\t\t\t<div class=\"hfaq__icon\" style=\"height: 20px; width: 20px;\">\n\n\t\t\t\t\t\t\t\t\t\t\t\t\t\t\t\t  <svg class=\"hfaq__iconplus\" xmlns=\"http:\/\/www.w3.org\/2000\/svg\" viewBox=\"0 0 24 24\"><path fill=\"#de3a42\" d=\"M17 11h-4V7c0-.6-.4-1-1-1s-1 .4-1 1v4H7c-.6 0-1 .4-1 1s.4 1 1 1h4v4c0 .6.4 1 1 1s1-.4 1-1v-4h4c.6 0 1-.4 1-1s-.4-1-1-1z\"\/><\/svg>\n\t\t\t\t\t\t\t\t  <svg class=\"hfaq__iconminus\" xmlns=\"http:\/\/www.w3.org\/2000\/svg\" viewBox=\"0 0 24 24\"><path fill=\"#de3a42\" d=\"M17 11H7c-.6 0-1 .4-1 1s.4 1 1 1h10c.6 0 1-.4 1-1s-.4-1-1-1z\"\/><\/svg>\n\t\t\t\t\t\t\t\t\n\t\t\t\t\t\t\t<\/div>\n\n\t\t\t\t\t\t\t\n\t\t\t\t\t\t\t<span class=\"hfaq__text\" itemprop=\"name\">Modelle \u2013 Welche Stromer gibt es?<\/span>\n\t\t\t\t\t\t<\/div>\n\t\t\t\t\t\t<div class=\"hfaq__answer\" itemscope itemprop=\"acceptedAnswer\" itemtype=\"http:\/\/schema.org\/Answer\">\n\t\t\t\t\t\t\t<div class=\"hfaq__answercontent\" itemprop=\"text\"><div class=\"wp-block-image\"><figure>Stromer hat im Velauf der Firmengeschichte verschiedene Stromer-Modelle lanciert. In der Modellpalette gab es auch sogar einmal Modelle die auf eine Geschwindigkeit von 25 km\/h limitiert waren.<\/figure><figure class=\"aligncenter is-resized\"><img loading=\"lazy\" decoding=\"async\" class=\"wp-image-7089 size-medium aligncenter\" style=\"width: 554px;\" src=\"https:\/\/wp.stromer-tech.info\/wp-content\/uploads\/2025\/11\/Stromer_Modellpalette-249x300.jpg\" sizes=\"auto, (max-width: 249px) 100vw, 249px\" srcset=\"https:\/\/wp.stromer-tech.info\/wp-content\/uploads\/2025\/11\/Stromer_Modellpalette-249x300.jpg 249w, https:\/\/wp.stromer-tech.info\/wp-content\/uploads\/2025\/11\/Stromer_Modellpalette-850x1024.jpg 850w, https:\/\/wp.stromer-tech.info\/wp-content\/uploads\/2025\/11\/Stromer_Modellpalette-768x925.jpg 768w, https:\/\/wp.stromer-tech.info\/wp-content\/uploads\/2025\/11\/Stromer_Modellpalette-41x50.jpg 41w, https:\/\/wp.stromer-tech.info\/wp-content\/uploads\/2025\/11\/Stromer_Modellpalette-1275x1536.jpg 1275w, https:\/\/wp.stromer-tech.info\/wp-content\/uploads\/2025\/11\/Stromer_Modellpalette-10x12.jpg 10w, https:\/\/wp.stromer-tech.info\/wp-content\/uploads\/2025\/11\/Stromer_Modellpalette-50x60.jpg 50w, https:\/\/wp.stromer-tech.info\/wp-content\/uploads\/2025\/11\/Stromer_Modellpalette-83x100.jpg 83w, https:\/\/wp.stromer-tech.info\/wp-content\/uploads\/2025\/11\/Stromer_Modellpalette.jpg 1645w\" alt=\"\" width=\"249\" height=\"300\" \/><\/figure><\/div><p>Daneben gab und gibt es jeweils verschiedenste Sonder und -limited Editions.\u00a0Die Entwicklung der Modellpalette kann\u00a0<a href=\"https:\/\/www.speedpedelecreview.com\/forum\/viewtopic.php?f=5&amp;t=47\" target=\"_blank\" rel=\"noreferrer noopener\">hier<\/a>\u00a0oder auch\u00a0<a href=\"https:\/\/electricbikereview.com\/brand\/stromer\/\" target=\"_blank\" rel=\"noreferrer noopener\">hier<\/a> nachgelesen werden.<\/p><\/div>\n\t\t\t\t\t\t<\/div>\n\t\t\t\t\t<\/div>\n\t\t\t\t<\/li>\n\t\t\t\t\t\t\t\t\t\t\t\t\t\t<li>\t\t\n\t\t\t\t\t<div class=\"hfaq\" data-hfaq-state=\"closed\" itemscope itemprop=\"mainEntity\" itemtype=\"http:\/\/schema.org\/Question\">\n\t\t\t\t\t\t<div class=\"hfaq__question\" id=\"stromer-faq-a-m-motor-reparatur-farbe-blaettert-ab-speichen-ausgerissen\">\n\n\t\t\t\t\t\t\t\n\t\t\t\t\t\t\t<div class=\"hfaq__icon\" style=\"height: 20px; width: 20px;\">\n\n\t\t\t\t\t\t\t\t\t\t\t\t\t\t\t\t  <svg class=\"hfaq__iconplus\" xmlns=\"http:\/\/www.w3.org\/2000\/svg\" viewBox=\"0 0 24 24\"><path fill=\"#de3a42\" d=\"M17 11h-4V7c0-.6-.4-1-1-1s-1 .4-1 1v4H7c-.6 0-1 .4-1 1s.4 1 1 1h4v4c0 .6.4 1 1 1s1-.4 1-1v-4h4c.6 0 1-.4 1-1s-.4-1-1-1z\"\/><\/svg>\n\t\t\t\t\t\t\t\t  <svg class=\"hfaq__iconminus\" xmlns=\"http:\/\/www.w3.org\/2000\/svg\" viewBox=\"0 0 24 24\"><path fill=\"#de3a42\" d=\"M17 11H7c-.6 0-1 .4-1 1s.4 1 1 1h10c.6 0 1-.4 1-1s-.4-1-1-1z\"\/><\/svg>\n\t\t\t\t\t\t\t\t\n\t\t\t\t\t\t\t<\/div>\n\n\t\t\t\t\t\t\t\n\t\t\t\t\t\t\t<span class=\"hfaq__text\" itemprop=\"name\">Motor \u2013 Reparatur, Farbe bl\u00e4ttert ab, Speichen ausgerissen\u2026<\/span>\n\t\t\t\t\t\t<\/div>\n\t\t\t\t\t\t<div class=\"hfaq__answer\" itemscope itemprop=\"acceptedAnswer\" itemtype=\"http:\/\/schema.org\/Answer\">\n\t\t\t\t\t\t\t<div class=\"hfaq__answercontent\" itemprop=\"text\"><!-- wp:paragraph -->\n<p><a href=\"https:\/\/wp.stromer-tech.info\/article-categories\/p-motor\/\">Siehe<\/a> PROBLEME \u2013 MOTOR<\/p>\n<!-- \/wp:paragraph --><\/div>\n\t\t\t\t\t\t<\/div>\n\t\t\t\t\t<\/div>\n\t\t\t\t<\/li>\n\t\t\t\t\t\t\t\t\t\t\t\t\t\t<li>\t\t\n\t\t\t\t\t<div class=\"hfaq\" data-hfaq-state=\"closed\" itemscope itemprop=\"mainEntity\" itemtype=\"http:\/\/schema.org\/Question\">\n\t\t\t\t\t\t<div class=\"hfaq__question\" id=\"stromer-faq-a-m-motor-ups-da-haengt-ein-kabel-heraus\">\n\n\t\t\t\t\t\t\t\n\t\t\t\t\t\t\t<div class=\"hfaq__icon\" style=\"height: 20px; width: 20px;\">\n\n\t\t\t\t\t\t\t\t\t\t\t\t\t\t\t\t  <svg class=\"hfaq__iconplus\" xmlns=\"http:\/\/www.w3.org\/2000\/svg\" viewBox=\"0 0 24 24\"><path fill=\"#de3a42\" d=\"M17 11h-4V7c0-.6-.4-1-1-1s-1 .4-1 1v4H7c-.6 0-1 .4-1 1s.4 1 1 1h4v4c0 .6.4 1 1 1s1-.4 1-1v-4h4c.6 0 1-.4 1-1s-.4-1-1-1z\"\/><\/svg>\n\t\t\t\t\t\t\t\t  <svg class=\"hfaq__iconminus\" xmlns=\"http:\/\/www.w3.org\/2000\/svg\" viewBox=\"0 0 24 24\"><path fill=\"#de3a42\" d=\"M17 11H7c-.6 0-1 .4-1 1s.4 1 1 1h10c.6 0 1-.4 1-1s-.4-1-1-1z\"\/><\/svg>\n\t\t\t\t\t\t\t\t\n\t\t\t\t\t\t\t<\/div>\n\n\t\t\t\t\t\t\t\n\t\t\t\t\t\t\t<span class=\"hfaq__text\" itemprop=\"name\">Motor \u2013 Ups, da h\u00e4ngt ein Kabel heraus<\/span>\n\t\t\t\t\t\t<\/div>\n\t\t\t\t\t\t<div class=\"hfaq__answer\" itemscope itemprop=\"acceptedAnswer\" itemtype=\"http:\/\/schema.org\/Answer\">\n\t\t\t\t\t\t\t<div class=\"hfaq__answercontent\" itemprop=\"text\"><!-- wp:paragraph -->\n<p id=\"8c2d7886-e054-44b2-8a56-850eee53dac5\">Die \u00e4lteren Stromermodelle ST1 \/ V1 \/ V1.1 (ohne Omni) konnten nicht mit Bluetooth oder Over the Air (OTA) aktualisiert werden. Die Leistungs- und Motorelektronik war im Motor untergebracht. Der sog. ,Kurzschlussstecker\u2018 diente dazu:<\/p>\n<!-- \/wp:paragraph -->\n\n<!-- wp:list {\"className\":\"wp-block-list\"} -->\n<ul id=\"89f37b30-fae8-4e54-a251-697828f9a31b\" class=\"wp-block-list\"><!-- wp:list-item -->\n<li>den Motor neu zu starten (Reboot)<\/li>\n<!-- \/wp:list-item -->\n\n<!-- wp:list-item -->\n<li>neue Firmware einzuspielen<\/li>\n<!-- \/wp:list-item --><\/ul>\n<!-- \/wp:list -->\n\n<!-- wp:image {\"id\":4854,\"width\":\"300px\"} -->\n<figure class=\"wp-block-image is-resized\"><img loading=\"lazy\" decoding=\"async\" width=\"640\" height=\"640\" src=\"https:\/\/wp.stromer-tech.info\/wp-content\/uploads\/2025\/07\/Stromer_ST1_V1_Programmieranschluss.jpg\" alt=\"\" class=\"wp-image-4854\" style=\"width:300px\" srcset=\"https:\/\/wp.stromer-tech.info\/wp-content\/uploads\/2025\/07\/Stromer_ST1_V1_Programmieranschluss.jpg 640w, https:\/\/wp.stromer-tech.info\/wp-content\/uploads\/2025\/07\/Stromer_ST1_V1_Programmieranschluss-300x300.jpg 300w, https:\/\/wp.stromer-tech.info\/wp-content\/uploads\/2025\/07\/Stromer_ST1_V1_Programmieranschluss-150x150.jpg 150w, https:\/\/wp.stromer-tech.info\/wp-content\/uploads\/2025\/07\/Stromer_ST1_V1_Programmieranschluss-50x50.jpg 50w, https:\/\/wp.stromer-tech.info\/wp-content\/uploads\/2025\/07\/Stromer_ST1_V1_Programmieranschluss-12x12.jpg 12w, https:\/\/wp.stromer-tech.info\/wp-content\/uploads\/2025\/07\/Stromer_ST1_V1_Programmieranschluss-60x60.jpg 60w, https:\/\/wp.stromer-tech.info\/wp-content\/uploads\/2025\/07\/Stromer_ST1_V1_Programmieranschluss-100x100.jpg 100w\" sizes=\"auto, (max-width: 640px) 100vw, 640px\" \/><\/figure>\n<!-- \/wp:image -->\n\n<!-- wp:paragraph -->\n<p><\/p>\n<!-- \/wp:paragraph -->\n\n<!-- wp:paragraph -->\n<p><\/p>\n<!-- \/wp:paragraph -->\n\n<!-- wp:paragraph -->\n<p><\/p>\n<!-- \/wp:paragraph -->\n\n<!-- wp:paragraph -->\n<p><\/p>\n<!-- \/wp:paragraph -->\n\n<!-- wp:paragraph -->\n<p><\/p>\n<!-- \/wp:paragraph -->\n\n<!-- wp:paragraph -->\n<p><\/p>\n<!-- \/wp:paragraph -->\n\n<!-- wp:paragraph -->\n<p><\/p>\n<!-- \/wp:paragraph --><\/div>\n\t\t\t\t\t\t<\/div>\n\t\t\t\t\t<\/div>\n\t\t\t\t<\/li>\n\t\t\t\t<\/ul>\n<\/div>\n<style>\n\t#hfaqgroup-0 .hfaq[data-hfaq-state=\"expanded\"] .hfaq__text {\n\t\tcolor: #e5646a;\n\t}\n<\/style>\n\n\n\n<p class=\"wp-block-paragraph\"><\/p>\n","protected":false},"excerpt":{"rendered":"","protected":false},"author":1,"featured_media":0,"parent":326,"menu_order":0,"comment_status":"closed","ping_status":"closed","template":"","meta":{"footnotes":""},"class_list":["post-8306","page","type-page","status-publish","hentry"],"_links":{"self":[{"href":"https:\/\/wp.stromer-tech.info\/nl_nl\/wp-json\/wp\/v2\/pages\/8306","targetHints":{"allow":["GET"]}}],"collection":[{"href":"https:\/\/wp.stromer-tech.info\/nl_nl\/wp-json\/wp\/v2\/pages"}],"about":[{"href":"https:\/\/wp.stromer-tech.info\/nl_nl\/wp-json\/wp\/v2\/types\/page"}],"author":[{"embeddable":true,"href":"https:\/\/wp.stromer-tech.info\/nl_nl\/wp-json\/wp\/v2\/users\/1"}],"replies":[{"embeddable":true,"href":"https:\/\/wp.stromer-tech.info\/nl_nl\/wp-json\/wp\/v2\/comments?post=8306"}],"version-history":[{"count":2,"href":"https:\/\/wp.stromer-tech.info\/nl_nl\/wp-json\/wp\/v2\/pages\/8306\/revisions"}],"predecessor-version":[{"id":9234,"href":"https:\/\/wp.stromer-tech.info\/nl_nl\/wp-json\/wp\/v2\/pages\/8306\/revisions\/9234"}],"up":[{"embeddable":true,"href":"https:\/\/wp.stromer-tech.info\/nl_nl\/wp-json\/wp\/v2\/pages\/326"}],"wp:attachment":[{"href":"https:\/\/wp.stromer-tech.info\/nl_nl\/wp-json\/wp\/v2\/media?parent=8306"}],"curies":[{"name":"wp","href":"https:\/\/api.w.org\/{rel}","templated":true}]}}